    {"id":97931,"date":"2022-08-26T10:49:29","date_gmt":"2022-08-26T09:49:29","guid":{"rendered":"https:\/\/www.ccb.pt\/evento\/real-camara-com-mira-glodeanu-celine-scheen\/"},"modified":"2022-11-29T18:01:42","modified_gmt":"2022-11-29T18:01:42","slug":"real-camara-com-mira-glodeanu-celine-scheen","status":"publish","type":"tribe_events","link":"https:\/\/www.ccb.pt\/en\/evento\/real-camara-com-mira-glodeanu-celine-scheen\/","title":{"rendered":"Real C\u00e2mara with Mira Glodeanu e C\u00e9line Scheen"},"content":{"rendered":"<p>The Real C\u00e2mara ensemble joins the famous soprano C\u00e9line Scheen under the direction of the violinist Mira Glodeanu. This program is composed of an original selection of works by some of the late Baroque composers: Scarlatti, H\u00e4ndel, Johann Joseph Fux, Antonio Caldara, and the Portuguese composer of Genoese origin Pedro Jorge Avondano.<\/p>\n","protected":false},"excerpt":{"rendered":"<p>The Real C\u00e2mara ensemble joins the famous soprano C\u00e9line Scheen under the direction of the violinist Mira Glodeanu. This program is composed of an original selection of works by some of the late Baroque composers: Scarlatti, H\u00e4ndel, Johann Joseph Fux, Antonio Caldara, and the Portuguese composer of Genoese origin Pedro Jorge Avondano.<\/p>\n","protected":false},"author":6,"featured_media":104933,"comment_status":"open","ping_status":"closed","template":"","meta":{"_relevanssi_hide_post":"","_relevanssi_pin_for_all":"","_relevanssi_pin_keywords":"","_relevanssi_unpin_keywords":"","_relevanssi_related_keywords":"","_relevanssi_related_include_ids":"","_relevanssi_related_exclude_ids":"","_relevanssi_related_no_append":"","_relevanssi_related_not_related":"","_relevanssi_related_posts":"","_relevanssi_noindex_reason":""},"tribe_events_cat":[23],"tags_tema":[],"idades":[392],"tipos":[],"temas":[],"categorias_hubspot":[],"acf":[],"yoast_head":"<!-- This site is optimized with the Yoast SEO plugin v22.3 - https:\/\/yoast.com\/wordpress\/plugins\/seo\/ -->\n<title>M\u00fasica - Real C\u00e2mara with Mira Glodeanu e C\u00e9line Scheen - Centro Cultural de Bel\u00e9m Foundation<\/title>\n<meta name=\"description\" content=\"A Real C\u00e2mara \u00e9 uma orquestra portuguesa dedicada \u00e0 interpreta\u00e7\u00e3o historicamente informada, com especial enfoque no repert\u00f3rio setecentista portugu\u00eas, e nas suas liga\u00e7\u00f5es a It\u00e1lia.\" \/>\n<meta name=\"robots\" content=\"index, follow, max-snippet:-1, max-image-preview:large, max-video-preview:-1\" \/>\n<link rel=\"canonical\" href=\"https:\/\/www.ccb.pt\/en\/evento\/real-camara-com-mira-glodeanu-celine-scheen\/\" \/>\n<meta property=\"og:locale\" content=\"en_US\" \/>\n<meta property=\"og:type\" content=\"article\" \/>\n<meta property=\"og:title\" content=\"M\u00fasica - Real C\u00e2mara with Mira Glodeanu e C\u00e9line Scheen - Centro Cultural de Bel\u00e9m Foundation\" \/>\n<meta property=\"og:description\" content=\"A Real C\u00e2mara \u00e9 uma orquestra portuguesa dedicada \u00e0 interpreta\u00e7\u00e3o historicamente informada, com especial enfoque no repert\u00f3rio setecentista portugu\u00eas, e nas suas liga\u00e7\u00f5es a It\u00e1lia.\" \/>\n<meta property=\"og:url\" content=\"https:\/\/www.ccb.pt\/en\/evento\/real-camara-com-mira-glodeanu-celine-scheen\/\" \/>\n<meta property=\"og:site_name\" content=\"Centro Cultural de Bel\u00e9m Foundation\" \/>\n<meta property=\"article:modified_time\" content=\"2022-11-29T18:01:42+00:00\" \/>\n<meta property=\"og:image\" content=\"https:\/\/www.ccb.pt\/wp-content\/uploads\/2022\/08\/novas-imagens-Real-Camara_SITE.jpg\" \/>\n\t<meta property=\"og:image:width\" content=\"1300\" \/>\n\t<meta property=\"og:image:height\" content=\"618\" \/>\n\t<meta property=\"og:image:type\" content=\"image\/jpeg\" \/>\n<meta name=\"twitter:card\" content=\"summary_large_image\" \/>\n<meta name=\"twitter:site\" content=\"@macccb_museu\" \/>\n<meta name=\"twitter:label1\" content=\"Est. reading time\" \/>\n\t<meta name=\"twitter:data1\" content=\"1 minute\" \/>\n<script type=\"application\/ld+json\" class=\"yoast-schema-graph\">{\"@context\":\"https:\/\/schema.org\",\"@graph\":[{\"@type\":\"WebPage\",\"@id\":\"https:\/\/www.ccb.pt\/en\/evento\/real-camara-com-mira-glodeanu-celine-scheen\/\",\"url\":\"https:\/\/www.ccb.pt\/en\/evento\/real-camara-com-mira-glodeanu-celine-scheen\/\",\"name\":\"M\u00fasica - Real C\u00e2mara with Mira Glodeanu e C\u00e9line Scheen - Centro Cultural de Bel\u00e9m Foundation\",\"isPartOf\":{\"@id\":\"https:\/\/www.ccb.pt\/#website\"},\"primaryImageOfPage\":{\"@id\":\"https:\/\/www.ccb.pt\/en\/evento\/real-camara-com-mira-glodeanu-celine-scheen\/#primaryimage\"},\"image\":{\"@id\":\"https:\/\/www.ccb.pt\/en\/evento\/real-camara-com-mira-glodeanu-celine-scheen\/#primaryimage\"},\"thumbnailUrl\":\"https:\/\/www.ccb.pt\/wp-content\/uploads\/2022\/08\/novas-imagens-Real-Camara_SITE.jpg\",\"datePublished\":\"2022-08-26T09:49:29+00:00\",\"dateModified\":\"2022-11-29T18:01:42+00:00\",\"description\":\"A Real C\u00e2mara \u00e9 uma orquestra portuguesa dedicada \u00e0 interpreta\u00e7\u00e3o historicamente informada, com especial enfoque no repert\u00f3rio setecentista portugu\u00eas, e nas suas liga\u00e7\u00f5es a It\u00e1lia.\",\"breadcrumb\":{\"@id\":\"https:\/\/www.ccb.pt\/en\/evento\/real-camara-com-mira-glodeanu-celine-scheen\/#breadcrumb\"},\"inLanguage\":\"en-US\",\"potentialAction\":[{\"@type\":\"ReadAction\",\"target\":[\"https:\/\/www.ccb.pt\/en\/evento\/real-camara-com-mira-glodeanu-celine-scheen\/\"]}]},{\"@type\":\"ImageObject\",\"inLanguage\":\"en-US\",\"@id\":\"https:\/\/www.ccb.pt\/en\/evento\/real-camara-com-mira-glodeanu-celine-scheen\/#primaryimage\",\"url\":\"https:\/\/www.ccb.pt\/wp-content\/uploads\/2022\/08\/novas-imagens-Real-Camara_SITE.jpg\",\"contentUrl\":\"https:\/\/www.ccb.pt\/wp-content\/uploads\/2022\/08\/novas-imagens-Real-Camara_SITE.jpg\",\"width\":1300,\"height\":618,\"caption\":\"imagem de todos os m\u00fasicos da real c\u00e2mara com os respetivos instrumentos\"},{\"@type\":\"BreadcrumbList\",\"@id\":\"https:\/\/www.ccb.pt\/en\/evento\/real-camara-com-mira-glodeanu-celine-scheen\/#breadcrumb\",\"itemListElement\":[{\"@type\":\"ListItem\",\"position\":1,\"name\":\"Home\",\"item\":\"https:\/\/www.ccb.pt\/en\/\"},{\"@type\":\"ListItem\",\"position\":2,\"name\":\"Eventos\",\"item\":\"https:\/\/www.ccb.pt\/eventos\/\"},{\"@type\":\"ListItem\",\"position\":3,\"name\":\"Real C\u00e2mara with Mira Glodeanu e C\u00e9line Scheen\"}]},{\"@type\":\"WebSite\",\"@id\":\"https:\/\/www.ccb.pt\/#website\",\"url\":\"https:\/\/www.ccb.pt\/\",\"name\":\"Centro Cultural de Bel\u00e9m Foundation\",\"description\":\"\",\"publisher\":{\"@id\":\"https:\/\/www.ccb.pt\/#organization\"},\"potentialAction\":[{\"@type\":\"SearchAction\",\"target\":{\"@type\":\"EntryPoint\",\"urlTemplate\":\"https:\/\/www.ccb.pt\/?s={search_term_string}\"},\"query-input\":\"required name=search_term_string\"}],\"inLanguage\":\"en-US\"},{\"@type\":\"Organization\",\"@id\":\"https:\/\/www.ccb.pt\/#organization\",\"name\":\"Centro Cultural de Bel\u00e9m Foundation\",\"url\":\"https:\/\/www.ccb.pt\/\",\"logo\":{\"@type\":\"ImageObject\",\"inLanguage\":\"en-US\",\"@id\":\"https:\/\/www.ccb.pt\/#\/schema\/logo\/image\/\",\"url\":\"https:\/\/www.ccb.pt\/wp-content\/uploads\/2022\/05\/1_ccb.png\",\"contentUrl\":\"https:\/\/www.ccb.pt\/wp-content\/uploads\/2022\/05\/1_ccb.png\",\"width\":126,\"height\":100,\"caption\":\"Centro Cultural de Bel\u00e9m Foundation\"},\"image\":{\"@id\":\"https:\/\/www.ccb.pt\/#\/schema\/logo\/image\/\"},\"sameAs\":[\"https:\/\/twitter.com\/macccb_museu\"]}]}<\/script>\n<!-- \/ Yoast SEO plugin. -->","yoast_head_json":{"title":"M\u00fasica - Real C\u00e2mara with Mira Glodeanu e C\u00e9line Scheen - Centro Cultural de Bel\u00e9m Foundation","description":"A Real C\u00e2mara \u00e9 uma orquestra portuguesa dedicada \u00e0 interpreta\u00e7\u00e3o historicamente informada, com especial enfoque no repert\u00f3rio setecentista portugu\u00eas, e nas suas liga\u00e7\u00f5es a It\u00e1lia.","robots":{"index":"index","follow":"follow","max-snippet":"max-snippet:-1","max-image-preview":"max-image-preview:large","max-video-preview":"max-video-preview:-1"},"canonical":"https:\/\/www.ccb.pt\/en\/evento\/real-camara-com-mira-glodeanu-celine-scheen\/","og_locale":"en_US","og_type":"article","og_title":"M\u00fasica - Real C\u00e2mara with Mira Glodeanu e C\u00e9line Scheen - Centro Cultural de Bel\u00e9m Foundation","og_description":"A Real C\u00e2mara \u00e9 uma orquestra portuguesa dedicada \u00e0 interpreta\u00e7\u00e3o historicamente informada, com especial enfoque no repert\u00f3rio setecentista portugu\u00eas, e nas suas liga\u00e7\u00f5es a It\u00e1lia.","og_url":"https:\/\/www.ccb.pt\/en\/evento\/real-camara-com-mira-glodeanu-celine-scheen\/","og_site_name":"Centro Cultural de Bel\u00e9m Foundation","article_modified_time":"2022-11-29T18:01:42+00:00","og_image":[{"width":1300,"height":618,"url":"https:\/\/www.ccb.pt\/wp-content\/uploads\/2022\/08\/novas-imagens-Real-Camara_SITE.jpg","type":"image\/jpeg"}],"twitter_card":"summary_large_image","twitter_site":"@macccb_museu","twitter_misc":{"Est. reading time":"1 minute"},"schema":{"@context":"https:\/\/schema.org","@graph":[{"@type":"WebPage","@id":"https:\/\/www.ccb.pt\/en\/evento\/real-camara-com-mira-glodeanu-celine-scheen\/","url":"https:\/\/www.ccb.pt\/en\/evento\/real-camara-com-mira-glodeanu-celine-scheen\/","name":"M\u00fasica - Real C\u00e2mara with Mira Glodeanu e C\u00e9line Scheen - Centro Cultural de Bel\u00e9m Foundation","isPartOf":{"@id":"https:\/\/www.ccb.pt\/#website"},"primaryImageOfPage":{"@id":"https:\/\/www.ccb.pt\/en\/evento\/real-camara-com-mira-glodeanu-celine-scheen\/#primaryimage"},"image":{"@id":"https:\/\/www.ccb.pt\/en\/evento\/real-camara-com-mira-glodeanu-celine-scheen\/#primaryimage"},"thumbnailUrl":"https:\/\/www.ccb.pt\/wp-content\/uploads\/2022\/08\/novas-imagens-Real-Camara_SITE.jpg","datePublished":"2022-08-26T09:49:29+00:00","dateModified":"2022-11-29T18:01:42+00:00","description":"A Real C\u00e2mara \u00e9 uma orquestra portuguesa dedicada \u00e0 interpreta\u00e7\u00e3o historicamente informada, com especial enfoque no repert\u00f3rio setecentista portugu\u00eas, e nas suas liga\u00e7\u00f5es a It\u00e1lia.","breadcrumb":{"@id":"https:\/\/www.ccb.pt\/en\/evento\/real-camara-com-mira-glodeanu-celine-scheen\/#breadcrumb"},"inLanguage":"en-US","potentialAction":[{"@type":"ReadAction","target":["https:\/\/www.ccb.pt\/en\/evento\/real-camara-com-mira-glodeanu-celine-scheen\/"]}]},{"@type":"ImageObject","inLanguage":"en-US","@id":"https:\/\/www.ccb.pt\/en\/evento\/real-camara-com-mira-glodeanu-celine-scheen\/#primaryimage","url":"https:\/\/www.ccb.pt\/wp-content\/uploads\/2022\/08\/novas-imagens-Real-Camara_SITE.jpg","contentUrl":"https:\/\/www.ccb.pt\/wp-content\/uploads\/2022\/08\/novas-imagens-Real-Camara_SITE.jpg","width":1300,"height":618,"caption":"imagem de todos os m\u00fasicos da real c\u00e2mara com os respetivos instrumentos"},{"@type":"BreadcrumbList","@id":"https:\/\/www.ccb.pt\/en\/evento\/real-camara-com-mira-glodeanu-celine-scheen\/#breadcrumb","itemListElement":[{"@type":"ListItem","position":1,"name":"Home","item":"https:\/\/www.ccb.pt\/en\/"},{"@type":"ListItem","position":2,"name":"Eventos","item":"https:\/\/www.ccb.pt\/eventos\/"},{"@type":"ListItem","position":3,"name":"Real C\u00e2mara with Mira Glodeanu e C\u00e9line Scheen"}]},{"@type":"WebSite","@id":"https:\/\/www.ccb.pt\/#website","url":"https:\/\/www.ccb.pt\/","name":"Centro Cultural de Bel\u00e9m Foundation","description":"","publisher":{"@id":"https:\/\/www.ccb.pt\/#organization"},"potentialAction":[{"@type":"SearchAction","target":{"@type":"EntryPoint","urlTemplate":"https:\/\/www.ccb.pt\/?s={search_term_string}"},"query-input":"required name=search_term_string"}],"inLanguage":"en-US"},{"@type":"Organization","@id":"https:\/\/www.ccb.pt\/#organization","name":"Centro Cultural de Bel\u00e9m Foundation","url":"https:\/\/www.ccb.pt\/","logo":{"@type":"ImageObject","inLanguage":"en-US","@id":"https:\/\/www.ccb.pt\/#\/schema\/logo\/image\/","url":"https:\/\/www.ccb.pt\/wp-content\/uploads\/2022\/05\/1_ccb.png","contentUrl":"https:\/\/www.ccb.pt\/wp-content\/uploads\/2022\/05\/1_ccb.png","width":126,"height":100,"caption":"Centro Cultural de Bel\u00e9m Foundation"},"image":{"@id":"https:\/\/www.ccb.pt\/#\/schema\/logo\/image\/"},"sameAs":["https:\/\/twitter.com\/macccb_museu"]}]}},"_links":{"self":[{"href":"https:\/\/www.ccb.pt\/en\/wp-json\/wp\/v2\/tribe_events\/97931"}],"collection":[{"href":"https:\/\/www.ccb.pt\/en\/wp-json\/wp\/v2\/tribe_events"}],"about":[{"href":"https:\/\/www.ccb.pt\/en\/wp-json\/wp\/v2\/types\/tribe_events"}],"author":[{"embeddable":true,"href":"https:\/\/www.ccb.pt\/en\/wp-json\/wp\/v2\/users\/6"}],"replies":[{"embeddable":true,"href":"https:\/\/www.ccb.pt\/en\/wp-json\/wp\/v2\/comments?post=97931"}],"version-history":[{"count":9,"href":"https:\/\/www.ccb.pt\/en\/wp-json\/wp\/v2\/tribe_events\/97931\/revisions"}],"predecessor-version":[{"id":104609,"href":"https:\/\/www.ccb.pt\/en\/wp-json\/wp\/v2\/tribe_events\/97931\/revisions\/104609"}],"wp:featuredmedia":[{"embeddable":true,"href":"https:\/\/www.ccb.pt\/en\/wp-json\/wp\/v2\/media\/104933"}],"wp:attachment":[{"href":"https:\/\/www.ccb.pt\/en\/wp-json\/wp\/v2\/media?parent=97931"}],"wp:term":[{"taxonomy":"tribe_events_cat","embeddable":true,"href":"https:\/\/www.ccb.pt\/en\/wp-json\/wp\/v2\/tribe_events_cat?post=97931"},{"taxonomy":"tags_tema","embeddable":true,"href":"https:\/\/www.ccb.pt\/en\/wp-json\/wp\/v2\/tags_tema?post=97931"},{"taxonomy":"idades","embeddable":true,"href":"https:\/\/www.ccb.pt\/en\/wp-json\/wp\/v2\/idades?post=97931"},{"taxonomy":"tipos","embeddable":true,"href":"https:\/\/www.ccb.pt\/en\/wp-json\/wp\/v2\/tipos?post=97931"},{"taxonomy":"temas","embeddable":true,"href":"https:\/\/www.ccb.pt\/en\/wp-json\/wp\/v2\/temas?post=97931"},{"taxonomy":"categorias_hubspot","embeddable":true,"href":"https:\/\/www.ccb.pt\/en\/wp-json\/wp\/v2\/categorias_hubspot?post=97931"}],"curies":[{"name":"wp","href":"https:\/\/api.w.org\/{rel}","templated":true}]}}