    {"id":97271,"date":"2022-07-18T14:19:15","date_gmt":"2022-07-18T13:19:15","guid":{"rendered":"https:\/\/www.ccb.pt\/evento\/festim-pedro-de-castro-convida-bernardo-couto-e-luis-guerreiro\/"},"modified":"2022-10-07T11:04:04","modified_gmt":"2022-10-07T10:04:04","slug":"festim-pedro-de-castro-convida-bernardo-couto-e-luis-guerreiro","status":"publish","type":"tribe_events","link":"https:\/\/www.ccb.pt\/en\/evento\/festim-pedro-de-castro-convida-bernardo-couto-e-luis-guerreiro\/","title":{"rendered":"A Portuguese Guitar Concert: Pedro de Castro invites Bernardo Couto and Lu\u00eds Guerreiro"},"content":{"rendered":"<p>In this concert, Pedro de Castro, one of the most charismatic Portuguese guitarists, presents an instrumental album in which he brings together compositions from the great names of Portuguese Guitar to whom the guitarist pays tribute. The musician invites guitarists Bernardo Couto and Lu\u00eds Guerreiro to this Feast.<\/p>\n<p><strong>To watch live or online at the <a href=\"https:\/\/www.bol.pt\/Comprar\/Bilhetes\/112455-festim_pedro_de_castro_convida_bernardo_couto_e_luis_guerreiro-sala_virtual_ccb\/\">BOL<\/a> platform.<\/strong><\/p>\n","protected":false},"excerpt":{"rendered":"<p>In this concert, Pedro de Castro, one of the most charismatic Portuguese guitarists, presents an instrumental album in which he brings together compositions from the great names of Portuguese Guitar to whom the guitarist pays tribute. The musician invites guitarists Bernardo Couto and Lu\u00eds Guerreiro to this Feast. To watch live or online at the [&hellip;]<\/p>\n","protected":false},"author":6,"featured_media":103819,"comment_status":"open","ping_status":"closed","template":"","meta":{"_relevanssi_hide_post":"","_relevanssi_pin_for_all":"","_relevanssi_pin_keywords":"","_relevanssi_unpin_keywords":"","_relevanssi_related_keywords":"","_relevanssi_related_include_ids":"","_relevanssi_related_exclude_ids":"","_relevanssi_related_no_append":"","_relevanssi_related_not_related":"","_relevanssi_related_posts":"","_relevanssi_noindex_reason":""},"tribe_events_cat":[23],"tags_tema":[],"idades":[],"tipos":[],"temas":[],"categorias_hubspot":[],"acf":[],"yoast_head":"<!-- This site is optimized with the Yoast SEO plugin v22.3 - https:\/\/yoast.com\/wordpress\/plugins\/seo\/ -->\n<title>H\u00e1 Fado no Cais - A Portuguese Guitar Concert: Pedro de Castro invites Bernardo Couto and Lu\u00eds Guerreiro - Centro Cultural de Bel\u00e9m Foundation<\/title>\n<meta name=\"description\" content=\"Pedro de Castro n\u00e3o vive a m\u00fasica sozinho. A inspira\u00e7\u00e3o, as viv\u00eancias e as partilhas s\u00e3o mem\u00f3rias vividas e partilhadas com amigos ao longo dos anos, no desenrolar das noites em Lisboa ou em qualquer outra parte do mundo.\" \/>\n<meta name=\"robots\" content=\"index, follow, max-snippet:-1, max-image-preview:large, max-video-preview:-1\" \/>\n<link rel=\"canonical\" href=\"https:\/\/www.ccb.pt\/en\/evento\/festim-pedro-de-castro-convida-bernardo-couto-e-luis-guerreiro\/\" \/>\n<meta property=\"og:locale\" content=\"en_US\" \/>\n<meta property=\"og:type\" content=\"article\" \/>\n<meta property=\"og:title\" content=\"H\u00e1 Fado no Cais - A Portuguese Guitar Concert: Pedro de Castro invites Bernardo Couto and Lu\u00eds Guerreiro - Centro Cultural de Bel\u00e9m Foundation\" \/>\n<meta property=\"og:description\" content=\"Pedro de Castro n\u00e3o vive a m\u00fasica sozinho. A inspira\u00e7\u00e3o, as viv\u00eancias e as partilhas s\u00e3o mem\u00f3rias vividas e partilhadas com amigos ao longo dos anos, no desenrolar das noites em Lisboa ou em qualquer outra parte do mundo.\" \/>\n<meta property=\"og:url\" content=\"https:\/\/www.ccb.pt\/en\/evento\/festim-pedro-de-castro-convida-bernardo-couto-e-luis-guerreiro\/\" \/>\n<meta property=\"og:site_name\" content=\"Centro Cultural de Bel\u00e9m Foundation\" \/>\n<meta property=\"article:modified_time\" content=\"2022-10-07T10:04:04+00:00\" \/>\n<meta property=\"og:image\" content=\"https:\/\/www.ccb.pt\/wp-content\/uploads\/2022\/07\/09-HA-FADO-NO-CAIS-Tributo-a-Guitarra-Portuguesa-SITE.jpg\" \/>\n\t<meta property=\"og:image:width\" content=\"1300\" \/>\n\t<meta property=\"og:image:height\" content=\"618\" \/>\n\t<meta property=\"og:image:type\" content=\"image\/jpeg\" \/>\n<meta name=\"twitter:card\" content=\"summary_large_image\" \/>\n<meta name=\"twitter:site\" content=\"@macccb_museu\" \/>\n<script type=\"application\/ld+json\" class=\"yoast-schema-graph\">{\"@context\":\"https:\/\/schema.org\",\"@graph\":[{\"@type\":\"WebPage\",\"@id\":\"https:\/\/www.ccb.pt\/en\/evento\/festim-pedro-de-castro-convida-bernardo-couto-e-luis-guerreiro\/\",\"url\":\"https:\/\/www.ccb.pt\/en\/evento\/festim-pedro-de-castro-convida-bernardo-couto-e-luis-guerreiro\/\",\"name\":\"H\u00e1 Fado no Cais - A Portuguese Guitar Concert: Pedro de Castro invites Bernardo Couto and Lu\u00eds Guerreiro - Centro Cultural de Bel\u00e9m Foundation\",\"isPartOf\":{\"@id\":\"https:\/\/www.ccb.pt\/#website\"},\"primaryImageOfPage\":{\"@id\":\"https:\/\/www.ccb.pt\/en\/evento\/festim-pedro-de-castro-convida-bernardo-couto-e-luis-guerreiro\/#primaryimage\"},\"image\":{\"@id\":\"https:\/\/www.ccb.pt\/en\/evento\/festim-pedro-de-castro-convida-bernardo-couto-e-luis-guerreiro\/#primaryimage\"},\"thumbnailUrl\":\"https:\/\/www.ccb.pt\/wp-content\/uploads\/2022\/07\/Concerto-de-Guitarra-Portuguesa-Pedro-de-Castro-.-9-Dezembro_SITE.jpg\",\"datePublished\":\"2022-07-18T13:19:15+00:00\",\"dateModified\":\"2022-10-07T10:04:04+00:00\",\"description\":\"Pedro de Castro n\u00e3o vive a m\u00fasica sozinho. A inspira\u00e7\u00e3o, as viv\u00eancias e as partilhas s\u00e3o mem\u00f3rias vividas e partilhadas com amigos ao longo dos anos, no desenrolar das noites em Lisboa ou em qualquer outra parte do mundo.\",\"breadcrumb\":{\"@id\":\"https:\/\/www.ccb.pt\/en\/evento\/festim-pedro-de-castro-convida-bernardo-couto-e-luis-guerreiro\/#breadcrumb\"},\"inLanguage\":\"en-US\",\"potentialAction\":[{\"@type\":\"ReadAction\",\"target\":[\"https:\/\/www.ccb.pt\/en\/evento\/festim-pedro-de-castro-convida-bernardo-couto-e-luis-guerreiro\/\"]}]},{\"@type\":\"ImageObject\",\"inLanguage\":\"en-US\",\"@id\":\"https:\/\/www.ccb.pt\/en\/evento\/festim-pedro-de-castro-convida-bernardo-couto-e-luis-guerreiro\/#primaryimage\",\"url\":\"https:\/\/www.ccb.pt\/wp-content\/uploads\/2022\/07\/Concerto-de-Guitarra-Portuguesa-Pedro-de-Castro-.-9-Dezembro_SITE.jpg\",\"contentUrl\":\"https:\/\/www.ccb.pt\/wp-content\/uploads\/2022\/07\/Concerto-de-Guitarra-Portuguesa-Pedro-de-Castro-.-9-Dezembro_SITE.jpg\",\"width\":1300,\"height\":618,\"caption\":\"\u00a9 Jos\u00e9 Frade\/EGEAC\"},{\"@type\":\"BreadcrumbList\",\"@id\":\"https:\/\/www.ccb.pt\/en\/evento\/festim-pedro-de-castro-convida-bernardo-couto-e-luis-guerreiro\/#breadcrumb\",\"itemListElement\":[{\"@type\":\"ListItem\",\"position\":1,\"name\":\"Home\",\"item\":\"https:\/\/www.ccb.pt\/en\/\"},{\"@type\":\"ListItem\",\"position\":2,\"name\":\"Eventos\",\"item\":\"https:\/\/www.ccb.pt\/eventos\/\"},{\"@type\":\"ListItem\",\"position\":3,\"name\":\"A Portuguese Guitar Concert: Pedro de Castro invites Bernardo Couto and Lu\u00eds Guerreiro\"}]},{\"@type\":\"WebSite\",\"@id\":\"https:\/\/www.ccb.pt\/#website\",\"url\":\"https:\/\/www.ccb.pt\/\",\"name\":\"Centro Cultural de Bel\u00e9m Foundation\",\"description\":\"\",\"publisher\":{\"@id\":\"https:\/\/www.ccb.pt\/#organization\"},\"potentialAction\":[{\"@type\":\"SearchAction\",\"target\":{\"@type\":\"EntryPoint\",\"urlTemplate\":\"https:\/\/www.ccb.pt\/?s={search_term_string}\"},\"query-input\":\"required name=search_term_string\"}],\"inLanguage\":\"en-US\"},{\"@type\":\"Organization\",\"@id\":\"https:\/\/www.ccb.pt\/#organization\",\"name\":\"Centro Cultural de Bel\u00e9m Foundation\",\"url\":\"https:\/\/www.ccb.pt\/\",\"logo\":{\"@type\":\"ImageObject\",\"inLanguage\":\"en-US\",\"@id\":\"https:\/\/www.ccb.pt\/#\/schema\/logo\/image\/\",\"url\":\"https:\/\/www.ccb.pt\/wp-content\/uploads\/2022\/05\/1_ccb.png\",\"contentUrl\":\"https:\/\/www.ccb.pt\/wp-content\/uploads\/2022\/05\/1_ccb.png\",\"width\":126,\"height\":100,\"caption\":\"Centro Cultural de Bel\u00e9m Foundation\"},\"image\":{\"@id\":\"https:\/\/www.ccb.pt\/#\/schema\/logo\/image\/\"},\"sameAs\":[\"https:\/\/twitter.com\/macccb_museu\"]}]}<\/script>\n<!-- \/ Yoast SEO plugin. -->","yoast_head_json":{"title":"H\u00e1 Fado no Cais - A Portuguese Guitar Concert: Pedro de Castro invites Bernardo Couto and Lu\u00eds Guerreiro - Centro Cultural de Bel\u00e9m Foundation","description":"Pedro de Castro n\u00e3o vive a m\u00fasica sozinho. A inspira\u00e7\u00e3o, as viv\u00eancias e as partilhas s\u00e3o mem\u00f3rias vividas e partilhadas com amigos ao longo dos anos, no desenrolar das noites em Lisboa ou em qualquer outra parte do mundo.","robots":{"index":"index","follow":"follow","max-snippet":"max-snippet:-1","max-image-preview":"max-image-preview:large","max-video-preview":"max-video-preview:-1"},"canonical":"https:\/\/www.ccb.pt\/en\/evento\/festim-pedro-de-castro-convida-bernardo-couto-e-luis-guerreiro\/","og_locale":"en_US","og_type":"article","og_title":"H\u00e1 Fado no Cais - A Portuguese Guitar Concert: Pedro de Castro invites Bernardo Couto and Lu\u00eds Guerreiro - Centro Cultural de Bel\u00e9m Foundation","og_description":"Pedro de Castro n\u00e3o vive a m\u00fasica sozinho. A inspira\u00e7\u00e3o, as viv\u00eancias e as partilhas s\u00e3o mem\u00f3rias vividas e partilhadas com amigos ao longo dos anos, no desenrolar das noites em Lisboa ou em qualquer outra parte do mundo.","og_url":"https:\/\/www.ccb.pt\/en\/evento\/festim-pedro-de-castro-convida-bernardo-couto-e-luis-guerreiro\/","og_site_name":"Centro Cultural de Bel\u00e9m Foundation","article_modified_time":"2022-10-07T10:04:04+00:00","og_image":[{"width":1300,"height":618,"url":"https:\/\/www.ccb.pt\/wp-content\/uploads\/2022\/07\/09-HA-FADO-NO-CAIS-Tributo-a-Guitarra-Portuguesa-SITE.jpg","type":"image\/jpeg"}],"twitter_card":"summary_large_image","twitter_site":"@macccb_museu","schema":{"@context":"https:\/\/schema.org","@graph":[{"@type":"WebPage","@id":"https:\/\/www.ccb.pt\/en\/evento\/festim-pedro-de-castro-convida-bernardo-couto-e-luis-guerreiro\/","url":"https:\/\/www.ccb.pt\/en\/evento\/festim-pedro-de-castro-convida-bernardo-couto-e-luis-guerreiro\/","name":"H\u00e1 Fado no Cais - A Portuguese Guitar Concert: Pedro de Castro invites Bernardo Couto and Lu\u00eds Guerreiro - Centro Cultural de Bel\u00e9m Foundation","isPartOf":{"@id":"https:\/\/www.ccb.pt\/#website"},"primaryImageOfPage":{"@id":"https:\/\/www.ccb.pt\/en\/evento\/festim-pedro-de-castro-convida-bernardo-couto-e-luis-guerreiro\/#primaryimage"},"image":{"@id":"https:\/\/www.ccb.pt\/en\/evento\/festim-pedro-de-castro-convida-bernardo-couto-e-luis-guerreiro\/#primaryimage"},"thumbnailUrl":"https:\/\/www.ccb.pt\/wp-content\/uploads\/2022\/07\/Concerto-de-Guitarra-Portuguesa-Pedro-de-Castro-.-9-Dezembro_SITE.jpg","datePublished":"2022-07-18T13:19:15+00:00","dateModified":"2022-10-07T10:04:04+00:00","description":"Pedro de Castro n\u00e3o vive a m\u00fasica sozinho. A inspira\u00e7\u00e3o, as viv\u00eancias e as partilhas s\u00e3o mem\u00f3rias vividas e partilhadas com amigos ao longo dos anos, no desenrolar das noites em Lisboa ou em qualquer outra parte do mundo.","breadcrumb":{"@id":"https:\/\/www.ccb.pt\/en\/evento\/festim-pedro-de-castro-convida-bernardo-couto-e-luis-guerreiro\/#breadcrumb"},"inLanguage":"en-US","potentialAction":[{"@type":"ReadAction","target":["https:\/\/www.ccb.pt\/en\/evento\/festim-pedro-de-castro-convida-bernardo-couto-e-luis-guerreiro\/"]}]},{"@type":"ImageObject","inLanguage":"en-US","@id":"https:\/\/www.ccb.pt\/en\/evento\/festim-pedro-de-castro-convida-bernardo-couto-e-luis-guerreiro\/#primaryimage","url":"https:\/\/www.ccb.pt\/wp-content\/uploads\/2022\/07\/Concerto-de-Guitarra-Portuguesa-Pedro-de-Castro-.-9-Dezembro_SITE.jpg","contentUrl":"https:\/\/www.ccb.pt\/wp-content\/uploads\/2022\/07\/Concerto-de-Guitarra-Portuguesa-Pedro-de-Castro-.-9-Dezembro_SITE.jpg","width":1300,"height":618,"caption":"\u00a9 Jos\u00e9 Frade\/EGEAC"},{"@type":"BreadcrumbList","@id":"https:\/\/www.ccb.pt\/en\/evento\/festim-pedro-de-castro-convida-bernardo-couto-e-luis-guerreiro\/#breadcrumb","itemListElement":[{"@type":"ListItem","position":1,"name":"Home","item":"https:\/\/www.ccb.pt\/en\/"},{"@type":"ListItem","position":2,"name":"Eventos","item":"https:\/\/www.ccb.pt\/eventos\/"},{"@type":"ListItem","position":3,"name":"A Portuguese Guitar Concert: Pedro de Castro invites Bernardo Couto and Lu\u00eds Guerreiro"}]},{"@type":"WebSite","@id":"https:\/\/www.ccb.pt\/#website","url":"https:\/\/www.ccb.pt\/","name":"Centro Cultural de Bel\u00e9m Foundation","description":"","publisher":{"@id":"https:\/\/www.ccb.pt\/#organization"},"potentialAction":[{"@type":"SearchAction","target":{"@type":"EntryPoint","urlTemplate":"https:\/\/www.ccb.pt\/?s={search_term_string}"},"query-input":"required name=search_term_string"}],"inLanguage":"en-US"},{"@type":"Organization","@id":"https:\/\/www.ccb.pt\/#organization","name":"Centro Cultural de Bel\u00e9m Foundation","url":"https:\/\/www.ccb.pt\/","logo":{"@type":"ImageObject","inLanguage":"en-US","@id":"https:\/\/www.ccb.pt\/#\/schema\/logo\/image\/","url":"https:\/\/www.ccb.pt\/wp-content\/uploads\/2022\/05\/1_ccb.png","contentUrl":"https:\/\/www.ccb.pt\/wp-content\/uploads\/2022\/05\/1_ccb.png","width":126,"height":100,"caption":"Centro Cultural de Bel\u00e9m Foundation"},"image":{"@id":"https:\/\/www.ccb.pt\/#\/schema\/logo\/image\/"},"sameAs":["https:\/\/twitter.com\/macccb_museu"]}]}},"_links":{"self":[{"href":"https:\/\/www.ccb.pt\/en\/wp-json\/wp\/v2\/tribe_events\/97271"}],"collection":[{"href":"https:\/\/www.ccb.pt\/en\/wp-json\/wp\/v2\/tribe_events"}],"about":[{"href":"https:\/\/www.ccb.pt\/en\/wp-json\/wp\/v2\/types\/tribe_events"}],"author":[{"embeddable":true,"href":"https:\/\/www.ccb.pt\/en\/wp-json\/wp\/v2\/users\/6"}],"replies":[{"embeddable":true,"href":"https:\/\/www.ccb.pt\/en\/wp-json\/wp\/v2\/comments?post=97271"}],"version-history":[{"count":5,"href":"https:\/\/www.ccb.pt\/en\/wp-json\/wp\/v2\/tribe_events\/97271\/revisions"}],"predecessor-version":[{"id":101768,"href":"https:\/\/www.ccb.pt\/en\/wp-json\/wp\/v2\/tribe_events\/97271\/revisions\/101768"}],"wp:featuredmedia":[{"embeddable":true,"href":"https:\/\/www.ccb.pt\/en\/wp-json\/wp\/v2\/media\/103819"}],"wp:attachment":[{"href":"https:\/\/www.ccb.pt\/en\/wp-json\/wp\/v2\/media?parent=97271"}],"wp:term":[{"taxonomy":"tribe_events_cat","embeddable":true,"href":"https:\/\/www.ccb.pt\/en\/wp-json\/wp\/v2\/tribe_events_cat?post=97271"},{"taxonomy":"tags_tema","embeddable":true,"href":"https:\/\/www.ccb.pt\/en\/wp-json\/wp\/v2\/tags_tema?post=97271"},{"taxonomy":"idades","embeddable":true,"href":"https:\/\/www.ccb.pt\/en\/wp-json\/wp\/v2\/idades?post=97271"},{"taxonomy":"tipos","embeddable":true,"href":"https:\/\/www.ccb.pt\/en\/wp-json\/wp\/v2\/tipos?post=97271"},{"taxonomy":"temas","embeddable":true,"href":"https:\/\/www.ccb.pt\/en\/wp-json\/wp\/v2\/temas?post=97271"},{"taxonomy":"categorias_hubspot","embeddable":true,"href":"https:\/\/www.ccb.pt\/en\/wp-json\/wp\/v2\/categorias_hubspot?post=97271"}],"curies":[{"name":"wp","href":"https:\/\/api.w.org\/{rel}","templated":true}]}}