    {"id":75555,"date":"2022-03-14T08:45:03","date_gmt":"2022-03-14T08:45:03","guid":{"rendered":"https:\/\/www.ccb.pt\/evento\/vania-duarte\/"},"modified":"2022-10-07T10:45:56","modified_gmt":"2022-10-07T09:45:56","slug":"maria-ana-bobone","status":"publish","type":"tribe_events","link":"https:\/\/www.ccb.pt\/en\/evento\/maria-ana-bobone\/","title":{"rendered":"Maria Ana Bobone"},"content":{"rendered":"<p>Maria Ana Bobone returns to the Centro Cultural de Bel\u00e9m with her latest album,\u00a0<em>Maria Ana<\/em>, an innovative work in which the singer and pianist compose most of the songs, this time in Portuguese and approaching the language of fado.<br \/>\nFrom the deepest environments of traditional fado to the most current sounds of the original songs, this album will take us on a journey through a hitherto unknown world, revealing new songs that, competing to be part of the current fado repertoire, will be part of the repertoire of the artist.<br \/>\nFocused on the importance of the word and poetry, well served by music, this work is the next step in an artistic journey that has stood out for its innovation and originality.<\/p>\n<p><strong>To watch live or online at the BOL platform.<\/strong><\/p>\n<p>\/\/<\/p>\n<p><strong>Maria Ana Bobone<\/strong> is one of the most talented artists of her generation. She debuted singing Fado when she was 16, later completing the Piano and Singing courses at the National Conservatory of Music in Lisbon. She systematically performs in the main Portuguese concert halls (Centro Cultural de Bel\u00e9m, Casa da M\u00fasica, S\u00e3o Luiz, Culturgest, among many others). She&#8217;s also a regular guest at numerous festivals and important venues. From the range of these countries, England, USA, Brazil, Sweden, Belgium, Denmark, Spain, Switzerland, France, Mexico, Italy, Morocco, Malta, and Holland stand out.<\/p>\n<p><strong>\u00a0<\/strong><\/p>\n","protected":false},"excerpt":{"rendered":"<p>Maria Ana Bobone returns to the Centro Cultural de Bel\u00e9m with her latest album,\u00a0Maria Ana, an innovative work in which the singer and pianist compose most of the songs, this time in Portuguese and approaching the language of fado. From the deepest environments of traditional fado to the most current sounds of the original songs, [&hellip;]<\/p>\n","protected":false},"author":6,"featured_media":96695,"comment_status":"open","ping_status":"closed","template":"","meta":{"_relevanssi_hide_post":"","_relevanssi_pin_for_all":"","_relevanssi_pin_keywords":"","_relevanssi_unpin_keywords":"","_relevanssi_related_keywords":"","_relevanssi_related_include_ids":"","_relevanssi_related_exclude_ids":"","_relevanssi_related_no_append":"","_relevanssi_related_not_related":"","_relevanssi_related_posts":"","_relevanssi_noindex_reason":""},"tribe_events_cat":[23],"tags_tema":[],"idades":[392],"tipos":[],"temas":[],"categorias_hubspot":[],"acf":[],"yoast_head":"<!-- This site is optimized with the Yoast SEO plugin v22.3 - https:\/\/yoast.com\/wordpress\/plugins\/seo\/ -->\n<title>H\u00e1 Fado no Cais - Maria Ana Bobone - Centro Cultural de Bel\u00e9m Foundation<\/title>\n<meta name=\"description\" content=\"V\u00e2nia Duarte fell in love with fado early on, as it was a musical genre with a strong presence in the house where she grew up. This year the fado singer is preparing to release her second album, which will be presented live at CCB as part of the H\u00e1 Fado no Cais cycle.\" \/>\n<meta name=\"robots\" content=\"index, follow, max-snippet:-1, max-image-preview:large, max-video-preview:-1\" \/>\n<link rel=\"canonical\" href=\"https:\/\/www.ccb.pt\/en\/evento\/maria-ana-bobone\/\" \/>\n<meta property=\"og:locale\" content=\"en_US\" \/>\n<meta property=\"og:type\" content=\"article\" \/>\n<meta property=\"og:title\" content=\"H\u00e1 Fado no Cais - Maria Ana Bobone - Centro Cultural de Bel\u00e9m Foundation\" \/>\n<meta property=\"og:description\" content=\"V\u00e2nia Duarte fell in love with fado early on, as it was a musical genre with a strong presence in the house where she grew up. This year the fado singer is preparing to release her second album, which will be presented live at CCB as part of the H\u00e1 Fado no Cais cycle.\" \/>\n<meta property=\"og:url\" content=\"https:\/\/www.ccb.pt\/en\/evento\/maria-ana-bobone\/\" \/>\n<meta property=\"og:site_name\" content=\"Centro Cultural de Bel\u00e9m Foundation\" \/>\n<meta property=\"article:modified_time\" content=\"2022-10-07T09:45:56+00:00\" \/>\n<meta property=\"og:image\" content=\"https:\/\/www.ccb.pt\/wp-content\/uploads\/2022\/07\/19-HA-FADO-NO-CAIS-MARIA-ANA-BOBONE-Site.jpg\" \/>\n\t<meta property=\"og:image:width\" content=\"1300\" \/>\n\t<meta property=\"og:image:height\" content=\"618\" \/>\n\t<meta property=\"og:image:type\" content=\"image\/jpeg\" \/>\n<meta name=\"twitter:card\" content=\"summary_large_image\" \/>\n<meta name=\"twitter:site\" content=\"@macccb_museu\" \/>\n<meta name=\"twitter:label1\" content=\"Est. reading time\" \/>\n\t<meta name=\"twitter:data1\" content=\"2 minutes\" \/>\n<script type=\"application\/ld+json\" class=\"yoast-schema-graph\">{\"@context\":\"https:\/\/schema.org\",\"@graph\":[{\"@type\":\"WebPage\",\"@id\":\"https:\/\/www.ccb.pt\/en\/evento\/maria-ana-bobone\/\",\"url\":\"https:\/\/www.ccb.pt\/en\/evento\/maria-ana-bobone\/\",\"name\":\"H\u00e1 Fado no Cais - Maria Ana Bobone - Centro Cultural de Bel\u00e9m Foundation\",\"isPartOf\":{\"@id\":\"https:\/\/www.ccb.pt\/#website\"},\"primaryImageOfPage\":{\"@id\":\"https:\/\/www.ccb.pt\/en\/evento\/maria-ana-bobone\/#primaryimage\"},\"image\":{\"@id\":\"https:\/\/www.ccb.pt\/en\/evento\/maria-ana-bobone\/#primaryimage\"},\"thumbnailUrl\":\"https:\/\/www.ccb.pt\/wp-content\/uploads\/2022\/07\/19-HA-FADO-NO-CAIS-MARIA-ANA-BOBONE-Site.jpg\",\"datePublished\":\"2022-03-14T08:45:03+00:00\",\"dateModified\":\"2022-10-07T09:45:56+00:00\",\"description\":\"V\u00e2nia Duarte fell in love with fado early on, as it was a musical genre with a strong presence in the house where she grew up. This year the fado singer is preparing to release her second album, which will be presented live at CCB as part of the H\u00e1 Fado no Cais cycle.\",\"breadcrumb\":{\"@id\":\"https:\/\/www.ccb.pt\/en\/evento\/maria-ana-bobone\/#breadcrumb\"},\"inLanguage\":\"en-US\",\"potentialAction\":[{\"@type\":\"ReadAction\",\"target\":[\"https:\/\/www.ccb.pt\/en\/evento\/maria-ana-bobone\/\"]}]},{\"@type\":\"ImageObject\",\"inLanguage\":\"en-US\",\"@id\":\"https:\/\/www.ccb.pt\/en\/evento\/maria-ana-bobone\/#primaryimage\",\"url\":\"https:\/\/www.ccb.pt\/wp-content\/uploads\/2022\/07\/19-HA-FADO-NO-CAIS-MARIA-ANA-BOBONE-Site.jpg\",\"contentUrl\":\"https:\/\/www.ccb.pt\/wp-content\/uploads\/2022\/07\/19-HA-FADO-NO-CAIS-MARIA-ANA-BOBONE-Site.jpg\",\"width\":1300,\"height\":618,\"caption\":\"Maria Ana Bobone\"},{\"@type\":\"BreadcrumbList\",\"@id\":\"https:\/\/www.ccb.pt\/en\/evento\/maria-ana-bobone\/#breadcrumb\",\"itemListElement\":[{\"@type\":\"ListItem\",\"position\":1,\"name\":\"Home\",\"item\":\"https:\/\/www.ccb.pt\/en\/\"},{\"@type\":\"ListItem\",\"position\":2,\"name\":\"Eventos\",\"item\":\"https:\/\/www.ccb.pt\/eventos\/\"},{\"@type\":\"ListItem\",\"position\":3,\"name\":\"Maria Ana Bobone\"}]},{\"@type\":\"WebSite\",\"@id\":\"https:\/\/www.ccb.pt\/#website\",\"url\":\"https:\/\/www.ccb.pt\/\",\"name\":\"Centro Cultural de Bel\u00e9m Foundation\",\"description\":\"\",\"publisher\":{\"@id\":\"https:\/\/www.ccb.pt\/#organization\"},\"potentialAction\":[{\"@type\":\"SearchAction\",\"target\":{\"@type\":\"EntryPoint\",\"urlTemplate\":\"https:\/\/www.ccb.pt\/?s={search_term_string}\"},\"query-input\":\"required name=search_term_string\"}],\"inLanguage\":\"en-US\"},{\"@type\":\"Organization\",\"@id\":\"https:\/\/www.ccb.pt\/#organization\",\"name\":\"Centro Cultural de Bel\u00e9m Foundation\",\"url\":\"https:\/\/www.ccb.pt\/\",\"logo\":{\"@type\":\"ImageObject\",\"inLanguage\":\"en-US\",\"@id\":\"https:\/\/www.ccb.pt\/#\/schema\/logo\/image\/\",\"url\":\"https:\/\/www.ccb.pt\/wp-content\/uploads\/2022\/05\/1_ccb.png\",\"contentUrl\":\"https:\/\/www.ccb.pt\/wp-content\/uploads\/2022\/05\/1_ccb.png\",\"width\":126,\"height\":100,\"caption\":\"Centro Cultural de Bel\u00e9m Foundation\"},\"image\":{\"@id\":\"https:\/\/www.ccb.pt\/#\/schema\/logo\/image\/\"},\"sameAs\":[\"https:\/\/twitter.com\/macccb_museu\"]}]}<\/script>\n<!-- \/ Yoast SEO plugin. -->","yoast_head_json":{"title":"H\u00e1 Fado no Cais - Maria Ana Bobone - Centro Cultural de Bel\u00e9m Foundation","description":"V\u00e2nia Duarte fell in love with fado early on, as it was a musical genre with a strong presence in the house where she grew up. This year the fado singer is preparing to release her second album, which will be presented live at CCB as part of the H\u00e1 Fado no Cais cycle.","robots":{"index":"index","follow":"follow","max-snippet":"max-snippet:-1","max-image-preview":"max-image-preview:large","max-video-preview":"max-video-preview:-1"},"canonical":"https:\/\/www.ccb.pt\/en\/evento\/maria-ana-bobone\/","og_locale":"en_US","og_type":"article","og_title":"H\u00e1 Fado no Cais - Maria Ana Bobone - Centro Cultural de Bel\u00e9m Foundation","og_description":"V\u00e2nia Duarte fell in love with fado early on, as it was a musical genre with a strong presence in the house where she grew up. This year the fado singer is preparing to release her second album, which will be presented live at CCB as part of the H\u00e1 Fado no Cais cycle.","og_url":"https:\/\/www.ccb.pt\/en\/evento\/maria-ana-bobone\/","og_site_name":"Centro Cultural de Bel\u00e9m Foundation","article_modified_time":"2022-10-07T09:45:56+00:00","og_image":[{"width":1300,"height":618,"url":"https:\/\/www.ccb.pt\/wp-content\/uploads\/2022\/07\/19-HA-FADO-NO-CAIS-MARIA-ANA-BOBONE-Site.jpg","type":"image\/jpeg"}],"twitter_card":"summary_large_image","twitter_site":"@macccb_museu","twitter_misc":{"Est. reading time":"2 minutes"},"schema":{"@context":"https:\/\/schema.org","@graph":[{"@type":"WebPage","@id":"https:\/\/www.ccb.pt\/en\/evento\/maria-ana-bobone\/","url":"https:\/\/www.ccb.pt\/en\/evento\/maria-ana-bobone\/","name":"H\u00e1 Fado no Cais - Maria Ana Bobone - Centro Cultural de Bel\u00e9m Foundation","isPartOf":{"@id":"https:\/\/www.ccb.pt\/#website"},"primaryImageOfPage":{"@id":"https:\/\/www.ccb.pt\/en\/evento\/maria-ana-bobone\/#primaryimage"},"image":{"@id":"https:\/\/www.ccb.pt\/en\/evento\/maria-ana-bobone\/#primaryimage"},"thumbnailUrl":"https:\/\/www.ccb.pt\/wp-content\/uploads\/2022\/07\/19-HA-FADO-NO-CAIS-MARIA-ANA-BOBONE-Site.jpg","datePublished":"2022-03-14T08:45:03+00:00","dateModified":"2022-10-07T09:45:56+00:00","description":"V\u00e2nia Duarte fell in love with fado early on, as it was a musical genre with a strong presence in the house where she grew up. This year the fado singer is preparing to release her second album, which will be presented live at CCB as part of the H\u00e1 Fado no Cais cycle.","breadcrumb":{"@id":"https:\/\/www.ccb.pt\/en\/evento\/maria-ana-bobone\/#breadcrumb"},"inLanguage":"en-US","potentialAction":[{"@type":"ReadAction","target":["https:\/\/www.ccb.pt\/en\/evento\/maria-ana-bobone\/"]}]},{"@type":"ImageObject","inLanguage":"en-US","@id":"https:\/\/www.ccb.pt\/en\/evento\/maria-ana-bobone\/#primaryimage","url":"https:\/\/www.ccb.pt\/wp-content\/uploads\/2022\/07\/19-HA-FADO-NO-CAIS-MARIA-ANA-BOBONE-Site.jpg","contentUrl":"https:\/\/www.ccb.pt\/wp-content\/uploads\/2022\/07\/19-HA-FADO-NO-CAIS-MARIA-ANA-BOBONE-Site.jpg","width":1300,"height":618,"caption":"Maria Ana Bobone"},{"@type":"BreadcrumbList","@id":"https:\/\/www.ccb.pt\/en\/evento\/maria-ana-bobone\/#breadcrumb","itemListElement":[{"@type":"ListItem","position":1,"name":"Home","item":"https:\/\/www.ccb.pt\/en\/"},{"@type":"ListItem","position":2,"name":"Eventos","item":"https:\/\/www.ccb.pt\/eventos\/"},{"@type":"ListItem","position":3,"name":"Maria Ana Bobone"}]},{"@type":"WebSite","@id":"https:\/\/www.ccb.pt\/#website","url":"https:\/\/www.ccb.pt\/","name":"Centro Cultural de Bel\u00e9m Foundation","description":"","publisher":{"@id":"https:\/\/www.ccb.pt\/#organization"},"potentialAction":[{"@type":"SearchAction","target":{"@type":"EntryPoint","urlTemplate":"https:\/\/www.ccb.pt\/?s={search_term_string}"},"query-input":"required name=search_term_string"}],"inLanguage":"en-US"},{"@type":"Organization","@id":"https:\/\/www.ccb.pt\/#organization","name":"Centro Cultural de Bel\u00e9m Foundation","url":"https:\/\/www.ccb.pt\/","logo":{"@type":"ImageObject","inLanguage":"en-US","@id":"https:\/\/www.ccb.pt\/#\/schema\/logo\/image\/","url":"https:\/\/www.ccb.pt\/wp-content\/uploads\/2022\/05\/1_ccb.png","contentUrl":"https:\/\/www.ccb.pt\/wp-content\/uploads\/2022\/05\/1_ccb.png","width":126,"height":100,"caption":"Centro Cultural de Bel\u00e9m Foundation"},"image":{"@id":"https:\/\/www.ccb.pt\/#\/schema\/logo\/image\/"},"sameAs":["https:\/\/twitter.com\/macccb_museu"]}]}},"_links":{"self":[{"href":"https:\/\/www.ccb.pt\/en\/wp-json\/wp\/v2\/tribe_events\/75555"}],"collection":[{"href":"https:\/\/www.ccb.pt\/en\/wp-json\/wp\/v2\/tribe_events"}],"about":[{"href":"https:\/\/www.ccb.pt\/en\/wp-json\/wp\/v2\/types\/tribe_events"}],"author":[{"embeddable":true,"href":"https:\/\/www.ccb.pt\/en\/wp-json\/wp\/v2\/users\/6"}],"replies":[{"embeddable":true,"href":"https:\/\/www.ccb.pt\/en\/wp-json\/wp\/v2\/comments?post=75555"}],"version-history":[{"count":18,"href":"https:\/\/www.ccb.pt\/en\/wp-json\/wp\/v2\/tribe_events\/75555\/revisions"}],"predecessor-version":[{"id":101751,"href":"https:\/\/www.ccb.pt\/en\/wp-json\/wp\/v2\/tribe_events\/75555\/revisions\/101751"}],"wp:featuredmedia":[{"embeddable":true,"href":"https:\/\/www.ccb.pt\/en\/wp-json\/wp\/v2\/media\/96695"}],"wp:attachment":[{"href":"https:\/\/www.ccb.pt\/en\/wp-json\/wp\/v2\/media?parent=75555"}],"wp:term":[{"taxonomy":"tribe_events_cat","embeddable":true,"href":"https:\/\/www.ccb.pt\/en\/wp-json\/wp\/v2\/tribe_events_cat?post=75555"},{"taxonomy":"tags_tema","embeddable":true,"href":"https:\/\/www.ccb.pt\/en\/wp-json\/wp\/v2\/tags_tema?post=75555"},{"taxonomy":"idades","embeddable":true,"href":"https:\/\/www.ccb.pt\/en\/wp-json\/wp\/v2\/idades?post=75555"},{"taxonomy":"tipos","embeddable":true,"href":"https:\/\/www.ccb.pt\/en\/wp-json\/wp\/v2\/tipos?post=75555"},{"taxonomy":"temas","embeddable":true,"href":"https:\/\/www.ccb.pt\/en\/wp-json\/wp\/v2\/temas?post=75555"},{"taxonomy":"categorias_hubspot","embeddable":true,"href":"https:\/\/www.ccb.pt\/en\/wp-json\/wp\/v2\/categorias_hubspot?post=75555"}],"curies":[{"name":"wp","href":"https:\/\/api.w.org\/{rel}","templated":true}]}}