    {"id":74568,"date":"2022-02-15T18:00:35","date_gmt":"2022-02-15T18:00:35","guid":{"rendered":"https:\/\/www.ccb.pt\/evento\/gisela-joao-aurora-2\/"},"modified":"2022-05-05T10:38:21","modified_gmt":"2022-05-05T09:38:21","slug":"gisela-joao-aurora-2","status":"publish","type":"tribe_events","link":"https:\/\/www.ccb.pt\/en\/evento\/gisela-joao-aurora-2\/2022-05-13\/","title":{"rendered":"Gisela Jo\u00e3o <br><i>AuRora<\/br><\/i>"},"content":{"rendered":"<p>With a unique voice and timbre, Gisela Jo\u00e3o is a central figure in Fado and one of the most important interpreters of Portuguese music. The fado singer is now returning to the H\u00e1 Fado no Cais cycle to present the album AuRora live.<\/p>\n<p><strong><span class=\"Y2IQFc\" lang=\"en\">This concert is available in streaming on the\u00a0<a href=\"https:\/\/www.bol.pt\/Comprar\/Bilhetes\/106168-ha_fado_no_cais_gisela_joao-sala_virtual_ccb\/\">BOL platform<\/a>.<\/span><\/strong><\/p>\n","protected":false},"excerpt":{"rendered":"<p>With a unique voice and timbre, Gisela Jo\u00e3o is a central figure in Fado and one of the most important interpreters of Portuguese music. The fado singer is now returning to the H\u00e1 Fado no Cais cycle to present the album AuRora live. This concert is available in streaming on the\u00a0BOL platform.<\/p>\n","protected":false},"author":6,"featured_media":70197,"comment_status":"open","ping_status":"closed","template":"","meta":{"_relevanssi_hide_post":"","_relevanssi_pin_for_all":"","_relevanssi_pin_keywords":"","_relevanssi_unpin_keywords":"","_relevanssi_related_keywords":"","_relevanssi_related_include_ids":"","_relevanssi_related_exclude_ids":"","_relevanssi_related_no_append":"","_relevanssi_related_not_related":"","_relevanssi_related_posts":"","_relevanssi_noindex_reason":""},"tribe_events_cat":[23],"tags_tema":[],"idades":[392],"tipos":[],"temas":[],"categorias_hubspot":[],"acf":[],"yoast_head":"<!-- This site is optimized with the Yoast SEO plugin v22.3 - https:\/\/yoast.com\/wordpress\/plugins\/seo\/ -->\n<title>H\u00e1 Fado no Cais - Gisela Jo\u00e3o AuRora - Centro Cultural de Bel\u00e9m Foundation<\/title>\n<meta name=\"description\" content=\"Com uma voz e um timbre absolutamente singulares, Gisela Jo\u00e3o \u00e9 uma figura central do Fado e uma das mais importantes int\u00e9rpretes de m\u00fasica portuguesa. Na primavera de 2021, editou o seu terceiro \u00e1lbum \u2013 AuRora \u2013 sob o aplauso un\u00e2nime da cr\u00edtica.\" \/>\n<meta name=\"robots\" content=\"index, follow, max-snippet:-1, max-image-preview:large, max-video-preview:-1\" \/>\n<link rel=\"canonical\" href=\"https:\/\/www.ccb.pt\/en\/evento\/gisela-joao-aurora-2\/2022-05-13\/\" \/>\n<meta property=\"og:locale\" content=\"en_US\" \/>\n<meta property=\"og:type\" content=\"article\" \/>\n<meta property=\"og:title\" content=\"H\u00e1 Fado no Cais - Gisela Jo\u00e3o AuRora - Centro Cultural de Bel\u00e9m Foundation\" \/>\n<meta property=\"og:description\" content=\"Com uma voz e um timbre absolutamente singulares, Gisela Jo\u00e3o \u00e9 uma figura central do Fado e uma das mais importantes int\u00e9rpretes de m\u00fasica portuguesa. Na primavera de 2021, editou o seu terceiro \u00e1lbum \u2013 AuRora \u2013 sob o aplauso un\u00e2nime da cr\u00edtica.\" \/>\n<meta property=\"og:url\" content=\"https:\/\/www.ccb.pt\/en\/evento\/gisela-joao-aurora-2\/2022-05-13\/\" \/>\n<meta property=\"og:site_name\" content=\"Centro Cultural de Bel\u00e9m Foundation\" \/>\n<meta property=\"article:modified_time\" content=\"2022-05-05T09:38:21+00:00\" \/>\n<meta property=\"og:image\" content=\"https:\/\/www.ccb.pt\/wp-content\/uploads\/2022\/02\/site_13maiogiselajoao.jpg\" \/>\n\t<meta property=\"og:image:width\" content=\"1300\" \/>\n\t<meta property=\"og:image:height\" content=\"618\" \/>\n\t<meta property=\"og:image:type\" content=\"image\/jpeg\" \/>\n<meta name=\"twitter:card\" content=\"summary_large_image\" \/>\n<meta name=\"twitter:site\" content=\"@macccb_museu\" \/>\n<script type=\"application\/ld+json\" class=\"yoast-schema-graph\">{\"@context\":\"https:\/\/schema.org\",\"@graph\":[{\"@type\":\"WebPage\",\"@id\":\"https:\/\/www.ccb.pt\/en\/evento\/gisela-joao-aurora-2\/2022-05-13\/\",\"url\":\"https:\/\/www.ccb.pt\/en\/evento\/gisela-joao-aurora-2\/2022-05-13\/\",\"name\":\"H\u00e1 Fado no Cais - Gisela Jo\u00e3o AuRora - Centro Cultural de Bel\u00e9m Foundation\",\"isPartOf\":{\"@id\":\"https:\/\/www.ccb.pt\/#website\"},\"primaryImageOfPage\":{\"@id\":\"https:\/\/www.ccb.pt\/en\/evento\/gisela-joao-aurora-2\/2022-05-13\/#primaryimage\"},\"image\":{\"@id\":\"https:\/\/www.ccb.pt\/en\/evento\/gisela-joao-aurora-2\/2022-05-13\/#primaryimage\"},\"thumbnailUrl\":\"https:\/\/www.ccb.pt\/wp-content\/uploads\/2022\/02\/site_13maiogiselajoao.jpg\",\"datePublished\":\"2022-02-15T18:00:35+00:00\",\"dateModified\":\"2022-05-05T09:38:21+00:00\",\"description\":\"Com uma voz e um timbre absolutamente singulares, Gisela Jo\u00e3o \u00e9 uma figura central do Fado e uma das mais importantes int\u00e9rpretes de m\u00fasica portuguesa. Na primavera de 2021, editou o seu terceiro \u00e1lbum \u2013 AuRora \u2013 sob o aplauso un\u00e2nime da cr\u00edtica.\",\"breadcrumb\":{\"@id\":\"https:\/\/www.ccb.pt\/en\/evento\/gisela-joao-aurora-2\/2022-05-13\/#breadcrumb\"},\"inLanguage\":\"en-US\",\"potentialAction\":[{\"@type\":\"ReadAction\",\"target\":[\"https:\/\/www.ccb.pt\/en\/evento\/gisela-joao-aurora-2\/2022-05-13\/\"]}]},{\"@type\":\"ImageObject\",\"inLanguage\":\"en-US\",\"@id\":\"https:\/\/www.ccb.pt\/en\/evento\/gisela-joao-aurora-2\/2022-05-13\/#primaryimage\",\"url\":\"https:\/\/www.ccb.pt\/wp-content\/uploads\/2022\/02\/site_13maiogiselajoao.jpg\",\"contentUrl\":\"https:\/\/www.ccb.pt\/wp-content\/uploads\/2022\/02\/site_13maiogiselajoao.jpg\",\"width\":1300,\"height\":618,\"caption\":\"H\u00e1 fado no cais - Gisela Jo\u00e3o no CCB\"},{\"@type\":\"BreadcrumbList\",\"@id\":\"https:\/\/www.ccb.pt\/en\/evento\/gisela-joao-aurora-2\/2022-05-13\/#breadcrumb\",\"itemListElement\":[{\"@type\":\"ListItem\",\"position\":1,\"name\":\"Home\",\"item\":\"https:\/\/www.ccb.pt\/en\/\"},{\"@type\":\"ListItem\",\"position\":2,\"name\":\"Eventos\",\"item\":\"https:\/\/www.ccb.pt\/eventos\/\"},{\"@type\":\"ListItem\",\"position\":3,\"name\":\"Gisela Jo\u00e3o AuRora\"}]},{\"@type\":\"WebSite\",\"@id\":\"https:\/\/www.ccb.pt\/#website\",\"url\":\"https:\/\/www.ccb.pt\/\",\"name\":\"Centro Cultural de Bel\u00e9m Foundation\",\"description\":\"\",\"publisher\":{\"@id\":\"https:\/\/www.ccb.pt\/#organization\"},\"potentialAction\":[{\"@type\":\"SearchAction\",\"target\":{\"@type\":\"EntryPoint\",\"urlTemplate\":\"https:\/\/www.ccb.pt\/?s={search_term_string}\"},\"query-input\":\"required name=search_term_string\"}],\"inLanguage\":\"en-US\"},{\"@type\":\"Organization\",\"@id\":\"https:\/\/www.ccb.pt\/#organization\",\"name\":\"Centro Cultural de Bel\u00e9m Foundation\",\"url\":\"https:\/\/www.ccb.pt\/\",\"logo\":{\"@type\":\"ImageObject\",\"inLanguage\":\"en-US\",\"@id\":\"https:\/\/www.ccb.pt\/#\/schema\/logo\/image\/\",\"url\":\"https:\/\/www.ccb.pt\/wp-content\/uploads\/2022\/05\/1_ccb.png\",\"contentUrl\":\"https:\/\/www.ccb.pt\/wp-content\/uploads\/2022\/05\/1_ccb.png\",\"width\":126,\"height\":100,\"caption\":\"Centro Cultural de Bel\u00e9m Foundation\"},\"image\":{\"@id\":\"https:\/\/www.ccb.pt\/#\/schema\/logo\/image\/\"},\"sameAs\":[\"https:\/\/twitter.com\/macccb_museu\"]}]}<\/script>\n<!-- \/ Yoast SEO plugin. -->","yoast_head_json":{"title":"H\u00e1 Fado no Cais - Gisela Jo\u00e3o AuRora - Centro Cultural de Bel\u00e9m Foundation","description":"Com uma voz e um timbre absolutamente singulares, Gisela Jo\u00e3o \u00e9 uma figura central do Fado e uma das mais importantes int\u00e9rpretes de m\u00fasica portuguesa. Na primavera de 2021, editou o seu terceiro \u00e1lbum \u2013 AuRora \u2013 sob o aplauso un\u00e2nime da cr\u00edtica.","robots":{"index":"index","follow":"follow","max-snippet":"max-snippet:-1","max-image-preview":"max-image-preview:large","max-video-preview":"max-video-preview:-1"},"canonical":"https:\/\/www.ccb.pt\/en\/evento\/gisela-joao-aurora-2\/2022-05-13\/","og_locale":"en_US","og_type":"article","og_title":"H\u00e1 Fado no Cais - Gisela Jo\u00e3o AuRora - Centro Cultural de Bel\u00e9m Foundation","og_description":"Com uma voz e um timbre absolutamente singulares, Gisela Jo\u00e3o \u00e9 uma figura central do Fado e uma das mais importantes int\u00e9rpretes de m\u00fasica portuguesa. Na primavera de 2021, editou o seu terceiro \u00e1lbum \u2013 AuRora \u2013 sob o aplauso un\u00e2nime da cr\u00edtica.","og_url":"https:\/\/www.ccb.pt\/en\/evento\/gisela-joao-aurora-2\/2022-05-13\/","og_site_name":"Centro Cultural de Bel\u00e9m Foundation","article_modified_time":"2022-05-05T09:38:21+00:00","og_image":[{"width":1300,"height":618,"url":"https:\/\/www.ccb.pt\/wp-content\/uploads\/2022\/02\/site_13maiogiselajoao.jpg","type":"image\/jpeg"}],"twitter_card":"summary_large_image","twitter_site":"@macccb_museu","schema":{"@context":"https:\/\/schema.org","@graph":[{"@type":"WebPage","@id":"https:\/\/www.ccb.pt\/en\/evento\/gisela-joao-aurora-2\/2022-05-13\/","url":"https:\/\/www.ccb.pt\/en\/evento\/gisela-joao-aurora-2\/2022-05-13\/","name":"H\u00e1 Fado no Cais - Gisela Jo\u00e3o AuRora - Centro Cultural de Bel\u00e9m Foundation","isPartOf":{"@id":"https:\/\/www.ccb.pt\/#website"},"primaryImageOfPage":{"@id":"https:\/\/www.ccb.pt\/en\/evento\/gisela-joao-aurora-2\/2022-05-13\/#primaryimage"},"image":{"@id":"https:\/\/www.ccb.pt\/en\/evento\/gisela-joao-aurora-2\/2022-05-13\/#primaryimage"},"thumbnailUrl":"https:\/\/www.ccb.pt\/wp-content\/uploads\/2022\/02\/site_13maiogiselajoao.jpg","datePublished":"2022-02-15T18:00:35+00:00","dateModified":"2022-05-05T09:38:21+00:00","description":"Com uma voz e um timbre absolutamente singulares, Gisela Jo\u00e3o \u00e9 uma figura central do Fado e uma das mais importantes int\u00e9rpretes de m\u00fasica portuguesa. Na primavera de 2021, editou o seu terceiro \u00e1lbum \u2013 AuRora \u2013 sob o aplauso un\u00e2nime da cr\u00edtica.","breadcrumb":{"@id":"https:\/\/www.ccb.pt\/en\/evento\/gisela-joao-aurora-2\/2022-05-13\/#breadcrumb"},"inLanguage":"en-US","potentialAction":[{"@type":"ReadAction","target":["https:\/\/www.ccb.pt\/en\/evento\/gisela-joao-aurora-2\/2022-05-13\/"]}]},{"@type":"ImageObject","inLanguage":"en-US","@id":"https:\/\/www.ccb.pt\/en\/evento\/gisela-joao-aurora-2\/2022-05-13\/#primaryimage","url":"https:\/\/www.ccb.pt\/wp-content\/uploads\/2022\/02\/site_13maiogiselajoao.jpg","contentUrl":"https:\/\/www.ccb.pt\/wp-content\/uploads\/2022\/02\/site_13maiogiselajoao.jpg","width":1300,"height":618,"caption":"H\u00e1 fado no cais - Gisela Jo\u00e3o no CCB"},{"@type":"BreadcrumbList","@id":"https:\/\/www.ccb.pt\/en\/evento\/gisela-joao-aurora-2\/2022-05-13\/#breadcrumb","itemListElement":[{"@type":"ListItem","position":1,"name":"Home","item":"https:\/\/www.ccb.pt\/en\/"},{"@type":"ListItem","position":2,"name":"Eventos","item":"https:\/\/www.ccb.pt\/eventos\/"},{"@type":"ListItem","position":3,"name":"Gisela Jo\u00e3o AuRora"}]},{"@type":"WebSite","@id":"https:\/\/www.ccb.pt\/#website","url":"https:\/\/www.ccb.pt\/","name":"Centro Cultural de Bel\u00e9m Foundation","description":"","publisher":{"@id":"https:\/\/www.ccb.pt\/#organization"},"potentialAction":[{"@type":"SearchAction","target":{"@type":"EntryPoint","urlTemplate":"https:\/\/www.ccb.pt\/?s={search_term_string}"},"query-input":"required name=search_term_string"}],"inLanguage":"en-US"},{"@type":"Organization","@id":"https:\/\/www.ccb.pt\/#organization","name":"Centro Cultural de Bel\u00e9m Foundation","url":"https:\/\/www.ccb.pt\/","logo":{"@type":"ImageObject","inLanguage":"en-US","@id":"https:\/\/www.ccb.pt\/#\/schema\/logo\/image\/","url":"https:\/\/www.ccb.pt\/wp-content\/uploads\/2022\/05\/1_ccb.png","contentUrl":"https:\/\/www.ccb.pt\/wp-content\/uploads\/2022\/05\/1_ccb.png","width":126,"height":100,"caption":"Centro Cultural de Bel\u00e9m Foundation"},"image":{"@id":"https:\/\/www.ccb.pt\/#\/schema\/logo\/image\/"},"sameAs":["https:\/\/twitter.com\/macccb_museu"]}]}},"_links":{"self":[{"href":"https:\/\/www.ccb.pt\/en\/wp-json\/wp\/v2\/tribe_events\/74568"}],"collection":[{"href":"https:\/\/www.ccb.pt\/en\/wp-json\/wp\/v2\/tribe_events"}],"about":[{"href":"https:\/\/www.ccb.pt\/en\/wp-json\/wp\/v2\/types\/tribe_events"}],"author":[{"embeddable":true,"href":"https:\/\/www.ccb.pt\/en\/wp-json\/wp\/v2\/users\/6"}],"replies":[{"embeddable":true,"href":"https:\/\/www.ccb.pt\/en\/wp-json\/wp\/v2\/comments?post=74568"}],"version-history":[{"count":4,"href":"https:\/\/www.ccb.pt\/en\/wp-json\/wp\/v2\/tribe_events\/74568\/revisions"}],"predecessor-version":[{"id":83251,"href":"https:\/\/www.ccb.pt\/en\/wp-json\/wp\/v2\/tribe_events\/74568\/revisions\/83251"}],"wp:featuredmedia":[{"embeddable":true,"href":"https:\/\/www.ccb.pt\/en\/wp-json\/wp\/v2\/media\/70197"}],"wp:attachment":[{"href":"https:\/\/www.ccb.pt\/en\/wp-json\/wp\/v2\/media?parent=74568"}],"wp:term":[{"taxonomy":"tribe_events_cat","embeddable":true,"href":"https:\/\/www.ccb.pt\/en\/wp-json\/wp\/v2\/tribe_events_cat?post=74568"},{"taxonomy":"tags_tema","embeddable":true,"href":"https:\/\/www.ccb.pt\/en\/wp-json\/wp\/v2\/tags_tema?post=74568"},{"taxonomy":"idades","embeddable":true,"href":"https:\/\/www.ccb.pt\/en\/wp-json\/wp\/v2\/idades?post=74568"},{"taxonomy":"tipos","embeddable":true,"href":"https:\/\/www.ccb.pt\/en\/wp-json\/wp\/v2\/tipos?post=74568"},{"taxonomy":"temas","embeddable":true,"href":"https:\/\/www.ccb.pt\/en\/wp-json\/wp\/v2\/temas?post=74568"},{"taxonomy":"categorias_hubspot","embeddable":true,"href":"https:\/\/www.ccb.pt\/en\/wp-json\/wp\/v2\/categorias_hubspot?post=74568"}],"curies":[{"name":"wp","href":"https:\/\/api.w.org\/{rel}","templated":true}]}}