    {"id":74277,"date":"2022-02-25T17:01:27","date_gmt":"2022-02-25T17:01:27","guid":{"rendered":"https:\/\/www.ccb.pt\/evento\/jonas-sao-jorge-2\/"},"modified":"2022-03-23T09:42:49","modified_gmt":"2022-03-23T09:42:49","slug":"jonas-sao-jorge-2","status":"publish","type":"tribe_events","link":"https:\/\/www.ccb.pt\/en\/evento\/jonas-sao-jorge-2\/2022-04-22\/","title":{"rendered":"Jonas &#8211; S\u00e3o Jorge"},"content":{"rendered":"<p>On his debut album, <em>S\u00e3o Jorge<\/em>, Jonas, choreographer, dancer, performer, singer-songwriter, and fado singer assert himself as one of the most interesting voices in Portuguese music, with his compositions that find harmony and balance between timeless chords and the contemporary feeling. The fado singer will present this album at CCB.<\/p>\n<p><strong><span class=\"Y2IQFc\" lang=\"en\">This concert is available in streaming on the\u00a0<a href=\"https:\/\/www.bol.pt\/Comprar\/Bilhetes\/106723-ha_fado_no_cais_jonas-sala_virtual_ccb\/\">BOL platform<\/a>.<\/span><\/strong><\/p>\n","protected":false},"excerpt":{"rendered":"<p>On his debut album, S\u00e3o Jorge, Jonas, choreographer, dancer, performer, singer-songwriter, and fado singer assert himself as one of the most interesting voices in Portuguese music, with his compositions that find harmony and balance between timeless chords and the contemporary feeling. The fado singer will present this album at CCB. This concert is available in [&hellip;]<\/p>\n","protected":false},"author":6,"featured_media":71157,"comment_status":"open","ping_status":"closed","template":"","meta":{"_relevanssi_hide_post":"","_relevanssi_pin_for_all":"","_relevanssi_pin_keywords":"","_relevanssi_unpin_keywords":"","_relevanssi_related_keywords":"","_relevanssi_related_include_ids":"","_relevanssi_related_exclude_ids":"","_relevanssi_related_no_append":"","_relevanssi_related_not_related":"","_relevanssi_related_posts":"","_relevanssi_noindex_reason":""},"tribe_events_cat":[23],"tags_tema":[],"idades":[392],"tipos":[],"temas":[],"categorias_hubspot":[],"acf":[],"yoast_head":"<!-- This site is optimized with the Yoast SEO plugin v22.3 - https:\/\/yoast.com\/wordpress\/plugins\/seo\/ -->\n<title>H\u00e1 Fado no Cais - Jonas - S\u00e3o Jorge - Centro Cultural de Bel\u00e9m Foundation<\/title>\n<meta name=\"description\" content=\"S\u00e3o Jorge, disco de estreia de Jonas, traz por dentro o testemunho de um cidad\u00e3o, filho da Lisboa dos nossos dias e n\u00e3o s\u00f3. Depois de oito anos de gesta\u00e7\u00e3o, S\u00e3o Jorge viu a luz e avan\u00e7a para os palcos, repleto de Fado.\" \/>\n<meta name=\"robots\" content=\"index, follow, max-snippet:-1, max-image-preview:large, max-video-preview:-1\" \/>\n<link rel=\"canonical\" href=\"https:\/\/www.ccb.pt\/en\/evento\/jonas-sao-jorge-2\/2022-04-22\/\" \/>\n<meta property=\"og:locale\" content=\"en_US\" \/>\n<meta property=\"og:type\" content=\"article\" \/>\n<meta property=\"og:title\" content=\"H\u00e1 Fado no Cais - Jonas - S\u00e3o Jorge - Centro Cultural de Bel\u00e9m Foundation\" \/>\n<meta property=\"og:description\" content=\"S\u00e3o Jorge, disco de estreia de Jonas, traz por dentro o testemunho de um cidad\u00e3o, filho da Lisboa dos nossos dias e n\u00e3o s\u00f3. Depois de oito anos de gesta\u00e7\u00e3o, S\u00e3o Jorge viu a luz e avan\u00e7a para os palcos, repleto de Fado.\" \/>\n<meta property=\"og:url\" content=\"https:\/\/www.ccb.pt\/en\/evento\/jonas-sao-jorge-2\/2022-04-22\/\" \/>\n<meta property=\"og:site_name\" content=\"Centro Cultural de Bel\u00e9m Foundation\" \/>\n<meta property=\"article:modified_time\" content=\"2022-03-23T09:42:49+00:00\" \/>\n<meta property=\"og:image\" content=\"https:\/\/www.ccb.pt\/wp-content\/uploads\/2022\/02\/site_Jonas_JoaoPires.jpg\" \/>\n\t<meta property=\"og:image:width\" content=\"1300\" \/>\n\t<meta property=\"og:image:height\" content=\"618\" \/>\n\t<meta property=\"og:image:type\" content=\"image\/jpeg\" \/>\n<meta name=\"twitter:card\" content=\"summary_large_image\" \/>\n<meta name=\"twitter:site\" content=\"@macccb_museu\" \/>\n<script type=\"application\/ld+json\" class=\"yoast-schema-graph\">{\"@context\":\"https:\/\/schema.org\",\"@graph\":[{\"@type\":\"WebPage\",\"@id\":\"https:\/\/www.ccb.pt\/en\/evento\/jonas-sao-jorge-2\/2022-04-22\/\",\"url\":\"https:\/\/www.ccb.pt\/en\/evento\/jonas-sao-jorge-2\/2022-04-22\/\",\"name\":\"H\u00e1 Fado no Cais - Jonas - S\u00e3o Jorge - Centro Cultural de Bel\u00e9m Foundation\",\"isPartOf\":{\"@id\":\"https:\/\/www.ccb.pt\/#website\"},\"primaryImageOfPage\":{\"@id\":\"https:\/\/www.ccb.pt\/en\/evento\/jonas-sao-jorge-2\/2022-04-22\/#primaryimage\"},\"image\":{\"@id\":\"https:\/\/www.ccb.pt\/en\/evento\/jonas-sao-jorge-2\/2022-04-22\/#primaryimage\"},\"thumbnailUrl\":\"https:\/\/www.ccb.pt\/wp-content\/uploads\/2022\/02\/site_Jonas_JoaoPires.jpg\",\"datePublished\":\"2022-02-25T17:01:27+00:00\",\"dateModified\":\"2022-03-23T09:42:49+00:00\",\"description\":\"S\u00e3o Jorge, disco de estreia de Jonas, traz por dentro o testemunho de um cidad\u00e3o, filho da Lisboa dos nossos dias e n\u00e3o s\u00f3. Depois de oito anos de gesta\u00e7\u00e3o, S\u00e3o Jorge viu a luz e avan\u00e7a para os palcos, repleto de Fado.\",\"breadcrumb\":{\"@id\":\"https:\/\/www.ccb.pt\/en\/evento\/jonas-sao-jorge-2\/2022-04-22\/#breadcrumb\"},\"inLanguage\":\"en-US\",\"potentialAction\":[{\"@type\":\"ReadAction\",\"target\":[\"https:\/\/www.ccb.pt\/en\/evento\/jonas-sao-jorge-2\/2022-04-22\/\"]}]},{\"@type\":\"ImageObject\",\"inLanguage\":\"en-US\",\"@id\":\"https:\/\/www.ccb.pt\/en\/evento\/jonas-sao-jorge-2\/2022-04-22\/#primaryimage\",\"url\":\"https:\/\/www.ccb.pt\/wp-content\/uploads\/2022\/02\/site_Jonas_JoaoPires.jpg\",\"contentUrl\":\"https:\/\/www.ccb.pt\/wp-content\/uploads\/2022\/02\/site_Jonas_JoaoPires.jpg\",\"width\":1300,\"height\":618,\"caption\":\"Jonas Joao Pires\"},{\"@type\":\"BreadcrumbList\",\"@id\":\"https:\/\/www.ccb.pt\/en\/evento\/jonas-sao-jorge-2\/2022-04-22\/#breadcrumb\",\"itemListElement\":[{\"@type\":\"ListItem\",\"position\":1,\"name\":\"Home\",\"item\":\"https:\/\/www.ccb.pt\/en\/\"},{\"@type\":\"ListItem\",\"position\":2,\"name\":\"Eventos\",\"item\":\"https:\/\/www.ccb.pt\/eventos\/\"},{\"@type\":\"ListItem\",\"position\":3,\"name\":\"Jonas &#8211; S\u00e3o Jorge\"}]},{\"@type\":\"WebSite\",\"@id\":\"https:\/\/www.ccb.pt\/#website\",\"url\":\"https:\/\/www.ccb.pt\/\",\"name\":\"Centro Cultural de Bel\u00e9m Foundation\",\"description\":\"\",\"publisher\":{\"@id\":\"https:\/\/www.ccb.pt\/#organization\"},\"potentialAction\":[{\"@type\":\"SearchAction\",\"target\":{\"@type\":\"EntryPoint\",\"urlTemplate\":\"https:\/\/www.ccb.pt\/?s={search_term_string}\"},\"query-input\":\"required name=search_term_string\"}],\"inLanguage\":\"en-US\"},{\"@type\":\"Organization\",\"@id\":\"https:\/\/www.ccb.pt\/#organization\",\"name\":\"Centro Cultural de Bel\u00e9m Foundation\",\"url\":\"https:\/\/www.ccb.pt\/\",\"logo\":{\"@type\":\"ImageObject\",\"inLanguage\":\"en-US\",\"@id\":\"https:\/\/www.ccb.pt\/#\/schema\/logo\/image\/\",\"url\":\"https:\/\/www.ccb.pt\/wp-content\/uploads\/2022\/05\/1_ccb.png\",\"contentUrl\":\"https:\/\/www.ccb.pt\/wp-content\/uploads\/2022\/05\/1_ccb.png\",\"width\":126,\"height\":100,\"caption\":\"Centro Cultural de Bel\u00e9m Foundation\"},\"image\":{\"@id\":\"https:\/\/www.ccb.pt\/#\/schema\/logo\/image\/\"},\"sameAs\":[\"https:\/\/twitter.com\/macccb_museu\"]}]}<\/script>\n<!-- \/ Yoast SEO plugin. -->","yoast_head_json":{"title":"H\u00e1 Fado no Cais - Jonas - S\u00e3o Jorge - Centro Cultural de Bel\u00e9m Foundation","description":"S\u00e3o Jorge, disco de estreia de Jonas, traz por dentro o testemunho de um cidad\u00e3o, filho da Lisboa dos nossos dias e n\u00e3o s\u00f3. Depois de oito anos de gesta\u00e7\u00e3o, S\u00e3o Jorge viu a luz e avan\u00e7a para os palcos, repleto de Fado.","robots":{"index":"index","follow":"follow","max-snippet":"max-snippet:-1","max-image-preview":"max-image-preview:large","max-video-preview":"max-video-preview:-1"},"canonical":"https:\/\/www.ccb.pt\/en\/evento\/jonas-sao-jorge-2\/2022-04-22\/","og_locale":"en_US","og_type":"article","og_title":"H\u00e1 Fado no Cais - Jonas - S\u00e3o Jorge - Centro Cultural de Bel\u00e9m Foundation","og_description":"S\u00e3o Jorge, disco de estreia de Jonas, traz por dentro o testemunho de um cidad\u00e3o, filho da Lisboa dos nossos dias e n\u00e3o s\u00f3. Depois de oito anos de gesta\u00e7\u00e3o, S\u00e3o Jorge viu a luz e avan\u00e7a para os palcos, repleto de Fado.","og_url":"https:\/\/www.ccb.pt\/en\/evento\/jonas-sao-jorge-2\/2022-04-22\/","og_site_name":"Centro Cultural de Bel\u00e9m Foundation","article_modified_time":"2022-03-23T09:42:49+00:00","og_image":[{"width":1300,"height":618,"url":"https:\/\/www.ccb.pt\/wp-content\/uploads\/2022\/02\/site_Jonas_JoaoPires.jpg","type":"image\/jpeg"}],"twitter_card":"summary_large_image","twitter_site":"@macccb_museu","schema":{"@context":"https:\/\/schema.org","@graph":[{"@type":"WebPage","@id":"https:\/\/www.ccb.pt\/en\/evento\/jonas-sao-jorge-2\/2022-04-22\/","url":"https:\/\/www.ccb.pt\/en\/evento\/jonas-sao-jorge-2\/2022-04-22\/","name":"H\u00e1 Fado no Cais - Jonas - S\u00e3o Jorge - Centro Cultural de Bel\u00e9m Foundation","isPartOf":{"@id":"https:\/\/www.ccb.pt\/#website"},"primaryImageOfPage":{"@id":"https:\/\/www.ccb.pt\/en\/evento\/jonas-sao-jorge-2\/2022-04-22\/#primaryimage"},"image":{"@id":"https:\/\/www.ccb.pt\/en\/evento\/jonas-sao-jorge-2\/2022-04-22\/#primaryimage"},"thumbnailUrl":"https:\/\/www.ccb.pt\/wp-content\/uploads\/2022\/02\/site_Jonas_JoaoPires.jpg","datePublished":"2022-02-25T17:01:27+00:00","dateModified":"2022-03-23T09:42:49+00:00","description":"S\u00e3o Jorge, disco de estreia de Jonas, traz por dentro o testemunho de um cidad\u00e3o, filho da Lisboa dos nossos dias e n\u00e3o s\u00f3. Depois de oito anos de gesta\u00e7\u00e3o, S\u00e3o Jorge viu a luz e avan\u00e7a para os palcos, repleto de Fado.","breadcrumb":{"@id":"https:\/\/www.ccb.pt\/en\/evento\/jonas-sao-jorge-2\/2022-04-22\/#breadcrumb"},"inLanguage":"en-US","potentialAction":[{"@type":"ReadAction","target":["https:\/\/www.ccb.pt\/en\/evento\/jonas-sao-jorge-2\/2022-04-22\/"]}]},{"@type":"ImageObject","inLanguage":"en-US","@id":"https:\/\/www.ccb.pt\/en\/evento\/jonas-sao-jorge-2\/2022-04-22\/#primaryimage","url":"https:\/\/www.ccb.pt\/wp-content\/uploads\/2022\/02\/site_Jonas_JoaoPires.jpg","contentUrl":"https:\/\/www.ccb.pt\/wp-content\/uploads\/2022\/02\/site_Jonas_JoaoPires.jpg","width":1300,"height":618,"caption":"Jonas Joao Pires"},{"@type":"BreadcrumbList","@id":"https:\/\/www.ccb.pt\/en\/evento\/jonas-sao-jorge-2\/2022-04-22\/#breadcrumb","itemListElement":[{"@type":"ListItem","position":1,"name":"Home","item":"https:\/\/www.ccb.pt\/en\/"},{"@type":"ListItem","position":2,"name":"Eventos","item":"https:\/\/www.ccb.pt\/eventos\/"},{"@type":"ListItem","position":3,"name":"Jonas &#8211; S\u00e3o Jorge"}]},{"@type":"WebSite","@id":"https:\/\/www.ccb.pt\/#website","url":"https:\/\/www.ccb.pt\/","name":"Centro Cultural de Bel\u00e9m Foundation","description":"","publisher":{"@id":"https:\/\/www.ccb.pt\/#organization"},"potentialAction":[{"@type":"SearchAction","target":{"@type":"EntryPoint","urlTemplate":"https:\/\/www.ccb.pt\/?s={search_term_string}"},"query-input":"required name=search_term_string"}],"inLanguage":"en-US"},{"@type":"Organization","@id":"https:\/\/www.ccb.pt\/#organization","name":"Centro Cultural de Bel\u00e9m Foundation","url":"https:\/\/www.ccb.pt\/","logo":{"@type":"ImageObject","inLanguage":"en-US","@id":"https:\/\/www.ccb.pt\/#\/schema\/logo\/image\/","url":"https:\/\/www.ccb.pt\/wp-content\/uploads\/2022\/05\/1_ccb.png","contentUrl":"https:\/\/www.ccb.pt\/wp-content\/uploads\/2022\/05\/1_ccb.png","width":126,"height":100,"caption":"Centro Cultural de Bel\u00e9m Foundation"},"image":{"@id":"https:\/\/www.ccb.pt\/#\/schema\/logo\/image\/"},"sameAs":["https:\/\/twitter.com\/macccb_museu"]}]}},"_links":{"self":[{"href":"https:\/\/www.ccb.pt\/en\/wp-json\/wp\/v2\/tribe_events\/74277"}],"collection":[{"href":"https:\/\/www.ccb.pt\/en\/wp-json\/wp\/v2\/tribe_events"}],"about":[{"href":"https:\/\/www.ccb.pt\/en\/wp-json\/wp\/v2\/types\/tribe_events"}],"author":[{"embeddable":true,"href":"https:\/\/www.ccb.pt\/en\/wp-json\/wp\/v2\/users\/6"}],"replies":[{"embeddable":true,"href":"https:\/\/www.ccb.pt\/en\/wp-json\/wp\/v2\/comments?post=74277"}],"version-history":[{"count":6,"href":"https:\/\/www.ccb.pt\/en\/wp-json\/wp\/v2\/tribe_events\/74277\/revisions"}],"predecessor-version":[{"id":79633,"href":"https:\/\/www.ccb.pt\/en\/wp-json\/wp\/v2\/tribe_events\/74277\/revisions\/79633"}],"wp:featuredmedia":[{"embeddable":true,"href":"https:\/\/www.ccb.pt\/en\/wp-json\/wp\/v2\/media\/71157"}],"wp:attachment":[{"href":"https:\/\/www.ccb.pt\/en\/wp-json\/wp\/v2\/media?parent=74277"}],"wp:term":[{"taxonomy":"tribe_events_cat","embeddable":true,"href":"https:\/\/www.ccb.pt\/en\/wp-json\/wp\/v2\/tribe_events_cat?post=74277"},{"taxonomy":"tags_tema","embeddable":true,"href":"https:\/\/www.ccb.pt\/en\/wp-json\/wp\/v2\/tags_tema?post=74277"},{"taxonomy":"idades","embeddable":true,"href":"https:\/\/www.ccb.pt\/en\/wp-json\/wp\/v2\/idades?post=74277"},{"taxonomy":"tipos","embeddable":true,"href":"https:\/\/www.ccb.pt\/en\/wp-json\/wp\/v2\/tipos?post=74277"},{"taxonomy":"temas","embeddable":true,"href":"https:\/\/www.ccb.pt\/en\/wp-json\/wp\/v2\/temas?post=74277"},{"taxonomy":"categorias_hubspot","embeddable":true,"href":"https:\/\/www.ccb.pt\/en\/wp-json\/wp\/v2\/categorias_hubspot?post=74277"}],"curies":[{"name":"wp","href":"https:\/\/api.w.org\/{rel}","templated":true}]}}