    {"id":65812,"date":"2021-09-29T12:11:52","date_gmt":"2021-09-29T11:11:52","guid":{"rendered":"https:\/\/www.ccb.pt\/evento\/o-cao-que-vem-de-tao-tao-longe\/"},"modified":"2021-12-14T17:11:49","modified_gmt":"2021-12-14T17:11:49","slug":"o-cao-que-vem-de-tao-tao-longe","status":"publish","type":"tribe_events","link":"https:\/\/www.ccb.pt\/en\/evento\/o-cao-que-vem-de-tao-tao-longe\/2022-01-15\/","title":{"rendered":"O C\u00e3o Que Vem de T\u00e3o-T\u00e3o Longe"},"content":{"rendered":"<p><em>O C\u00e3o Que Vem de T\u00e3o-T\u00e3o Longe<\/em> (The Dog that has Come from So Far Away) is a show for parents and children, based on the life and music of Moondog, Louis Thomas Hardin, the eccentric and visionary Viking who busked in the streets of New York and was admired by Stravinsky and Frank Zappa.<\/p>\n<p>&nbsp;<\/p>\n<p>&nbsp;<\/p>\n","protected":false},"excerpt":{"rendered":"<p>O C\u00e3o Que Vem de T\u00e3o-T\u00e3o Longe (The Dog that has Come from So Far Away) is a show for parents and children, based on the life and music of Moondog, Louis Thomas Hardin, the eccentric and visionary Viking who busked in the streets of New York and was admired by Stravinsky and Frank Zappa. [&hellip;]<\/p>\n","protected":false},"author":26,"featured_media":65951,"comment_status":"open","ping_status":"closed","template":"","meta":{"_relevanssi_hide_post":"","_relevanssi_pin_for_all":"","_relevanssi_pin_keywords":"","_relevanssi_unpin_keywords":"","_relevanssi_related_keywords":"","_relevanssi_related_include_ids":"","_relevanssi_related_exclude_ids":"","_relevanssi_related_no_append":"","_relevanssi_related_not_related":"","_relevanssi_related_posts":"","_relevanssi_noindex_reason":""},"tribe_events_cat":[404,23,402],"tags_tema":[],"idades":[396,392],"tipos":[],"temas":[428,442,425,436],"categorias_hubspot":[],"acf":[],"yoast_head":"<!-- This site is optimized with the Yoast SEO plugin v22.3 - https:\/\/yoast.com\/wordpress\/plugins\/seo\/ -->\n<title>O C\u00e3o Que Vem de T\u00e3o-T\u00e3o Longe - Centro Cultural de Bel\u00e9m Foundation<\/title>\n<meta name=\"robots\" content=\"index, follow, max-snippet:-1, max-image-preview:large, max-video-preview:-1\" \/>\n<link rel=\"canonical\" href=\"https:\/\/www.ccb.pt\/en\/evento\/o-cao-que-vem-de-tao-tao-longe\/2022-01-15\/\" \/>\n<meta property=\"og:locale\" content=\"en_US\" \/>\n<meta property=\"og:type\" content=\"article\" \/>\n<meta property=\"og:title\" content=\"O C\u00e3o Que Vem de T\u00e3o-T\u00e3o Longe - Centro Cultural de Bel\u00e9m Foundation\" \/>\n<meta property=\"og:description\" content=\"O C\u00e3o Que Vem de T\u00e3o-T\u00e3o Longe (The Dog that has Come from So Far Away) is a show for parents and children, based on the life and music of Moondog, Louis Thomas Hardin, the eccentric and visionary Viking who busked in the streets of New York and was admired by Stravinsky and Frank Zappa. [&hellip;]\" \/>\n<meta property=\"og:url\" content=\"https:\/\/www.ccb.pt\/en\/evento\/o-cao-que-vem-de-tao-tao-longe\/2022-01-15\/\" \/>\n<meta property=\"og:site_name\" content=\"Centro Cultural de Bel\u00e9m Foundation\" \/>\n<meta property=\"article:modified_time\" content=\"2021-12-14T17:11:49+00:00\" \/>\n<meta property=\"og:image\" content=\"https:\/\/www.ccb.pt\/wp-content\/uploads\/2021\/09\/site_Cao_MarianaBragada.jpg\" \/>\n\t<meta property=\"og:image:width\" content=\"1300\" \/>\n\t<meta property=\"og:image:height\" content=\"618\" \/>\n\t<meta property=\"og:image:type\" content=\"image\/jpeg\" \/>\n<meta name=\"twitter:card\" content=\"summary_large_image\" \/>\n<meta name=\"twitter:site\" content=\"@macccb_museu\" \/>\n<script type=\"application\/ld+json\" class=\"yoast-schema-graph\">{\"@context\":\"https:\/\/schema.org\",\"@graph\":[{\"@type\":\"WebPage\",\"@id\":\"https:\/\/www.ccb.pt\/en\/evento\/o-cao-que-vem-de-tao-tao-longe\/2022-01-15\/\",\"url\":\"https:\/\/www.ccb.pt\/en\/evento\/o-cao-que-vem-de-tao-tao-longe\/2022-01-15\/\",\"name\":\"O C\u00e3o Que Vem de T\u00e3o-T\u00e3o Longe - Centro Cultural de Bel\u00e9m Foundation\",\"isPartOf\":{\"@id\":\"https:\/\/www.ccb.pt\/#website\"},\"primaryImageOfPage\":{\"@id\":\"https:\/\/www.ccb.pt\/en\/evento\/o-cao-que-vem-de-tao-tao-longe\/2022-01-15\/#primaryimage\"},\"image\":{\"@id\":\"https:\/\/www.ccb.pt\/en\/evento\/o-cao-que-vem-de-tao-tao-longe\/2022-01-15\/#primaryimage\"},\"thumbnailUrl\":\"https:\/\/www.ccb.pt\/wp-content\/uploads\/2021\/09\/site_Cao_MarianaBragada.jpg\",\"datePublished\":\"2021-09-29T11:11:52+00:00\",\"dateModified\":\"2021-12-14T17:11:49+00:00\",\"breadcrumb\":{\"@id\":\"https:\/\/www.ccb.pt\/en\/evento\/o-cao-que-vem-de-tao-tao-longe\/2022-01-15\/#breadcrumb\"},\"inLanguage\":\"en-US\",\"potentialAction\":[{\"@type\":\"ReadAction\",\"target\":[\"https:\/\/www.ccb.pt\/en\/evento\/o-cao-que-vem-de-tao-tao-longe\/2022-01-15\/\"]}]},{\"@type\":\"ImageObject\",\"inLanguage\":\"en-US\",\"@id\":\"https:\/\/www.ccb.pt\/en\/evento\/o-cao-que-vem-de-tao-tao-longe\/2022-01-15\/#primaryimage\",\"url\":\"https:\/\/www.ccb.pt\/wp-content\/uploads\/2021\/09\/site_Cao_MarianaBragada.jpg\",\"contentUrl\":\"https:\/\/www.ccb.pt\/wp-content\/uploads\/2021\/09\/site_Cao_MarianaBragada.jpg\",\"width\":1300,\"height\":618,\"caption\":\"Mariana Bragada\"},{\"@type\":\"BreadcrumbList\",\"@id\":\"https:\/\/www.ccb.pt\/en\/evento\/o-cao-que-vem-de-tao-tao-longe\/2022-01-15\/#breadcrumb\",\"itemListElement\":[{\"@type\":\"ListItem\",\"position\":1,\"name\":\"Home\",\"item\":\"https:\/\/www.ccb.pt\/en\/\"},{\"@type\":\"ListItem\",\"position\":2,\"name\":\"Eventos\",\"item\":\"https:\/\/www.ccb.pt\/eventos\/\"},{\"@type\":\"ListItem\",\"position\":3,\"name\":\"O C\u00e3o Que Vem de T\u00e3o-T\u00e3o Longe\"}]},{\"@type\":\"WebSite\",\"@id\":\"https:\/\/www.ccb.pt\/#website\",\"url\":\"https:\/\/www.ccb.pt\/\",\"name\":\"Centro Cultural de Bel\u00e9m Foundation\",\"description\":\"\",\"publisher\":{\"@id\":\"https:\/\/www.ccb.pt\/#organization\"},\"potentialAction\":[{\"@type\":\"SearchAction\",\"target\":{\"@type\":\"EntryPoint\",\"urlTemplate\":\"https:\/\/www.ccb.pt\/?s={search_term_string}\"},\"query-input\":\"required name=search_term_string\"}],\"inLanguage\":\"en-US\"},{\"@type\":\"Organization\",\"@id\":\"https:\/\/www.ccb.pt\/#organization\",\"name\":\"Centro Cultural de Bel\u00e9m Foundation\",\"url\":\"https:\/\/www.ccb.pt\/\",\"logo\":{\"@type\":\"ImageObject\",\"inLanguage\":\"en-US\",\"@id\":\"https:\/\/www.ccb.pt\/#\/schema\/logo\/image\/\",\"url\":\"https:\/\/www.ccb.pt\/wp-content\/uploads\/2022\/05\/1_ccb.png\",\"contentUrl\":\"https:\/\/www.ccb.pt\/wp-content\/uploads\/2022\/05\/1_ccb.png\",\"width\":126,\"height\":100,\"caption\":\"Centro Cultural de Bel\u00e9m Foundation\"},\"image\":{\"@id\":\"https:\/\/www.ccb.pt\/#\/schema\/logo\/image\/\"},\"sameAs\":[\"https:\/\/twitter.com\/macccb_museu\"]}]}<\/script>\n<!-- \/ Yoast SEO plugin. -->","yoast_head_json":{"title":"O C\u00e3o Que Vem de T\u00e3o-T\u00e3o Longe - Centro Cultural de Bel\u00e9m Foundation","robots":{"index":"index","follow":"follow","max-snippet":"max-snippet:-1","max-image-preview":"max-image-preview:large","max-video-preview":"max-video-preview:-1"},"canonical":"https:\/\/www.ccb.pt\/en\/evento\/o-cao-que-vem-de-tao-tao-longe\/2022-01-15\/","og_locale":"en_US","og_type":"article","og_title":"O C\u00e3o Que Vem de T\u00e3o-T\u00e3o Longe - Centro Cultural de Bel\u00e9m Foundation","og_description":"O C\u00e3o Que Vem de T\u00e3o-T\u00e3o Longe (The Dog that has Come from So Far Away) is a show for parents and children, based on the life and music of Moondog, Louis Thomas Hardin, the eccentric and visionary Viking who busked in the streets of New York and was admired by Stravinsky and Frank Zappa. [&hellip;]","og_url":"https:\/\/www.ccb.pt\/en\/evento\/o-cao-que-vem-de-tao-tao-longe\/2022-01-15\/","og_site_name":"Centro Cultural de Bel\u00e9m Foundation","article_modified_time":"2021-12-14T17:11:49+00:00","og_image":[{"width":1300,"height":618,"url":"https:\/\/www.ccb.pt\/wp-content\/uploads\/2021\/09\/site_Cao_MarianaBragada.jpg","type":"image\/jpeg"}],"twitter_card":"summary_large_image","twitter_site":"@macccb_museu","schema":{"@context":"https:\/\/schema.org","@graph":[{"@type":"WebPage","@id":"https:\/\/www.ccb.pt\/en\/evento\/o-cao-que-vem-de-tao-tao-longe\/2022-01-15\/","url":"https:\/\/www.ccb.pt\/en\/evento\/o-cao-que-vem-de-tao-tao-longe\/2022-01-15\/","name":"O C\u00e3o Que Vem de T\u00e3o-T\u00e3o Longe - Centro Cultural de Bel\u00e9m Foundation","isPartOf":{"@id":"https:\/\/www.ccb.pt\/#website"},"primaryImageOfPage":{"@id":"https:\/\/www.ccb.pt\/en\/evento\/o-cao-que-vem-de-tao-tao-longe\/2022-01-15\/#primaryimage"},"image":{"@id":"https:\/\/www.ccb.pt\/en\/evento\/o-cao-que-vem-de-tao-tao-longe\/2022-01-15\/#primaryimage"},"thumbnailUrl":"https:\/\/www.ccb.pt\/wp-content\/uploads\/2021\/09\/site_Cao_MarianaBragada.jpg","datePublished":"2021-09-29T11:11:52+00:00","dateModified":"2021-12-14T17:11:49+00:00","breadcrumb":{"@id":"https:\/\/www.ccb.pt\/en\/evento\/o-cao-que-vem-de-tao-tao-longe\/2022-01-15\/#breadcrumb"},"inLanguage":"en-US","potentialAction":[{"@type":"ReadAction","target":["https:\/\/www.ccb.pt\/en\/evento\/o-cao-que-vem-de-tao-tao-longe\/2022-01-15\/"]}]},{"@type":"ImageObject","inLanguage":"en-US","@id":"https:\/\/www.ccb.pt\/en\/evento\/o-cao-que-vem-de-tao-tao-longe\/2022-01-15\/#primaryimage","url":"https:\/\/www.ccb.pt\/wp-content\/uploads\/2021\/09\/site_Cao_MarianaBragada.jpg","contentUrl":"https:\/\/www.ccb.pt\/wp-content\/uploads\/2021\/09\/site_Cao_MarianaBragada.jpg","width":1300,"height":618,"caption":"Mariana Bragada"},{"@type":"BreadcrumbList","@id":"https:\/\/www.ccb.pt\/en\/evento\/o-cao-que-vem-de-tao-tao-longe\/2022-01-15\/#breadcrumb","itemListElement":[{"@type":"ListItem","position":1,"name":"Home","item":"https:\/\/www.ccb.pt\/en\/"},{"@type":"ListItem","position":2,"name":"Eventos","item":"https:\/\/www.ccb.pt\/eventos\/"},{"@type":"ListItem","position":3,"name":"O C\u00e3o Que Vem de T\u00e3o-T\u00e3o Longe"}]},{"@type":"WebSite","@id":"https:\/\/www.ccb.pt\/#website","url":"https:\/\/www.ccb.pt\/","name":"Centro Cultural de Bel\u00e9m Foundation","description":"","publisher":{"@id":"https:\/\/www.ccb.pt\/#organization"},"potentialAction":[{"@type":"SearchAction","target":{"@type":"EntryPoint","urlTemplate":"https:\/\/www.ccb.pt\/?s={search_term_string}"},"query-input":"required name=search_term_string"}],"inLanguage":"en-US"},{"@type":"Organization","@id":"https:\/\/www.ccb.pt\/#organization","name":"Centro Cultural de Bel\u00e9m Foundation","url":"https:\/\/www.ccb.pt\/","logo":{"@type":"ImageObject","inLanguage":"en-US","@id":"https:\/\/www.ccb.pt\/#\/schema\/logo\/image\/","url":"https:\/\/www.ccb.pt\/wp-content\/uploads\/2022\/05\/1_ccb.png","contentUrl":"https:\/\/www.ccb.pt\/wp-content\/uploads\/2022\/05\/1_ccb.png","width":126,"height":100,"caption":"Centro Cultural de Bel\u00e9m Foundation"},"image":{"@id":"https:\/\/www.ccb.pt\/#\/schema\/logo\/image\/"},"sameAs":["https:\/\/twitter.com\/macccb_museu"]}]}},"_links":{"self":[{"href":"https:\/\/www.ccb.pt\/en\/wp-json\/wp\/v2\/tribe_events\/65812"}],"collection":[{"href":"https:\/\/www.ccb.pt\/en\/wp-json\/wp\/v2\/tribe_events"}],"about":[{"href":"https:\/\/www.ccb.pt\/en\/wp-json\/wp\/v2\/types\/tribe_events"}],"author":[{"embeddable":true,"href":"https:\/\/www.ccb.pt\/en\/wp-json\/wp\/v2\/users\/26"}],"replies":[{"embeddable":true,"href":"https:\/\/www.ccb.pt\/en\/wp-json\/wp\/v2\/comments?post=65812"}],"version-history":[{"count":2,"href":"https:\/\/www.ccb.pt\/en\/wp-json\/wp\/v2\/tribe_events\/65812\/revisions"}],"predecessor-version":[{"id":65815,"href":"https:\/\/www.ccb.pt\/en\/wp-json\/wp\/v2\/tribe_events\/65812\/revisions\/65815"}],"wp:featuredmedia":[{"embeddable":true,"href":"https:\/\/www.ccb.pt\/en\/wp-json\/wp\/v2\/media\/65951"}],"wp:attachment":[{"href":"https:\/\/www.ccb.pt\/en\/wp-json\/wp\/v2\/media?parent=65812"}],"wp:term":[{"taxonomy":"tribe_events_cat","embeddable":true,"href":"https:\/\/www.ccb.pt\/en\/wp-json\/wp\/v2\/tribe_events_cat?post=65812"},{"taxonomy":"tags_tema","embeddable":true,"href":"https:\/\/www.ccb.pt\/en\/wp-json\/wp\/v2\/tags_tema?post=65812"},{"taxonomy":"idades","embeddable":true,"href":"https:\/\/www.ccb.pt\/en\/wp-json\/wp\/v2\/idades?post=65812"},{"taxonomy":"tipos","embeddable":true,"href":"https:\/\/www.ccb.pt\/en\/wp-json\/wp\/v2\/tipos?post=65812"},{"taxonomy":"temas","embeddable":true,"href":"https:\/\/www.ccb.pt\/en\/wp-json\/wp\/v2\/temas?post=65812"},{"taxonomy":"categorias_hubspot","embeddable":true,"href":"https:\/\/www.ccb.pt\/en\/wp-json\/wp\/v2\/categorias_hubspot?post=65812"}],"curies":[{"name":"wp","href":"https:\/\/api.w.org\/{rel}","templated":true}]}}