    {"id":58137,"date":"2021-09-08T17:05:46","date_gmt":"2021-09-08T16:05:46","guid":{"rendered":"https:\/\/www.ccb.pt\/evento\/sou-filha-das-ervas-big-bang-lx21\/"},"modified":"2021-09-16T12:54:35","modified_gmt":"2021-09-16T11:54:35","slug":"sou-filha-das-ervas-big-bang-lx21","status":"publish","type":"tribe_events","link":"https:\/\/www.ccb.pt\/en\/evento\/sou-filha-das-ervas-big-bang-lx21\/2021-10-22\/","title":{"rendered":"I\u2019m the daughter of the herbs | Big Bang LX21"},"content":{"rendered":"<p>Three female voices sing to the sounds of the strings of a guitar and cello for an intimate concert based on the verses, poems and songs of Am\u00e1lia Rodrigues. After its premi\u00e8re during the Pharm\u00e1cia Am\u00e1lia cycle, in February 2020, this show is now returning to the CCB.<\/p>\n","protected":false},"excerpt":{"rendered":"<p>Three female voices sing to the sounds of the strings of a guitar and cello for an intimate concert based on the verses, poems and songs of Am\u00e1lia Rodrigues. After its premi\u00e8re during the Pharm\u00e1cia Am\u00e1lia cycle, in February 2020, this show is now returning to the CCB.<\/p>\n","protected":false},"author":26,"featured_media":57425,"comment_status":"open","ping_status":"closed","template":"","meta":{"_relevanssi_hide_post":"","_relevanssi_pin_for_all":"","_relevanssi_pin_keywords":"","_relevanssi_unpin_keywords":"","_relevanssi_related_keywords":"","_relevanssi_related_include_ids":"","_relevanssi_related_exclude_ids":"","_relevanssi_related_no_append":"","_relevanssi_related_not_related":"","_relevanssi_related_posts":"","_relevanssi_noindex_reason":""},"tribe_events_cat":[404,23,402],"tags_tema":[448,451],"idades":[393,394,396,392],"tipos":[],"temas":[442,428,425,436],"categorias_hubspot":[],"acf":[],"yoast_head":"<!-- This site is optimized with the Yoast SEO plugin v22.3 - https:\/\/yoast.com\/wordpress\/plugins\/seo\/ -->\n<title>I\u2019m the daughter of the herbs | Big Bang LX21 - Centro Cultural de Bel\u00e9m Foundation<\/title>\n<meta name=\"robots\" content=\"index, follow, max-snippet:-1, max-image-preview:large, max-video-preview:-1\" \/>\n<link rel=\"canonical\" href=\"https:\/\/www.ccb.pt\/en\/evento\/sou-filha-das-ervas-big-bang-lx21\/2021-10-22\/\" \/>\n<meta property=\"og:locale\" content=\"en_US\" \/>\n<meta property=\"og:type\" content=\"article\" \/>\n<meta property=\"og:title\" content=\"I\u2019m the daughter of the herbs | Big Bang LX21 - Centro Cultural de Bel\u00e9m Foundation\" \/>\n<meta property=\"og:description\" content=\"Three female voices sing to the sounds of the strings of a guitar and cello for an intimate concert based on the verses, poems and songs of Am\u00e1lia Rodrigues. After its premi\u00e8re during the Pharm\u00e1cia Am\u00e1lia cycle, in February 2020, this show is now returning to the CCB.\" \/>\n<meta property=\"og:url\" content=\"https:\/\/www.ccb.pt\/en\/evento\/sou-filha-das-ervas-big-bang-lx21\/2021-10-22\/\" \/>\n<meta property=\"og:site_name\" content=\"Centro Cultural de Bel\u00e9m Foundation\" \/>\n<meta property=\"article:modified_time\" content=\"2021-09-16T11:54:35+00:00\" \/>\n<meta property=\"og:image\" content=\"https:\/\/www.ccb.pt\/wp-content\/uploads\/2021\/09\/snSouFilhaDasErvas_cManuelRuasMoreira_03.jpg\" \/>\n\t<meta property=\"og:image:width\" content=\"1920\" \/>\n\t<meta property=\"og:image:height\" content=\"1280\" \/>\n\t<meta property=\"og:image:type\" content=\"image\/jpeg\" \/>\n<meta name=\"twitter:card\" content=\"summary_large_image\" \/>\n<meta name=\"twitter:site\" content=\"@macccb_museu\" \/>\n<script type=\"application\/ld+json\" class=\"yoast-schema-graph\">{\"@context\":\"https:\/\/schema.org\",\"@graph\":[{\"@type\":\"WebPage\",\"@id\":\"https:\/\/www.ccb.pt\/en\/evento\/sou-filha-das-ervas-big-bang-lx21\/2021-10-22\/\",\"url\":\"https:\/\/www.ccb.pt\/en\/evento\/sou-filha-das-ervas-big-bang-lx21\/2021-10-22\/\",\"name\":\"I\u2019m the daughter of the herbs | Big Bang LX21 - Centro Cultural de Bel\u00e9m Foundation\",\"isPartOf\":{\"@id\":\"https:\/\/www.ccb.pt\/#website\"},\"primaryImageOfPage\":{\"@id\":\"https:\/\/www.ccb.pt\/en\/evento\/sou-filha-das-ervas-big-bang-lx21\/2021-10-22\/#primaryimage\"},\"image\":{\"@id\":\"https:\/\/www.ccb.pt\/en\/evento\/sou-filha-das-ervas-big-bang-lx21\/2021-10-22\/#primaryimage\"},\"thumbnailUrl\":\"https:\/\/www.ccb.pt\/wp-content\/uploads\/2021\/09\/snSouFilhaDasErvas_cManuelRuasMoreira_03.jpg\",\"datePublished\":\"2021-09-08T16:05:46+00:00\",\"dateModified\":\"2021-09-16T11:54:35+00:00\",\"breadcrumb\":{\"@id\":\"https:\/\/www.ccb.pt\/en\/evento\/sou-filha-das-ervas-big-bang-lx21\/2021-10-22\/#breadcrumb\"},\"inLanguage\":\"en-US\",\"potentialAction\":[{\"@type\":\"ReadAction\",\"target\":[\"https:\/\/www.ccb.pt\/en\/evento\/sou-filha-das-ervas-big-bang-lx21\/2021-10-22\/\"]}]},{\"@type\":\"ImageObject\",\"inLanguage\":\"en-US\",\"@id\":\"https:\/\/www.ccb.pt\/en\/evento\/sou-filha-das-ervas-big-bang-lx21\/2021-10-22\/#primaryimage\",\"url\":\"https:\/\/www.ccb.pt\/wp-content\/uploads\/2021\/09\/snSouFilhaDasErvas_cManuelRuasMoreira_03.jpg\",\"contentUrl\":\"https:\/\/www.ccb.pt\/wp-content\/uploads\/2021\/09\/snSouFilhaDasErvas_cManuelRuasMoreira_03.jpg\",\"width\":1920,\"height\":1280,\"caption\":\"\u00a9CCB\/Manuel Ruas Moreira\"},{\"@type\":\"BreadcrumbList\",\"@id\":\"https:\/\/www.ccb.pt\/en\/evento\/sou-filha-das-ervas-big-bang-lx21\/2021-10-22\/#breadcrumb\",\"itemListElement\":[{\"@type\":\"ListItem\",\"position\":1,\"name\":\"Home\",\"item\":\"https:\/\/www.ccb.pt\/en\/\"},{\"@type\":\"ListItem\",\"position\":2,\"name\":\"Eventos\",\"item\":\"https:\/\/www.ccb.pt\/eventos\/\"},{\"@type\":\"ListItem\",\"position\":3,\"name\":\"I\u2019m the daughter of the herbs | Big Bang LX21\"}]},{\"@type\":\"WebSite\",\"@id\":\"https:\/\/www.ccb.pt\/#website\",\"url\":\"https:\/\/www.ccb.pt\/\",\"name\":\"Centro Cultural de Bel\u00e9m Foundation\",\"description\":\"\",\"publisher\":{\"@id\":\"https:\/\/www.ccb.pt\/#organization\"},\"potentialAction\":[{\"@type\":\"SearchAction\",\"target\":{\"@type\":\"EntryPoint\",\"urlTemplate\":\"https:\/\/www.ccb.pt\/?s={search_term_string}\"},\"query-input\":\"required name=search_term_string\"}],\"inLanguage\":\"en-US\"},{\"@type\":\"Organization\",\"@id\":\"https:\/\/www.ccb.pt\/#organization\",\"name\":\"Centro Cultural de Bel\u00e9m Foundation\",\"url\":\"https:\/\/www.ccb.pt\/\",\"logo\":{\"@type\":\"ImageObject\",\"inLanguage\":\"en-US\",\"@id\":\"https:\/\/www.ccb.pt\/#\/schema\/logo\/image\/\",\"url\":\"https:\/\/www.ccb.pt\/wp-content\/uploads\/2022\/05\/1_ccb.png\",\"contentUrl\":\"https:\/\/www.ccb.pt\/wp-content\/uploads\/2022\/05\/1_ccb.png\",\"width\":126,\"height\":100,\"caption\":\"Centro Cultural de Bel\u00e9m Foundation\"},\"image\":{\"@id\":\"https:\/\/www.ccb.pt\/#\/schema\/logo\/image\/\"},\"sameAs\":[\"https:\/\/twitter.com\/macccb_museu\"]}]}<\/script>\n<!-- \/ Yoast SEO plugin. -->","yoast_head_json":{"title":"I\u2019m the daughter of the herbs | Big Bang LX21 - Centro Cultural de Bel\u00e9m Foundation","robots":{"index":"index","follow":"follow","max-snippet":"max-snippet:-1","max-image-preview":"max-image-preview:large","max-video-preview":"max-video-preview:-1"},"canonical":"https:\/\/www.ccb.pt\/en\/evento\/sou-filha-das-ervas-big-bang-lx21\/2021-10-22\/","og_locale":"en_US","og_type":"article","og_title":"I\u2019m the daughter of the herbs | Big Bang LX21 - Centro Cultural de Bel\u00e9m Foundation","og_description":"Three female voices sing to the sounds of the strings of a guitar and cello for an intimate concert based on the verses, poems and songs of Am\u00e1lia Rodrigues. After its premi\u00e8re during the Pharm\u00e1cia Am\u00e1lia cycle, in February 2020, this show is now returning to the CCB.","og_url":"https:\/\/www.ccb.pt\/en\/evento\/sou-filha-das-ervas-big-bang-lx21\/2021-10-22\/","og_site_name":"Centro Cultural de Bel\u00e9m Foundation","article_modified_time":"2021-09-16T11:54:35+00:00","og_image":[{"width":1920,"height":1280,"url":"https:\/\/www.ccb.pt\/wp-content\/uploads\/2021\/09\/snSouFilhaDasErvas_cManuelRuasMoreira_03.jpg","type":"image\/jpeg"}],"twitter_card":"summary_large_image","twitter_site":"@macccb_museu","schema":{"@context":"https:\/\/schema.org","@graph":[{"@type":"WebPage","@id":"https:\/\/www.ccb.pt\/en\/evento\/sou-filha-das-ervas-big-bang-lx21\/2021-10-22\/","url":"https:\/\/www.ccb.pt\/en\/evento\/sou-filha-das-ervas-big-bang-lx21\/2021-10-22\/","name":"I\u2019m the daughter of the herbs | Big Bang LX21 - Centro Cultural de Bel\u00e9m Foundation","isPartOf":{"@id":"https:\/\/www.ccb.pt\/#website"},"primaryImageOfPage":{"@id":"https:\/\/www.ccb.pt\/en\/evento\/sou-filha-das-ervas-big-bang-lx21\/2021-10-22\/#primaryimage"},"image":{"@id":"https:\/\/www.ccb.pt\/en\/evento\/sou-filha-das-ervas-big-bang-lx21\/2021-10-22\/#primaryimage"},"thumbnailUrl":"https:\/\/www.ccb.pt\/wp-content\/uploads\/2021\/09\/snSouFilhaDasErvas_cManuelRuasMoreira_03.jpg","datePublished":"2021-09-08T16:05:46+00:00","dateModified":"2021-09-16T11:54:35+00:00","breadcrumb":{"@id":"https:\/\/www.ccb.pt\/en\/evento\/sou-filha-das-ervas-big-bang-lx21\/2021-10-22\/#breadcrumb"},"inLanguage":"en-US","potentialAction":[{"@type":"ReadAction","target":["https:\/\/www.ccb.pt\/en\/evento\/sou-filha-das-ervas-big-bang-lx21\/2021-10-22\/"]}]},{"@type":"ImageObject","inLanguage":"en-US","@id":"https:\/\/www.ccb.pt\/en\/evento\/sou-filha-das-ervas-big-bang-lx21\/2021-10-22\/#primaryimage","url":"https:\/\/www.ccb.pt\/wp-content\/uploads\/2021\/09\/snSouFilhaDasErvas_cManuelRuasMoreira_03.jpg","contentUrl":"https:\/\/www.ccb.pt\/wp-content\/uploads\/2021\/09\/snSouFilhaDasErvas_cManuelRuasMoreira_03.jpg","width":1920,"height":1280,"caption":"\u00a9CCB\/Manuel Ruas Moreira"},{"@type":"BreadcrumbList","@id":"https:\/\/www.ccb.pt\/en\/evento\/sou-filha-das-ervas-big-bang-lx21\/2021-10-22\/#breadcrumb","itemListElement":[{"@type":"ListItem","position":1,"name":"Home","item":"https:\/\/www.ccb.pt\/en\/"},{"@type":"ListItem","position":2,"name":"Eventos","item":"https:\/\/www.ccb.pt\/eventos\/"},{"@type":"ListItem","position":3,"name":"I\u2019m the daughter of the herbs | Big Bang LX21"}]},{"@type":"WebSite","@id":"https:\/\/www.ccb.pt\/#website","url":"https:\/\/www.ccb.pt\/","name":"Centro Cultural de Bel\u00e9m Foundation","description":"","publisher":{"@id":"https:\/\/www.ccb.pt\/#organization"},"potentialAction":[{"@type":"SearchAction","target":{"@type":"EntryPoint","urlTemplate":"https:\/\/www.ccb.pt\/?s={search_term_string}"},"query-input":"required name=search_term_string"}],"inLanguage":"en-US"},{"@type":"Organization","@id":"https:\/\/www.ccb.pt\/#organization","name":"Centro Cultural de Bel\u00e9m Foundation","url":"https:\/\/www.ccb.pt\/","logo":{"@type":"ImageObject","inLanguage":"en-US","@id":"https:\/\/www.ccb.pt\/#\/schema\/logo\/image\/","url":"https:\/\/www.ccb.pt\/wp-content\/uploads\/2022\/05\/1_ccb.png","contentUrl":"https:\/\/www.ccb.pt\/wp-content\/uploads\/2022\/05\/1_ccb.png","width":126,"height":100,"caption":"Centro Cultural de Bel\u00e9m Foundation"},"image":{"@id":"https:\/\/www.ccb.pt\/#\/schema\/logo\/image\/"},"sameAs":["https:\/\/twitter.com\/macccb_museu"]}]}},"_links":{"self":[{"href":"https:\/\/www.ccb.pt\/en\/wp-json\/wp\/v2\/tribe_events\/58137"}],"collection":[{"href":"https:\/\/www.ccb.pt\/en\/wp-json\/wp\/v2\/tribe_events"}],"about":[{"href":"https:\/\/www.ccb.pt\/en\/wp-json\/wp\/v2\/types\/tribe_events"}],"author":[{"embeddable":true,"href":"https:\/\/www.ccb.pt\/en\/wp-json\/wp\/v2\/users\/26"}],"replies":[{"embeddable":true,"href":"https:\/\/www.ccb.pt\/en\/wp-json\/wp\/v2\/comments?post=58137"}],"version-history":[{"count":2,"href":"https:\/\/www.ccb.pt\/en\/wp-json\/wp\/v2\/tribe_events\/58137\/revisions"}],"predecessor-version":[{"id":58139,"href":"https:\/\/www.ccb.pt\/en\/wp-json\/wp\/v2\/tribe_events\/58137\/revisions\/58139"}],"wp:featuredmedia":[{"embeddable":true,"href":"https:\/\/www.ccb.pt\/en\/wp-json\/wp\/v2\/media\/57425"}],"wp:attachment":[{"href":"https:\/\/www.ccb.pt\/en\/wp-json\/wp\/v2\/media?parent=58137"}],"wp:term":[{"taxonomy":"tribe_events_cat","embeddable":true,"href":"https:\/\/www.ccb.pt\/en\/wp-json\/wp\/v2\/tribe_events_cat?post=58137"},{"taxonomy":"tags_tema","embeddable":true,"href":"https:\/\/www.ccb.pt\/en\/wp-json\/wp\/v2\/tags_tema?post=58137"},{"taxonomy":"idades","embeddable":true,"href":"https:\/\/www.ccb.pt\/en\/wp-json\/wp\/v2\/idades?post=58137"},{"taxonomy":"tipos","embeddable":true,"href":"https:\/\/www.ccb.pt\/en\/wp-json\/wp\/v2\/tipos?post=58137"},{"taxonomy":"temas","embeddable":true,"href":"https:\/\/www.ccb.pt\/en\/wp-json\/wp\/v2\/temas?post=58137"},{"taxonomy":"categorias_hubspot","embeddable":true,"href":"https:\/\/www.ccb.pt\/en\/wp-json\/wp\/v2\/categorias_hubspot?post=58137"}],"curies":[{"name":"wp","href":"https:\/\/api.w.org\/{rel}","templated":true}]}}