    {"id":39967,"date":"2021-04-19T15:57:13","date_gmt":"2021-04-19T14:57:13","guid":{"rendered":"https:\/\/www.ccb.pt\/evento\/fecundacao-e-alivio-neste-chao-irredutivel-onde-com-gozo-me-insurjo\/"},"modified":"2021-07-01T10:11:32","modified_gmt":"2021-07-01T09:11:32","slug":"fecundacao-e-alivio-neste-chao-irredutivel-onde-com-gozo-me-insurjo","status":"publish","type":"tribe_events","link":"https:\/\/www.ccb.pt\/en\/evento\/fecundacao-e-alivio-neste-chao-irredutivel-onde-com-gozo-me-insurjo\/2021-07-02\/","title":{"rendered":"Impregnation and Solace Over this Irreductible Soil Where With Fruition I Insurrect Myself"},"content":{"rendered":"<p>The ongoing creation interrogates in the act and result of dance Bruno Latour\u00b4s concept of irreduction. The function of jouissance and voluptuousness in revolt and transgression, destroyer of\u00a0strict borders and of abstract \/ elitist classifications, that it can imply. From such questioning\u00a0we research the present insurrectional aspect of a thus called artistic creation, capable of fertilizing becomings, novelty, and the relieving from consensual alienations.\u00a0We confront the theme with the experimentalism (formal, political, poetic) of the Ana Hatherly\u00b4s multidisciplinary work (<em>Eros Fren\u00e9tico<\/em>,\u00a0<em>O Mestre<\/em>\u00a0and\u00a0<em>Tisanas<\/em>) where the playful, the formal, the baroque and the sensual, transgress and attack reductionisms of play and work, affection and concept, deviation and rule, pathology and sanity, debauchery and asceticism. A transgression-aggression that distorts, remakes, recombines, implodes, recontextualizes, exiles. In torture and ecstasy. <strong>HCC &amp; JvMT<\/strong><\/p>\n","protected":false},"excerpt":{"rendered":"<p>The ongoing creation interrogates in the act and result of dance Bruno Latour\u00b4s concept of irreduction. The function of jouissance and voluptuousness in revolt and transgression, destroyer of\u00a0strict borders and of abstract \/ elitist classifications, that it can imply. From such questioning\u00a0we research the present insurrectional aspect of a thus called artistic creation, capable of [&hellip;]<\/p>\n","protected":false},"author":6,"featured_media":51034,"comment_status":"open","ping_status":"closed","template":"","meta":{"_relevanssi_hide_post":"","_relevanssi_pin_for_all":"","_relevanssi_pin_keywords":"","_relevanssi_unpin_keywords":"","_relevanssi_related_keywords":"","_relevanssi_related_include_ids":"","_relevanssi_related_exclude_ids":"","_relevanssi_related_no_append":"","_relevanssi_related_not_related":"","_relevanssi_related_posts":"","_relevanssi_noindex_reason":""},"tribe_events_cat":[23],"tags_tema":[446],"idades":[394],"tipos":[],"temas":[423],"categorias_hubspot":[],"acf":[],"yoast_head":"<!-- This site is optimized with the Yoast SEO plugin v22.3 - https:\/\/yoast.com\/wordpress\/plugins\/seo\/ -->\n<title>Impregnation and Solace Over this Irreductible Soil Where With Fruition I Insurrect Myself - Centro Cultural de Bel\u00e9m Foundation<\/title>\n<meta name=\"description\" content=\"A nova cria\u00e7\u00e3o de Hugo Calhim Cristov\u00e3o &amp; Joana von Mayer Trindade interroga no ato e no resultado da (dita) dan\u00e7a o conceito de irredu\u00e7\u00e3o de Bruno Latour, em Irreductions, e a fun\u00e7\u00e3o de gozo e vol\u00fapia na revolta e no transgressivo, destruidor de fronteiras e classifica\u00e7\u00f5es abstratas\/elitistas, que este implica. Da interroga\u00e7\u00e3o sobre o que n\u00e3o \u00e9, a existir, pass\u00edvel de ser reduzido, assimilado, aculturado, os core\u00f3grafos pesquisaram o aspecto insureccional no presente, a existir, de uma cria\u00e7\u00e3o (dita) art\u00edstica, capaz de fecunda\u00e7\u00e3o de devir e novidade e de al\u00edvio de aliena\u00e7\u00f5es consensuais. \u2013 Joana von Mayer Trindade &amp; Hugo Calhim Cristov\u00e3o\" \/>\n<meta name=\"robots\" content=\"index, follow, max-snippet:-1, max-image-preview:large, max-video-preview:-1\" \/>\n<link rel=\"canonical\" href=\"https:\/\/www.ccb.pt\/en\/evento\/fecundacao-e-alivio-neste-chao-irredutivel-onde-com-gozo-me-insurjo\/2021-07-02\/\" \/>\n<meta property=\"og:locale\" content=\"en_US\" \/>\n<meta property=\"og:type\" content=\"article\" \/>\n<meta property=\"og:title\" content=\"Impregnation and Solace Over this Irreductible Soil Where With Fruition I Insurrect Myself - Centro Cultural de Bel\u00e9m Foundation\" \/>\n<meta property=\"og:description\" content=\"A nova cria\u00e7\u00e3o de Hugo Calhim Cristov\u00e3o &amp; Joana von Mayer Trindade interroga no ato e no resultado da (dita) dan\u00e7a o conceito de irredu\u00e7\u00e3o de Bruno Latour, em Irreductions, e a fun\u00e7\u00e3o de gozo e vol\u00fapia na revolta e no transgressivo, destruidor de fronteiras e classifica\u00e7\u00f5es abstratas\/elitistas, que este implica. Da interroga\u00e7\u00e3o sobre o que n\u00e3o \u00e9, a existir, pass\u00edvel de ser reduzido, assimilado, aculturado, os core\u00f3grafos pesquisaram o aspecto insureccional no presente, a existir, de uma cria\u00e7\u00e3o (dita) art\u00edstica, capaz de fecunda\u00e7\u00e3o de devir e novidade e de al\u00edvio de aliena\u00e7\u00f5es consensuais. \u2013 Joana von Mayer Trindade &amp; Hugo Calhim Cristov\u00e3o\" \/>\n<meta property=\"og:url\" content=\"https:\/\/www.ccb.pt\/en\/evento\/fecundacao-e-alivio-neste-chao-irredutivel-onde-com-gozo-me-insurjo\/2021-07-02\/\" \/>\n<meta property=\"og:site_name\" content=\"Centro Cultural de Bel\u00e9m Foundation\" \/>\n<meta property=\"article:modified_time\" content=\"2021-07-01T09:11:32+00:00\" \/>\n<meta property=\"og:image\" content=\"https:\/\/www.ccb.pt\/wp-content\/uploads\/2021\/04\/site-2jul_fecundacao_credito-joaoPeixoto.jpg\" \/>\n\t<meta property=\"og:image:width\" content=\"1300\" \/>\n\t<meta property=\"og:image:height\" content=\"618\" \/>\n\t<meta property=\"og:image:type\" content=\"image\/jpeg\" \/>\n<meta name=\"twitter:card\" content=\"summary_large_image\" \/>\n<meta name=\"twitter:site\" content=\"@macccb_museu\" \/>\n<meta name=\"twitter:label1\" content=\"Est. reading time\" \/>\n\t<meta name=\"twitter:data1\" content=\"1 minute\" \/>\n<script type=\"application\/ld+json\" class=\"yoast-schema-graph\">{\"@context\":\"https:\/\/schema.org\",\"@graph\":[{\"@type\":\"WebPage\",\"@id\":\"https:\/\/www.ccb.pt\/en\/evento\/fecundacao-e-alivio-neste-chao-irredutivel-onde-com-gozo-me-insurjo\/2021-07-02\/\",\"url\":\"https:\/\/www.ccb.pt\/en\/evento\/fecundacao-e-alivio-neste-chao-irredutivel-onde-com-gozo-me-insurjo\/2021-07-02\/\",\"name\":\"Impregnation and Solace Over this Irreductible Soil Where With Fruition I Insurrect Myself - Centro Cultural de Bel\u00e9m Foundation\",\"isPartOf\":{\"@id\":\"https:\/\/www.ccb.pt\/#website\"},\"primaryImageOfPage\":{\"@id\":\"https:\/\/www.ccb.pt\/en\/evento\/fecundacao-e-alivio-neste-chao-irredutivel-onde-com-gozo-me-insurjo\/2021-07-02\/#primaryimage\"},\"image\":{\"@id\":\"https:\/\/www.ccb.pt\/en\/evento\/fecundacao-e-alivio-neste-chao-irredutivel-onde-com-gozo-me-insurjo\/2021-07-02\/#primaryimage\"},\"thumbnailUrl\":\"https:\/\/www.ccb.pt\/wp-content\/uploads\/2021\/04\/site-2jul_fecundacao_credito-joaoPeixoto.jpg\",\"datePublished\":\"2021-04-19T14:57:13+00:00\",\"dateModified\":\"2021-07-01T09:11:32+00:00\",\"description\":\"A nova cria\u00e7\u00e3o de Hugo Calhim Cristov\u00e3o & Joana von Mayer Trindade interroga no ato e no resultado da (dita) dan\u00e7a o conceito de irredu\u00e7\u00e3o de Bruno Latour, em Irreductions, e a fun\u00e7\u00e3o de gozo e vol\u00fapia na revolta e no transgressivo, destruidor de fronteiras e classifica\u00e7\u00f5es abstratas\/elitistas, que este implica. Da interroga\u00e7\u00e3o sobre o que n\u00e3o \u00e9, a existir, pass\u00edvel de ser reduzido, assimilado, aculturado, os core\u00f3grafos pesquisaram o aspecto insureccional no presente, a existir, de uma cria\u00e7\u00e3o (dita) art\u00edstica, capaz de fecunda\u00e7\u00e3o de devir e novidade e de al\u00edvio de aliena\u00e7\u00f5es consensuais. \u2013 Joana von Mayer Trindade & Hugo Calhim Cristov\u00e3o\",\"breadcrumb\":{\"@id\":\"https:\/\/www.ccb.pt\/en\/evento\/fecundacao-e-alivio-neste-chao-irredutivel-onde-com-gozo-me-insurjo\/2021-07-02\/#breadcrumb\"},\"inLanguage\":\"en-US\",\"potentialAction\":[{\"@type\":\"ReadAction\",\"target\":[\"https:\/\/www.ccb.pt\/en\/evento\/fecundacao-e-alivio-neste-chao-irredutivel-onde-com-gozo-me-insurjo\/2021-07-02\/\"]}]},{\"@type\":\"ImageObject\",\"inLanguage\":\"en-US\",\"@id\":\"https:\/\/www.ccb.pt\/en\/evento\/fecundacao-e-alivio-neste-chao-irredutivel-onde-com-gozo-me-insurjo\/2021-07-02\/#primaryimage\",\"url\":\"https:\/\/www.ccb.pt\/wp-content\/uploads\/2021\/04\/site-2jul_fecundacao_credito-joaoPeixoto.jpg\",\"contentUrl\":\"https:\/\/www.ccb.pt\/wp-content\/uploads\/2021\/04\/site-2jul_fecundacao_credito-joaoPeixoto.jpg\",\"width\":1300,\"height\":618,\"caption\":\"\u00a9Jo\u00e3o Peixoto\"},{\"@type\":\"BreadcrumbList\",\"@id\":\"https:\/\/www.ccb.pt\/en\/evento\/fecundacao-e-alivio-neste-chao-irredutivel-onde-com-gozo-me-insurjo\/2021-07-02\/#breadcrumb\",\"itemListElement\":[{\"@type\":\"ListItem\",\"position\":1,\"name\":\"Home\",\"item\":\"https:\/\/www.ccb.pt\/en\/\"},{\"@type\":\"ListItem\",\"position\":2,\"name\":\"Eventos\",\"item\":\"https:\/\/www.ccb.pt\/eventos\/\"},{\"@type\":\"ListItem\",\"position\":3,\"name\":\"Impregnation and Solace Over this Irreductible Soil Where With Fruition I Insurrect Myself\"}]},{\"@type\":\"WebSite\",\"@id\":\"https:\/\/www.ccb.pt\/#website\",\"url\":\"https:\/\/www.ccb.pt\/\",\"name\":\"Centro Cultural de Bel\u00e9m Foundation\",\"description\":\"\",\"publisher\":{\"@id\":\"https:\/\/www.ccb.pt\/#organization\"},\"potentialAction\":[{\"@type\":\"SearchAction\",\"target\":{\"@type\":\"EntryPoint\",\"urlTemplate\":\"https:\/\/www.ccb.pt\/?s={search_term_string}\"},\"query-input\":\"required name=search_term_string\"}],\"inLanguage\":\"en-US\"},{\"@type\":\"Organization\",\"@id\":\"https:\/\/www.ccb.pt\/#organization\",\"name\":\"Centro Cultural de Bel\u00e9m Foundation\",\"url\":\"https:\/\/www.ccb.pt\/\",\"logo\":{\"@type\":\"ImageObject\",\"inLanguage\":\"en-US\",\"@id\":\"https:\/\/www.ccb.pt\/#\/schema\/logo\/image\/\",\"url\":\"https:\/\/www.ccb.pt\/wp-content\/uploads\/2022\/05\/1_ccb.png\",\"contentUrl\":\"https:\/\/www.ccb.pt\/wp-content\/uploads\/2022\/05\/1_ccb.png\",\"width\":126,\"height\":100,\"caption\":\"Centro Cultural de Bel\u00e9m Foundation\"},\"image\":{\"@id\":\"https:\/\/www.ccb.pt\/#\/schema\/logo\/image\/\"},\"sameAs\":[\"https:\/\/twitter.com\/macccb_museu\"]}]}<\/script>\n<!-- \/ Yoast SEO plugin. -->","yoast_head_json":{"title":"Impregnation and Solace Over this Irreductible Soil Where With Fruition I Insurrect Myself - Centro Cultural de Bel\u00e9m Foundation","description":"A nova cria\u00e7\u00e3o de Hugo Calhim Cristov\u00e3o & Joana von Mayer Trindade interroga no ato e no resultado da (dita) dan\u00e7a o conceito de irredu\u00e7\u00e3o de Bruno Latour, em Irreductions, e a fun\u00e7\u00e3o de gozo e vol\u00fapia na revolta e no transgressivo, destruidor de fronteiras e classifica\u00e7\u00f5es abstratas\/elitistas, que este implica. Da interroga\u00e7\u00e3o sobre o que n\u00e3o \u00e9, a existir, pass\u00edvel de ser reduzido, assimilado, aculturado, os core\u00f3grafos pesquisaram o aspecto insureccional no presente, a existir, de uma cria\u00e7\u00e3o (dita) art\u00edstica, capaz de fecunda\u00e7\u00e3o de devir e novidade e de al\u00edvio de aliena\u00e7\u00f5es consensuais. \u2013 Joana von Mayer Trindade & Hugo Calhim Cristov\u00e3o","robots":{"index":"index","follow":"follow","max-snippet":"max-snippet:-1","max-image-preview":"max-image-preview:large","max-video-preview":"max-video-preview:-1"},"canonical":"https:\/\/www.ccb.pt\/en\/evento\/fecundacao-e-alivio-neste-chao-irredutivel-onde-com-gozo-me-insurjo\/2021-07-02\/","og_locale":"en_US","og_type":"article","og_title":"Impregnation and Solace Over this Irreductible Soil Where With Fruition I Insurrect Myself - Centro Cultural de Bel\u00e9m Foundation","og_description":"A nova cria\u00e7\u00e3o de Hugo Calhim Cristov\u00e3o & Joana von Mayer Trindade interroga no ato e no resultado da (dita) dan\u00e7a o conceito de irredu\u00e7\u00e3o de Bruno Latour, em Irreductions, e a fun\u00e7\u00e3o de gozo e vol\u00fapia na revolta e no transgressivo, destruidor de fronteiras e classifica\u00e7\u00f5es abstratas\/elitistas, que este implica. Da interroga\u00e7\u00e3o sobre o que n\u00e3o \u00e9, a existir, pass\u00edvel de ser reduzido, assimilado, aculturado, os core\u00f3grafos pesquisaram o aspecto insureccional no presente, a existir, de uma cria\u00e7\u00e3o (dita) art\u00edstica, capaz de fecunda\u00e7\u00e3o de devir e novidade e de al\u00edvio de aliena\u00e7\u00f5es consensuais. \u2013 Joana von Mayer Trindade & Hugo Calhim Cristov\u00e3o","og_url":"https:\/\/www.ccb.pt\/en\/evento\/fecundacao-e-alivio-neste-chao-irredutivel-onde-com-gozo-me-insurjo\/2021-07-02\/","og_site_name":"Centro Cultural de Bel\u00e9m Foundation","article_modified_time":"2021-07-01T09:11:32+00:00","og_image":[{"width":1300,"height":618,"url":"https:\/\/www.ccb.pt\/wp-content\/uploads\/2021\/04\/site-2jul_fecundacao_credito-joaoPeixoto.jpg","type":"image\/jpeg"}],"twitter_card":"summary_large_image","twitter_site":"@macccb_museu","twitter_misc":{"Est. reading time":"1 minute"},"schema":{"@context":"https:\/\/schema.org","@graph":[{"@type":"WebPage","@id":"https:\/\/www.ccb.pt\/en\/evento\/fecundacao-e-alivio-neste-chao-irredutivel-onde-com-gozo-me-insurjo\/2021-07-02\/","url":"https:\/\/www.ccb.pt\/en\/evento\/fecundacao-e-alivio-neste-chao-irredutivel-onde-com-gozo-me-insurjo\/2021-07-02\/","name":"Impregnation and Solace Over this Irreductible Soil Where With Fruition I Insurrect Myself - Centro Cultural de Bel\u00e9m Foundation","isPartOf":{"@id":"https:\/\/www.ccb.pt\/#website"},"primaryImageOfPage":{"@id":"https:\/\/www.ccb.pt\/en\/evento\/fecundacao-e-alivio-neste-chao-irredutivel-onde-com-gozo-me-insurjo\/2021-07-02\/#primaryimage"},"image":{"@id":"https:\/\/www.ccb.pt\/en\/evento\/fecundacao-e-alivio-neste-chao-irredutivel-onde-com-gozo-me-insurjo\/2021-07-02\/#primaryimage"},"thumbnailUrl":"https:\/\/www.ccb.pt\/wp-content\/uploads\/2021\/04\/site-2jul_fecundacao_credito-joaoPeixoto.jpg","datePublished":"2021-04-19T14:57:13+00:00","dateModified":"2021-07-01T09:11:32+00:00","description":"A nova cria\u00e7\u00e3o de Hugo Calhim Cristov\u00e3o & Joana von Mayer Trindade interroga no ato e no resultado da (dita) dan\u00e7a o conceito de irredu\u00e7\u00e3o de Bruno Latour, em Irreductions, e a fun\u00e7\u00e3o de gozo e vol\u00fapia na revolta e no transgressivo, destruidor de fronteiras e classifica\u00e7\u00f5es abstratas\/elitistas, que este implica. Da interroga\u00e7\u00e3o sobre o que n\u00e3o \u00e9, a existir, pass\u00edvel de ser reduzido, assimilado, aculturado, os core\u00f3grafos pesquisaram o aspecto insureccional no presente, a existir, de uma cria\u00e7\u00e3o (dita) art\u00edstica, capaz de fecunda\u00e7\u00e3o de devir e novidade e de al\u00edvio de aliena\u00e7\u00f5es consensuais. \u2013 Joana von Mayer Trindade & Hugo Calhim Cristov\u00e3o","breadcrumb":{"@id":"https:\/\/www.ccb.pt\/en\/evento\/fecundacao-e-alivio-neste-chao-irredutivel-onde-com-gozo-me-insurjo\/2021-07-02\/#breadcrumb"},"inLanguage":"en-US","potentialAction":[{"@type":"ReadAction","target":["https:\/\/www.ccb.pt\/en\/evento\/fecundacao-e-alivio-neste-chao-irredutivel-onde-com-gozo-me-insurjo\/2021-07-02\/"]}]},{"@type":"ImageObject","inLanguage":"en-US","@id":"https:\/\/www.ccb.pt\/en\/evento\/fecundacao-e-alivio-neste-chao-irredutivel-onde-com-gozo-me-insurjo\/2021-07-02\/#primaryimage","url":"https:\/\/www.ccb.pt\/wp-content\/uploads\/2021\/04\/site-2jul_fecundacao_credito-joaoPeixoto.jpg","contentUrl":"https:\/\/www.ccb.pt\/wp-content\/uploads\/2021\/04\/site-2jul_fecundacao_credito-joaoPeixoto.jpg","width":1300,"height":618,"caption":"\u00a9Jo\u00e3o Peixoto"},{"@type":"BreadcrumbList","@id":"https:\/\/www.ccb.pt\/en\/evento\/fecundacao-e-alivio-neste-chao-irredutivel-onde-com-gozo-me-insurjo\/2021-07-02\/#breadcrumb","itemListElement":[{"@type":"ListItem","position":1,"name":"Home","item":"https:\/\/www.ccb.pt\/en\/"},{"@type":"ListItem","position":2,"name":"Eventos","item":"https:\/\/www.ccb.pt\/eventos\/"},{"@type":"ListItem","position":3,"name":"Impregnation and Solace Over this Irreductible Soil Where With Fruition I Insurrect Myself"}]},{"@type":"WebSite","@id":"https:\/\/www.ccb.pt\/#website","url":"https:\/\/www.ccb.pt\/","name":"Centro Cultural de Bel\u00e9m Foundation","description":"","publisher":{"@id":"https:\/\/www.ccb.pt\/#organization"},"potentialAction":[{"@type":"SearchAction","target":{"@type":"EntryPoint","urlTemplate":"https:\/\/www.ccb.pt\/?s={search_term_string}"},"query-input":"required name=search_term_string"}],"inLanguage":"en-US"},{"@type":"Organization","@id":"https:\/\/www.ccb.pt\/#organization","name":"Centro Cultural de Bel\u00e9m Foundation","url":"https:\/\/www.ccb.pt\/","logo":{"@type":"ImageObject","inLanguage":"en-US","@id":"https:\/\/www.ccb.pt\/#\/schema\/logo\/image\/","url":"https:\/\/www.ccb.pt\/wp-content\/uploads\/2022\/05\/1_ccb.png","contentUrl":"https:\/\/www.ccb.pt\/wp-content\/uploads\/2022\/05\/1_ccb.png","width":126,"height":100,"caption":"Centro Cultural de Bel\u00e9m Foundation"},"image":{"@id":"https:\/\/www.ccb.pt\/#\/schema\/logo\/image\/"},"sameAs":["https:\/\/twitter.com\/macccb_museu"]}]}},"_links":{"self":[{"href":"https:\/\/www.ccb.pt\/en\/wp-json\/wp\/v2\/tribe_events\/39967"}],"collection":[{"href":"https:\/\/www.ccb.pt\/en\/wp-json\/wp\/v2\/tribe_events"}],"about":[{"href":"https:\/\/www.ccb.pt\/en\/wp-json\/wp\/v2\/types\/tribe_events"}],"author":[{"embeddable":true,"href":"https:\/\/www.ccb.pt\/en\/wp-json\/wp\/v2\/users\/6"}],"replies":[{"embeddable":true,"href":"https:\/\/www.ccb.pt\/en\/wp-json\/wp\/v2\/comments?post=39967"}],"version-history":[{"count":6,"href":"https:\/\/www.ccb.pt\/en\/wp-json\/wp\/v2\/tribe_events\/39967\/revisions"}],"predecessor-version":[{"id":50563,"href":"https:\/\/www.ccb.pt\/en\/wp-json\/wp\/v2\/tribe_events\/39967\/revisions\/50563"}],"wp:featuredmedia":[{"embeddable":true,"href":"https:\/\/www.ccb.pt\/en\/wp-json\/wp\/v2\/media\/51034"}],"wp:attachment":[{"href":"https:\/\/www.ccb.pt\/en\/wp-json\/wp\/v2\/media?parent=39967"}],"wp:term":[{"taxonomy":"tribe_events_cat","embeddable":true,"href":"https:\/\/www.ccb.pt\/en\/wp-json\/wp\/v2\/tribe_events_cat?post=39967"},{"taxonomy":"tags_tema","embeddable":true,"href":"https:\/\/www.ccb.pt\/en\/wp-json\/wp\/v2\/tags_tema?post=39967"},{"taxonomy":"idades","embeddable":true,"href":"https:\/\/www.ccb.pt\/en\/wp-json\/wp\/v2\/idades?post=39967"},{"taxonomy":"tipos","embeddable":true,"href":"https:\/\/www.ccb.pt\/en\/wp-json\/wp\/v2\/tipos?post=39967"},{"taxonomy":"temas","embeddable":true,"href":"https:\/\/www.ccb.pt\/en\/wp-json\/wp\/v2\/temas?post=39967"},{"taxonomy":"categorias_hubspot","embeddable":true,"href":"https:\/\/www.ccb.pt\/en\/wp-json\/wp\/v2\/categorias_hubspot?post=39967"}],"curies":[{"name":"wp","href":"https:\/\/api.w.org\/{rel}","templated":true}]}}