    {"id":33678,"date":"2021-02-09T14:33:01","date_gmt":"2021-02-09T14:33:01","guid":{"rendered":"https:\/\/www.ccb.pt\/evento\/andre-rosinha-trio-2\/"},"modified":"2021-02-25T18:13:27","modified_gmt":"2021-02-25T18:13:27","slug":"andre-rosinha-trio-2","status":"publish","type":"tribe_events","link":"https:\/\/www.ccb.pt\/en\/evento\/andre-rosinha-trio-2\/","title":{"rendered":"Andr\u00e9 Rosinha Trio"},"content":{"rendered":"<p>The trio led by the double-bass player Andr\u00e9 Rosinha, and also comprising pianist Jo\u00e3o Paulo Esteves da Silva and drummer Marcos Cavaleiro, presented last summer their first album at CCB, entitled <em>\u00c1rvore, <\/em>a concert that you can watch online on March 20<sup>th<\/sup> at Ticketline Live Stage.<\/p>\n<p>This trio\u2019s music is open to new experiences and new paths, exploring various concepts of individual and collective improvisation under the influence of various musical styles, such as jazz, Latin American music, folk and classical music.<\/p>\n<p>This is music that is fed by the present moment and the interaction between the three group members, with a lot of room for improvisation, so that the musicians taking part in the process can explore their musical personalities.<\/p>\n<p>&nbsp;<\/p>\n<p>&nbsp;<\/p>\n<p>&nbsp;<\/p>\n<p>&nbsp;<\/p>\n<p>&nbsp;<\/p>\n<p>&nbsp;<\/p>\n<p>&nbsp;<\/p>\n<p>&nbsp;<\/p>\n<p>&nbsp;<\/p>\n","protected":false},"excerpt":{"rendered":"<p>The trio led by the double-bass player Andr\u00e9 Rosinha, and also comprising pianist Jo\u00e3o Paulo Esteves da Silva and drummer Marcos Cavaleiro, presented last summer their first album at CCB, entitled \u00c1rvore, a concert that you can watch online on March 20th at Ticketline Live Stage. This trio\u2019s music is open to new experiences and [&hellip;]<\/p>\n","protected":false},"author":6,"featured_media":11826,"comment_status":"open","ping_status":"closed","template":"","meta":{"_relevanssi_hide_post":"","_relevanssi_pin_for_all":"","_relevanssi_pin_keywords":"","_relevanssi_unpin_keywords":"","_relevanssi_related_keywords":"","_relevanssi_related_include_ids":"","_relevanssi_related_exclude_ids":"","_relevanssi_related_no_append":"","_relevanssi_related_not_related":"","_relevanssi_related_posts":"","_relevanssi_noindex_reason":""},"tribe_events_cat":[23],"tags_tema":[],"idades":[397],"tipos":[],"temas":[],"categorias_hubspot":[],"acf":[],"yoast_head":"<!-- This site is optimized with the Yoast SEO plugin v22.3 - https:\/\/yoast.com\/wordpress\/plugins\/seo\/ -->\n<title>Andr\u00e9 Rosinha Trio - Centro Cultural de Bel\u00e9m Foundation<\/title>\n<meta name=\"robots\" content=\"index, follow, max-snippet:-1, max-image-preview:large, max-video-preview:-1\" \/>\n<link rel=\"canonical\" href=\"https:\/\/www.ccb.pt\/en\/evento\/andre-rosinha-trio-2\/\" \/>\n<meta property=\"og:locale\" content=\"en_US\" \/>\n<meta property=\"og:type\" content=\"article\" \/>\n<meta property=\"og:title\" content=\"Andr\u00e9 Rosinha Trio - Centro Cultural de Bel\u00e9m Foundation\" \/>\n<meta property=\"og:description\" content=\"The trio led by the double-bass player Andr\u00e9 Rosinha, and also comprising pianist Jo\u00e3o Paulo Esteves da Silva and drummer Marcos Cavaleiro, presented last summer their first album at CCB, entitled \u00c1rvore, a concert that you can watch online on March 20th at Ticketline Live Stage. This trio\u2019s music is open to new experiences and [&hellip;]\" \/>\n<meta property=\"og:url\" content=\"https:\/\/www.ccb.pt\/en\/evento\/andre-rosinha-trio-2\/\" \/>\n<meta property=\"og:site_name\" content=\"Centro Cultural de Bel\u00e9m Foundation\" \/>\n<meta property=\"article:modified_time\" content=\"2021-02-25T18:13:27+00:00\" \/>\n<meta property=\"og:image\" content=\"https:\/\/www.ccb.pt\/wp-content\/uploads\/2020\/06\/1300x618-sn-AndreRosinha.jpg\" \/>\n\t<meta property=\"og:image:width\" content=\"1300\" \/>\n\t<meta property=\"og:image:height\" content=\"618\" \/>\n\t<meta property=\"og:image:type\" content=\"image\/jpeg\" \/>\n<meta name=\"twitter:card\" content=\"summary_large_image\" \/>\n<meta name=\"twitter:site\" content=\"@macccb_museu\" \/>\n<meta name=\"twitter:label1\" content=\"Est. reading time\" \/>\n\t<meta name=\"twitter:data1\" content=\"1 minute\" \/>\n<script type=\"application\/ld+json\" class=\"yoast-schema-graph\">{\"@context\":\"https:\/\/schema.org\",\"@graph\":[{\"@type\":\"WebPage\",\"@id\":\"https:\/\/www.ccb.pt\/en\/evento\/andre-rosinha-trio-2\/\",\"url\":\"https:\/\/www.ccb.pt\/en\/evento\/andre-rosinha-trio-2\/\",\"name\":\"Andr\u00e9 Rosinha Trio - Centro Cultural de Bel\u00e9m Foundation\",\"isPartOf\":{\"@id\":\"https:\/\/www.ccb.pt\/#website\"},\"primaryImageOfPage\":{\"@id\":\"https:\/\/www.ccb.pt\/en\/evento\/andre-rosinha-trio-2\/#primaryimage\"},\"image\":{\"@id\":\"https:\/\/www.ccb.pt\/en\/evento\/andre-rosinha-trio-2\/#primaryimage\"},\"thumbnailUrl\":\"https:\/\/www.ccb.pt\/wp-content\/uploads\/2020\/06\/1300x618-sn-AndreRosinha.jpg\",\"datePublished\":\"2021-02-09T14:33:01+00:00\",\"dateModified\":\"2021-02-25T18:13:27+00:00\",\"breadcrumb\":{\"@id\":\"https:\/\/www.ccb.pt\/en\/evento\/andre-rosinha-trio-2\/#breadcrumb\"},\"inLanguage\":\"en-US\",\"potentialAction\":[{\"@type\":\"ReadAction\",\"target\":[\"https:\/\/www.ccb.pt\/en\/evento\/andre-rosinha-trio-2\/\"]}]},{\"@type\":\"ImageObject\",\"inLanguage\":\"en-US\",\"@id\":\"https:\/\/www.ccb.pt\/en\/evento\/andre-rosinha-trio-2\/#primaryimage\",\"url\":\"https:\/\/www.ccb.pt\/wp-content\/uploads\/2020\/06\/1300x618-sn-AndreRosinha.jpg\",\"contentUrl\":\"https:\/\/www.ccb.pt\/wp-content\/uploads\/2020\/06\/1300x618-sn-AndreRosinha.jpg\",\"width\":1300,\"height\":618,\"caption\":\"1300x618-sn-AndreRosinha\"},{\"@type\":\"BreadcrumbList\",\"@id\":\"https:\/\/www.ccb.pt\/en\/evento\/andre-rosinha-trio-2\/#breadcrumb\",\"itemListElement\":[{\"@type\":\"ListItem\",\"position\":1,\"name\":\"Home\",\"item\":\"https:\/\/www.ccb.pt\/en\/\"},{\"@type\":\"ListItem\",\"position\":2,\"name\":\"Eventos\",\"item\":\"https:\/\/www.ccb.pt\/eventos\/\"},{\"@type\":\"ListItem\",\"position\":3,\"name\":\"Andr\u00e9 Rosinha Trio\"}]},{\"@type\":\"WebSite\",\"@id\":\"https:\/\/www.ccb.pt\/#website\",\"url\":\"https:\/\/www.ccb.pt\/\",\"name\":\"Centro Cultural de Bel\u00e9m Foundation\",\"description\":\"\",\"publisher\":{\"@id\":\"https:\/\/www.ccb.pt\/#organization\"},\"potentialAction\":[{\"@type\":\"SearchAction\",\"target\":{\"@type\":\"EntryPoint\",\"urlTemplate\":\"https:\/\/www.ccb.pt\/?s={search_term_string}\"},\"query-input\":\"required name=search_term_string\"}],\"inLanguage\":\"en-US\"},{\"@type\":\"Organization\",\"@id\":\"https:\/\/www.ccb.pt\/#organization\",\"name\":\"Centro Cultural de Bel\u00e9m Foundation\",\"url\":\"https:\/\/www.ccb.pt\/\",\"logo\":{\"@type\":\"ImageObject\",\"inLanguage\":\"en-US\",\"@id\":\"https:\/\/www.ccb.pt\/#\/schema\/logo\/image\/\",\"url\":\"https:\/\/www.ccb.pt\/wp-content\/uploads\/2022\/05\/1_ccb.png\",\"contentUrl\":\"https:\/\/www.ccb.pt\/wp-content\/uploads\/2022\/05\/1_ccb.png\",\"width\":126,\"height\":100,\"caption\":\"Centro Cultural de Bel\u00e9m Foundation\"},\"image\":{\"@id\":\"https:\/\/www.ccb.pt\/#\/schema\/logo\/image\/\"},\"sameAs\":[\"https:\/\/twitter.com\/macccb_museu\"]}]}<\/script>\n<!-- \/ Yoast SEO plugin. -->","yoast_head_json":{"title":"Andr\u00e9 Rosinha Trio - Centro Cultural de Bel\u00e9m Foundation","robots":{"index":"index","follow":"follow","max-snippet":"max-snippet:-1","max-image-preview":"max-image-preview:large","max-video-preview":"max-video-preview:-1"},"canonical":"https:\/\/www.ccb.pt\/en\/evento\/andre-rosinha-trio-2\/","og_locale":"en_US","og_type":"article","og_title":"Andr\u00e9 Rosinha Trio - Centro Cultural de Bel\u00e9m Foundation","og_description":"The trio led by the double-bass player Andr\u00e9 Rosinha, and also comprising pianist Jo\u00e3o Paulo Esteves da Silva and drummer Marcos Cavaleiro, presented last summer their first album at CCB, entitled \u00c1rvore, a concert that you can watch online on March 20th at Ticketline Live Stage. This trio\u2019s music is open to new experiences and [&hellip;]","og_url":"https:\/\/www.ccb.pt\/en\/evento\/andre-rosinha-trio-2\/","og_site_name":"Centro Cultural de Bel\u00e9m Foundation","article_modified_time":"2021-02-25T18:13:27+00:00","og_image":[{"width":1300,"height":618,"url":"https:\/\/www.ccb.pt\/wp-content\/uploads\/2020\/06\/1300x618-sn-AndreRosinha.jpg","type":"image\/jpeg"}],"twitter_card":"summary_large_image","twitter_site":"@macccb_museu","twitter_misc":{"Est. reading time":"1 minute"},"schema":{"@context":"https:\/\/schema.org","@graph":[{"@type":"WebPage","@id":"https:\/\/www.ccb.pt\/en\/evento\/andre-rosinha-trio-2\/","url":"https:\/\/www.ccb.pt\/en\/evento\/andre-rosinha-trio-2\/","name":"Andr\u00e9 Rosinha Trio - Centro Cultural de Bel\u00e9m Foundation","isPartOf":{"@id":"https:\/\/www.ccb.pt\/#website"},"primaryImageOfPage":{"@id":"https:\/\/www.ccb.pt\/en\/evento\/andre-rosinha-trio-2\/#primaryimage"},"image":{"@id":"https:\/\/www.ccb.pt\/en\/evento\/andre-rosinha-trio-2\/#primaryimage"},"thumbnailUrl":"https:\/\/www.ccb.pt\/wp-content\/uploads\/2020\/06\/1300x618-sn-AndreRosinha.jpg","datePublished":"2021-02-09T14:33:01+00:00","dateModified":"2021-02-25T18:13:27+00:00","breadcrumb":{"@id":"https:\/\/www.ccb.pt\/en\/evento\/andre-rosinha-trio-2\/#breadcrumb"},"inLanguage":"en-US","potentialAction":[{"@type":"ReadAction","target":["https:\/\/www.ccb.pt\/en\/evento\/andre-rosinha-trio-2\/"]}]},{"@type":"ImageObject","inLanguage":"en-US","@id":"https:\/\/www.ccb.pt\/en\/evento\/andre-rosinha-trio-2\/#primaryimage","url":"https:\/\/www.ccb.pt\/wp-content\/uploads\/2020\/06\/1300x618-sn-AndreRosinha.jpg","contentUrl":"https:\/\/www.ccb.pt\/wp-content\/uploads\/2020\/06\/1300x618-sn-AndreRosinha.jpg","width":1300,"height":618,"caption":"1300x618-sn-AndreRosinha"},{"@type":"BreadcrumbList","@id":"https:\/\/www.ccb.pt\/en\/evento\/andre-rosinha-trio-2\/#breadcrumb","itemListElement":[{"@type":"ListItem","position":1,"name":"Home","item":"https:\/\/www.ccb.pt\/en\/"},{"@type":"ListItem","position":2,"name":"Eventos","item":"https:\/\/www.ccb.pt\/eventos\/"},{"@type":"ListItem","position":3,"name":"Andr\u00e9 Rosinha Trio"}]},{"@type":"WebSite","@id":"https:\/\/www.ccb.pt\/#website","url":"https:\/\/www.ccb.pt\/","name":"Centro Cultural de Bel\u00e9m Foundation","description":"","publisher":{"@id":"https:\/\/www.ccb.pt\/#organization"},"potentialAction":[{"@type":"SearchAction","target":{"@type":"EntryPoint","urlTemplate":"https:\/\/www.ccb.pt\/?s={search_term_string}"},"query-input":"required name=search_term_string"}],"inLanguage":"en-US"},{"@type":"Organization","@id":"https:\/\/www.ccb.pt\/#organization","name":"Centro Cultural de Bel\u00e9m Foundation","url":"https:\/\/www.ccb.pt\/","logo":{"@type":"ImageObject","inLanguage":"en-US","@id":"https:\/\/www.ccb.pt\/#\/schema\/logo\/image\/","url":"https:\/\/www.ccb.pt\/wp-content\/uploads\/2022\/05\/1_ccb.png","contentUrl":"https:\/\/www.ccb.pt\/wp-content\/uploads\/2022\/05\/1_ccb.png","width":126,"height":100,"caption":"Centro Cultural de Bel\u00e9m Foundation"},"image":{"@id":"https:\/\/www.ccb.pt\/#\/schema\/logo\/image\/"},"sameAs":["https:\/\/twitter.com\/macccb_museu"]}]}},"_links":{"self":[{"href":"https:\/\/www.ccb.pt\/en\/wp-json\/wp\/v2\/tribe_events\/33678"}],"collection":[{"href":"https:\/\/www.ccb.pt\/en\/wp-json\/wp\/v2\/tribe_events"}],"about":[{"href":"https:\/\/www.ccb.pt\/en\/wp-json\/wp\/v2\/types\/tribe_events"}],"author":[{"embeddable":true,"href":"https:\/\/www.ccb.pt\/en\/wp-json\/wp\/v2\/users\/6"}],"replies":[{"embeddable":true,"href":"https:\/\/www.ccb.pt\/en\/wp-json\/wp\/v2\/comments?post=33678"}],"version-history":[{"count":6,"href":"https:\/\/www.ccb.pt\/en\/wp-json\/wp\/v2\/tribe_events\/33678\/revisions"}],"predecessor-version":[{"id":34598,"href":"https:\/\/www.ccb.pt\/en\/wp-json\/wp\/v2\/tribe_events\/33678\/revisions\/34598"}],"wp:featuredmedia":[{"embeddable":true,"href":"https:\/\/www.ccb.pt\/en\/wp-json\/wp\/v2\/media\/11826"}],"wp:attachment":[{"href":"https:\/\/www.ccb.pt\/en\/wp-json\/wp\/v2\/media?parent=33678"}],"wp:term":[{"taxonomy":"tribe_events_cat","embeddable":true,"href":"https:\/\/www.ccb.pt\/en\/wp-json\/wp\/v2\/tribe_events_cat?post=33678"},{"taxonomy":"tags_tema","embeddable":true,"href":"https:\/\/www.ccb.pt\/en\/wp-json\/wp\/v2\/tags_tema?post=33678"},{"taxonomy":"idades","embeddable":true,"href":"https:\/\/www.ccb.pt\/en\/wp-json\/wp\/v2\/idades?post=33678"},{"taxonomy":"tipos","embeddable":true,"href":"https:\/\/www.ccb.pt\/en\/wp-json\/wp\/v2\/tipos?post=33678"},{"taxonomy":"temas","embeddable":true,"href":"https:\/\/www.ccb.pt\/en\/wp-json\/wp\/v2\/temas?post=33678"},{"taxonomy":"categorias_hubspot","embeddable":true,"href":"https:\/\/www.ccb.pt\/en\/wp-json\/wp\/v2\/categorias_hubspot?post=33678"}],"curies":[{"name":"wp","href":"https:\/\/api.w.org\/{rel}","templated":true}]}}