    {"id":33303,"date":"2021-02-02T19:12:36","date_gmt":"2021-02-02T19:12:36","guid":{"rendered":"https:\/\/www.ccb.pt\/evento\/ensemble-palhetas-duplas-ao-vivo-no-ccb\/"},"modified":"2021-02-15T09:21:16","modified_gmt":"2021-02-15T09:21:16","slug":"ensemble-palhetas-duplas-ao-vivo-no-ccb","status":"publish","type":"tribe_events","link":"https:\/\/www.ccb.pt\/en\/evento\/ensemble-palhetas-duplas-ao-vivo-no-ccb\/","title":{"rendered":"Ensemble Palhetas Duplas"},"content":{"rendered":"<p><strong>Music for the Royal Fireworks<\/strong><\/p>\n<p><strong>Ensemble Palhetas Duplas,<\/strong> created in 2005 at the initiative of the oboist Francisco Lu\u00eds Vieira, are an instrumental group composed of particularly homogenous sounds: oboe, cor anglais, oboe d\u2019amore, bassoon and contrabassoon. Since their foundation, they have performed countless concerts at various festivals, all over Portugal, and in Spain too, involving the participation of dozens of highly reputed soloists and guest conductors.<\/p>\n<p>At the CCB, they will be conducted by their special guest Francisco Sequeira, playing a programme that starts with Handel\u2019s <em>Music for the Royal Fireworks<\/em>, and also includes works by Jean-Baptiste Lully, Astor Piazzolla, Henry Purcell\u200b and Carlos Seixas.<\/p>\n","protected":false},"excerpt":{"rendered":"<p>Music for the Royal Fireworks Ensemble Palhetas Duplas, created in 2005 at the initiative of the oboist Francisco Lu\u00eds Vieira, are an instrumental group composed of particularly homogenous sounds: oboe, cor anglais, oboe d\u2019amore, bassoon and contrabassoon. Since their foundation, they have performed countless concerts at various festivals, all over Portugal, and in Spain too, [&hellip;]<\/p>\n","protected":false},"author":6,"featured_media":33130,"comment_status":"open","ping_status":"closed","template":"","meta":{"_relevanssi_hide_post":"","_relevanssi_pin_for_all":"","_relevanssi_pin_keywords":"","_relevanssi_unpin_keywords":"","_relevanssi_related_keywords":"","_relevanssi_related_include_ids":"","_relevanssi_related_exclude_ids":"","_relevanssi_related_no_append":"","_relevanssi_related_not_related":"","_relevanssi_related_posts":"","_relevanssi_noindex_reason":""},"tribe_events_cat":[23],"tags_tema":[],"idades":[397],"tipos":[335],"temas":[],"categorias_hubspot":[],"acf":[],"yoast_head":"<!-- This site is optimized with the Yoast SEO plugin v22.3 - https:\/\/yoast.com\/wordpress\/plugins\/seo\/ -->\n<title>Ensemble Palhetas Duplas - Centro Cultural de Bel\u00e9m Foundation<\/title>\n<meta name=\"description\" content=\"O Ensemble Palhetas Duplas, criado em 2005, por iniciativa do obo\u00edsta Francisco Lu\u00eds Vieira, \u00e9 um conjunto instrumental de sonoridades particularmente homog\u00e9neas: obo\u00e9, corne ingl\u00eas, obo\u00e9 de amor fagote e contrafagote. Desde a sua funda\u00e7\u00e3o, realizou in\u00fameros concertos e participou em v\u00e1rios festivais, um pouco por todo o pa\u00eds e Espanha, e envolveu dezenas de reputados solistas e maestros convidados.No CCB, apresentaram-se com o maestro convidado Francisco Sequeira com um programa que parte da M\u00fasica para os Reais Fogos de Artif\u00edcio, de H\u00e4ndel, e abrange ainda obras de Jean-Baptiste Lully, Astor Piazzolla, Henry Purcell e Carlos Seixas. Para ver agora online no Ticketline Live Stage.\" \/>\n<meta name=\"robots\" content=\"index, follow, max-snippet:-1, max-image-preview:large, max-video-preview:-1\" \/>\n<link rel=\"canonical\" href=\"https:\/\/www.ccb.pt\/en\/evento\/ensemble-palhetas-duplas-ao-vivo-no-ccb\/\" \/>\n<meta property=\"og:locale\" content=\"en_US\" \/>\n<meta property=\"og:type\" content=\"article\" \/>\n<meta property=\"og:title\" content=\"Ensemble Palhetas Duplas - Centro Cultural de Bel\u00e9m Foundation\" \/>\n<meta property=\"og:description\" content=\"O Ensemble Palhetas Duplas, criado em 2005, por iniciativa do obo\u00edsta Francisco Lu\u00eds Vieira, \u00e9 um conjunto instrumental de sonoridades particularmente homog\u00e9neas: obo\u00e9, corne ingl\u00eas, obo\u00e9 de amor fagote e contrafagote. Desde a sua funda\u00e7\u00e3o, realizou in\u00fameros concertos e participou em v\u00e1rios festivais, um pouco por todo o pa\u00eds e Espanha, e envolveu dezenas de reputados solistas e maestros convidados.No CCB, apresentaram-se com o maestro convidado Francisco Sequeira com um programa que parte da M\u00fasica para os Reais Fogos de Artif\u00edcio, de H\u00e4ndel, e abrange ainda obras de Jean-Baptiste Lully, Astor Piazzolla, Henry Purcell e Carlos Seixas. Para ver agora online no Ticketline Live Stage.\" \/>\n<meta property=\"og:url\" content=\"https:\/\/www.ccb.pt\/en\/evento\/ensemble-palhetas-duplas-ao-vivo-no-ccb\/\" \/>\n<meta property=\"og:site_name\" content=\"Centro Cultural de Bel\u00e9m Foundation\" \/>\n<meta property=\"article:modified_time\" content=\"2021-02-15T09:21:16+00:00\" \/>\n<meta property=\"og:image\" content=\"https:\/\/www.ccb.pt\/wp-content\/uploads\/2021\/02\/21fev_640x360_EnsemblePalhetasDuplas.jpg\" \/>\n\t<meta property=\"og:image:width\" content=\"640\" \/>\n\t<meta property=\"og:image:height\" content=\"360\" \/>\n\t<meta property=\"og:image:type\" content=\"image\/jpeg\" \/>\n<meta name=\"twitter:card\" content=\"summary_large_image\" \/>\n<meta name=\"twitter:site\" content=\"@macccb_museu\" \/>\n<meta name=\"twitter:label1\" content=\"Est. reading time\" \/>\n\t<meta name=\"twitter:data1\" content=\"1 minute\" \/>\n<script type=\"application\/ld+json\" class=\"yoast-schema-graph\">{\"@context\":\"https:\/\/schema.org\",\"@graph\":[{\"@type\":\"WebPage\",\"@id\":\"https:\/\/www.ccb.pt\/en\/evento\/ensemble-palhetas-duplas-ao-vivo-no-ccb\/\",\"url\":\"https:\/\/www.ccb.pt\/en\/evento\/ensemble-palhetas-duplas-ao-vivo-no-ccb\/\",\"name\":\"Ensemble Palhetas Duplas - Centro Cultural de Bel\u00e9m Foundation\",\"isPartOf\":{\"@id\":\"https:\/\/www.ccb.pt\/#website\"},\"primaryImageOfPage\":{\"@id\":\"https:\/\/www.ccb.pt\/en\/evento\/ensemble-palhetas-duplas-ao-vivo-no-ccb\/#primaryimage\"},\"image\":{\"@id\":\"https:\/\/www.ccb.pt\/en\/evento\/ensemble-palhetas-duplas-ao-vivo-no-ccb\/#primaryimage\"},\"thumbnailUrl\":\"https:\/\/www.ccb.pt\/wp-content\/uploads\/2021\/02\/21fev_640x360_EnsemblePalhetasDuplas.jpg\",\"datePublished\":\"2021-02-02T19:12:36+00:00\",\"dateModified\":\"2021-02-15T09:21:16+00:00\",\"description\":\"O Ensemble Palhetas Duplas, criado em 2005, por iniciativa do obo\u00edsta Francisco Lu\u00eds Vieira, \u00e9 um conjunto instrumental de sonoridades particularmente homog\u00e9neas: obo\u00e9, corne ingl\u00eas, obo\u00e9 de amor fagote e contrafagote. Desde a sua funda\u00e7\u00e3o, realizou in\u00fameros concertos e participou em v\u00e1rios festivais, um pouco por todo o pa\u00eds e Espanha, e envolveu dezenas de reputados solistas e maestros convidados.No CCB, apresentaram-se com o maestro convidado Francisco Sequeira com um programa que parte da M\u00fasica para os Reais Fogos de Artif\u00edcio, de H\u00e4ndel, e abrange ainda obras de Jean-Baptiste Lully, Astor Piazzolla, Henry Purcell e Carlos Seixas. Para ver agora online no Ticketline Live Stage.\",\"breadcrumb\":{\"@id\":\"https:\/\/www.ccb.pt\/en\/evento\/ensemble-palhetas-duplas-ao-vivo-no-ccb\/#breadcrumb\"},\"inLanguage\":\"en-US\",\"potentialAction\":[{\"@type\":\"ReadAction\",\"target\":[\"https:\/\/www.ccb.pt\/en\/evento\/ensemble-palhetas-duplas-ao-vivo-no-ccb\/\"]}]},{\"@type\":\"ImageObject\",\"inLanguage\":\"en-US\",\"@id\":\"https:\/\/www.ccb.pt\/en\/evento\/ensemble-palhetas-duplas-ao-vivo-no-ccb\/#primaryimage\",\"url\":\"https:\/\/www.ccb.pt\/wp-content\/uploads\/2021\/02\/21fev_640x360_EnsemblePalhetasDuplas.jpg\",\"contentUrl\":\"https:\/\/www.ccb.pt\/wp-content\/uploads\/2021\/02\/21fev_640x360_EnsemblePalhetasDuplas.jpg\",\"width\":640,\"height\":360,\"caption\":\"Ensemble Palhetas Duplas em palco a tocar os respetivos instrumentos\"},{\"@type\":\"BreadcrumbList\",\"@id\":\"https:\/\/www.ccb.pt\/en\/evento\/ensemble-palhetas-duplas-ao-vivo-no-ccb\/#breadcrumb\",\"itemListElement\":[{\"@type\":\"ListItem\",\"position\":1,\"name\":\"Home\",\"item\":\"https:\/\/www.ccb.pt\/en\/\"},{\"@type\":\"ListItem\",\"position\":2,\"name\":\"Eventos\",\"item\":\"https:\/\/www.ccb.pt\/eventos\/\"},{\"@type\":\"ListItem\",\"position\":3,\"name\":\"Ensemble Palhetas Duplas\"}]},{\"@type\":\"WebSite\",\"@id\":\"https:\/\/www.ccb.pt\/#website\",\"url\":\"https:\/\/www.ccb.pt\/\",\"name\":\"Centro Cultural de Bel\u00e9m Foundation\",\"description\":\"\",\"publisher\":{\"@id\":\"https:\/\/www.ccb.pt\/#organization\"},\"potentialAction\":[{\"@type\":\"SearchAction\",\"target\":{\"@type\":\"EntryPoint\",\"urlTemplate\":\"https:\/\/www.ccb.pt\/?s={search_term_string}\"},\"query-input\":\"required name=search_term_string\"}],\"inLanguage\":\"en-US\"},{\"@type\":\"Organization\",\"@id\":\"https:\/\/www.ccb.pt\/#organization\",\"name\":\"Centro Cultural de Bel\u00e9m Foundation\",\"url\":\"https:\/\/www.ccb.pt\/\",\"logo\":{\"@type\":\"ImageObject\",\"inLanguage\":\"en-US\",\"@id\":\"https:\/\/www.ccb.pt\/#\/schema\/logo\/image\/\",\"url\":\"https:\/\/www.ccb.pt\/wp-content\/uploads\/2022\/05\/1_ccb.png\",\"contentUrl\":\"https:\/\/www.ccb.pt\/wp-content\/uploads\/2022\/05\/1_ccb.png\",\"width\":126,\"height\":100,\"caption\":\"Centro Cultural de Bel\u00e9m Foundation\"},\"image\":{\"@id\":\"https:\/\/www.ccb.pt\/#\/schema\/logo\/image\/\"},\"sameAs\":[\"https:\/\/twitter.com\/macccb_museu\"]}]}<\/script>\n<!-- \/ Yoast SEO plugin. -->","yoast_head_json":{"title":"Ensemble Palhetas Duplas - Centro Cultural de Bel\u00e9m Foundation","description":"O Ensemble Palhetas Duplas, criado em 2005, por iniciativa do obo\u00edsta Francisco Lu\u00eds Vieira, \u00e9 um conjunto instrumental de sonoridades particularmente homog\u00e9neas: obo\u00e9, corne ingl\u00eas, obo\u00e9 de amor fagote e contrafagote. Desde a sua funda\u00e7\u00e3o, realizou in\u00fameros concertos e participou em v\u00e1rios festivais, um pouco por todo o pa\u00eds e Espanha, e envolveu dezenas de reputados solistas e maestros convidados.No CCB, apresentaram-se com o maestro convidado Francisco Sequeira com um programa que parte da M\u00fasica para os Reais Fogos de Artif\u00edcio, de H\u00e4ndel, e abrange ainda obras de Jean-Baptiste Lully, Astor Piazzolla, Henry Purcell e Carlos Seixas. Para ver agora online no Ticketline Live Stage.","robots":{"index":"index","follow":"follow","max-snippet":"max-snippet:-1","max-image-preview":"max-image-preview:large","max-video-preview":"max-video-preview:-1"},"canonical":"https:\/\/www.ccb.pt\/en\/evento\/ensemble-palhetas-duplas-ao-vivo-no-ccb\/","og_locale":"en_US","og_type":"article","og_title":"Ensemble Palhetas Duplas - Centro Cultural de Bel\u00e9m Foundation","og_description":"O Ensemble Palhetas Duplas, criado em 2005, por iniciativa do obo\u00edsta Francisco Lu\u00eds Vieira, \u00e9 um conjunto instrumental de sonoridades particularmente homog\u00e9neas: obo\u00e9, corne ingl\u00eas, obo\u00e9 de amor fagote e contrafagote. Desde a sua funda\u00e7\u00e3o, realizou in\u00fameros concertos e participou em v\u00e1rios festivais, um pouco por todo o pa\u00eds e Espanha, e envolveu dezenas de reputados solistas e maestros convidados.No CCB, apresentaram-se com o maestro convidado Francisco Sequeira com um programa que parte da M\u00fasica para os Reais Fogos de Artif\u00edcio, de H\u00e4ndel, e abrange ainda obras de Jean-Baptiste Lully, Astor Piazzolla, Henry Purcell e Carlos Seixas. Para ver agora online no Ticketline Live Stage.","og_url":"https:\/\/www.ccb.pt\/en\/evento\/ensemble-palhetas-duplas-ao-vivo-no-ccb\/","og_site_name":"Centro Cultural de Bel\u00e9m Foundation","article_modified_time":"2021-02-15T09:21:16+00:00","og_image":[{"width":640,"height":360,"url":"https:\/\/www.ccb.pt\/wp-content\/uploads\/2021\/02\/21fev_640x360_EnsemblePalhetasDuplas.jpg","type":"image\/jpeg"}],"twitter_card":"summary_large_image","twitter_site":"@macccb_museu","twitter_misc":{"Est. reading time":"1 minute"},"schema":{"@context":"https:\/\/schema.org","@graph":[{"@type":"WebPage","@id":"https:\/\/www.ccb.pt\/en\/evento\/ensemble-palhetas-duplas-ao-vivo-no-ccb\/","url":"https:\/\/www.ccb.pt\/en\/evento\/ensemble-palhetas-duplas-ao-vivo-no-ccb\/","name":"Ensemble Palhetas Duplas - Centro Cultural de Bel\u00e9m Foundation","isPartOf":{"@id":"https:\/\/www.ccb.pt\/#website"},"primaryImageOfPage":{"@id":"https:\/\/www.ccb.pt\/en\/evento\/ensemble-palhetas-duplas-ao-vivo-no-ccb\/#primaryimage"},"image":{"@id":"https:\/\/www.ccb.pt\/en\/evento\/ensemble-palhetas-duplas-ao-vivo-no-ccb\/#primaryimage"},"thumbnailUrl":"https:\/\/www.ccb.pt\/wp-content\/uploads\/2021\/02\/21fev_640x360_EnsemblePalhetasDuplas.jpg","datePublished":"2021-02-02T19:12:36+00:00","dateModified":"2021-02-15T09:21:16+00:00","description":"O Ensemble Palhetas Duplas, criado em 2005, por iniciativa do obo\u00edsta Francisco Lu\u00eds Vieira, \u00e9 um conjunto instrumental de sonoridades particularmente homog\u00e9neas: obo\u00e9, corne ingl\u00eas, obo\u00e9 de amor fagote e contrafagote. Desde a sua funda\u00e7\u00e3o, realizou in\u00fameros concertos e participou em v\u00e1rios festivais, um pouco por todo o pa\u00eds e Espanha, e envolveu dezenas de reputados solistas e maestros convidados.No CCB, apresentaram-se com o maestro convidado Francisco Sequeira com um programa que parte da M\u00fasica para os Reais Fogos de Artif\u00edcio, de H\u00e4ndel, e abrange ainda obras de Jean-Baptiste Lully, Astor Piazzolla, Henry Purcell e Carlos Seixas. Para ver agora online no Ticketline Live Stage.","breadcrumb":{"@id":"https:\/\/www.ccb.pt\/en\/evento\/ensemble-palhetas-duplas-ao-vivo-no-ccb\/#breadcrumb"},"inLanguage":"en-US","potentialAction":[{"@type":"ReadAction","target":["https:\/\/www.ccb.pt\/en\/evento\/ensemble-palhetas-duplas-ao-vivo-no-ccb\/"]}]},{"@type":"ImageObject","inLanguage":"en-US","@id":"https:\/\/www.ccb.pt\/en\/evento\/ensemble-palhetas-duplas-ao-vivo-no-ccb\/#primaryimage","url":"https:\/\/www.ccb.pt\/wp-content\/uploads\/2021\/02\/21fev_640x360_EnsemblePalhetasDuplas.jpg","contentUrl":"https:\/\/www.ccb.pt\/wp-content\/uploads\/2021\/02\/21fev_640x360_EnsemblePalhetasDuplas.jpg","width":640,"height":360,"caption":"Ensemble Palhetas Duplas em palco a tocar os respetivos instrumentos"},{"@type":"BreadcrumbList","@id":"https:\/\/www.ccb.pt\/en\/evento\/ensemble-palhetas-duplas-ao-vivo-no-ccb\/#breadcrumb","itemListElement":[{"@type":"ListItem","position":1,"name":"Home","item":"https:\/\/www.ccb.pt\/en\/"},{"@type":"ListItem","position":2,"name":"Eventos","item":"https:\/\/www.ccb.pt\/eventos\/"},{"@type":"ListItem","position":3,"name":"Ensemble Palhetas Duplas"}]},{"@type":"WebSite","@id":"https:\/\/www.ccb.pt\/#website","url":"https:\/\/www.ccb.pt\/","name":"Centro Cultural de Bel\u00e9m Foundation","description":"","publisher":{"@id":"https:\/\/www.ccb.pt\/#organization"},"potentialAction":[{"@type":"SearchAction","target":{"@type":"EntryPoint","urlTemplate":"https:\/\/www.ccb.pt\/?s={search_term_string}"},"query-input":"required name=search_term_string"}],"inLanguage":"en-US"},{"@type":"Organization","@id":"https:\/\/www.ccb.pt\/#organization","name":"Centro Cultural de Bel\u00e9m Foundation","url":"https:\/\/www.ccb.pt\/","logo":{"@type":"ImageObject","inLanguage":"en-US","@id":"https:\/\/www.ccb.pt\/#\/schema\/logo\/image\/","url":"https:\/\/www.ccb.pt\/wp-content\/uploads\/2022\/05\/1_ccb.png","contentUrl":"https:\/\/www.ccb.pt\/wp-content\/uploads\/2022\/05\/1_ccb.png","width":126,"height":100,"caption":"Centro Cultural de Bel\u00e9m Foundation"},"image":{"@id":"https:\/\/www.ccb.pt\/#\/schema\/logo\/image\/"},"sameAs":["https:\/\/twitter.com\/macccb_museu"]}]}},"_links":{"self":[{"href":"https:\/\/www.ccb.pt\/en\/wp-json\/wp\/v2\/tribe_events\/33303"}],"collection":[{"href":"https:\/\/www.ccb.pt\/en\/wp-json\/wp\/v2\/tribe_events"}],"about":[{"href":"https:\/\/www.ccb.pt\/en\/wp-json\/wp\/v2\/types\/tribe_events"}],"author":[{"embeddable":true,"href":"https:\/\/www.ccb.pt\/en\/wp-json\/wp\/v2\/users\/6"}],"replies":[{"embeddable":true,"href":"https:\/\/www.ccb.pt\/en\/wp-json\/wp\/v2\/comments?post=33303"}],"version-history":[{"count":4,"href":"https:\/\/www.ccb.pt\/en\/wp-json\/wp\/v2\/tribe_events\/33303\/revisions"}],"predecessor-version":[{"id":33885,"href":"https:\/\/www.ccb.pt\/en\/wp-json\/wp\/v2\/tribe_events\/33303\/revisions\/33885"}],"wp:featuredmedia":[{"embeddable":true,"href":"https:\/\/www.ccb.pt\/en\/wp-json\/wp\/v2\/media\/33130"}],"wp:attachment":[{"href":"https:\/\/www.ccb.pt\/en\/wp-json\/wp\/v2\/media?parent=33303"}],"wp:term":[{"taxonomy":"tribe_events_cat","embeddable":true,"href":"https:\/\/www.ccb.pt\/en\/wp-json\/wp\/v2\/tribe_events_cat?post=33303"},{"taxonomy":"tags_tema","embeddable":true,"href":"https:\/\/www.ccb.pt\/en\/wp-json\/wp\/v2\/tags_tema?post=33303"},{"taxonomy":"idades","embeddable":true,"href":"https:\/\/www.ccb.pt\/en\/wp-json\/wp\/v2\/idades?post=33303"},{"taxonomy":"tipos","embeddable":true,"href":"https:\/\/www.ccb.pt\/en\/wp-json\/wp\/v2\/tipos?post=33303"},{"taxonomy":"temas","embeddable":true,"href":"https:\/\/www.ccb.pt\/en\/wp-json\/wp\/v2\/temas?post=33303"},{"taxonomy":"categorias_hubspot","embeddable":true,"href":"https:\/\/www.ccb.pt\/en\/wp-json\/wp\/v2\/categorias_hubspot?post=33303"}],"curies":[{"name":"wp","href":"https:\/\/api.w.org\/{rel}","templated":true}]}}