    {"id":298849,"date":"2026-06-18T08:46:03","date_gmt":"2026-06-18T07:46:03","guid":{"rendered":"https:\/\/www.ccb.pt\/evento\/concerto-de-natal-missa-em-si-menor-de-bach\/"},"modified":"2026-09-01T11:42:54","modified_gmt":"2026-09-01T10:42:54","slug":"christmas-concert-bachs-mass-in-b-minor","status":"publish","type":"tribe_events","link":"https:\/\/www.ccb.pt\/en\/evento\/christmas-concert-bachs-mass-in-b-minor\/","title":{"rendered":"Christmas Concert \u2014 Bach\u2019s Mass in B minor"},"content":{"rendered":"<p>J. S. Bach\u2019s <em>Mass in B minor<\/em> stands as one of the most colossal works in his musical output. Its structural scope presents us with a musical monument resulting from the labour of a lifetime. Bach, a composer highly skilled in the reuse of musical material, completed this mass in the final years of his life, between 1749 and 1750. For this purpose, he drew on previously composed musical material and some earlier performed pieces dating back to the 1720s and 1730s, alongside newly composed sections. The work brings together a confluence of styles and compositional techniques that Bach adopted throughout his life, making it a unique piece: a synthesis of styles and contrasts, almost like a musical biography.<br \/>\nThe work invites us into the Bachian world through the richness of its choral textures, its latent stylistic variety, and an unmistakable formal mastery and command of writing for choir and orchestra. The <em>Mass in B minor<\/em> was probably first performed in its entirety in 1859, in Leipzig, more than a century after the composer\u2019s death.<\/p>\n<p>&nbsp;<\/p>\n<p>Pre-concert talk by<strong> Rodrigo Teodoro de Paula<\/strong> at 4:30 pm.<\/p>\n<p>&nbsp;<\/p>\n<p><strong>El Corte Ingl\u00e9s supports the CCB&#8217;s Classical Music Mediation Programme. \u00a0 \u00a0 \u00a0 \u00a0 \u00a0\u00a0<\/strong><\/p>\n","protected":false},"excerpt":{"rendered":"<p>J. S. Bach\u2019s Mass in B minor stands as one of the most colossal works in his musical output. Its structural scope presents us with a musical monument resulting from the labour of a lifetime. Bach, a composer highly skilled in the reuse of musical material, completed this mass in the final years of his [&hellip;]<\/p>\n","protected":false},"author":6,"featured_media":288293,"comment_status":"closed","ping_status":"closed","template":"","meta":{"_relevanssi_hide_post":"","_relevanssi_pin_for_all":"on","_relevanssi_pin_keywords":"","_relevanssi_unpin_keywords":"","_relevanssi_related_keywords":"","_relevanssi_related_include_ids":"","_relevanssi_related_exclude_ids":"","_relevanssi_related_no_append":"","_relevanssi_related_not_related":"","_relevanssi_related_posts":"","_relevanssi_noindex_reason":""},"tribe_events_cat":[718,590,23],"tags_tema":[],"idades":[392],"tipos":[],"temas":[],"categorias_hubspot":[],"acf":[],"yoast_head":"<!-- This site is optimized with the Yoast SEO plugin v22.3 - https:\/\/yoast.com\/wordpress\/plugins\/seo\/ -->\n<title>Christmas Concert \u2014 Bach\u2019s Mass in B minor - Centro Cultural de Bel\u00e9m Foundation<\/title>\n<meta name=\"description\" content=\"Pela Orquestra Sinf\u00f3nica Portuguesa e pelo Coro do Teatro Nacional de S\u00e3o Carlos.\" \/>\n<meta name=\"robots\" content=\"index, follow, max-snippet:-1, max-image-preview:large, max-video-preview:-1\" \/>\n<link rel=\"canonical\" href=\"https:\/\/www.ccb.pt\/en\/evento\/christmas-concert-bachs-mass-in-b-minor\/\" \/>\n<meta property=\"og:locale\" content=\"en_US\" \/>\n<meta property=\"og:type\" content=\"article\" \/>\n<meta property=\"og:title\" content=\"Concerto de Natal \u2014 Missa em Si menor de Bach | CCB\" \/>\n<meta property=\"og:description\" content=\"Pela Orquestra Sinf\u00f3nica Portuguesa e pelo Coro do Teatro Nacional de S\u00e3o Carlos.\" \/>\n<meta property=\"og:url\" content=\"https:\/\/www.ccb.pt\/en\/evento\/christmas-concert-bachs-mass-in-b-minor\/\" \/>\n<meta property=\"og:site_name\" content=\"Centro Cultural de Bel\u00e9m Foundation\" \/>\n<meta property=\"article:modified_time\" content=\"2026-09-01T10:42:54+00:00\" \/>\n<meta property=\"og:image\" content=\"https:\/\/www.ccb.pt\/wp-content\/uploads\/2026\/05\/2000x940_ConcertoDeNatal.jpg\" \/>\n\t<meta property=\"og:image:width\" content=\"2000\" \/>\n\t<meta property=\"og:image:height\" content=\"940\" \/>\n\t<meta property=\"og:image:type\" content=\"image\/jpeg\" \/>\n<meta name=\"twitter:card\" content=\"summary_large_image\" \/>\n<meta name=\"twitter:title\" content=\"Concerto de Natal \u2014 Missa em Si menor de Bach | CCB\" \/>\n<meta name=\"twitter:description\" content=\"Pela Orquestra Sinf\u00f3nica Portuguesa e pelo Coro do Teatro Nacional de S\u00e3o Carlos.\" \/>\n<meta name=\"twitter:image\" content=\"https:\/\/www.ccb.pt\/wp-content\/uploads\/2026\/05\/2000x940_ConcertoDeNatal.jpg\" \/>\n<meta name=\"twitter:site\" content=\"@macccb_museu\" \/>\n<meta name=\"twitter:label1\" content=\"Est. reading time\" \/>\n\t<meta name=\"twitter:data1\" content=\"2 minutes\" \/>\n<script type=\"application\/ld+json\" class=\"yoast-schema-graph\">{\"@context\":\"https:\/\/schema.org\",\"@graph\":[{\"@type\":\"WebPage\",\"@id\":\"https:\/\/www.ccb.pt\/en\/evento\/christmas-concert-bachs-mass-in-b-minor\/\",\"url\":\"https:\/\/www.ccb.pt\/en\/evento\/christmas-concert-bachs-mass-in-b-minor\/\",\"name\":\"Christmas Concert \u2014 Bach\u2019s Mass in B minor - Centro Cultural de Bel\u00e9m Foundation\",\"isPartOf\":{\"@id\":\"https:\/\/www.ccb.pt\/#website\"},\"primaryImageOfPage\":{\"@id\":\"https:\/\/www.ccb.pt\/en\/evento\/christmas-concert-bachs-mass-in-b-minor\/#primaryimage\"},\"image\":{\"@id\":\"https:\/\/www.ccb.pt\/en\/evento\/christmas-concert-bachs-mass-in-b-minor\/#primaryimage\"},\"thumbnailUrl\":\"https:\/\/www.ccb.pt\/wp-content\/uploads\/2026\/05\/2000x940_ConcertoDeNatal.jpg\",\"datePublished\":\"2026-06-18T07:46:03+00:00\",\"dateModified\":\"2026-09-01T10:42:54+00:00\",\"description\":\"Pela Orquestra Sinf\u00f3nica Portuguesa e pelo Coro do Teatro Nacional de S\u00e3o Carlos.\",\"breadcrumb\":{\"@id\":\"https:\/\/www.ccb.pt\/en\/evento\/christmas-concert-bachs-mass-in-b-minor\/#breadcrumb\"},\"inLanguage\":\"en-US\",\"potentialAction\":[{\"@type\":\"ReadAction\",\"target\":[\"https:\/\/www.ccb.pt\/en\/evento\/christmas-concert-bachs-mass-in-b-minor\/\"]}]},{\"@type\":\"ImageObject\",\"inLanguage\":\"en-US\",\"@id\":\"https:\/\/www.ccb.pt\/en\/evento\/christmas-concert-bachs-mass-in-b-minor\/#primaryimage\",\"url\":\"https:\/\/www.ccb.pt\/wp-content\/uploads\/2026\/05\/2000x940_ConcertoDeNatal.jpg\",\"contentUrl\":\"https:\/\/www.ccb.pt\/wp-content\/uploads\/2026\/05\/2000x940_ConcertoDeNatal.jpg\",\"width\":2000,\"height\":940,\"caption\":\"Foto em preto e branco de uma mulher sorridente e crian\u00e7as em ambiente externo, com uma idosa no fundo ao centro e pessoas ao redor, expressando carinho e aten\u00e7\u00e3o.\"},{\"@type\":\"BreadcrumbList\",\"@id\":\"https:\/\/www.ccb.pt\/en\/evento\/christmas-concert-bachs-mass-in-b-minor\/#breadcrumb\",\"itemListElement\":[{\"@type\":\"ListItem\",\"position\":1,\"name\":\"Home\",\"item\":\"https:\/\/www.ccb.pt\/en\/\"},{\"@type\":\"ListItem\",\"position\":2,\"name\":\"Eventos\",\"item\":\"https:\/\/www.ccb.pt\/eventos\/\"},{\"@type\":\"ListItem\",\"position\":3,\"name\":\"Christmas Concert \u2014 Bach\u2019s Mass in B minor\"}]},{\"@type\":\"WebSite\",\"@id\":\"https:\/\/www.ccb.pt\/#website\",\"url\":\"https:\/\/www.ccb.pt\/\",\"name\":\"Centro Cultural de Bel\u00e9m Foundation\",\"description\":\"\",\"publisher\":{\"@id\":\"https:\/\/www.ccb.pt\/#organization\"},\"potentialAction\":[{\"@type\":\"SearchAction\",\"target\":{\"@type\":\"EntryPoint\",\"urlTemplate\":\"https:\/\/www.ccb.pt\/?s={search_term_string}\"},\"query-input\":\"required name=search_term_string\"}],\"inLanguage\":\"en-US\"},{\"@type\":\"Organization\",\"@id\":\"https:\/\/www.ccb.pt\/#organization\",\"name\":\"Centro Cultural de Bel\u00e9m Foundation\",\"url\":\"https:\/\/www.ccb.pt\/\",\"logo\":{\"@type\":\"ImageObject\",\"inLanguage\":\"en-US\",\"@id\":\"https:\/\/www.ccb.pt\/#\/schema\/logo\/image\/\",\"url\":\"https:\/\/www.ccb.pt\/wp-content\/uploads\/2022\/05\/1_ccb.png\",\"contentUrl\":\"https:\/\/www.ccb.pt\/wp-content\/uploads\/2022\/05\/1_ccb.png\",\"width\":126,\"height\":100,\"caption\":\"Centro Cultural de Bel\u00e9m Foundation\"},\"image\":{\"@id\":\"https:\/\/www.ccb.pt\/#\/schema\/logo\/image\/\"},\"sameAs\":[\"https:\/\/twitter.com\/macccb_museu\"]}]}<\/script>\n<!-- \/ Yoast SEO plugin. -->","yoast_head_json":{"title":"Christmas Concert \u2014 Bach\u2019s Mass in B minor - Centro Cultural de Bel\u00e9m Foundation","description":"Pela Orquestra Sinf\u00f3nica Portuguesa e pelo Coro do Teatro Nacional de S\u00e3o Carlos.","robots":{"index":"index","follow":"follow","max-snippet":"max-snippet:-1","max-image-preview":"max-image-preview:large","max-video-preview":"max-video-preview:-1"},"canonical":"https:\/\/www.ccb.pt\/en\/evento\/christmas-concert-bachs-mass-in-b-minor\/","og_locale":"en_US","og_type":"article","og_title":"Concerto de Natal \u2014 Missa em Si menor de Bach | CCB","og_description":"Pela Orquestra Sinf\u00f3nica Portuguesa e pelo Coro do Teatro Nacional de S\u00e3o Carlos.","og_url":"https:\/\/www.ccb.pt\/en\/evento\/christmas-concert-bachs-mass-in-b-minor\/","og_site_name":"Centro Cultural de Bel\u00e9m Foundation","article_modified_time":"2026-09-01T10:42:54+00:00","og_image":[{"width":2000,"height":940,"url":"https:\/\/www.ccb.pt\/wp-content\/uploads\/2026\/05\/2000x940_ConcertoDeNatal.jpg","type":"image\/jpeg"}],"twitter_card":"summary_large_image","twitter_title":"Concerto de Natal \u2014 Missa em Si menor de Bach | CCB","twitter_description":"Pela Orquestra Sinf\u00f3nica Portuguesa e pelo Coro do Teatro Nacional de S\u00e3o Carlos.","twitter_image":"https:\/\/www.ccb.pt\/wp-content\/uploads\/2026\/05\/2000x940_ConcertoDeNatal.jpg","twitter_site":"@macccb_museu","twitter_misc":{"Est. reading time":"2 minutes"},"schema":{"@context":"https:\/\/schema.org","@graph":[{"@type":"WebPage","@id":"https:\/\/www.ccb.pt\/en\/evento\/christmas-concert-bachs-mass-in-b-minor\/","url":"https:\/\/www.ccb.pt\/en\/evento\/christmas-concert-bachs-mass-in-b-minor\/","name":"Christmas Concert \u2014 Bach\u2019s Mass in B minor - Centro Cultural de Bel\u00e9m Foundation","isPartOf":{"@id":"https:\/\/www.ccb.pt\/#website"},"primaryImageOfPage":{"@id":"https:\/\/www.ccb.pt\/en\/evento\/christmas-concert-bachs-mass-in-b-minor\/#primaryimage"},"image":{"@id":"https:\/\/www.ccb.pt\/en\/evento\/christmas-concert-bachs-mass-in-b-minor\/#primaryimage"},"thumbnailUrl":"https:\/\/www.ccb.pt\/wp-content\/uploads\/2026\/05\/2000x940_ConcertoDeNatal.jpg","datePublished":"2026-06-18T07:46:03+00:00","dateModified":"2026-09-01T10:42:54+00:00","description":"Pela Orquestra Sinf\u00f3nica Portuguesa e pelo Coro do Teatro Nacional de S\u00e3o Carlos.","breadcrumb":{"@id":"https:\/\/www.ccb.pt\/en\/evento\/christmas-concert-bachs-mass-in-b-minor\/#breadcrumb"},"inLanguage":"en-US","potentialAction":[{"@type":"ReadAction","target":["https:\/\/www.ccb.pt\/en\/evento\/christmas-concert-bachs-mass-in-b-minor\/"]}]},{"@type":"ImageObject","inLanguage":"en-US","@id":"https:\/\/www.ccb.pt\/en\/evento\/christmas-concert-bachs-mass-in-b-minor\/#primaryimage","url":"https:\/\/www.ccb.pt\/wp-content\/uploads\/2026\/05\/2000x940_ConcertoDeNatal.jpg","contentUrl":"https:\/\/www.ccb.pt\/wp-content\/uploads\/2026\/05\/2000x940_ConcertoDeNatal.jpg","width":2000,"height":940,"caption":"Foto em preto e branco de uma mulher sorridente e crian\u00e7as em ambiente externo, com uma idosa no fundo ao centro e pessoas ao redor, expressando carinho e aten\u00e7\u00e3o."},{"@type":"BreadcrumbList","@id":"https:\/\/www.ccb.pt\/en\/evento\/christmas-concert-bachs-mass-in-b-minor\/#breadcrumb","itemListElement":[{"@type":"ListItem","position":1,"name":"Home","item":"https:\/\/www.ccb.pt\/en\/"},{"@type":"ListItem","position":2,"name":"Eventos","item":"https:\/\/www.ccb.pt\/eventos\/"},{"@type":"ListItem","position":3,"name":"Christmas Concert \u2014 Bach\u2019s Mass in B minor"}]},{"@type":"WebSite","@id":"https:\/\/www.ccb.pt\/#website","url":"https:\/\/www.ccb.pt\/","name":"Centro Cultural de Bel\u00e9m Foundation","description":"","publisher":{"@id":"https:\/\/www.ccb.pt\/#organization"},"potentialAction":[{"@type":"SearchAction","target":{"@type":"EntryPoint","urlTemplate":"https:\/\/www.ccb.pt\/?s={search_term_string}"},"query-input":"required name=search_term_string"}],"inLanguage":"en-US"},{"@type":"Organization","@id":"https:\/\/www.ccb.pt\/#organization","name":"Centro Cultural de Bel\u00e9m Foundation","url":"https:\/\/www.ccb.pt\/","logo":{"@type":"ImageObject","inLanguage":"en-US","@id":"https:\/\/www.ccb.pt\/#\/schema\/logo\/image\/","url":"https:\/\/www.ccb.pt\/wp-content\/uploads\/2022\/05\/1_ccb.png","contentUrl":"https:\/\/www.ccb.pt\/wp-content\/uploads\/2022\/05\/1_ccb.png","width":126,"height":100,"caption":"Centro Cultural de Bel\u00e9m Foundation"},"image":{"@id":"https:\/\/www.ccb.pt\/#\/schema\/logo\/image\/"},"sameAs":["https:\/\/twitter.com\/macccb_museu"]}]}},"_links":{"self":[{"href":"https:\/\/www.ccb.pt\/en\/wp-json\/wp\/v2\/tribe_events\/298849"}],"collection":[{"href":"https:\/\/www.ccb.pt\/en\/wp-json\/wp\/v2\/tribe_events"}],"about":[{"href":"https:\/\/www.ccb.pt\/en\/wp-json\/wp\/v2\/types\/tribe_events"}],"author":[{"embeddable":true,"href":"https:\/\/www.ccb.pt\/en\/wp-json\/wp\/v2\/users\/6"}],"replies":[{"embeddable":true,"href":"https:\/\/www.ccb.pt\/en\/wp-json\/wp\/v2\/comments?post=298849"}],"version-history":[{"count":2,"href":"https:\/\/www.ccb.pt\/en\/wp-json\/wp\/v2\/tribe_events\/298849\/revisions"}],"predecessor-version":[{"id":298851,"href":"https:\/\/www.ccb.pt\/en\/wp-json\/wp\/v2\/tribe_events\/298849\/revisions\/298851"}],"wp:featuredmedia":[{"embeddable":true,"href":"https:\/\/www.ccb.pt\/en\/wp-json\/wp\/v2\/media\/288293"}],"wp:attachment":[{"href":"https:\/\/www.ccb.pt\/en\/wp-json\/wp\/v2\/media?parent=298849"}],"wp:term":[{"taxonomy":"tribe_events_cat","embeddable":true,"href":"https:\/\/www.ccb.pt\/en\/wp-json\/wp\/v2\/tribe_events_cat?post=298849"},{"taxonomy":"tags_tema","embeddable":true,"href":"https:\/\/www.ccb.pt\/en\/wp-json\/wp\/v2\/tags_tema?post=298849"},{"taxonomy":"idades","embeddable":true,"href":"https:\/\/www.ccb.pt\/en\/wp-json\/wp\/v2\/idades?post=298849"},{"taxonomy":"tipos","embeddable":true,"href":"https:\/\/www.ccb.pt\/en\/wp-json\/wp\/v2\/tipos?post=298849"},{"taxonomy":"temas","embeddable":true,"href":"https:\/\/www.ccb.pt\/en\/wp-json\/wp\/v2\/temas?post=298849"},{"taxonomy":"categorias_hubspot","embeddable":true,"href":"https:\/\/www.ccb.pt\/en\/wp-json\/wp\/v2\/categorias_hubspot?post=298849"}],"curies":[{"name":"wp","href":"https:\/\/api.w.org\/{rel}","templated":true}]}}