    {"id":298840,"date":"2026-06-18T08:40:46","date_gmt":"2026-06-18T07:40:46","guid":{"rendered":"https:\/\/www.ccb.pt\/evento\/sergio-godinho-em-80-cancoes-ciclo-de-conferencias\/?eventDate=2026-10-15"},"modified":"2026-06-18T08:40:46","modified_gmt":"2026-06-18T07:40:46","slug":"sergio-godinho-em-80-cancoes-ciclo-de-conferencias-2026-10-15","status":"publish","type":"tribe_events","link":"https:\/\/www.ccb.pt\/en\/evento\/sergio-godinho-em-80-cancoes-ciclo-de-conferencias\/2026-10-15\/","title":{"rendered":"S\u00e9rgio Godinho em 80 Can\u00e7\u00f5es"},"content":{"rendered":"<p>Eighteen albums of original songs released over the course of almost half a century, comprising nearly two hundred songs. A singular presence and an enduring influence. A body of writing as unmistakable as it is multifaceted. An intense life on stage, where songs are continually reimagined\u2014often in radical ways\u2014for new audiences. A lasting commitment to the work of fellow songwriters, shaped by a perspective that brings together artistic maturity and the elixir of eternal youth. More than eighty years into a rich and remarkable life, this is a celebration of S\u00e9rgio Godinho through eighty songs.<\/p>\n","protected":false},"excerpt":{"rendered":"<p>Eighteen albums of original songs released over the course of almost half a century, comprising nearly two hundred songs. A singular presence and an enduring influence. A body of writing as unmistakable as it is multifaceted. An intense life on stage, where songs are continually reimagined\u2014often in radical ways\u2014for new audiences. A lasting commitment to [&hellip;]<\/p>\n","protected":false},"author":6,"featured_media":296464,"comment_status":"closed","ping_status":"closed","template":"","meta":{"_relevanssi_hide_post":"","_relevanssi_pin_for_all":"on","_relevanssi_pin_keywords":"","_relevanssi_unpin_keywords":"","_relevanssi_related_keywords":"","_relevanssi_related_include_ids":"","_relevanssi_related_exclude_ids":"","_relevanssi_related_no_append":"","_relevanssi_related_not_related":"","_relevanssi_related_posts":"","_relevanssi_noindex_reason":""},"tribe_events_cat":[718,661],"tags_tema":[],"idades":[392],"tipos":[],"temas":[],"categorias_hubspot":[],"acf":[],"yoast_head":"<!-- This site is optimized with the Yoast SEO plugin v22.3 - https:\/\/yoast.com\/wordpress\/plugins\/seo\/ -->\n<title>S\u00e9rgio Godinho em 80 Can\u00e7\u00f5es - Centro Cultural de Bel\u00e9m Foundation<\/title>\n<meta name=\"description\" content=\"Passados os 80 anos duma vida cheia, a celebra\u00e7\u00e3o de S\u00e9rgio Godinho em 80 can\u00e7\u00f5es.\" \/>\n<meta name=\"robots\" content=\"index, follow, max-snippet:-1, max-image-preview:large, max-video-preview:-1\" \/>\n<link rel=\"canonical\" href=\"https:\/\/www.ccb.pt\/en\/evento\/sergio-godinho-em-80-cancoes-ciclo-de-conferencias\/2026-10-15\/\" \/>\n<meta property=\"og:locale\" content=\"en_US\" \/>\n<meta property=\"og:type\" content=\"article\" \/>\n<meta property=\"og:title\" content=\"S\u00e9rgio Godinho em 80 Can\u00e7\u00f5es | CCB\" \/>\n<meta property=\"og:description\" content=\"Passados os 80 anos duma vida cheia, a celebra\u00e7\u00e3o de S\u00e9rgio Godinho em 80 can\u00e7\u00f5es.\" \/>\n<meta property=\"og:url\" content=\"https:\/\/www.ccb.pt\/en\/evento\/sergio-godinho-em-80-cancoes-ciclo-de-conferencias\/2026-10-15\/\" \/>\n<meta property=\"og:site_name\" content=\"Centro Cultural de Bel\u00e9m Foundation\" \/>\n<meta property=\"og:image\" content=\"https:\/\/www.ccb.pt\/wp-content\/uploads\/2026\/06\/2000x940_David-Ferreira_LeonardoLadeira.jpg\" \/>\n\t<meta property=\"og:image:width\" content=\"2000\" \/>\n\t<meta property=\"og:image:height\" content=\"940\" \/>\n\t<meta property=\"og:image:type\" content=\"image\/jpeg\" \/>\n<meta name=\"twitter:card\" content=\"summary_large_image\" \/>\n<meta name=\"twitter:title\" content=\"S\u00e9rgio Godinho em 80 Can\u00e7\u00f5es | CCB\" \/>\n<meta name=\"twitter:description\" content=\"Passados os 80 anos duma vida cheia, a celebra\u00e7\u00e3o de S\u00e9rgio Godinho em 80 can\u00e7\u00f5es.\" \/>\n<meta name=\"twitter:image\" content=\"https:\/\/www.ccb.pt\/wp-content\/uploads\/2026\/06\/2000x940_David-Ferreira_LeonardoLadeira.jpg\" \/>\n<meta name=\"twitter:site\" content=\"@macccb_museu\" \/>\n<meta name=\"twitter:label1\" content=\"Est. reading time\" \/>\n\t<meta name=\"twitter:data1\" content=\"1 minute\" \/>\n<script type=\"application\/ld+json\" class=\"yoast-schema-graph\">{\"@context\":\"https:\/\/schema.org\",\"@graph\":[{\"@type\":\"WebPage\",\"@id\":\"https:\/\/www.ccb.pt\/en\/evento\/sergio-godinho-em-80-cancoes-ciclo-de-conferencias\/2026-10-15\/\",\"url\":\"https:\/\/www.ccb.pt\/en\/evento\/sergio-godinho-em-80-cancoes-ciclo-de-conferencias\/2026-10-15\/\",\"name\":\"S\u00e9rgio Godinho em 80 Can\u00e7\u00f5es - Centro Cultural de Bel\u00e9m Foundation\",\"isPartOf\":{\"@id\":\"https:\/\/www.ccb.pt\/#website\"},\"primaryImageOfPage\":{\"@id\":\"https:\/\/www.ccb.pt\/en\/evento\/sergio-godinho-em-80-cancoes-ciclo-de-conferencias\/2026-10-15\/#primaryimage\"},\"image\":{\"@id\":\"https:\/\/www.ccb.pt\/en\/evento\/sergio-godinho-em-80-cancoes-ciclo-de-conferencias\/2026-10-15\/#primaryimage\"},\"thumbnailUrl\":\"https:\/\/www.ccb.pt\/wp-content\/uploads\/2026\/06\/2000x940_David-Ferreira_LeonardoLadeira.jpg\",\"datePublished\":\"2026-06-18T07:40:46+00:00\",\"dateModified\":\"2026-06-18T07:40:46+00:00\",\"description\":\"Passados os 80 anos duma vida cheia, a celebra\u00e7\u00e3o de S\u00e9rgio Godinho em 80 can\u00e7\u00f5es.\",\"breadcrumb\":{\"@id\":\"https:\/\/www.ccb.pt\/en\/evento\/sergio-godinho-em-80-cancoes-ciclo-de-conferencias\/2026-10-15\/#breadcrumb\"},\"inLanguage\":\"en-US\",\"potentialAction\":[{\"@type\":\"ReadAction\",\"target\":[\"https:\/\/www.ccb.pt\/en\/evento\/sergio-godinho-em-80-cancoes-ciclo-de-conferencias\/2026-10-15\/\"]}]},{\"@type\":\"ImageObject\",\"inLanguage\":\"en-US\",\"@id\":\"https:\/\/www.ccb.pt\/en\/evento\/sergio-godinho-em-80-cancoes-ciclo-de-conferencias\/2026-10-15\/#primaryimage\",\"url\":\"https:\/\/www.ccb.pt\/wp-content\/uploads\/2026\/06\/2000x940_David-Ferreira_LeonardoLadeira.jpg\",\"contentUrl\":\"https:\/\/www.ccb.pt\/wp-content\/uploads\/2026\/06\/2000x940_David-Ferreira_LeonardoLadeira.jpg\",\"width\":2000,\"height\":940,\"caption\":\"David Ferreira\"},{\"@type\":\"BreadcrumbList\",\"@id\":\"https:\/\/www.ccb.pt\/en\/evento\/sergio-godinho-em-80-cancoes-ciclo-de-conferencias\/2026-10-15\/#breadcrumb\",\"itemListElement\":[{\"@type\":\"ListItem\",\"position\":1,\"name\":\"Home\",\"item\":\"https:\/\/www.ccb.pt\/en\/\"},{\"@type\":\"ListItem\",\"position\":2,\"name\":\"Eventos\",\"item\":\"https:\/\/www.ccb.pt\/eventos\/\"},{\"@type\":\"ListItem\",\"position\":3,\"name\":\"S\u00e9rgio Godinho em 80 Can\u00e7\u00f5es\",\"item\":\"https:\/\/www.ccb.pt\/en\/evento\/sergio-godinho-em-80-cancoes-ciclo-de-conferencias\/2026-10-08\/\"},{\"@type\":\"ListItem\",\"position\":4,\"name\":\"S\u00e9rgio Godinho em 80 Can\u00e7\u00f5es\"}]},{\"@type\":\"WebSite\",\"@id\":\"https:\/\/www.ccb.pt\/#website\",\"url\":\"https:\/\/www.ccb.pt\/\",\"name\":\"Centro Cultural de Bel\u00e9m Foundation\",\"description\":\"\",\"publisher\":{\"@id\":\"https:\/\/www.ccb.pt\/#organization\"},\"potentialAction\":[{\"@type\":\"SearchAction\",\"target\":{\"@type\":\"EntryPoint\",\"urlTemplate\":\"https:\/\/www.ccb.pt\/?s={search_term_string}\"},\"query-input\":\"required name=search_term_string\"}],\"inLanguage\":\"en-US\"},{\"@type\":\"Organization\",\"@id\":\"https:\/\/www.ccb.pt\/#organization\",\"name\":\"Centro Cultural de Bel\u00e9m Foundation\",\"url\":\"https:\/\/www.ccb.pt\/\",\"logo\":{\"@type\":\"ImageObject\",\"inLanguage\":\"en-US\",\"@id\":\"https:\/\/www.ccb.pt\/#\/schema\/logo\/image\/\",\"url\":\"https:\/\/www.ccb.pt\/wp-content\/uploads\/2022\/05\/1_ccb.png\",\"contentUrl\":\"https:\/\/www.ccb.pt\/wp-content\/uploads\/2022\/05\/1_ccb.png\",\"width\":126,\"height\":100,\"caption\":\"Centro Cultural de Bel\u00e9m Foundation\"},\"image\":{\"@id\":\"https:\/\/www.ccb.pt\/#\/schema\/logo\/image\/\"},\"sameAs\":[\"https:\/\/twitter.com\/macccb_museu\"]}]}<\/script>\n<!-- \/ Yoast SEO plugin. -->","yoast_head_json":{"title":"S\u00e9rgio Godinho em 80 Can\u00e7\u00f5es - Centro Cultural de Bel\u00e9m Foundation","description":"Passados os 80 anos duma vida cheia, a celebra\u00e7\u00e3o de S\u00e9rgio Godinho em 80 can\u00e7\u00f5es.","robots":{"index":"index","follow":"follow","max-snippet":"max-snippet:-1","max-image-preview":"max-image-preview:large","max-video-preview":"max-video-preview:-1"},"canonical":"https:\/\/www.ccb.pt\/en\/evento\/sergio-godinho-em-80-cancoes-ciclo-de-conferencias\/2026-10-15\/","og_locale":"en_US","og_type":"article","og_title":"S\u00e9rgio Godinho em 80 Can\u00e7\u00f5es | CCB","og_description":"Passados os 80 anos duma vida cheia, a celebra\u00e7\u00e3o de S\u00e9rgio Godinho em 80 can\u00e7\u00f5es.","og_url":"https:\/\/www.ccb.pt\/en\/evento\/sergio-godinho-em-80-cancoes-ciclo-de-conferencias\/2026-10-15\/","og_site_name":"Centro Cultural de Bel\u00e9m Foundation","og_image":[{"width":2000,"height":940,"url":"https:\/\/www.ccb.pt\/wp-content\/uploads\/2026\/06\/2000x940_David-Ferreira_LeonardoLadeira.jpg","type":"image\/jpeg"}],"twitter_card":"summary_large_image","twitter_title":"S\u00e9rgio Godinho em 80 Can\u00e7\u00f5es | CCB","twitter_description":"Passados os 80 anos duma vida cheia, a celebra\u00e7\u00e3o de S\u00e9rgio Godinho em 80 can\u00e7\u00f5es.","twitter_image":"https:\/\/www.ccb.pt\/wp-content\/uploads\/2026\/06\/2000x940_David-Ferreira_LeonardoLadeira.jpg","twitter_site":"@macccb_museu","twitter_misc":{"Est. reading time":"1 minute"},"schema":{"@context":"https:\/\/schema.org","@graph":[{"@type":"WebPage","@id":"https:\/\/www.ccb.pt\/en\/evento\/sergio-godinho-em-80-cancoes-ciclo-de-conferencias\/2026-10-15\/","url":"https:\/\/www.ccb.pt\/en\/evento\/sergio-godinho-em-80-cancoes-ciclo-de-conferencias\/2026-10-15\/","name":"S\u00e9rgio Godinho em 80 Can\u00e7\u00f5es - Centro Cultural de Bel\u00e9m Foundation","isPartOf":{"@id":"https:\/\/www.ccb.pt\/#website"},"primaryImageOfPage":{"@id":"https:\/\/www.ccb.pt\/en\/evento\/sergio-godinho-em-80-cancoes-ciclo-de-conferencias\/2026-10-15\/#primaryimage"},"image":{"@id":"https:\/\/www.ccb.pt\/en\/evento\/sergio-godinho-em-80-cancoes-ciclo-de-conferencias\/2026-10-15\/#primaryimage"},"thumbnailUrl":"https:\/\/www.ccb.pt\/wp-content\/uploads\/2026\/06\/2000x940_David-Ferreira_LeonardoLadeira.jpg","datePublished":"2026-06-18T07:40:46+00:00","dateModified":"2026-06-18T07:40:46+00:00","description":"Passados os 80 anos duma vida cheia, a celebra\u00e7\u00e3o de S\u00e9rgio Godinho em 80 can\u00e7\u00f5es.","breadcrumb":{"@id":"https:\/\/www.ccb.pt\/en\/evento\/sergio-godinho-em-80-cancoes-ciclo-de-conferencias\/2026-10-15\/#breadcrumb"},"inLanguage":"en-US","potentialAction":[{"@type":"ReadAction","target":["https:\/\/www.ccb.pt\/en\/evento\/sergio-godinho-em-80-cancoes-ciclo-de-conferencias\/2026-10-15\/"]}]},{"@type":"ImageObject","inLanguage":"en-US","@id":"https:\/\/www.ccb.pt\/en\/evento\/sergio-godinho-em-80-cancoes-ciclo-de-conferencias\/2026-10-15\/#primaryimage","url":"https:\/\/www.ccb.pt\/wp-content\/uploads\/2026\/06\/2000x940_David-Ferreira_LeonardoLadeira.jpg","contentUrl":"https:\/\/www.ccb.pt\/wp-content\/uploads\/2026\/06\/2000x940_David-Ferreira_LeonardoLadeira.jpg","width":2000,"height":940,"caption":"David Ferreira"},{"@type":"BreadcrumbList","@id":"https:\/\/www.ccb.pt\/en\/evento\/sergio-godinho-em-80-cancoes-ciclo-de-conferencias\/2026-10-15\/#breadcrumb","itemListElement":[{"@type":"ListItem","position":1,"name":"Home","item":"https:\/\/www.ccb.pt\/en\/"},{"@type":"ListItem","position":2,"name":"Eventos","item":"https:\/\/www.ccb.pt\/eventos\/"},{"@type":"ListItem","position":3,"name":"S\u00e9rgio Godinho em 80 Can\u00e7\u00f5es","item":"https:\/\/www.ccb.pt\/en\/evento\/sergio-godinho-em-80-cancoes-ciclo-de-conferencias\/2026-10-08\/"},{"@type":"ListItem","position":4,"name":"S\u00e9rgio Godinho em 80 Can\u00e7\u00f5es"}]},{"@type":"WebSite","@id":"https:\/\/www.ccb.pt\/#website","url":"https:\/\/www.ccb.pt\/","name":"Centro Cultural de Bel\u00e9m Foundation","description":"","publisher":{"@id":"https:\/\/www.ccb.pt\/#organization"},"potentialAction":[{"@type":"SearchAction","target":{"@type":"EntryPoint","urlTemplate":"https:\/\/www.ccb.pt\/?s={search_term_string}"},"query-input":"required name=search_term_string"}],"inLanguage":"en-US"},{"@type":"Organization","@id":"https:\/\/www.ccb.pt\/#organization","name":"Centro Cultural de Bel\u00e9m Foundation","url":"https:\/\/www.ccb.pt\/","logo":{"@type":"ImageObject","inLanguage":"en-US","@id":"https:\/\/www.ccb.pt\/#\/schema\/logo\/image\/","url":"https:\/\/www.ccb.pt\/wp-content\/uploads\/2022\/05\/1_ccb.png","contentUrl":"https:\/\/www.ccb.pt\/wp-content\/uploads\/2022\/05\/1_ccb.png","width":126,"height":100,"caption":"Centro Cultural de Bel\u00e9m Foundation"},"image":{"@id":"https:\/\/www.ccb.pt\/#\/schema\/logo\/image\/"},"sameAs":["https:\/\/twitter.com\/macccb_museu"]}]}},"_links":{"self":[{"href":"https:\/\/www.ccb.pt\/en\/wp-json\/wp\/v2\/tribe_events\/298840"}],"collection":[{"href":"https:\/\/www.ccb.pt\/en\/wp-json\/wp\/v2\/tribe_events"}],"about":[{"href":"https:\/\/www.ccb.pt\/en\/wp-json\/wp\/v2\/types\/tribe_events"}],"author":[{"embeddable":true,"href":"https:\/\/www.ccb.pt\/en\/wp-json\/wp\/v2\/users\/6"}],"replies":[{"embeddable":true,"href":"https:\/\/www.ccb.pt\/en\/wp-json\/wp\/v2\/comments?post=298840"}],"version-history":[{"count":0,"href":"https:\/\/www.ccb.pt\/en\/wp-json\/wp\/v2\/tribe_events\/298840\/revisions"}],"wp:featuredmedia":[{"embeddable":true,"href":"https:\/\/www.ccb.pt\/en\/wp-json\/wp\/v2\/media\/296464"}],"wp:attachment":[{"href":"https:\/\/www.ccb.pt\/en\/wp-json\/wp\/v2\/media?parent=298840"}],"wp:term":[{"taxonomy":"tribe_events_cat","embeddable":true,"href":"https:\/\/www.ccb.pt\/en\/wp-json\/wp\/v2\/tribe_events_cat?post=298840"},{"taxonomy":"tags_tema","embeddable":true,"href":"https:\/\/www.ccb.pt\/en\/wp-json\/wp\/v2\/tags_tema?post=298840"},{"taxonomy":"idades","embeddable":true,"href":"https:\/\/www.ccb.pt\/en\/wp-json\/wp\/v2\/idades?post=298840"},{"taxonomy":"tipos","embeddable":true,"href":"https:\/\/www.ccb.pt\/en\/wp-json\/wp\/v2\/tipos?post=298840"},{"taxonomy":"temas","embeddable":true,"href":"https:\/\/www.ccb.pt\/en\/wp-json\/wp\/v2\/temas?post=298840"},{"taxonomy":"categorias_hubspot","embeddable":true,"href":"https:\/\/www.ccb.pt\/en\/wp-json\/wp\/v2\/categorias_hubspot?post=298840"}],"curies":[{"name":"wp","href":"https:\/\/api.w.org\/{rel}","templated":true}]}}