    {"id":29695,"date":"2021-01-07T15:50:23","date_gmt":"2021-01-07T15:50:23","guid":{"rendered":"https:\/\/www.ccb.pt\/evento\/bernardo-chatillon\/"},"modified":"2021-05-05T15:49:43","modified_gmt":"2021-05-05T14:49:43","slug":"bernardo-chatillon","status":"publish","type":"tribe_events","link":"https:\/\/www.ccb.pt\/en\/evento\/bernardo-chatillon\/2021-06-04\/","title":{"rendered":"Bernardo Chatillon"},"content":{"rendered":"<p>From poetry to trickery, from the magic object to occult systems, from inoffensive entertainment to domination, <em>Reindeer Age<\/em> #0 investigates exactly what delights us today. As we enter into this age, we are welcomed by the notion of a beginning, where everything first started, showing us what lies behind the curtains. And it is a question of being very specific: of becoming a vehicle, a receiver or an intermediary for materialising an intuition. History does not give me the freedom to act, it inserts me in a pre-defined context which tells me that, as a human being, I am inserted in linear time and in the logic of events.<\/p>\n<p>But time is not always linear.<\/p>\n<p>Dante went down into the Inferno. I\u2019m going to the <em>Reindeer Age<\/em> to find what I thought was separate. &#8211; <strong>Bernardo Chatillon<\/strong><\/p>\n<p>&nbsp;<\/p>\n<p><strong>Co-presentattion<\/strong><\/p>\n<p><img decoding=\"async\" class=\"alignnone wp-image-42614\" src=\"https:\/\/www.ccb.pt\/wp-content\/uploads\/2021\/05\/TBA_EGEAC_Preto-1024x137.png\" alt=\"Teatro do Bairro Alto\" width=\"410\" height=\"55\" srcset=\"https:\/\/www.ccb.pt\/wp-content\/uploads\/2021\/05\/TBA_EGEAC_Preto-1024x137.png 1024w, https:\/\/www.ccb.pt\/wp-content\/uploads\/2021\/05\/TBA_EGEAC_Preto-300x40.png 300w, https:\/\/www.ccb.pt\/wp-content\/uploads\/2021\/05\/TBA_EGEAC_Preto-768x102.png 768w, https:\/\/www.ccb.pt\/wp-content\/uploads\/2021\/05\/TBA_EGEAC_Preto-1536x205.png 1536w, https:\/\/www.ccb.pt\/wp-content\/uploads\/2021\/05\/TBA_EGEAC_Preto-2048x273.png 2048w\" sizes=\"(max-width: 410px) 100vw, 410px\" \/><\/p>\n<p>&nbsp;<\/p>\n","protected":false},"excerpt":{"rendered":"<p>From poetry to trickery, from the magic object to occult systems, from inoffensive entertainment to domination, Reindeer Age #0 investigates exactly what delights us today. As we enter into this age, we are welcomed by the notion of a beginning, where everything first started, showing us what lies behind the curtains. And it is a [&hellip;]<\/p>\n","protected":false},"author":6,"featured_media":29674,"comment_status":"open","ping_status":"closed","template":"","meta":{"_relevanssi_hide_post":"","_relevanssi_pin_for_all":"","_relevanssi_pin_keywords":"","_relevanssi_unpin_keywords":"","_relevanssi_related_keywords":"","_relevanssi_related_include_ids":"","_relevanssi_related_exclude_ids":"","_relevanssi_related_no_append":"","_relevanssi_related_not_related":"","_relevanssi_related_posts":"","_relevanssi_noindex_reason":""},"tribe_events_cat":[23],"tags_tema":[],"idades":[392],"tipos":[],"temas":[],"categorias_hubspot":[],"acf":[],"yoast_head":"<!-- This site is optimized with the Yoast SEO plugin v22.3 - https:\/\/yoast.com\/wordpress\/plugins\/seo\/ -->\n<title>Bernardo Chatillon - Centro Cultural de Bel\u00e9m Foundation<\/title>\n<meta name=\"description\" content=\"Da poesia ao artif\u00edcio, do objeto m\u00e1gico aos sistemas ocultos, da distra\u00e7\u00e3o inofensiva \u00e0 domina\u00e7\u00e30, Reindeer Age #0 investiga o que nos encanta hoje. Ao entrarmos nesta era, somos acolhidos pela no\u00e7\u00e3o de princ\u00edpio, onde tudo come\u00e7ou, o que est\u00e1 por tr\u00e1s das cortinas. E trata-se de ser muito espec\u00edfico: trata-se de se tornar um ve\u00edculo, um receptor ou um intermedi\u00e1rio para materializar uma intui\u00e7\u00e3o. A hist\u00f3ria n\u00e3o me d\u00e1 liberdade para agir, ela insere-me num contexto pr\u00e9-definido que me diz que eu enquanto humano estou inserido no tempo linear e na l\u00f3gica dos acontecimentos.\" \/>\n<meta name=\"robots\" content=\"index, follow, max-snippet:-1, max-image-preview:large, max-video-preview:-1\" \/>\n<link rel=\"canonical\" href=\"https:\/\/www.ccb.pt\/evento\/bernardo-chatillon\/2021-06-04\/\" \/>\n<meta property=\"og:locale\" content=\"en_US\" \/>\n<meta property=\"og:type\" content=\"article\" \/>\n<meta property=\"og:title\" content=\"Bernardo Chatillon - Centro Cultural de Bel\u00e9m Foundation\" \/>\n<meta property=\"og:description\" content=\"Da poesia ao artif\u00edcio, do objeto m\u00e1gico aos sistemas ocultos, da distra\u00e7\u00e3o inofensiva \u00e0 domina\u00e7\u00e30, Reindeer Age #0 investiga o que nos encanta hoje. Ao entrarmos nesta era, somos acolhidos pela no\u00e7\u00e3o de princ\u00edpio, onde tudo come\u00e7ou, o que est\u00e1 por tr\u00e1s das cortinas. E trata-se de ser muito espec\u00edfico: trata-se de se tornar um ve\u00edculo, um receptor ou um intermedi\u00e1rio para materializar uma intui\u00e7\u00e3o. A hist\u00f3ria n\u00e3o me d\u00e1 liberdade para agir, ela insere-me num contexto pr\u00e9-definido que me diz que eu enquanto humano estou inserido no tempo linear e na l\u00f3gica dos acontecimentos.\" \/>\n<meta property=\"og:url\" content=\"https:\/\/www.ccb.pt\/evento\/bernardo-chatillon\/2021-06-04\/\" \/>\n<meta property=\"og:site_name\" content=\"Centro Cultural de Bel\u00e9m Foundation\" \/>\n<meta property=\"article:modified_time\" content=\"2021-05-05T14:49:43+00:00\" \/>\n<meta property=\"og:image\" content=\"https:\/\/www.ccb.pt\/wp-content\/uploads\/2021\/01\/snREINDEERAGE2_JacinthaNolte.jpg\" \/>\n\t<meta property=\"og:image:width\" content=\"1300\" \/>\n\t<meta property=\"og:image:height\" content=\"618\" \/>\n\t<meta property=\"og:image:type\" content=\"image\/jpeg\" \/>\n<meta name=\"twitter:card\" content=\"summary_large_image\" \/>\n<meta name=\"twitter:site\" content=\"@macccb_museu\" \/>\n<meta name=\"twitter:label1\" content=\"Est. reading time\" \/>\n\t<meta name=\"twitter:data1\" content=\"1 minute\" \/>\n<script type=\"application\/ld+json\" class=\"yoast-schema-graph\">{\"@context\":\"https:\/\/schema.org\",\"@graph\":[{\"@type\":\"WebPage\",\"@id\":\"https:\/\/www.ccb.pt\/evento\/bernardo-chatillon\/2021-06-04\/\",\"url\":\"https:\/\/www.ccb.pt\/evento\/bernardo-chatillon\/2021-06-04\/\",\"name\":\"Bernardo Chatillon - Centro Cultural de Bel\u00e9m Foundation\",\"isPartOf\":{\"@id\":\"https:\/\/www.ccb.pt\/#website\"},\"primaryImageOfPage\":{\"@id\":\"https:\/\/www.ccb.pt\/evento\/bernardo-chatillon\/2021-06-04\/#primaryimage\"},\"image\":{\"@id\":\"https:\/\/www.ccb.pt\/evento\/bernardo-chatillon\/2021-06-04\/#primaryimage\"},\"thumbnailUrl\":\"https:\/\/www.ccb.pt\/wp-content\/uploads\/2021\/01\/snREINDEERAGE2_JacinthaNolte.jpg\",\"datePublished\":\"2021-01-07T15:50:23+00:00\",\"dateModified\":\"2021-05-05T14:49:43+00:00\",\"description\":\"Da poesia ao artif\u00edcio, do objeto m\u00e1gico aos sistemas ocultos, da distra\u00e7\u00e3o inofensiva \u00e0 domina\u00e7\u00e30, Reindeer Age #0 investiga o que nos encanta hoje. Ao entrarmos nesta era, somos acolhidos pela no\u00e7\u00e3o de princ\u00edpio, onde tudo come\u00e7ou, o que est\u00e1 por tr\u00e1s das cortinas. E trata-se de ser muito espec\u00edfico: trata-se de se tornar um ve\u00edculo, um receptor ou um intermedi\u00e1rio para materializar uma intui\u00e7\u00e3o. A hist\u00f3ria n\u00e3o me d\u00e1 liberdade para agir, ela insere-me num contexto pr\u00e9-definido que me diz que eu enquanto humano estou inserido no tempo linear e na l\u00f3gica dos acontecimentos.\",\"breadcrumb\":{\"@id\":\"https:\/\/www.ccb.pt\/evento\/bernardo-chatillon\/2021-06-04\/#breadcrumb\"},\"inLanguage\":\"en-US\",\"potentialAction\":[{\"@type\":\"ReadAction\",\"target\":[\"https:\/\/www.ccb.pt\/evento\/bernardo-chatillon\/2021-06-04\/\"]}]},{\"@type\":\"ImageObject\",\"inLanguage\":\"en-US\",\"@id\":\"https:\/\/www.ccb.pt\/evento\/bernardo-chatillon\/2021-06-04\/#primaryimage\",\"url\":\"https:\/\/www.ccb.pt\/wp-content\/uploads\/2021\/01\/snREINDEERAGE2_JacinthaNolte.jpg\",\"contentUrl\":\"https:\/\/www.ccb.pt\/wp-content\/uploads\/2021\/01\/snREINDEERAGE2_JacinthaNolte.jpg\",\"width\":1300,\"height\":618,\"caption\":\"\u00a9REindeer - Age\"},{\"@type\":\"BreadcrumbList\",\"@id\":\"https:\/\/www.ccb.pt\/evento\/bernardo-chatillon\/2021-06-04\/#breadcrumb\",\"itemListElement\":[{\"@type\":\"ListItem\",\"position\":1,\"name\":\"Home\",\"item\":\"https:\/\/www.ccb.pt\/en\/\"},{\"@type\":\"ListItem\",\"position\":2,\"name\":\"Eventos\",\"item\":\"https:\/\/www.ccb.pt\/eventos\/\"},{\"@type\":\"ListItem\",\"position\":3,\"name\":\"Private: Bernardo Chatillon\"}]},{\"@type\":\"WebSite\",\"@id\":\"https:\/\/www.ccb.pt\/#website\",\"url\":\"https:\/\/www.ccb.pt\/\",\"name\":\"Centro Cultural de Bel\u00e9m Foundation\",\"description\":\"\",\"publisher\":{\"@id\":\"https:\/\/www.ccb.pt\/#organization\"},\"potentialAction\":[{\"@type\":\"SearchAction\",\"target\":{\"@type\":\"EntryPoint\",\"urlTemplate\":\"https:\/\/www.ccb.pt\/?s={search_term_string}\"},\"query-input\":\"required name=search_term_string\"}],\"inLanguage\":\"en-US\"},{\"@type\":\"Organization\",\"@id\":\"https:\/\/www.ccb.pt\/#organization\",\"name\":\"Centro Cultural de Bel\u00e9m Foundation\",\"url\":\"https:\/\/www.ccb.pt\/\",\"logo\":{\"@type\":\"ImageObject\",\"inLanguage\":\"en-US\",\"@id\":\"https:\/\/www.ccb.pt\/#\/schema\/logo\/image\/\",\"url\":\"https:\/\/www.ccb.pt\/wp-content\/uploads\/2022\/05\/1_ccb.png\",\"contentUrl\":\"https:\/\/www.ccb.pt\/wp-content\/uploads\/2022\/05\/1_ccb.png\",\"width\":126,\"height\":100,\"caption\":\"Centro Cultural de Bel\u00e9m Foundation\"},\"image\":{\"@id\":\"https:\/\/www.ccb.pt\/#\/schema\/logo\/image\/\"},\"sameAs\":[\"https:\/\/twitter.com\/macccb_museu\"]}]}<\/script>\n<!-- \/ Yoast SEO plugin. -->","yoast_head_json":{"title":"Bernardo Chatillon - Centro Cultural de Bel\u00e9m Foundation","description":"Da poesia ao artif\u00edcio, do objeto m\u00e1gico aos sistemas ocultos, da distra\u00e7\u00e3o inofensiva \u00e0 domina\u00e7\u00e30, Reindeer Age #0 investiga o que nos encanta hoje. Ao entrarmos nesta era, somos acolhidos pela no\u00e7\u00e3o de princ\u00edpio, onde tudo come\u00e7ou, o que est\u00e1 por tr\u00e1s das cortinas. E trata-se de ser muito espec\u00edfico: trata-se de se tornar um ve\u00edculo, um receptor ou um intermedi\u00e1rio para materializar uma intui\u00e7\u00e3o. A hist\u00f3ria n\u00e3o me d\u00e1 liberdade para agir, ela insere-me num contexto pr\u00e9-definido que me diz que eu enquanto humano estou inserido no tempo linear e na l\u00f3gica dos acontecimentos.","robots":{"index":"index","follow":"follow","max-snippet":"max-snippet:-1","max-image-preview":"max-image-preview:large","max-video-preview":"max-video-preview:-1"},"canonical":"https:\/\/www.ccb.pt\/evento\/bernardo-chatillon\/2021-06-04\/","og_locale":"en_US","og_type":"article","og_title":"Bernardo Chatillon - Centro Cultural de Bel\u00e9m Foundation","og_description":"Da poesia ao artif\u00edcio, do objeto m\u00e1gico aos sistemas ocultos, da distra\u00e7\u00e3o inofensiva \u00e0 domina\u00e7\u00e30, Reindeer Age #0 investiga o que nos encanta hoje. Ao entrarmos nesta era, somos acolhidos pela no\u00e7\u00e3o de princ\u00edpio, onde tudo come\u00e7ou, o que est\u00e1 por tr\u00e1s das cortinas. E trata-se de ser muito espec\u00edfico: trata-se de se tornar um ve\u00edculo, um receptor ou um intermedi\u00e1rio para materializar uma intui\u00e7\u00e3o. A hist\u00f3ria n\u00e3o me d\u00e1 liberdade para agir, ela insere-me num contexto pr\u00e9-definido que me diz que eu enquanto humano estou inserido no tempo linear e na l\u00f3gica dos acontecimentos.","og_url":"https:\/\/www.ccb.pt\/evento\/bernardo-chatillon\/2021-06-04\/","og_site_name":"Centro Cultural de Bel\u00e9m Foundation","article_modified_time":"2021-05-05T14:49:43+00:00","og_image":[{"width":1300,"height":618,"url":"https:\/\/www.ccb.pt\/wp-content\/uploads\/2021\/01\/snREINDEERAGE2_JacinthaNolte.jpg","type":"image\/jpeg"}],"twitter_card":"summary_large_image","twitter_site":"@macccb_museu","twitter_misc":{"Est. reading time":"1 minute"},"schema":{"@context":"https:\/\/schema.org","@graph":[{"@type":"WebPage","@id":"https:\/\/www.ccb.pt\/evento\/bernardo-chatillon\/2021-06-04\/","url":"https:\/\/www.ccb.pt\/evento\/bernardo-chatillon\/2021-06-04\/","name":"Bernardo Chatillon - Centro Cultural de Bel\u00e9m Foundation","isPartOf":{"@id":"https:\/\/www.ccb.pt\/#website"},"primaryImageOfPage":{"@id":"https:\/\/www.ccb.pt\/evento\/bernardo-chatillon\/2021-06-04\/#primaryimage"},"image":{"@id":"https:\/\/www.ccb.pt\/evento\/bernardo-chatillon\/2021-06-04\/#primaryimage"},"thumbnailUrl":"https:\/\/www.ccb.pt\/wp-content\/uploads\/2021\/01\/snREINDEERAGE2_JacinthaNolte.jpg","datePublished":"2021-01-07T15:50:23+00:00","dateModified":"2021-05-05T14:49:43+00:00","description":"Da poesia ao artif\u00edcio, do objeto m\u00e1gico aos sistemas ocultos, da distra\u00e7\u00e3o inofensiva \u00e0 domina\u00e7\u00e30, Reindeer Age #0 investiga o que nos encanta hoje. Ao entrarmos nesta era, somos acolhidos pela no\u00e7\u00e3o de princ\u00edpio, onde tudo come\u00e7ou, o que est\u00e1 por tr\u00e1s das cortinas. E trata-se de ser muito espec\u00edfico: trata-se de se tornar um ve\u00edculo, um receptor ou um intermedi\u00e1rio para materializar uma intui\u00e7\u00e3o. A hist\u00f3ria n\u00e3o me d\u00e1 liberdade para agir, ela insere-me num contexto pr\u00e9-definido que me diz que eu enquanto humano estou inserido no tempo linear e na l\u00f3gica dos acontecimentos.","breadcrumb":{"@id":"https:\/\/www.ccb.pt\/evento\/bernardo-chatillon\/2021-06-04\/#breadcrumb"},"inLanguage":"en-US","potentialAction":[{"@type":"ReadAction","target":["https:\/\/www.ccb.pt\/evento\/bernardo-chatillon\/2021-06-04\/"]}]},{"@type":"ImageObject","inLanguage":"en-US","@id":"https:\/\/www.ccb.pt\/evento\/bernardo-chatillon\/2021-06-04\/#primaryimage","url":"https:\/\/www.ccb.pt\/wp-content\/uploads\/2021\/01\/snREINDEERAGE2_JacinthaNolte.jpg","contentUrl":"https:\/\/www.ccb.pt\/wp-content\/uploads\/2021\/01\/snREINDEERAGE2_JacinthaNolte.jpg","width":1300,"height":618,"caption":"\u00a9REindeer - Age"},{"@type":"BreadcrumbList","@id":"https:\/\/www.ccb.pt\/evento\/bernardo-chatillon\/2021-06-04\/#breadcrumb","itemListElement":[{"@type":"ListItem","position":1,"name":"Home","item":"https:\/\/www.ccb.pt\/en\/"},{"@type":"ListItem","position":2,"name":"Eventos","item":"https:\/\/www.ccb.pt\/eventos\/"},{"@type":"ListItem","position":3,"name":"Private: Bernardo Chatillon"}]},{"@type":"WebSite","@id":"https:\/\/www.ccb.pt\/#website","url":"https:\/\/www.ccb.pt\/","name":"Centro Cultural de Bel\u00e9m Foundation","description":"","publisher":{"@id":"https:\/\/www.ccb.pt\/#organization"},"potentialAction":[{"@type":"SearchAction","target":{"@type":"EntryPoint","urlTemplate":"https:\/\/www.ccb.pt\/?s={search_term_string}"},"query-input":"required name=search_term_string"}],"inLanguage":"en-US"},{"@type":"Organization","@id":"https:\/\/www.ccb.pt\/#organization","name":"Centro Cultural de Bel\u00e9m Foundation","url":"https:\/\/www.ccb.pt\/","logo":{"@type":"ImageObject","inLanguage":"en-US","@id":"https:\/\/www.ccb.pt\/#\/schema\/logo\/image\/","url":"https:\/\/www.ccb.pt\/wp-content\/uploads\/2022\/05\/1_ccb.png","contentUrl":"https:\/\/www.ccb.pt\/wp-content\/uploads\/2022\/05\/1_ccb.png","width":126,"height":100,"caption":"Centro Cultural de Bel\u00e9m Foundation"},"image":{"@id":"https:\/\/www.ccb.pt\/#\/schema\/logo\/image\/"},"sameAs":["https:\/\/twitter.com\/macccb_museu"]}]}},"_links":{"self":[{"href":"https:\/\/www.ccb.pt\/en\/wp-json\/wp\/v2\/tribe_events\/29695"}],"collection":[{"href":"https:\/\/www.ccb.pt\/en\/wp-json\/wp\/v2\/tribe_events"}],"about":[{"href":"https:\/\/www.ccb.pt\/en\/wp-json\/wp\/v2\/types\/tribe_events"}],"author":[{"embeddable":true,"href":"https:\/\/www.ccb.pt\/en\/wp-json\/wp\/v2\/users\/6"}],"replies":[{"embeddable":true,"href":"https:\/\/www.ccb.pt\/en\/wp-json\/wp\/v2\/comments?post=29695"}],"version-history":[{"count":19,"href":"https:\/\/www.ccb.pt\/en\/wp-json\/wp\/v2\/tribe_events\/29695\/revisions"}],"predecessor-version":[{"id":42689,"href":"https:\/\/www.ccb.pt\/en\/wp-json\/wp\/v2\/tribe_events\/29695\/revisions\/42689"}],"wp:featuredmedia":[{"embeddable":true,"href":"https:\/\/www.ccb.pt\/en\/wp-json\/wp\/v2\/media\/29674"}],"wp:attachment":[{"href":"https:\/\/www.ccb.pt\/en\/wp-json\/wp\/v2\/media?parent=29695"}],"wp:term":[{"taxonomy":"tribe_events_cat","embeddable":true,"href":"https:\/\/www.ccb.pt\/en\/wp-json\/wp\/v2\/tribe_events_cat?post=29695"},{"taxonomy":"tags_tema","embeddable":true,"href":"https:\/\/www.ccb.pt\/en\/wp-json\/wp\/v2\/tags_tema?post=29695"},{"taxonomy":"idades","embeddable":true,"href":"https:\/\/www.ccb.pt\/en\/wp-json\/wp\/v2\/idades?post=29695"},{"taxonomy":"tipos","embeddable":true,"href":"https:\/\/www.ccb.pt\/en\/wp-json\/wp\/v2\/tipos?post=29695"},{"taxonomy":"temas","embeddable":true,"href":"https:\/\/www.ccb.pt\/en\/wp-json\/wp\/v2\/temas?post=29695"},{"taxonomy":"categorias_hubspot","embeddable":true,"href":"https:\/\/www.ccb.pt\/en\/wp-json\/wp\/v2\/categorias_hubspot?post=29695"}],"curies":[{"name":"wp","href":"https:\/\/api.w.org\/{rel}","templated":true}]}}