    {"id":281816,"date":"2025-09-12T09:42:29","date_gmt":"2025-09-12T08:42:29","guid":{"rendered":"https:\/\/www.ccb.pt\/evento\/sinfonia-n-9-novo-mundo-de-dvorak\/"},"modified":"2026-04-21T17:25:41","modified_gmt":"2026-04-21T16:25:41","slug":"sinfonia-n-9-novo-mundo-de-dvorak","status":"publish","type":"tribe_events","link":"https:\/\/www.ccb.pt\/en\/evento\/sinfonia-n-9-novo-mundo-de-dvorak\/","title":{"rendered":"Dvo\u0159\u00e1k: Symphony No. 9 \u201cFrom the New World\u201d"},"content":{"rendered":"<p>Orquestra XXI is an innovative cultural initiative that brings together Portuguese musicians living abroad. Led since its founding by conductor Dinis Sousa, Orquestra XXI is now recognized as one of Portugal\u2019s most inspiring cultural communities, with performances acclaimed by both national audiences and specialized critics.<\/p>\n<p>In July, Orquestra XXI returns to the Centro Cultural de Bel\u00e9m for a concert dedicated to Anton\u00edn Dvo\u0159\u00e1k\u2019s <em>Symphony No. 9<\/em>. Written during the period when the composer had emigrated to New York, the celebrated \u201cFrom the New World\u201d Symphony combines elements of the African American musical tradition with classically inspired writing, and is considered one of the most popular works in the symphonic repertoire.<\/p>\n<p>Also on the programme, Orquestra XXI will perform <em>Cortejo<\/em> by Andreia Pinto Correia, a Portuguese composer based in the United States of America, and will accompany Marie-Ange Nguci, one of the most outstanding young soloists of today, in Edvard Grieg\u2019s <em>Piano Concerto<\/em>.<\/p>\n<p><strong>\u00a0<\/strong><\/p>\n<p>Pre-concert talk by <strong>Dinis Sousa<\/strong>.<\/p>\n","protected":false},"excerpt":{"rendered":"<p>Orquestra XXI is an innovative cultural initiative that brings together Portuguese musicians living abroad. Led since its founding by conductor Dinis Sousa, Orquestra XXI is now recognized as one of Portugal\u2019s most inspiring cultural communities, with performances acclaimed by both national audiences and specialized critics. In July, Orquestra XXI returns to the Centro Cultural de [&hellip;]<\/p>\n","protected":false},"author":6,"featured_media":247178,"comment_status":"closed","ping_status":"closed","template":"","meta":{"_relevanssi_hide_post":"","_relevanssi_pin_for_all":"on","_relevanssi_pin_keywords":"","_relevanssi_unpin_keywords":"","_relevanssi_related_keywords":"","_relevanssi_related_include_ids":"","_relevanssi_related_exclude_ids":"","_relevanssi_related_no_append":"","_relevanssi_related_not_related":"","_relevanssi_related_posts":"","_relevanssi_noindex_reason":""},"tribe_events_cat":[694,590,23],"tags_tema":[],"idades":[392],"tipos":[],"temas":[],"categorias_hubspot":[],"acf":[],"yoast_head":"<!-- This site is optimized with the Yoast SEO plugin v22.3 - https:\/\/yoast.com\/wordpress\/plugins\/seo\/ -->\n<title>Dvo\u0159\u00e1k: Symphony No. 9 \u201cFrom the New World\u201d - Centro Cultural de Bel\u00e9m Foundation<\/title>\n<meta name=\"robots\" content=\"index, follow, max-snippet:-1, max-image-preview:large, max-video-preview:-1\" \/>\n<link rel=\"canonical\" href=\"https:\/\/www.ccb.pt\/en\/evento\/sinfonia-n-9-novo-mundo-de-dvorak\/\" \/>\n<meta property=\"og:locale\" content=\"en_US\" \/>\n<meta property=\"og:type\" content=\"article\" \/>\n<meta property=\"og:title\" content=\"Dvo\u0159\u00e1k: Symphony No. 9 \u201cFrom the New World\u201d - Centro Cultural de Bel\u00e9m Foundation\" \/>\n<meta property=\"og:description\" content=\"Orquestra XXI is an innovative cultural initiative that brings together Portuguese musicians living abroad. Led since its founding by conductor Dinis Sousa, Orquestra XXI is now recognized as one of Portugal\u2019s most inspiring cultural communities, with performances acclaimed by both national audiences and specialized critics. In July, Orquestra XXI returns to the Centro Cultural de [&hellip;]\" \/>\n<meta property=\"og:url\" content=\"https:\/\/www.ccb.pt\/en\/evento\/sinfonia-n-9-novo-mundo-de-dvorak\/\" \/>\n<meta property=\"og:site_name\" content=\"Centro Cultural de Bel\u00e9m Foundation\" \/>\n<meta property=\"article:modified_time\" content=\"2026-04-21T16:25:41+00:00\" \/>\n<meta property=\"og:image\" content=\"https:\/\/www.ccb.pt\/wp-content\/uploads\/2025\/09\/OrquestraXXI_2000x940.jpg\" \/>\n\t<meta property=\"og:image:width\" content=\"2000\" \/>\n\t<meta property=\"og:image:height\" content=\"940\" \/>\n\t<meta property=\"og:image:type\" content=\"image\/jpeg\" \/>\n<meta name=\"twitter:card\" content=\"summary_large_image\" \/>\n<meta name=\"twitter:site\" content=\"@macccb_museu\" \/>\n<meta name=\"twitter:label1\" content=\"Est. reading time\" \/>\n\t<meta name=\"twitter:data1\" content=\"2 minutes\" \/>\n<script type=\"application\/ld+json\" class=\"yoast-schema-graph\">{\"@context\":\"https:\/\/schema.org\",\"@graph\":[{\"@type\":\"WebPage\",\"@id\":\"https:\/\/www.ccb.pt\/en\/evento\/sinfonia-n-9-novo-mundo-de-dvorak\/\",\"url\":\"https:\/\/www.ccb.pt\/en\/evento\/sinfonia-n-9-novo-mundo-de-dvorak\/\",\"name\":\"Dvo\u0159\u00e1k: Symphony No. 9 \u201cFrom the New World\u201d - Centro Cultural de Bel\u00e9m Foundation\",\"isPartOf\":{\"@id\":\"https:\/\/www.ccb.pt\/#website\"},\"primaryImageOfPage\":{\"@id\":\"https:\/\/www.ccb.pt\/en\/evento\/sinfonia-n-9-novo-mundo-de-dvorak\/#primaryimage\"},\"image\":{\"@id\":\"https:\/\/www.ccb.pt\/en\/evento\/sinfonia-n-9-novo-mundo-de-dvorak\/#primaryimage\"},\"thumbnailUrl\":\"https:\/\/www.ccb.pt\/wp-content\/uploads\/2025\/09\/OrquestraXXI_2000x940.jpg\",\"datePublished\":\"2025-09-12T08:42:29+00:00\",\"dateModified\":\"2026-04-21T16:25:41+00:00\",\"breadcrumb\":{\"@id\":\"https:\/\/www.ccb.pt\/en\/evento\/sinfonia-n-9-novo-mundo-de-dvorak\/#breadcrumb\"},\"inLanguage\":\"en-US\",\"potentialAction\":[{\"@type\":\"ReadAction\",\"target\":[\"https:\/\/www.ccb.pt\/en\/evento\/sinfonia-n-9-novo-mundo-de-dvorak\/\"]}]},{\"@type\":\"ImageObject\",\"inLanguage\":\"en-US\",\"@id\":\"https:\/\/www.ccb.pt\/en\/evento\/sinfonia-n-9-novo-mundo-de-dvorak\/#primaryimage\",\"url\":\"https:\/\/www.ccb.pt\/wp-content\/uploads\/2025\/09\/OrquestraXXI_2000x940.jpg\",\"contentUrl\":\"https:\/\/www.ccb.pt\/wp-content\/uploads\/2025\/09\/OrquestraXXI_2000x940.jpg\",\"width\":2000,\"height\":940,\"caption\":\"Orquestra XXI em apresenta\u00e7\u00e3o ao vivo, com m\u00fasicos tocando diversos instrumentos como violinos, violoncelos e percuss\u00f5es em palco neutro.\"},{\"@type\":\"BreadcrumbList\",\"@id\":\"https:\/\/www.ccb.pt\/en\/evento\/sinfonia-n-9-novo-mundo-de-dvorak\/#breadcrumb\",\"itemListElement\":[{\"@type\":\"ListItem\",\"position\":1,\"name\":\"Home\",\"item\":\"https:\/\/www.ccb.pt\/en\/\"},{\"@type\":\"ListItem\",\"position\":2,\"name\":\"Eventos\",\"item\":\"https:\/\/www.ccb.pt\/eventos\/\"},{\"@type\":\"ListItem\",\"position\":3,\"name\":\"Dvo\u0159\u00e1k: Symphony No. 9 \u201cFrom the New World\u201d\"}]},{\"@type\":\"WebSite\",\"@id\":\"https:\/\/www.ccb.pt\/#website\",\"url\":\"https:\/\/www.ccb.pt\/\",\"name\":\"Centro Cultural de Bel\u00e9m Foundation\",\"description\":\"\",\"publisher\":{\"@id\":\"https:\/\/www.ccb.pt\/#organization\"},\"potentialAction\":[{\"@type\":\"SearchAction\",\"target\":{\"@type\":\"EntryPoint\",\"urlTemplate\":\"https:\/\/www.ccb.pt\/?s={search_term_string}\"},\"query-input\":\"required name=search_term_string\"}],\"inLanguage\":\"en-US\"},{\"@type\":\"Organization\",\"@id\":\"https:\/\/www.ccb.pt\/#organization\",\"name\":\"Centro Cultural de Bel\u00e9m Foundation\",\"url\":\"https:\/\/www.ccb.pt\/\",\"logo\":{\"@type\":\"ImageObject\",\"inLanguage\":\"en-US\",\"@id\":\"https:\/\/www.ccb.pt\/#\/schema\/logo\/image\/\",\"url\":\"https:\/\/www.ccb.pt\/wp-content\/uploads\/2022\/05\/1_ccb.png\",\"contentUrl\":\"https:\/\/www.ccb.pt\/wp-content\/uploads\/2022\/05\/1_ccb.png\",\"width\":126,\"height\":100,\"caption\":\"Centro Cultural de Bel\u00e9m Foundation\"},\"image\":{\"@id\":\"https:\/\/www.ccb.pt\/#\/schema\/logo\/image\/\"},\"sameAs\":[\"https:\/\/twitter.com\/macccb_museu\"]}]}<\/script>\n<!-- \/ Yoast SEO plugin. -->","yoast_head_json":{"title":"Dvo\u0159\u00e1k: Symphony No. 9 \u201cFrom the New World\u201d - Centro Cultural de Bel\u00e9m Foundation","robots":{"index":"index","follow":"follow","max-snippet":"max-snippet:-1","max-image-preview":"max-image-preview:large","max-video-preview":"max-video-preview:-1"},"canonical":"https:\/\/www.ccb.pt\/en\/evento\/sinfonia-n-9-novo-mundo-de-dvorak\/","og_locale":"en_US","og_type":"article","og_title":"Dvo\u0159\u00e1k: Symphony No. 9 \u201cFrom the New World\u201d - Centro Cultural de Bel\u00e9m Foundation","og_description":"Orquestra XXI is an innovative cultural initiative that brings together Portuguese musicians living abroad. Led since its founding by conductor Dinis Sousa, Orquestra XXI is now recognized as one of Portugal\u2019s most inspiring cultural communities, with performances acclaimed by both national audiences and specialized critics. In July, Orquestra XXI returns to the Centro Cultural de [&hellip;]","og_url":"https:\/\/www.ccb.pt\/en\/evento\/sinfonia-n-9-novo-mundo-de-dvorak\/","og_site_name":"Centro Cultural de Bel\u00e9m Foundation","article_modified_time":"2026-04-21T16:25:41+00:00","og_image":[{"width":2000,"height":940,"url":"https:\/\/www.ccb.pt\/wp-content\/uploads\/2025\/09\/OrquestraXXI_2000x940.jpg","type":"image\/jpeg"}],"twitter_card":"summary_large_image","twitter_site":"@macccb_museu","twitter_misc":{"Est. reading time":"2 minutes"},"schema":{"@context":"https:\/\/schema.org","@graph":[{"@type":"WebPage","@id":"https:\/\/www.ccb.pt\/en\/evento\/sinfonia-n-9-novo-mundo-de-dvorak\/","url":"https:\/\/www.ccb.pt\/en\/evento\/sinfonia-n-9-novo-mundo-de-dvorak\/","name":"Dvo\u0159\u00e1k: Symphony No. 9 \u201cFrom the New World\u201d - Centro Cultural de Bel\u00e9m Foundation","isPartOf":{"@id":"https:\/\/www.ccb.pt\/#website"},"primaryImageOfPage":{"@id":"https:\/\/www.ccb.pt\/en\/evento\/sinfonia-n-9-novo-mundo-de-dvorak\/#primaryimage"},"image":{"@id":"https:\/\/www.ccb.pt\/en\/evento\/sinfonia-n-9-novo-mundo-de-dvorak\/#primaryimage"},"thumbnailUrl":"https:\/\/www.ccb.pt\/wp-content\/uploads\/2025\/09\/OrquestraXXI_2000x940.jpg","datePublished":"2025-09-12T08:42:29+00:00","dateModified":"2026-04-21T16:25:41+00:00","breadcrumb":{"@id":"https:\/\/www.ccb.pt\/en\/evento\/sinfonia-n-9-novo-mundo-de-dvorak\/#breadcrumb"},"inLanguage":"en-US","potentialAction":[{"@type":"ReadAction","target":["https:\/\/www.ccb.pt\/en\/evento\/sinfonia-n-9-novo-mundo-de-dvorak\/"]}]},{"@type":"ImageObject","inLanguage":"en-US","@id":"https:\/\/www.ccb.pt\/en\/evento\/sinfonia-n-9-novo-mundo-de-dvorak\/#primaryimage","url":"https:\/\/www.ccb.pt\/wp-content\/uploads\/2025\/09\/OrquestraXXI_2000x940.jpg","contentUrl":"https:\/\/www.ccb.pt\/wp-content\/uploads\/2025\/09\/OrquestraXXI_2000x940.jpg","width":2000,"height":940,"caption":"Orquestra XXI em apresenta\u00e7\u00e3o ao vivo, com m\u00fasicos tocando diversos instrumentos como violinos, violoncelos e percuss\u00f5es em palco neutro."},{"@type":"BreadcrumbList","@id":"https:\/\/www.ccb.pt\/en\/evento\/sinfonia-n-9-novo-mundo-de-dvorak\/#breadcrumb","itemListElement":[{"@type":"ListItem","position":1,"name":"Home","item":"https:\/\/www.ccb.pt\/en\/"},{"@type":"ListItem","position":2,"name":"Eventos","item":"https:\/\/www.ccb.pt\/eventos\/"},{"@type":"ListItem","position":3,"name":"Dvo\u0159\u00e1k: Symphony No. 9 \u201cFrom the New World\u201d"}]},{"@type":"WebSite","@id":"https:\/\/www.ccb.pt\/#website","url":"https:\/\/www.ccb.pt\/","name":"Centro Cultural de Bel\u00e9m Foundation","description":"","publisher":{"@id":"https:\/\/www.ccb.pt\/#organization"},"potentialAction":[{"@type":"SearchAction","target":{"@type":"EntryPoint","urlTemplate":"https:\/\/www.ccb.pt\/?s={search_term_string}"},"query-input":"required name=search_term_string"}],"inLanguage":"en-US"},{"@type":"Organization","@id":"https:\/\/www.ccb.pt\/#organization","name":"Centro Cultural de Bel\u00e9m Foundation","url":"https:\/\/www.ccb.pt\/","logo":{"@type":"ImageObject","inLanguage":"en-US","@id":"https:\/\/www.ccb.pt\/#\/schema\/logo\/image\/","url":"https:\/\/www.ccb.pt\/wp-content\/uploads\/2022\/05\/1_ccb.png","contentUrl":"https:\/\/www.ccb.pt\/wp-content\/uploads\/2022\/05\/1_ccb.png","width":126,"height":100,"caption":"Centro Cultural de Bel\u00e9m Foundation"},"image":{"@id":"https:\/\/www.ccb.pt\/#\/schema\/logo\/image\/"},"sameAs":["https:\/\/twitter.com\/macccb_museu"]}]}},"_links":{"self":[{"href":"https:\/\/www.ccb.pt\/en\/wp-json\/wp\/v2\/tribe_events\/281816"}],"collection":[{"href":"https:\/\/www.ccb.pt\/en\/wp-json\/wp\/v2\/tribe_events"}],"about":[{"href":"https:\/\/www.ccb.pt\/en\/wp-json\/wp\/v2\/types\/tribe_events"}],"author":[{"embeddable":true,"href":"https:\/\/www.ccb.pt\/en\/wp-json\/wp\/v2\/users\/6"}],"replies":[{"embeddable":true,"href":"https:\/\/www.ccb.pt\/en\/wp-json\/wp\/v2\/comments?post=281816"}],"version-history":[{"count":3,"href":"https:\/\/www.ccb.pt\/en\/wp-json\/wp\/v2\/tribe_events\/281816\/revisions"}],"predecessor-version":[{"id":281855,"href":"https:\/\/www.ccb.pt\/en\/wp-json\/wp\/v2\/tribe_events\/281816\/revisions\/281855"}],"wp:featuredmedia":[{"embeddable":true,"href":"https:\/\/www.ccb.pt\/en\/wp-json\/wp\/v2\/media\/247178"}],"wp:attachment":[{"href":"https:\/\/www.ccb.pt\/en\/wp-json\/wp\/v2\/media?parent=281816"}],"wp:term":[{"taxonomy":"tribe_events_cat","embeddable":true,"href":"https:\/\/www.ccb.pt\/en\/wp-json\/wp\/v2\/tribe_events_cat?post=281816"},{"taxonomy":"tags_tema","embeddable":true,"href":"https:\/\/www.ccb.pt\/en\/wp-json\/wp\/v2\/tags_tema?post=281816"},{"taxonomy":"idades","embeddable":true,"href":"https:\/\/www.ccb.pt\/en\/wp-json\/wp\/v2\/idades?post=281816"},{"taxonomy":"tipos","embeddable":true,"href":"https:\/\/www.ccb.pt\/en\/wp-json\/wp\/v2\/tipos?post=281816"},{"taxonomy":"temas","embeddable":true,"href":"https:\/\/www.ccb.pt\/en\/wp-json\/wp\/v2\/temas?post=281816"},{"taxonomy":"categorias_hubspot","embeddable":true,"href":"https:\/\/www.ccb.pt\/en\/wp-json\/wp\/v2\/categorias_hubspot?post=281816"}],"curies":[{"name":"wp","href":"https:\/\/api.w.org\/{rel}","templated":true}]}}