    {"id":281810,"date":"2025-09-12T09:41:13","date_gmt":"2025-09-12T08:41:13","guid":{"rendered":"https:\/\/www.ccb.pt\/evento\/quem-tem-medo-de-virginia-woolf-de-edward-albee\/?eventDate=2026-07-10"},"modified":"2026-04-21T15:25:40","modified_gmt":"2026-04-21T14:25:40","slug":"quem-tem-medo-de-virginia-woolf-de-edward-albee-2026-07-10","status":"publish","type":"tribe_events","link":"https:\/\/www.ccb.pt\/en\/evento\/quem-tem-medo-de-virginia-woolf-de-edward-albee\/2026-07-10\/","title":{"rendered":"Who\u2019s Afraid of Virginia Woolf? by Edward Albee"},"content":{"rendered":"<p>Two couples in a living room during a long night. Martha and George are the hosts, in their fifties; Honey and Nick, considerably younger, are the guests. As time passes and drinks keep flowing, the four descend into a demonic spiral of \u201cdisillusionment, betrayal, fantasy, and unrestrained desire.\u201d When <em>Who\u2019s Afraid of Virginia Woolf?<\/em> premiered on Broadway in 1962, two things happened: the production sparked unprecedented controversy, and its author, Edward Albee, was immediately elevated to the pantheon of great 20th-century American playwrights. Performed countless times around the world, this masterpiece now arrives on the stage of the CCB in a production directed by Sim\u00e3o do Vale Africano. A devastating yet deeply moving text. A black comedy\u2014highly comic and profoundly dark. As Albee observed: \u201cSometimes it is necessary to spill blood.\u201d<\/p>\n","protected":false},"excerpt":{"rendered":"<p>Two couples in a living room during a long night. Martha and George are the hosts, in their fifties; Honey and Nick, considerably younger, are the guests. As time passes and drinks keep flowing, the four descend into a demonic spiral of \u201cdisillusionment, betrayal, fantasy, and unrestrained desire.\u201d When Who\u2019s Afraid of Virginia Woolf? premiered [&hellip;]<\/p>\n","protected":false},"author":6,"featured_media":247580,"comment_status":"closed","ping_status":"closed","template":"","meta":{"_relevanssi_hide_post":"","_relevanssi_pin_for_all":"","_relevanssi_pin_keywords":"","_relevanssi_unpin_keywords":"","_relevanssi_related_keywords":"","_relevanssi_related_include_ids":"","_relevanssi_related_exclude_ids":"","_relevanssi_related_no_append":"","_relevanssi_related_not_related":"","_relevanssi_related_posts":"","_relevanssi_noindex_reason":""},"tribe_events_cat":[694,23,592],"tags_tema":[],"idades":[],"tipos":[],"temas":[],"categorias_hubspot":[],"acf":[],"yoast_head":"<!-- This site is optimized with the Yoast SEO plugin v22.3 - https:\/\/yoast.com\/wordpress\/plugins\/seo\/ -->\n<title>Who\u2019s Afraid of Virginia Woolf? by Edward Albee - Centro Cultural de Bel\u00e9m Foundation<\/title>\n<meta name=\"robots\" content=\"index, follow, max-snippet:-1, max-image-preview:large, max-video-preview:-1\" \/>\n<link rel=\"canonical\" href=\"https:\/\/www.ccb.pt\/en\/evento\/quem-tem-medo-de-virginia-woolf-de-edward-albee\/2026-07-10\/\" \/>\n<meta property=\"og:locale\" content=\"en_US\" \/>\n<meta property=\"og:type\" content=\"article\" \/>\n<meta property=\"og:title\" content=\"Who\u2019s Afraid of Virginia Woolf? by Edward Albee - Centro Cultural de Bel\u00e9m Foundation\" \/>\n<meta property=\"og:description\" content=\"Two couples in a living room during a long night. Martha and George are the hosts, in their fifties; Honey and Nick, considerably younger, are the guests. As time passes and drinks keep flowing, the four descend into a demonic spiral of \u201cdisillusionment, betrayal, fantasy, and unrestrained desire.\u201d When Who\u2019s Afraid of Virginia Woolf? premiered [&hellip;]\" \/>\n<meta property=\"og:url\" content=\"https:\/\/www.ccb.pt\/en\/evento\/quem-tem-medo-de-virginia-woolf-de-edward-albee\/2026-07-10\/\" \/>\n<meta property=\"og:site_name\" content=\"Centro Cultural de Bel\u00e9m Foundation\" \/>\n<meta property=\"article:modified_time\" content=\"2026-04-21T14:25:40+00:00\" \/>\n<meta property=\"og:image\" content=\"https:\/\/www.ccb.pt\/wp-content\/uploads\/2025\/08\/2000x940-Quem-tem-medo-de-Virginia-Woolf-e1756198999859.jpg\" \/>\n\t<meta property=\"og:image:width\" content=\"2000\" \/>\n\t<meta property=\"og:image:height\" content=\"763\" \/>\n\t<meta property=\"og:image:type\" content=\"image\/jpeg\" \/>\n<meta name=\"twitter:card\" content=\"summary_large_image\" \/>\n<meta name=\"twitter:site\" content=\"@macccb_museu\" \/>\n<meta name=\"twitter:label1\" content=\"Est. reading time\" \/>\n\t<meta name=\"twitter:data1\" content=\"1 minute\" \/>\n<script type=\"application\/ld+json\" class=\"yoast-schema-graph\">{\"@context\":\"https:\/\/schema.org\",\"@graph\":[{\"@type\":\"WebPage\",\"@id\":\"https:\/\/www.ccb.pt\/en\/evento\/quem-tem-medo-de-virginia-woolf-de-edward-albee\/2026-07-10\/\",\"url\":\"https:\/\/www.ccb.pt\/en\/evento\/quem-tem-medo-de-virginia-woolf-de-edward-albee\/2026-07-10\/\",\"name\":\"Who\u2019s Afraid of Virginia Woolf? by Edward Albee - Centro Cultural de Bel\u00e9m Foundation\",\"isPartOf\":{\"@id\":\"https:\/\/www.ccb.pt\/#website\"},\"primaryImageOfPage\":{\"@id\":\"https:\/\/www.ccb.pt\/en\/evento\/quem-tem-medo-de-virginia-woolf-de-edward-albee\/2026-07-10\/#primaryimage\"},\"image\":{\"@id\":\"https:\/\/www.ccb.pt\/en\/evento\/quem-tem-medo-de-virginia-woolf-de-edward-albee\/2026-07-10\/#primaryimage\"},\"thumbnailUrl\":\"https:\/\/www.ccb.pt\/wp-content\/uploads\/2025\/09\/2000x940-Quem-tem-medo-de-Virginia-Woolf-e1757688878429.jpg\",\"datePublished\":\"2025-09-12T08:41:13+00:00\",\"dateModified\":\"2026-04-21T14:25:40+00:00\",\"breadcrumb\":{\"@id\":\"https:\/\/www.ccb.pt\/en\/evento\/quem-tem-medo-de-virginia-woolf-de-edward-albee\/2026-07-10\/#breadcrumb\"},\"inLanguage\":\"en-US\",\"potentialAction\":[{\"@type\":\"ReadAction\",\"target\":[\"https:\/\/www.ccb.pt\/en\/evento\/quem-tem-medo-de-virginia-woolf-de-edward-albee\/2026-07-10\/\"]}]},{\"@type\":\"ImageObject\",\"inLanguage\":\"en-US\",\"@id\":\"https:\/\/www.ccb.pt\/en\/evento\/quem-tem-medo-de-virginia-woolf-de-edward-albee\/2026-07-10\/#primaryimage\",\"url\":\"https:\/\/www.ccb.pt\/wp-content\/uploads\/2025\/09\/2000x940-Quem-tem-medo-de-Virginia-Woolf-e1757688878429.jpg\",\"contentUrl\":\"https:\/\/www.ccb.pt\/wp-content\/uploads\/2025\/09\/2000x940-Quem-tem-medo-de-Virginia-Woolf-e1757688878429.jpg\",\"width\":2000,\"height\":689,\"caption\":\"Cena de teatro com tr\u00eas atores em palco, uma mulher no centro e dois homens, sob ilumina\u00e7\u00e3o art\u00edstica violeta e azul, cen\u00e1rio dram\u00e1tico.\"},{\"@type\":\"BreadcrumbList\",\"@id\":\"https:\/\/www.ccb.pt\/en\/evento\/quem-tem-medo-de-virginia-woolf-de-edward-albee\/2026-07-10\/#breadcrumb\",\"itemListElement\":[{\"@type\":\"ListItem\",\"position\":1,\"name\":\"Home\",\"item\":\"https:\/\/www.ccb.pt\/en\/\"},{\"@type\":\"ListItem\",\"position\":2,\"name\":\"Eventos\",\"item\":\"https:\/\/www.ccb.pt\/eventos\/\"},{\"@type\":\"ListItem\",\"position\":3,\"name\":\"Who\u2019s Afraid of Virginia Woolf? by Edward Albee\",\"item\":\"https:\/\/www.ccb.pt\/en\/evento\/quem-tem-medo-de-virginia-woolf-de-edward-albee\/2026-07-09\/\"},{\"@type\":\"ListItem\",\"position\":4,\"name\":\"Who\u2019s Afraid of Virginia Woolf? by Edward Albee\"}]},{\"@type\":\"WebSite\",\"@id\":\"https:\/\/www.ccb.pt\/#website\",\"url\":\"https:\/\/www.ccb.pt\/\",\"name\":\"Centro Cultural de Bel\u00e9m Foundation\",\"description\":\"\",\"publisher\":{\"@id\":\"https:\/\/www.ccb.pt\/#organization\"},\"potentialAction\":[{\"@type\":\"SearchAction\",\"target\":{\"@type\":\"EntryPoint\",\"urlTemplate\":\"https:\/\/www.ccb.pt\/?s={search_term_string}\"},\"query-input\":\"required name=search_term_string\"}],\"inLanguage\":\"en-US\"},{\"@type\":\"Organization\",\"@id\":\"https:\/\/www.ccb.pt\/#organization\",\"name\":\"Centro Cultural de Bel\u00e9m Foundation\",\"url\":\"https:\/\/www.ccb.pt\/\",\"logo\":{\"@type\":\"ImageObject\",\"inLanguage\":\"en-US\",\"@id\":\"https:\/\/www.ccb.pt\/#\/schema\/logo\/image\/\",\"url\":\"https:\/\/www.ccb.pt\/wp-content\/uploads\/2022\/05\/1_ccb.png\",\"contentUrl\":\"https:\/\/www.ccb.pt\/wp-content\/uploads\/2022\/05\/1_ccb.png\",\"width\":126,\"height\":100,\"caption\":\"Centro Cultural de Bel\u00e9m Foundation\"},\"image\":{\"@id\":\"https:\/\/www.ccb.pt\/#\/schema\/logo\/image\/\"},\"sameAs\":[\"https:\/\/twitter.com\/macccb_museu\"]}]}<\/script>\n<!-- \/ Yoast SEO plugin. -->","yoast_head_json":{"title":"Who\u2019s Afraid of Virginia Woolf? by Edward Albee - Centro Cultural de Bel\u00e9m Foundation","robots":{"index":"index","follow":"follow","max-snippet":"max-snippet:-1","max-image-preview":"max-image-preview:large","max-video-preview":"max-video-preview:-1"},"canonical":"https:\/\/www.ccb.pt\/en\/evento\/quem-tem-medo-de-virginia-woolf-de-edward-albee\/2026-07-10\/","og_locale":"en_US","og_type":"article","og_title":"Who\u2019s Afraid of Virginia Woolf? by Edward Albee - Centro Cultural de Bel\u00e9m Foundation","og_description":"Two couples in a living room during a long night. Martha and George are the hosts, in their fifties; Honey and Nick, considerably younger, are the guests. As time passes and drinks keep flowing, the four descend into a demonic spiral of \u201cdisillusionment, betrayal, fantasy, and unrestrained desire.\u201d When Who\u2019s Afraid of Virginia Woolf? premiered [&hellip;]","og_url":"https:\/\/www.ccb.pt\/en\/evento\/quem-tem-medo-de-virginia-woolf-de-edward-albee\/2026-07-10\/","og_site_name":"Centro Cultural de Bel\u00e9m Foundation","article_modified_time":"2026-04-21T14:25:40+00:00","og_image":[{"width":2000,"height":763,"url":"https:\/\/www.ccb.pt\/wp-content\/uploads\/2025\/08\/2000x940-Quem-tem-medo-de-Virginia-Woolf-e1756198999859.jpg","type":"image\/jpeg"}],"twitter_card":"summary_large_image","twitter_site":"@macccb_museu","twitter_misc":{"Est. reading time":"1 minute"},"schema":{"@context":"https:\/\/schema.org","@graph":[{"@type":"WebPage","@id":"https:\/\/www.ccb.pt\/en\/evento\/quem-tem-medo-de-virginia-woolf-de-edward-albee\/2026-07-10\/","url":"https:\/\/www.ccb.pt\/en\/evento\/quem-tem-medo-de-virginia-woolf-de-edward-albee\/2026-07-10\/","name":"Who\u2019s Afraid of Virginia Woolf? by Edward Albee - Centro Cultural de Bel\u00e9m Foundation","isPartOf":{"@id":"https:\/\/www.ccb.pt\/#website"},"primaryImageOfPage":{"@id":"https:\/\/www.ccb.pt\/en\/evento\/quem-tem-medo-de-virginia-woolf-de-edward-albee\/2026-07-10\/#primaryimage"},"image":{"@id":"https:\/\/www.ccb.pt\/en\/evento\/quem-tem-medo-de-virginia-woolf-de-edward-albee\/2026-07-10\/#primaryimage"},"thumbnailUrl":"https:\/\/www.ccb.pt\/wp-content\/uploads\/2025\/09\/2000x940-Quem-tem-medo-de-Virginia-Woolf-e1757688878429.jpg","datePublished":"2025-09-12T08:41:13+00:00","dateModified":"2026-04-21T14:25:40+00:00","breadcrumb":{"@id":"https:\/\/www.ccb.pt\/en\/evento\/quem-tem-medo-de-virginia-woolf-de-edward-albee\/2026-07-10\/#breadcrumb"},"inLanguage":"en-US","potentialAction":[{"@type":"ReadAction","target":["https:\/\/www.ccb.pt\/en\/evento\/quem-tem-medo-de-virginia-woolf-de-edward-albee\/2026-07-10\/"]}]},{"@type":"ImageObject","inLanguage":"en-US","@id":"https:\/\/www.ccb.pt\/en\/evento\/quem-tem-medo-de-virginia-woolf-de-edward-albee\/2026-07-10\/#primaryimage","url":"https:\/\/www.ccb.pt\/wp-content\/uploads\/2025\/09\/2000x940-Quem-tem-medo-de-Virginia-Woolf-e1757688878429.jpg","contentUrl":"https:\/\/www.ccb.pt\/wp-content\/uploads\/2025\/09\/2000x940-Quem-tem-medo-de-Virginia-Woolf-e1757688878429.jpg","width":2000,"height":689,"caption":"Cena de teatro com tr\u00eas atores em palco, uma mulher no centro e dois homens, sob ilumina\u00e7\u00e3o art\u00edstica violeta e azul, cen\u00e1rio dram\u00e1tico."},{"@type":"BreadcrumbList","@id":"https:\/\/www.ccb.pt\/en\/evento\/quem-tem-medo-de-virginia-woolf-de-edward-albee\/2026-07-10\/#breadcrumb","itemListElement":[{"@type":"ListItem","position":1,"name":"Home","item":"https:\/\/www.ccb.pt\/en\/"},{"@type":"ListItem","position":2,"name":"Eventos","item":"https:\/\/www.ccb.pt\/eventos\/"},{"@type":"ListItem","position":3,"name":"Who\u2019s Afraid of Virginia Woolf? by Edward Albee","item":"https:\/\/www.ccb.pt\/en\/evento\/quem-tem-medo-de-virginia-woolf-de-edward-albee\/2026-07-09\/"},{"@type":"ListItem","position":4,"name":"Who\u2019s Afraid of Virginia Woolf? by Edward Albee"}]},{"@type":"WebSite","@id":"https:\/\/www.ccb.pt\/#website","url":"https:\/\/www.ccb.pt\/","name":"Centro Cultural de Bel\u00e9m Foundation","description":"","publisher":{"@id":"https:\/\/www.ccb.pt\/#organization"},"potentialAction":[{"@type":"SearchAction","target":{"@type":"EntryPoint","urlTemplate":"https:\/\/www.ccb.pt\/?s={search_term_string}"},"query-input":"required name=search_term_string"}],"inLanguage":"en-US"},{"@type":"Organization","@id":"https:\/\/www.ccb.pt\/#organization","name":"Centro Cultural de Bel\u00e9m Foundation","url":"https:\/\/www.ccb.pt\/","logo":{"@type":"ImageObject","inLanguage":"en-US","@id":"https:\/\/www.ccb.pt\/#\/schema\/logo\/image\/","url":"https:\/\/www.ccb.pt\/wp-content\/uploads\/2022\/05\/1_ccb.png","contentUrl":"https:\/\/www.ccb.pt\/wp-content\/uploads\/2022\/05\/1_ccb.png","width":126,"height":100,"caption":"Centro Cultural de Bel\u00e9m Foundation"},"image":{"@id":"https:\/\/www.ccb.pt\/#\/schema\/logo\/image\/"},"sameAs":["https:\/\/twitter.com\/macccb_museu"]}]}},"_links":{"self":[{"href":"https:\/\/www.ccb.pt\/en\/wp-json\/wp\/v2\/tribe_events\/281810"}],"collection":[{"href":"https:\/\/www.ccb.pt\/en\/wp-json\/wp\/v2\/tribe_events"}],"about":[{"href":"https:\/\/www.ccb.pt\/en\/wp-json\/wp\/v2\/types\/tribe_events"}],"author":[{"embeddable":true,"href":"https:\/\/www.ccb.pt\/en\/wp-json\/wp\/v2\/users\/6"}],"replies":[{"embeddable":true,"href":"https:\/\/www.ccb.pt\/en\/wp-json\/wp\/v2\/comments?post=281810"}],"version-history":[{"count":1,"href":"https:\/\/www.ccb.pt\/en\/wp-json\/wp\/v2\/tribe_events\/281810\/revisions"}],"predecessor-version":[{"id":281813,"href":"https:\/\/www.ccb.pt\/en\/wp-json\/wp\/v2\/tribe_events\/281810\/revisions\/281813"}],"wp:featuredmedia":[{"embeddable":true,"href":"https:\/\/www.ccb.pt\/en\/wp-json\/wp\/v2\/media\/247580"}],"wp:attachment":[{"href":"https:\/\/www.ccb.pt\/en\/wp-json\/wp\/v2\/media?parent=281810"}],"wp:term":[{"taxonomy":"tribe_events_cat","embeddable":true,"href":"https:\/\/www.ccb.pt\/en\/wp-json\/wp\/v2\/tribe_events_cat?post=281810"},{"taxonomy":"tags_tema","embeddable":true,"href":"https:\/\/www.ccb.pt\/en\/wp-json\/wp\/v2\/tags_tema?post=281810"},{"taxonomy":"idades","embeddable":true,"href":"https:\/\/www.ccb.pt\/en\/wp-json\/wp\/v2\/idades?post=281810"},{"taxonomy":"tipos","embeddable":true,"href":"https:\/\/www.ccb.pt\/en\/wp-json\/wp\/v2\/tipos?post=281810"},{"taxonomy":"temas","embeddable":true,"href":"https:\/\/www.ccb.pt\/en\/wp-json\/wp\/v2\/temas?post=281810"},{"taxonomy":"categorias_hubspot","embeddable":true,"href":"https:\/\/www.ccb.pt\/en\/wp-json\/wp\/v2\/categorias_hubspot?post=281810"}],"curies":[{"name":"wp","href":"https:\/\/api.w.org\/{rel}","templated":true}]}}