    {"id":25580,"date":"2020-09-30T15:28:41","date_gmt":"2020-09-30T14:28:41","guid":{"rendered":"https:\/\/www.ccb.pt\/evento\/quem-es-tu-jose-leite-e-raquel-oliveira\/"},"modified":"2023-03-23T11:22:30","modified_gmt":"2023-03-23T11:22:30","slug":"quem-es-tu-jose-leite-e-raquel-oliveira","status":"publish","type":"tribe_events","link":"https:\/\/www.ccb.pt\/en\/evento\/quem-es-tu-jose-leite-e-raquel-oliveira\/2021-04-14\/","title":{"rendered":"Who are you? | Jose Leite and Raquel Oliveira"},"content":{"rendered":"<p>Alice meets a caterpillar with questioning tongues. \u201cWho are you?\u201d And the question remains echoing in Alice\u2019s thoughts. The answer is a difficult one. She has memories from the age of four onwards, but, before this, she already existed, only she doesn\u2019t remember. If she\u2019s always changing, how can she give a right answer? How can she define herself? To avoid any mistakes, she would have to travel back in time into the past as well as forwards into the future. Is this possible?<\/p>\n<p>&nbsp;<\/p>\n<p><strong><u>Aftershow philosophical caf\u00e9 with Walter Omar Kohan<\/u><\/strong><\/p>\n<p><strong>Talking about the theme of identity<\/strong><\/p>\n<p><strong>Walter Omar Kohan<\/strong> is a professor at Rio de Janeiro State University and a researcher both at the National Research Council (CNPq) and FAPERJ (Rio de Janeiro State Foundation for Research Support).<\/p>\n","protected":false},"excerpt":{"rendered":"<p>Alice meets a caterpillar with questioning tongues. \u201cWho are you?\u201d And the question remains echoing in Alice\u2019s thoughts. The answer is a difficult one. She has memories from the age of four onwards, but, before this, she already existed, only she doesn\u2019t remember. If she\u2019s always changing, how can she give a right answer? How [&hellip;]<\/p>\n","protected":false},"author":6,"featured_media":18919,"comment_status":"closed","ping_status":"closed","template":"","meta":{"_relevanssi_hide_post":"","_relevanssi_pin_for_all":"","_relevanssi_pin_keywords":"","_relevanssi_unpin_keywords":"","_relevanssi_related_keywords":"","_relevanssi_related_include_ids":"","_relevanssi_related_exclude_ids":"","_relevanssi_related_no_append":"","_relevanssi_related_not_related":"","_relevanssi_related_posts":"","_relevanssi_noindex_reason":""},"tribe_events_cat":[404,23,402],"tags_tema":[],"idades":[],"tipos":[335],"temas":[],"categorias_hubspot":[],"acf":[],"yoast_head":"<!-- This site is optimized with the Yoast SEO plugin v22.3 - https:\/\/yoast.com\/wordpress\/plugins\/seo\/ -->\n<title>Who are you? | Jose Leite and Raquel Oliveira - Centro Cultural de Bel\u00e9m Foundation<\/title>\n<meta name=\"robots\" content=\"index, follow, max-snippet:-1, max-image-preview:large, max-video-preview:-1\" \/>\n<link rel=\"canonical\" href=\"https:\/\/www.ccb.pt\/en\/evento\/quem-es-tu-jose-leite-e-raquel-oliveira\/2021-04-14\/\" \/>\n<meta property=\"og:locale\" content=\"en_US\" \/>\n<meta property=\"og:type\" content=\"article\" \/>\n<meta property=\"og:title\" content=\"Who are you? | Jose Leite and Raquel Oliveira - Centro Cultural de Bel\u00e9m Foundation\" \/>\n<meta property=\"og:description\" content=\"Alice meets a caterpillar with questioning tongues. \u201cWho are you?\u201d And the question remains echoing in Alice\u2019s thoughts. The answer is a difficult one. She has memories from the age of four onwards, but, before this, she already existed, only she doesn\u2019t remember. If she\u2019s always changing, how can she give a right answer? How [&hellip;]\" \/>\n<meta property=\"og:url\" content=\"https:\/\/www.ccb.pt\/en\/evento\/quem-es-tu-jose-leite-e-raquel-oliveira\/2021-04-14\/\" \/>\n<meta property=\"og:site_name\" content=\"Centro Cultural de Bel\u00e9m Foundation\" \/>\n<meta property=\"article:modified_time\" content=\"2023-03-23T11:22:30+00:00\" \/>\n<meta property=\"og:image\" content=\"https:\/\/www.ccb.pt\/wp-content\/uploads\/2020\/09\/QuemEsTu_1920x1080_cBeatrizBagulho.jpg\" \/>\n\t<meta property=\"og:image:width\" content=\"1920\" \/>\n\t<meta property=\"og:image:height\" content=\"1080\" \/>\n\t<meta property=\"og:image:type\" content=\"image\/jpeg\" \/>\n<meta name=\"twitter:card\" content=\"summary_large_image\" \/>\n<meta name=\"twitter:site\" content=\"@macccb_museu\" \/>\n<meta name=\"twitter:label1\" content=\"Est. reading time\" \/>\n\t<meta name=\"twitter:data1\" content=\"1 minute\" \/>\n<script type=\"application\/ld+json\" class=\"yoast-schema-graph\">{\"@context\":\"https:\/\/schema.org\",\"@graph\":[{\"@type\":\"WebPage\",\"@id\":\"https:\/\/www.ccb.pt\/en\/evento\/quem-es-tu-jose-leite-e-raquel-oliveira\/2021-04-14\/\",\"url\":\"https:\/\/www.ccb.pt\/en\/evento\/quem-es-tu-jose-leite-e-raquel-oliveira\/2021-04-14\/\",\"name\":\"Who are you? | Jose Leite and Raquel Oliveira - Centro Cultural de Bel\u00e9m Foundation\",\"isPartOf\":{\"@id\":\"https:\/\/www.ccb.pt\/#website\"},\"primaryImageOfPage\":{\"@id\":\"https:\/\/www.ccb.pt\/en\/evento\/quem-es-tu-jose-leite-e-raquel-oliveira\/2021-04-14\/#primaryimage\"},\"image\":{\"@id\":\"https:\/\/www.ccb.pt\/en\/evento\/quem-es-tu-jose-leite-e-raquel-oliveira\/2021-04-14\/#primaryimage\"},\"thumbnailUrl\":\"https:\/\/www.ccb.pt\/wp-content\/uploads\/2020\/09\/QuemEsTu_1920x1080_cBeatrizBagulho.jpg\",\"datePublished\":\"2020-09-30T14:28:41+00:00\",\"dateModified\":\"2023-03-23T11:22:30+00:00\",\"breadcrumb\":{\"@id\":\"https:\/\/www.ccb.pt\/en\/evento\/quem-es-tu-jose-leite-e-raquel-oliveira\/2021-04-14\/#breadcrumb\"},\"inLanguage\":\"en-US\",\"potentialAction\":[{\"@type\":\"ReadAction\",\"target\":[\"https:\/\/www.ccb.pt\/en\/evento\/quem-es-tu-jose-leite-e-raquel-oliveira\/2021-04-14\/\"]}]},{\"@type\":\"ImageObject\",\"inLanguage\":\"en-US\",\"@id\":\"https:\/\/www.ccb.pt\/en\/evento\/quem-es-tu-jose-leite-e-raquel-oliveira\/2021-04-14\/#primaryimage\",\"url\":\"https:\/\/www.ccb.pt\/wp-content\/uploads\/2020\/09\/QuemEsTu_1920x1080_cBeatrizBagulho.jpg\",\"contentUrl\":\"https:\/\/www.ccb.pt\/wp-content\/uploads\/2020\/09\/QuemEsTu_1920x1080_cBeatrizBagulho.jpg\",\"width\":1920,\"height\":1080,\"caption\":\"Ilustra\u00e7\u00e3o de Beatriz Bagulho a partir de ilustra\u00e7\u00f5es originais de Sir John Tenniel\"},{\"@type\":\"BreadcrumbList\",\"@id\":\"https:\/\/www.ccb.pt\/en\/evento\/quem-es-tu-jose-leite-e-raquel-oliveira\/2021-04-14\/#breadcrumb\",\"itemListElement\":[{\"@type\":\"ListItem\",\"position\":1,\"name\":\"Home\",\"item\":\"https:\/\/www.ccb.pt\/en\/\"},{\"@type\":\"ListItem\",\"position\":2,\"name\":\"Eventos\",\"item\":\"https:\/\/www.ccb.pt\/eventos\/\"},{\"@type\":\"ListItem\",\"position\":3,\"name\":\"Who are you? | Jose Leite and Raquel Oliveira\"}]},{\"@type\":\"WebSite\",\"@id\":\"https:\/\/www.ccb.pt\/#website\",\"url\":\"https:\/\/www.ccb.pt\/\",\"name\":\"Centro Cultural de Bel\u00e9m Foundation\",\"description\":\"\",\"publisher\":{\"@id\":\"https:\/\/www.ccb.pt\/#organization\"},\"potentialAction\":[{\"@type\":\"SearchAction\",\"target\":{\"@type\":\"EntryPoint\",\"urlTemplate\":\"https:\/\/www.ccb.pt\/?s={search_term_string}\"},\"query-input\":\"required name=search_term_string\"}],\"inLanguage\":\"en-US\"},{\"@type\":\"Organization\",\"@id\":\"https:\/\/www.ccb.pt\/#organization\",\"name\":\"Centro Cultural de Bel\u00e9m Foundation\",\"url\":\"https:\/\/www.ccb.pt\/\",\"logo\":{\"@type\":\"ImageObject\",\"inLanguage\":\"en-US\",\"@id\":\"https:\/\/www.ccb.pt\/#\/schema\/logo\/image\/\",\"url\":\"https:\/\/www.ccb.pt\/wp-content\/uploads\/2022\/05\/1_ccb.png\",\"contentUrl\":\"https:\/\/www.ccb.pt\/wp-content\/uploads\/2022\/05\/1_ccb.png\",\"width\":126,\"height\":100,\"caption\":\"Centro Cultural de Bel\u00e9m Foundation\"},\"image\":{\"@id\":\"https:\/\/www.ccb.pt\/#\/schema\/logo\/image\/\"},\"sameAs\":[\"https:\/\/twitter.com\/macccb_museu\"]}]}<\/script>\n<!-- \/ Yoast SEO plugin. -->","yoast_head_json":{"title":"Who are you? | Jose Leite and Raquel Oliveira - Centro Cultural de Bel\u00e9m Foundation","robots":{"index":"index","follow":"follow","max-snippet":"max-snippet:-1","max-image-preview":"max-image-preview:large","max-video-preview":"max-video-preview:-1"},"canonical":"https:\/\/www.ccb.pt\/en\/evento\/quem-es-tu-jose-leite-e-raquel-oliveira\/2021-04-14\/","og_locale":"en_US","og_type":"article","og_title":"Who are you? | Jose Leite and Raquel Oliveira - Centro Cultural de Bel\u00e9m Foundation","og_description":"Alice meets a caterpillar with questioning tongues. \u201cWho are you?\u201d And the question remains echoing in Alice\u2019s thoughts. The answer is a difficult one. She has memories from the age of four onwards, but, before this, she already existed, only she doesn\u2019t remember. If she\u2019s always changing, how can she give a right answer? How [&hellip;]","og_url":"https:\/\/www.ccb.pt\/en\/evento\/quem-es-tu-jose-leite-e-raquel-oliveira\/2021-04-14\/","og_site_name":"Centro Cultural de Bel\u00e9m Foundation","article_modified_time":"2023-03-23T11:22:30+00:00","og_image":[{"width":1920,"height":1080,"url":"https:\/\/www.ccb.pt\/wp-content\/uploads\/2020\/09\/QuemEsTu_1920x1080_cBeatrizBagulho.jpg","type":"image\/jpeg"}],"twitter_card":"summary_large_image","twitter_site":"@macccb_museu","twitter_misc":{"Est. reading time":"1 minute"},"schema":{"@context":"https:\/\/schema.org","@graph":[{"@type":"WebPage","@id":"https:\/\/www.ccb.pt\/en\/evento\/quem-es-tu-jose-leite-e-raquel-oliveira\/2021-04-14\/","url":"https:\/\/www.ccb.pt\/en\/evento\/quem-es-tu-jose-leite-e-raquel-oliveira\/2021-04-14\/","name":"Who are you? | Jose Leite and Raquel Oliveira - Centro Cultural de Bel\u00e9m Foundation","isPartOf":{"@id":"https:\/\/www.ccb.pt\/#website"},"primaryImageOfPage":{"@id":"https:\/\/www.ccb.pt\/en\/evento\/quem-es-tu-jose-leite-e-raquel-oliveira\/2021-04-14\/#primaryimage"},"image":{"@id":"https:\/\/www.ccb.pt\/en\/evento\/quem-es-tu-jose-leite-e-raquel-oliveira\/2021-04-14\/#primaryimage"},"thumbnailUrl":"https:\/\/www.ccb.pt\/wp-content\/uploads\/2020\/09\/QuemEsTu_1920x1080_cBeatrizBagulho.jpg","datePublished":"2020-09-30T14:28:41+00:00","dateModified":"2023-03-23T11:22:30+00:00","breadcrumb":{"@id":"https:\/\/www.ccb.pt\/en\/evento\/quem-es-tu-jose-leite-e-raquel-oliveira\/2021-04-14\/#breadcrumb"},"inLanguage":"en-US","potentialAction":[{"@type":"ReadAction","target":["https:\/\/www.ccb.pt\/en\/evento\/quem-es-tu-jose-leite-e-raquel-oliveira\/2021-04-14\/"]}]},{"@type":"ImageObject","inLanguage":"en-US","@id":"https:\/\/www.ccb.pt\/en\/evento\/quem-es-tu-jose-leite-e-raquel-oliveira\/2021-04-14\/#primaryimage","url":"https:\/\/www.ccb.pt\/wp-content\/uploads\/2020\/09\/QuemEsTu_1920x1080_cBeatrizBagulho.jpg","contentUrl":"https:\/\/www.ccb.pt\/wp-content\/uploads\/2020\/09\/QuemEsTu_1920x1080_cBeatrizBagulho.jpg","width":1920,"height":1080,"caption":"Ilustra\u00e7\u00e3o de Beatriz Bagulho a partir de ilustra\u00e7\u00f5es originais de Sir John Tenniel"},{"@type":"BreadcrumbList","@id":"https:\/\/www.ccb.pt\/en\/evento\/quem-es-tu-jose-leite-e-raquel-oliveira\/2021-04-14\/#breadcrumb","itemListElement":[{"@type":"ListItem","position":1,"name":"Home","item":"https:\/\/www.ccb.pt\/en\/"},{"@type":"ListItem","position":2,"name":"Eventos","item":"https:\/\/www.ccb.pt\/eventos\/"},{"@type":"ListItem","position":3,"name":"Who are you? | Jose Leite and Raquel Oliveira"}]},{"@type":"WebSite","@id":"https:\/\/www.ccb.pt\/#website","url":"https:\/\/www.ccb.pt\/","name":"Centro Cultural de Bel\u00e9m Foundation","description":"","publisher":{"@id":"https:\/\/www.ccb.pt\/#organization"},"potentialAction":[{"@type":"SearchAction","target":{"@type":"EntryPoint","urlTemplate":"https:\/\/www.ccb.pt\/?s={search_term_string}"},"query-input":"required name=search_term_string"}],"inLanguage":"en-US"},{"@type":"Organization","@id":"https:\/\/www.ccb.pt\/#organization","name":"Centro Cultural de Bel\u00e9m Foundation","url":"https:\/\/www.ccb.pt\/","logo":{"@type":"ImageObject","inLanguage":"en-US","@id":"https:\/\/www.ccb.pt\/#\/schema\/logo\/image\/","url":"https:\/\/www.ccb.pt\/wp-content\/uploads\/2022\/05\/1_ccb.png","contentUrl":"https:\/\/www.ccb.pt\/wp-content\/uploads\/2022\/05\/1_ccb.png","width":126,"height":100,"caption":"Centro Cultural de Bel\u00e9m Foundation"},"image":{"@id":"https:\/\/www.ccb.pt\/#\/schema\/logo\/image\/"},"sameAs":["https:\/\/twitter.com\/macccb_museu"]}]}},"_links":{"self":[{"href":"https:\/\/www.ccb.pt\/en\/wp-json\/wp\/v2\/tribe_events\/25580"}],"collection":[{"href":"https:\/\/www.ccb.pt\/en\/wp-json\/wp\/v2\/tribe_events"}],"about":[{"href":"https:\/\/www.ccb.pt\/en\/wp-json\/wp\/v2\/types\/tribe_events"}],"author":[{"embeddable":true,"href":"https:\/\/www.ccb.pt\/en\/wp-json\/wp\/v2\/users\/6"}],"replies":[{"embeddable":true,"href":"https:\/\/www.ccb.pt\/en\/wp-json\/wp\/v2\/comments?post=25580"}],"version-history":[{"count":3,"href":"https:\/\/www.ccb.pt\/en\/wp-json\/wp\/v2\/tribe_events\/25580\/revisions"}],"predecessor-version":[{"id":115829,"href":"https:\/\/www.ccb.pt\/en\/wp-json\/wp\/v2\/tribe_events\/25580\/revisions\/115829"}],"wp:featuredmedia":[{"embeddable":true,"href":"https:\/\/www.ccb.pt\/en\/wp-json\/wp\/v2\/media\/18919"}],"wp:attachment":[{"href":"https:\/\/www.ccb.pt\/en\/wp-json\/wp\/v2\/media?parent=25580"}],"wp:term":[{"taxonomy":"tribe_events_cat","embeddable":true,"href":"https:\/\/www.ccb.pt\/en\/wp-json\/wp\/v2\/tribe_events_cat?post=25580"},{"taxonomy":"tags_tema","embeddable":true,"href":"https:\/\/www.ccb.pt\/en\/wp-json\/wp\/v2\/tags_tema?post=25580"},{"taxonomy":"idades","embeddable":true,"href":"https:\/\/www.ccb.pt\/en\/wp-json\/wp\/v2\/idades?post=25580"},{"taxonomy":"tipos","embeddable":true,"href":"https:\/\/www.ccb.pt\/en\/wp-json\/wp\/v2\/tipos?post=25580"},{"taxonomy":"temas","embeddable":true,"href":"https:\/\/www.ccb.pt\/en\/wp-json\/wp\/v2\/temas?post=25580"},{"taxonomy":"categorias_hubspot","embeddable":true,"href":"https:\/\/www.ccb.pt\/en\/wp-json\/wp\/v2\/categorias_hubspot?post=25580"}],"curies":[{"name":"wp","href":"https:\/\/api.w.org\/{rel}","templated":true}]}}