    {"id":218944,"date":"2025-02-21T10:18:42","date_gmt":"2025-02-21T10:18:42","guid":{"rendered":"https:\/\/www.ccb.pt\/evento\/tokyo-ride-2020-90\/"},"modified":"2025-02-21T11:21:31","modified_gmt":"2025-02-21T11:21:31","slug":"tokyo-ride-2020-90","status":"publish","type":"tribe_events","link":"https:\/\/www.ccb.pt\/en\/evento\/tokyo-ride-2020-90\/","title":{"rendered":"Tokyo Ride (2020, 90&#8242;)"},"content":{"rendered":"<p>After the multi awarded <em>Moriyama San<\/em>, <em>Tokyo Ride<\/em> is a new step of B\u00eaka &amp; Lemoine\u2019s immersion within Tokyo\u2019s busy daily life. Revisiting the genre of the road movie in a very diaristic and personal way, the film takes us on board of Ryue Nishizawa\u2019s vintage Alfa Romeo for a day-long wandering in the streets of Tokyo. More than a portrait, in the classical sense, of one of the most talented and celebrated Japanese architect of today, the film renders in its pure spontaneity the experience of this friendly urban drift. Ryue Nishizawa narrates along the way his strong relationship with his home town through some sites he holds dear, buildings that have influenced him, and some of his own architecture projects. The film questions how rooted architecture practice is and how much the built and cultural environment feeds and shapes our imagination.<\/p>\n<p>&nbsp;<\/p>\n<p><u>Presented by Julia Albani<\/u><\/p>\n<p>Julia Albani (1977) \u00e9 curadora e especialista em rela\u00e7\u00f5es p\u00fablicas. Estudou Hist\u00f3ria da Arte e Arquitetura, Filosofia e Literatura. Trabalhou no Schweizerisches Architekturmuseum, na Akademie der K\u00fcnste, em Berlim, e na Trienal de Arquitetura de Lisboa. Desde 2016, trabalha no Canadian Centre for Architecture. Foi cocuradora do Pavilh\u00e3o de Portugal na Bienal de Veneza (2010), e curadora do festival Uma Revolu\u00e7\u00e3o Assim (2024).<\/p>\n","protected":false},"excerpt":{"rendered":"<p>After the multi awarded Moriyama San, Tokyo Ride is a new step of B\u00eaka &amp; Lemoine\u2019s immersion within Tokyo\u2019s busy daily life. Revisiting the genre of the road movie in a very diaristic and personal way, the film takes us on board of Ryue Nishizawa\u2019s vintage Alfa Romeo for a day-long wandering in the streets [&hellip;]<\/p>\n","protected":false},"author":6,"featured_media":217798,"comment_status":"closed","ping_status":"closed","template":"","meta":{"_relevanssi_hide_post":"","_relevanssi_pin_for_all":"on","_relevanssi_pin_keywords":"","_relevanssi_unpin_keywords":"","_relevanssi_related_keywords":"","_relevanssi_related_include_ids":"","_relevanssi_related_exclude_ids":"","_relevanssi_related_no_append":"","_relevanssi_related_not_related":"","_relevanssi_related_posts":"","_relevanssi_noindex_reason":""},"tribe_events_cat":[646,328,565],"tags_tema":[],"idades":[],"tipos":[],"temas":[],"categorias_hubspot":[],"acf":[],"yoast_head":"<!-- This site is optimized with the Yoast SEO plugin v22.3 - https:\/\/yoast.com\/wordpress\/plugins\/seo\/ -->\n<title>Tokyo Ride (2020, 90&#039;) - Centro Cultural de Bel\u00e9m Foundation<\/title>\n<meta name=\"description\" content=\"Depois do multipremiado Moriyama San, Tokyo Ride revisita o g\u00e9nero &quot;road movie&quot; levando-nos a bordo de um Alfa Romeo vintage, de Ryue Nishizawa, pelas ruas de T\u00f3quio.\" \/>\n<meta name=\"robots\" content=\"index, follow, max-snippet:-1, max-image-preview:large, max-video-preview:-1\" \/>\n<link rel=\"canonical\" href=\"https:\/\/www.ccb.pt\/en\/evento\/tokyo-ride-2020-90\/\" \/>\n<meta property=\"og:locale\" content=\"en_US\" \/>\n<meta property=\"og:type\" content=\"article\" \/>\n<meta property=\"og:title\" content=\"B\u00eaka &amp; Lemoine | Tokyo Ride (2020, 90&#039;) - Cinemateca x MAC\/CCB\" \/>\n<meta property=\"og:description\" content=\"Depois do multipremiado Moriyama San, Tokyo Ride revisita o g\u00e9nero &quot;road movie&quot; levando-nos a bordo de um Alfa Romeo vintage, de Ryue Nishizawa, pelas ruas de T\u00f3quio.\" \/>\n<meta property=\"og:url\" content=\"https:\/\/www.ccb.pt\/en\/evento\/tokyo-ride-2020-90\/\" \/>\n<meta property=\"og:site_name\" content=\"Centro Cultural de Bel\u00e9m Foundation\" \/>\n<meta property=\"article:modified_time\" content=\"2025-02-21T11:21:31+00:00\" \/>\n<meta property=\"og:image\" content=\"https:\/\/www.ccb.pt\/wp-content\/uploads\/2025\/02\/Tokyo_Rideciclocinemabeka-e1739805732613.jpg\" \/>\n\t<meta property=\"og:image:width\" content=\"1920\" \/>\n\t<meta property=\"og:image:height\" content=\"880\" \/>\n\t<meta property=\"og:image:type\" content=\"image\/jpeg\" \/>\n<meta name=\"twitter:card\" content=\"summary_large_image\" \/>\n<meta name=\"twitter:site\" content=\"@macccb_museu\" \/>\n<meta name=\"twitter:label1\" content=\"Est. reading time\" \/>\n\t<meta name=\"twitter:data1\" content=\"2 minutes\" \/>\n<script type=\"application\/ld+json\" class=\"yoast-schema-graph\">{\"@context\":\"https:\/\/schema.org\",\"@graph\":[{\"@type\":\"WebPage\",\"@id\":\"https:\/\/www.ccb.pt\/en\/evento\/tokyo-ride-2020-90\/\",\"url\":\"https:\/\/www.ccb.pt\/en\/evento\/tokyo-ride-2020-90\/\",\"name\":\"Tokyo Ride (2020, 90') - Centro Cultural de Bel\u00e9m Foundation\",\"isPartOf\":{\"@id\":\"https:\/\/www.ccb.pt\/#website\"},\"primaryImageOfPage\":{\"@id\":\"https:\/\/www.ccb.pt\/en\/evento\/tokyo-ride-2020-90\/#primaryimage\"},\"image\":{\"@id\":\"https:\/\/www.ccb.pt\/en\/evento\/tokyo-ride-2020-90\/#primaryimage\"},\"thumbnailUrl\":\"https:\/\/www.ccb.pt\/wp-content\/uploads\/2025\/02\/Tokyo_Rideciclocinemabeka-e1739805732613.jpg\",\"datePublished\":\"2025-02-21T10:18:42+00:00\",\"dateModified\":\"2025-02-21T11:21:31+00:00\",\"description\":\"Depois do multipremiado Moriyama San, Tokyo Ride revisita o g\u00e9nero \\\"road movie\\\" levando-nos a bordo de um Alfa Romeo vintage, de Ryue Nishizawa, pelas ruas de T\u00f3quio.\",\"breadcrumb\":{\"@id\":\"https:\/\/www.ccb.pt\/en\/evento\/tokyo-ride-2020-90\/#breadcrumb\"},\"inLanguage\":\"en-US\",\"potentialAction\":[{\"@type\":\"ReadAction\",\"target\":[\"https:\/\/www.ccb.pt\/en\/evento\/tokyo-ride-2020-90\/\"]}]},{\"@type\":\"ImageObject\",\"inLanguage\":\"en-US\",\"@id\":\"https:\/\/www.ccb.pt\/en\/evento\/tokyo-ride-2020-90\/#primaryimage\",\"url\":\"https:\/\/www.ccb.pt\/wp-content\/uploads\/2025\/02\/Tokyo_Rideciclocinemabeka-e1739805732613.jpg\",\"contentUrl\":\"https:\/\/www.ccb.pt\/wp-content\/uploads\/2025\/02\/Tokyo_Rideciclocinemabeka-e1739805732613.jpg\",\"width\":1920,\"height\":1080,\"caption\":\"homem de nacionalidade chinesa sentado dentro de carro a sorrir e a olhar para quem est\u00e1 a tirar fotografia\"},{\"@type\":\"BreadcrumbList\",\"@id\":\"https:\/\/www.ccb.pt\/en\/evento\/tokyo-ride-2020-90\/#breadcrumb\",\"itemListElement\":[{\"@type\":\"ListItem\",\"position\":1,\"name\":\"Home\",\"item\":\"https:\/\/www.ccb.pt\/en\/\"},{\"@type\":\"ListItem\",\"position\":2,\"name\":\"Eventos\",\"item\":\"https:\/\/www.ccb.pt\/eventos\/\"},{\"@type\":\"ListItem\",\"position\":3,\"name\":\"Tokyo Ride (2020, 90&#8242;)\"}]},{\"@type\":\"WebSite\",\"@id\":\"https:\/\/www.ccb.pt\/#website\",\"url\":\"https:\/\/www.ccb.pt\/\",\"name\":\"Centro Cultural de Bel\u00e9m Foundation\",\"description\":\"\",\"publisher\":{\"@id\":\"https:\/\/www.ccb.pt\/#organization\"},\"potentialAction\":[{\"@type\":\"SearchAction\",\"target\":{\"@type\":\"EntryPoint\",\"urlTemplate\":\"https:\/\/www.ccb.pt\/?s={search_term_string}\"},\"query-input\":\"required name=search_term_string\"}],\"inLanguage\":\"en-US\"},{\"@type\":\"Organization\",\"@id\":\"https:\/\/www.ccb.pt\/#organization\",\"name\":\"Centro Cultural de Bel\u00e9m Foundation\",\"url\":\"https:\/\/www.ccb.pt\/\",\"logo\":{\"@type\":\"ImageObject\",\"inLanguage\":\"en-US\",\"@id\":\"https:\/\/www.ccb.pt\/#\/schema\/logo\/image\/\",\"url\":\"https:\/\/www.ccb.pt\/wp-content\/uploads\/2022\/05\/1_ccb.png\",\"contentUrl\":\"https:\/\/www.ccb.pt\/wp-content\/uploads\/2022\/05\/1_ccb.png\",\"width\":126,\"height\":100,\"caption\":\"Centro Cultural de Bel\u00e9m Foundation\"},\"image\":{\"@id\":\"https:\/\/www.ccb.pt\/#\/schema\/logo\/image\/\"},\"sameAs\":[\"https:\/\/twitter.com\/macccb_museu\"]}]}<\/script>\n<!-- \/ Yoast SEO plugin. -->","yoast_head_json":{"title":"Tokyo Ride (2020, 90') - Centro Cultural de Bel\u00e9m Foundation","description":"Depois do multipremiado Moriyama San, Tokyo Ride revisita o g\u00e9nero \"road movie\" levando-nos a bordo de um Alfa Romeo vintage, de Ryue Nishizawa, pelas ruas de T\u00f3quio.","robots":{"index":"index","follow":"follow","max-snippet":"max-snippet:-1","max-image-preview":"max-image-preview:large","max-video-preview":"max-video-preview:-1"},"canonical":"https:\/\/www.ccb.pt\/en\/evento\/tokyo-ride-2020-90\/","og_locale":"en_US","og_type":"article","og_title":"B\u00eaka & Lemoine | Tokyo Ride (2020, 90') - Cinemateca x MAC\/CCB","og_description":"Depois do multipremiado Moriyama San, Tokyo Ride revisita o g\u00e9nero \"road movie\" levando-nos a bordo de um Alfa Romeo vintage, de Ryue Nishizawa, pelas ruas de T\u00f3quio.","og_url":"https:\/\/www.ccb.pt\/en\/evento\/tokyo-ride-2020-90\/","og_site_name":"Centro Cultural de Bel\u00e9m Foundation","article_modified_time":"2025-02-21T11:21:31+00:00","og_image":[{"width":1920,"height":880,"url":"https:\/\/www.ccb.pt\/wp-content\/uploads\/2025\/02\/Tokyo_Rideciclocinemabeka-e1739805732613.jpg","type":"image\/jpeg"}],"twitter_card":"summary_large_image","twitter_site":"@macccb_museu","twitter_misc":{"Est. reading time":"2 minutes"},"schema":{"@context":"https:\/\/schema.org","@graph":[{"@type":"WebPage","@id":"https:\/\/www.ccb.pt\/en\/evento\/tokyo-ride-2020-90\/","url":"https:\/\/www.ccb.pt\/en\/evento\/tokyo-ride-2020-90\/","name":"Tokyo Ride (2020, 90') - Centro Cultural de Bel\u00e9m Foundation","isPartOf":{"@id":"https:\/\/www.ccb.pt\/#website"},"primaryImageOfPage":{"@id":"https:\/\/www.ccb.pt\/en\/evento\/tokyo-ride-2020-90\/#primaryimage"},"image":{"@id":"https:\/\/www.ccb.pt\/en\/evento\/tokyo-ride-2020-90\/#primaryimage"},"thumbnailUrl":"https:\/\/www.ccb.pt\/wp-content\/uploads\/2025\/02\/Tokyo_Rideciclocinemabeka-e1739805732613.jpg","datePublished":"2025-02-21T10:18:42+00:00","dateModified":"2025-02-21T11:21:31+00:00","description":"Depois do multipremiado Moriyama San, Tokyo Ride revisita o g\u00e9nero \"road movie\" levando-nos a bordo de um Alfa Romeo vintage, de Ryue Nishizawa, pelas ruas de T\u00f3quio.","breadcrumb":{"@id":"https:\/\/www.ccb.pt\/en\/evento\/tokyo-ride-2020-90\/#breadcrumb"},"inLanguage":"en-US","potentialAction":[{"@type":"ReadAction","target":["https:\/\/www.ccb.pt\/en\/evento\/tokyo-ride-2020-90\/"]}]},{"@type":"ImageObject","inLanguage":"en-US","@id":"https:\/\/www.ccb.pt\/en\/evento\/tokyo-ride-2020-90\/#primaryimage","url":"https:\/\/www.ccb.pt\/wp-content\/uploads\/2025\/02\/Tokyo_Rideciclocinemabeka-e1739805732613.jpg","contentUrl":"https:\/\/www.ccb.pt\/wp-content\/uploads\/2025\/02\/Tokyo_Rideciclocinemabeka-e1739805732613.jpg","width":1920,"height":1080,"caption":"homem de nacionalidade chinesa sentado dentro de carro a sorrir e a olhar para quem est\u00e1 a tirar fotografia"},{"@type":"BreadcrumbList","@id":"https:\/\/www.ccb.pt\/en\/evento\/tokyo-ride-2020-90\/#breadcrumb","itemListElement":[{"@type":"ListItem","position":1,"name":"Home","item":"https:\/\/www.ccb.pt\/en\/"},{"@type":"ListItem","position":2,"name":"Eventos","item":"https:\/\/www.ccb.pt\/eventos\/"},{"@type":"ListItem","position":3,"name":"Tokyo Ride (2020, 90&#8242;)"}]},{"@type":"WebSite","@id":"https:\/\/www.ccb.pt\/#website","url":"https:\/\/www.ccb.pt\/","name":"Centro Cultural de Bel\u00e9m Foundation","description":"","publisher":{"@id":"https:\/\/www.ccb.pt\/#organization"},"potentialAction":[{"@type":"SearchAction","target":{"@type":"EntryPoint","urlTemplate":"https:\/\/www.ccb.pt\/?s={search_term_string}"},"query-input":"required name=search_term_string"}],"inLanguage":"en-US"},{"@type":"Organization","@id":"https:\/\/www.ccb.pt\/#organization","name":"Centro Cultural de Bel\u00e9m Foundation","url":"https:\/\/www.ccb.pt\/","logo":{"@type":"ImageObject","inLanguage":"en-US","@id":"https:\/\/www.ccb.pt\/#\/schema\/logo\/image\/","url":"https:\/\/www.ccb.pt\/wp-content\/uploads\/2022\/05\/1_ccb.png","contentUrl":"https:\/\/www.ccb.pt\/wp-content\/uploads\/2022\/05\/1_ccb.png","width":126,"height":100,"caption":"Centro Cultural de Bel\u00e9m Foundation"},"image":{"@id":"https:\/\/www.ccb.pt\/#\/schema\/logo\/image\/"},"sameAs":["https:\/\/twitter.com\/macccb_museu"]}]}},"_links":{"self":[{"href":"https:\/\/www.ccb.pt\/en\/wp-json\/wp\/v2\/tribe_events\/218944"}],"collection":[{"href":"https:\/\/www.ccb.pt\/en\/wp-json\/wp\/v2\/tribe_events"}],"about":[{"href":"https:\/\/www.ccb.pt\/en\/wp-json\/wp\/v2\/types\/tribe_events"}],"author":[{"embeddable":true,"href":"https:\/\/www.ccb.pt\/en\/wp-json\/wp\/v2\/users\/6"}],"replies":[{"embeddable":true,"href":"https:\/\/www.ccb.pt\/en\/wp-json\/wp\/v2\/comments?post=218944"}],"version-history":[{"count":2,"href":"https:\/\/www.ccb.pt\/en\/wp-json\/wp\/v2\/tribe_events\/218944\/revisions"}],"predecessor-version":[{"id":218949,"href":"https:\/\/www.ccb.pt\/en\/wp-json\/wp\/v2\/tribe_events\/218944\/revisions\/218949"}],"wp:featuredmedia":[{"embeddable":true,"href":"https:\/\/www.ccb.pt\/en\/wp-json\/wp\/v2\/media\/217798"}],"wp:attachment":[{"href":"https:\/\/www.ccb.pt\/en\/wp-json\/wp\/v2\/media?parent=218944"}],"wp:term":[{"taxonomy":"tribe_events_cat","embeddable":true,"href":"https:\/\/www.ccb.pt\/en\/wp-json\/wp\/v2\/tribe_events_cat?post=218944"},{"taxonomy":"tags_tema","embeddable":true,"href":"https:\/\/www.ccb.pt\/en\/wp-json\/wp\/v2\/tags_tema?post=218944"},{"taxonomy":"idades","embeddable":true,"href":"https:\/\/www.ccb.pt\/en\/wp-json\/wp\/v2\/idades?post=218944"},{"taxonomy":"tipos","embeddable":true,"href":"https:\/\/www.ccb.pt\/en\/wp-json\/wp\/v2\/tipos?post=218944"},{"taxonomy":"temas","embeddable":true,"href":"https:\/\/www.ccb.pt\/en\/wp-json\/wp\/v2\/temas?post=218944"},{"taxonomy":"categorias_hubspot","embeddable":true,"href":"https:\/\/www.ccb.pt\/en\/wp-json\/wp\/v2\/categorias_hubspot?post=218944"}],"curies":[{"name":"wp","href":"https:\/\/api.w.org\/{rel}","templated":true}]}}