    {"id":218910,"date":"2025-02-21T08:15:54","date_gmt":"2025-02-21T08:15:54","guid":{"rendered":"https:\/\/www.ccb.pt\/evento\/estreia-do-filme-homo-urbanus-lisboetus-de-beka-lemoine\/"},"modified":"2025-02-26T16:51:29","modified_gmt":"2025-02-26T16:51:29","slug":"estreia-do-filme-homo-urbanus-lisboetus-de-beka-lemoine","status":"publish","type":"tribe_events","link":"https:\/\/www.ccb.pt\/en\/evento\/estreia-do-filme-homo-urbanus-lisboetus-de-beka-lemoine\/","title":{"rendered":"Premiere of Homo Urbanus Lisboetus, by B\u00eaka &amp; Lemoine"},"content":{"rendered":"<p><span style=\"color: #0000ff\"><a style=\"color: #0000ff\" href=\"https:\/\/www.ccb.pt\/en\/evento\/homo-urbanus-a-citymatographic-odyssey-by-beka-lemoine\/\" target=\"_blank\" rel=\"noopener\"><em>Homo Urbanus. A Citymatographic Odyssey<\/em><\/a><\/span>, a project by artists and filmmakers Ila B\u00eaka &amp; Louise Lemoine, explores the city as an ecosystem, observing the peculiarities of the species they call <em>Homo Urbanus<\/em> within the international habitat it both constructs and is shaped by.<\/p>\n<p>Currently on view at MAC\/CCB, the most extensive presentation of this ambitious project to date features over 13 hours of films from 13 different cities. Framed through a selection of themes and issues related to daily life in public space, these films allow us to understand each urban context as a unique, local experimental laboratory responding to the global challenge of how we can live together.<\/p>\n<p>B\u00eaka &amp; Lemoine have now taken to the streets of Lisbon in search of the <em>Homo Urbanus Lisboetus<\/em>. The Portuguese capital is the subject of the 14th iteration of the project, in a film produced in partnership with RTP, set to premiere on 5 March at the CCB\u2019s Small Auditorium. Following the premiere, it will become part of the MAC\/CCB exhibition, on view until 6 April.<\/p>\n<p><strong>\u25fe <\/strong>Introduction by <strong>Nuno Vassallo e Silva<\/strong>, President of the Administration Council of FCCB and <strong>Daniel Gorj\u00e3o<\/strong>, Performing Arts Curator at RTP2<\/p>\n<p>Followed by a conversation with <strong>Ila B\u00eaka<\/strong>, Justin Jaeckle (exhibition curator), and <strong>Mariana Pestana<\/strong> (Chief Curator \u2014 Architecture Centre). The discussion will be held in English.<\/p>\n<p>Free entry, subject to ticket collection at the CCB Box Office (available 2 hours before the event).<\/p>\n<p>&nbsp;<\/p>\n","protected":false},"excerpt":{"rendered":"<p>Homo Urbanus. A Citymatographic Odyssey, a project by artists and filmmakers Ila B\u00eaka &amp; Louise Lemoine, explores the city as an ecosystem, observing the peculiarities of the species they call Homo Urbanus within the international habitat it both constructs and is shaped by. Currently on view at MAC\/CCB, the most extensive presentation of this ambitious [&hellip;]<\/p>\n","protected":false},"author":6,"featured_media":218812,"comment_status":"closed","ping_status":"closed","template":"","meta":{"_relevanssi_hide_post":"","_relevanssi_pin_for_all":"on","_relevanssi_pin_keywords":"","_relevanssi_unpin_keywords":"","_relevanssi_related_keywords":"","_relevanssi_related_include_ids":"","_relevanssi_related_exclude_ids":"","_relevanssi_related_no_append":"","_relevanssi_related_not_related":"","_relevanssi_related_posts":"","_relevanssi_noindex_reason":""},"tribe_events_cat":[646,328,661],"tags_tema":[],"idades":[],"tipos":[],"temas":[],"categorias_hubspot":[],"acf":[],"yoast_head":"<!-- This site is optimized with the Yoast SEO plugin v22.3 - https:\/\/yoast.com\/wordpress\/plugins\/seo\/ -->\n<title>Premiere of Homo Urbanus Lisboetus, by B\u00eaka &amp; Lemoine - Centro Cultural de Bel\u00e9m Foundation<\/title>\n<meta name=\"robots\" content=\"index, follow, max-snippet:-1, max-image-preview:large, max-video-preview:-1\" \/>\n<link rel=\"canonical\" href=\"https:\/\/www.ccb.pt\/en\/evento\/estreia-do-filme-homo-urbanus-lisboetus-de-beka-lemoine\/\" \/>\n<meta property=\"og:locale\" content=\"en_US\" \/>\n<meta property=\"og:type\" content=\"article\" \/>\n<meta property=\"og:title\" content=\"Premiere of Homo Urbanus Lisboetus, by B\u00eaka &amp; Lemoine - Centro Cultural de Bel\u00e9m Foundation\" \/>\n<meta property=\"og:description\" content=\"Homo Urbanus. A Citymatographic Odyssey, a project by artists and filmmakers Ila B\u00eaka &amp; Louise Lemoine, explores the city as an ecosystem, observing the peculiarities of the species they call Homo Urbanus within the international habitat it both constructs and is shaped by. Currently on view at MAC\/CCB, the most extensive presentation of this ambitious [&hellip;]\" \/>\n<meta property=\"og:url\" content=\"https:\/\/www.ccb.pt\/en\/evento\/estreia-do-filme-homo-urbanus-lisboetus-de-beka-lemoine\/\" \/>\n<meta property=\"og:site_name\" content=\"Centro Cultural de Bel\u00e9m Foundation\" \/>\n<meta property=\"article:modified_time\" content=\"2025-02-26T16:51:29+00:00\" \/>\n<meta property=\"og:image\" content=\"https:\/\/www.ccb.pt\/wp-content\/uploads\/2025\/02\/Lisboetus_Title_Thick.jpg\" \/>\n\t<meta property=\"og:image:width\" content=\"1200\" \/>\n\t<meta property=\"og:image:height\" content=\"691\" \/>\n\t<meta property=\"og:image:type\" content=\"image\/jpeg\" \/>\n<meta name=\"twitter:card\" content=\"summary_large_image\" \/>\n<meta name=\"twitter:site\" content=\"@macccb_museu\" \/>\n<meta name=\"twitter:label1\" content=\"Est. reading time\" \/>\n\t<meta name=\"twitter:data1\" content=\"2 minutes\" \/>\n<script type=\"application\/ld+json\" class=\"yoast-schema-graph\">{\"@context\":\"https:\/\/schema.org\",\"@graph\":[{\"@type\":\"WebPage\",\"@id\":\"https:\/\/www.ccb.pt\/en\/evento\/estreia-do-filme-homo-urbanus-lisboetus-de-beka-lemoine\/\",\"url\":\"https:\/\/www.ccb.pt\/en\/evento\/estreia-do-filme-homo-urbanus-lisboetus-de-beka-lemoine\/\",\"name\":\"Premiere of Homo Urbanus Lisboetus, by B\u00eaka &amp; Lemoine - Centro Cultural de Bel\u00e9m Foundation\",\"isPartOf\":{\"@id\":\"https:\/\/www.ccb.pt\/#website\"},\"primaryImageOfPage\":{\"@id\":\"https:\/\/www.ccb.pt\/en\/evento\/estreia-do-filme-homo-urbanus-lisboetus-de-beka-lemoine\/#primaryimage\"},\"image\":{\"@id\":\"https:\/\/www.ccb.pt\/en\/evento\/estreia-do-filme-homo-urbanus-lisboetus-de-beka-lemoine\/#primaryimage\"},\"thumbnailUrl\":\"https:\/\/www.ccb.pt\/wp-content\/uploads\/2025\/02\/Lisboetus-Estreia-do-filme-do-ciclo-Beka.jpg\",\"datePublished\":\"2025-02-21T08:15:54+00:00\",\"dateModified\":\"2025-02-26T16:51:29+00:00\",\"breadcrumb\":{\"@id\":\"https:\/\/www.ccb.pt\/en\/evento\/estreia-do-filme-homo-urbanus-lisboetus-de-beka-lemoine\/#breadcrumb\"},\"inLanguage\":\"en-US\",\"potentialAction\":[{\"@type\":\"ReadAction\",\"target\":[\"https:\/\/www.ccb.pt\/en\/evento\/estreia-do-filme-homo-urbanus-lisboetus-de-beka-lemoine\/\"]}]},{\"@type\":\"ImageObject\",\"inLanguage\":\"en-US\",\"@id\":\"https:\/\/www.ccb.pt\/en\/evento\/estreia-do-filme-homo-urbanus-lisboetus-de-beka-lemoine\/#primaryimage\",\"url\":\"https:\/\/www.ccb.pt\/wp-content\/uploads\/2025\/02\/Lisboetus-Estreia-do-filme-do-ciclo-Beka.jpg\",\"contentUrl\":\"https:\/\/www.ccb.pt\/wp-content\/uploads\/2025\/02\/Lisboetus-Estreia-do-filme-do-ciclo-Beka.jpg\",\"width\":2000,\"height\":1152,\"caption\":\"alt=\\\"\\\"\"},{\"@type\":\"BreadcrumbList\",\"@id\":\"https:\/\/www.ccb.pt\/en\/evento\/estreia-do-filme-homo-urbanus-lisboetus-de-beka-lemoine\/#breadcrumb\",\"itemListElement\":[{\"@type\":\"ListItem\",\"position\":1,\"name\":\"Home\",\"item\":\"https:\/\/www.ccb.pt\/en\/\"},{\"@type\":\"ListItem\",\"position\":2,\"name\":\"Eventos\",\"item\":\"https:\/\/www.ccb.pt\/eventos\/\"},{\"@type\":\"ListItem\",\"position\":3,\"name\":\"Premiere of Homo Urbanus Lisboetus, by B\u00eaka &amp; Lemoine\"}]},{\"@type\":\"WebSite\",\"@id\":\"https:\/\/www.ccb.pt\/#website\",\"url\":\"https:\/\/www.ccb.pt\/\",\"name\":\"Centro Cultural de Bel\u00e9m Foundation\",\"description\":\"\",\"publisher\":{\"@id\":\"https:\/\/www.ccb.pt\/#organization\"},\"potentialAction\":[{\"@type\":\"SearchAction\",\"target\":{\"@type\":\"EntryPoint\",\"urlTemplate\":\"https:\/\/www.ccb.pt\/?s={search_term_string}\"},\"query-input\":\"required name=search_term_string\"}],\"inLanguage\":\"en-US\"},{\"@type\":\"Organization\",\"@id\":\"https:\/\/www.ccb.pt\/#organization\",\"name\":\"Centro Cultural de Bel\u00e9m Foundation\",\"url\":\"https:\/\/www.ccb.pt\/\",\"logo\":{\"@type\":\"ImageObject\",\"inLanguage\":\"en-US\",\"@id\":\"https:\/\/www.ccb.pt\/#\/schema\/logo\/image\/\",\"url\":\"https:\/\/www.ccb.pt\/wp-content\/uploads\/2022\/05\/1_ccb.png\",\"contentUrl\":\"https:\/\/www.ccb.pt\/wp-content\/uploads\/2022\/05\/1_ccb.png\",\"width\":126,\"height\":100,\"caption\":\"Centro Cultural de Bel\u00e9m Foundation\"},\"image\":{\"@id\":\"https:\/\/www.ccb.pt\/#\/schema\/logo\/image\/\"},\"sameAs\":[\"https:\/\/twitter.com\/macccb_museu\"]}]}<\/script>\n<!-- \/ Yoast SEO plugin. -->","yoast_head_json":{"title":"Premiere of Homo Urbanus Lisboetus, by B\u00eaka &amp; Lemoine - Centro Cultural de Bel\u00e9m Foundation","robots":{"index":"index","follow":"follow","max-snippet":"max-snippet:-1","max-image-preview":"max-image-preview:large","max-video-preview":"max-video-preview:-1"},"canonical":"https:\/\/www.ccb.pt\/en\/evento\/estreia-do-filme-homo-urbanus-lisboetus-de-beka-lemoine\/","og_locale":"en_US","og_type":"article","og_title":"Premiere of Homo Urbanus Lisboetus, by B\u00eaka &amp; Lemoine - Centro Cultural de Bel\u00e9m Foundation","og_description":"Homo Urbanus. A Citymatographic Odyssey, a project by artists and filmmakers Ila B\u00eaka &amp; Louise Lemoine, explores the city as an ecosystem, observing the peculiarities of the species they call Homo Urbanus within the international habitat it both constructs and is shaped by. Currently on view at MAC\/CCB, the most extensive presentation of this ambitious [&hellip;]","og_url":"https:\/\/www.ccb.pt\/en\/evento\/estreia-do-filme-homo-urbanus-lisboetus-de-beka-lemoine\/","og_site_name":"Centro Cultural de Bel\u00e9m Foundation","article_modified_time":"2025-02-26T16:51:29+00:00","og_image":[{"width":1200,"height":691,"url":"https:\/\/www.ccb.pt\/wp-content\/uploads\/2025\/02\/Lisboetus_Title_Thick.jpg","type":"image\/jpeg"}],"twitter_card":"summary_large_image","twitter_site":"@macccb_museu","twitter_misc":{"Est. reading time":"2 minutes"},"schema":{"@context":"https:\/\/schema.org","@graph":[{"@type":"WebPage","@id":"https:\/\/www.ccb.pt\/en\/evento\/estreia-do-filme-homo-urbanus-lisboetus-de-beka-lemoine\/","url":"https:\/\/www.ccb.pt\/en\/evento\/estreia-do-filme-homo-urbanus-lisboetus-de-beka-lemoine\/","name":"Premiere of Homo Urbanus Lisboetus, by B\u00eaka &amp; Lemoine - Centro Cultural de Bel\u00e9m Foundation","isPartOf":{"@id":"https:\/\/www.ccb.pt\/#website"},"primaryImageOfPage":{"@id":"https:\/\/www.ccb.pt\/en\/evento\/estreia-do-filme-homo-urbanus-lisboetus-de-beka-lemoine\/#primaryimage"},"image":{"@id":"https:\/\/www.ccb.pt\/en\/evento\/estreia-do-filme-homo-urbanus-lisboetus-de-beka-lemoine\/#primaryimage"},"thumbnailUrl":"https:\/\/www.ccb.pt\/wp-content\/uploads\/2025\/02\/Lisboetus-Estreia-do-filme-do-ciclo-Beka.jpg","datePublished":"2025-02-21T08:15:54+00:00","dateModified":"2025-02-26T16:51:29+00:00","breadcrumb":{"@id":"https:\/\/www.ccb.pt\/en\/evento\/estreia-do-filme-homo-urbanus-lisboetus-de-beka-lemoine\/#breadcrumb"},"inLanguage":"en-US","potentialAction":[{"@type":"ReadAction","target":["https:\/\/www.ccb.pt\/en\/evento\/estreia-do-filme-homo-urbanus-lisboetus-de-beka-lemoine\/"]}]},{"@type":"ImageObject","inLanguage":"en-US","@id":"https:\/\/www.ccb.pt\/en\/evento\/estreia-do-filme-homo-urbanus-lisboetus-de-beka-lemoine\/#primaryimage","url":"https:\/\/www.ccb.pt\/wp-content\/uploads\/2025\/02\/Lisboetus-Estreia-do-filme-do-ciclo-Beka.jpg","contentUrl":"https:\/\/www.ccb.pt\/wp-content\/uploads\/2025\/02\/Lisboetus-Estreia-do-filme-do-ciclo-Beka.jpg","width":2000,"height":1152,"caption":"alt=\"\""},{"@type":"BreadcrumbList","@id":"https:\/\/www.ccb.pt\/en\/evento\/estreia-do-filme-homo-urbanus-lisboetus-de-beka-lemoine\/#breadcrumb","itemListElement":[{"@type":"ListItem","position":1,"name":"Home","item":"https:\/\/www.ccb.pt\/en\/"},{"@type":"ListItem","position":2,"name":"Eventos","item":"https:\/\/www.ccb.pt\/eventos\/"},{"@type":"ListItem","position":3,"name":"Premiere of Homo Urbanus Lisboetus, by B\u00eaka &amp; Lemoine"}]},{"@type":"WebSite","@id":"https:\/\/www.ccb.pt\/#website","url":"https:\/\/www.ccb.pt\/","name":"Centro Cultural de Bel\u00e9m Foundation","description":"","publisher":{"@id":"https:\/\/www.ccb.pt\/#organization"},"potentialAction":[{"@type":"SearchAction","target":{"@type":"EntryPoint","urlTemplate":"https:\/\/www.ccb.pt\/?s={search_term_string}"},"query-input":"required name=search_term_string"}],"inLanguage":"en-US"},{"@type":"Organization","@id":"https:\/\/www.ccb.pt\/#organization","name":"Centro Cultural de Bel\u00e9m Foundation","url":"https:\/\/www.ccb.pt\/","logo":{"@type":"ImageObject","inLanguage":"en-US","@id":"https:\/\/www.ccb.pt\/#\/schema\/logo\/image\/","url":"https:\/\/www.ccb.pt\/wp-content\/uploads\/2022\/05\/1_ccb.png","contentUrl":"https:\/\/www.ccb.pt\/wp-content\/uploads\/2022\/05\/1_ccb.png","width":126,"height":100,"caption":"Centro Cultural de Bel\u00e9m Foundation"},"image":{"@id":"https:\/\/www.ccb.pt\/#\/schema\/logo\/image\/"},"sameAs":["https:\/\/twitter.com\/macccb_museu"]}]}},"_links":{"self":[{"href":"https:\/\/www.ccb.pt\/en\/wp-json\/wp\/v2\/tribe_events\/218910"}],"collection":[{"href":"https:\/\/www.ccb.pt\/en\/wp-json\/wp\/v2\/tribe_events"}],"about":[{"href":"https:\/\/www.ccb.pt\/en\/wp-json\/wp\/v2\/types\/tribe_events"}],"author":[{"embeddable":true,"href":"https:\/\/www.ccb.pt\/en\/wp-json\/wp\/v2\/users\/6"}],"replies":[{"embeddable":true,"href":"https:\/\/www.ccb.pt\/en\/wp-json\/wp\/v2\/comments?post=218910"}],"version-history":[{"count":4,"href":"https:\/\/www.ccb.pt\/en\/wp-json\/wp\/v2\/tribe_events\/218910\/revisions"}],"predecessor-version":[{"id":219388,"href":"https:\/\/www.ccb.pt\/en\/wp-json\/wp\/v2\/tribe_events\/218910\/revisions\/219388"}],"wp:featuredmedia":[{"embeddable":true,"href":"https:\/\/www.ccb.pt\/en\/wp-json\/wp\/v2\/media\/218812"}],"wp:attachment":[{"href":"https:\/\/www.ccb.pt\/en\/wp-json\/wp\/v2\/media?parent=218910"}],"wp:term":[{"taxonomy":"tribe_events_cat","embeddable":true,"href":"https:\/\/www.ccb.pt\/en\/wp-json\/wp\/v2\/tribe_events_cat?post=218910"},{"taxonomy":"tags_tema","embeddable":true,"href":"https:\/\/www.ccb.pt\/en\/wp-json\/wp\/v2\/tags_tema?post=218910"},{"taxonomy":"idades","embeddable":true,"href":"https:\/\/www.ccb.pt\/en\/wp-json\/wp\/v2\/idades?post=218910"},{"taxonomy":"tipos","embeddable":true,"href":"https:\/\/www.ccb.pt\/en\/wp-json\/wp\/v2\/tipos?post=218910"},{"taxonomy":"temas","embeddable":true,"href":"https:\/\/www.ccb.pt\/en\/wp-json\/wp\/v2\/temas?post=218910"},{"taxonomy":"categorias_hubspot","embeddable":true,"href":"https:\/\/www.ccb.pt\/en\/wp-json\/wp\/v2\/categorias_hubspot?post=218910"}],"curies":[{"name":"wp","href":"https:\/\/api.w.org\/{rel}","templated":true}]}}