    {"id":217685,"date":"2025-02-05T18:19:17","date_gmt":"2025-02-05T18:19:17","guid":{"rendered":"https:\/\/www.ccb.pt\/evento\/concerto-de-laureados-da-viii-edicao-do-concurso-nacional-de-cordas-vasco-barbosa\/"},"modified":"2025-02-14T17:08:40","modified_gmt":"2025-02-14T17:08:40","slug":"concerto-de-laureados-da-viii-edicao-do-concurso-nacional-de-cordas-vasco-barbosa","status":"publish","type":"tribe_events","link":"https:\/\/www.ccb.pt\/en\/evento\/concerto-de-laureados-da-viii-edicao-do-concurso-nacional-de-cordas-vasco-barbosa\/","title":{"rendered":"VIII Edition of the Vasco Barbosa National String Competition"},"content":{"rendered":"<p>In 2025, Camerata Atl\u00e2ntica presents the VIII Edition of the Vasco Barbosa National String Competition, a key event in Portugal\u2019s music scene. Offering young musicians the chance to perform as soloists, it has seen 50 participants in prestigious venues, with support from Gulbenkian, Antena 2, and OPART, honoring Vasco Barbosa\u2019s legacy.<\/p>\n<p style=\"text-align: right;\">\n","protected":false},"excerpt":{"rendered":"<p>In 2025, Camerata Atl\u00e2ntica presents the VIII Edition of the Vasco Barbosa National String Competition, a key event in Portugal\u2019s music scene. Offering young musicians the chance to perform as soloists, it has seen 50 participants in prestigious venues, with support from Gulbenkian, Antena 2, and OPART, honoring Vasco Barbosa\u2019s legacy.<\/p>\n","protected":false},"author":6,"featured_media":214793,"comment_status":"closed","ping_status":"closed","template":"","meta":{"_relevanssi_hide_post":"","_relevanssi_pin_for_all":"on","_relevanssi_pin_keywords":"","_relevanssi_unpin_keywords":"","_relevanssi_related_keywords":"","_relevanssi_related_include_ids":"","_relevanssi_related_exclude_ids":"","_relevanssi_related_no_append":"","_relevanssi_related_not_related":"","_relevanssi_related_posts":"","_relevanssi_noindex_reason":""},"tribe_events_cat":[590,23],"tags_tema":[],"idades":[392],"tipos":[],"temas":[],"categorias_hubspot":[],"acf":[],"yoast_head":"<!-- This site is optimized with the Yoast SEO plugin v22.3 - https:\/\/yoast.com\/wordpress\/plugins\/seo\/ -->\n<title>VIII Edition of the Vasco Barbosa National String Competition - Centro Cultural de Bel\u00e9m Foundation<\/title>\n<meta name=\"description\" content=\"A Camerata Atl\u00e2ntica apresenta em 2025 a VIII Edi\u00e7\u00e3o do Concurso Nacional de Cordas Vasco Barbosa.\" \/>\n<meta name=\"robots\" content=\"index, follow, max-snippet:-1, max-image-preview:large, max-video-preview:-1\" \/>\n<link rel=\"canonical\" href=\"https:\/\/www.ccb.pt\/en\/evento\/concerto-de-laureados-da-viii-edicao-do-concurso-nacional-de-cordas-vasco-barbosa\/\" \/>\n<meta property=\"og:locale\" content=\"en_US\" \/>\n<meta property=\"og:type\" content=\"article\" \/>\n<meta property=\"og:title\" content=\"Concerto de Laureados da VIII edi\u00e7\u00e3o do Concurso Nacional de Cordas Vasco Barbosa | CCB\" \/>\n<meta property=\"og:description\" content=\"A Camerata Atl\u00e2ntica apresenta em 2025 a VIII Edi\u00e7\u00e3o do Concurso Nacional de Cordas Vasco Barbosa.\" \/>\n<meta property=\"og:url\" content=\"https:\/\/www.ccb.pt\/en\/evento\/concerto-de-laureados-da-viii-edicao-do-concurso-nacional-de-cordas-vasco-barbosa\/\" \/>\n<meta property=\"og:site_name\" content=\"Centro Cultural de Bel\u00e9m Foundation\" \/>\n<meta property=\"article:modified_time\" content=\"2025-02-14T17:08:40+00:00\" \/>\n<meta property=\"og:image\" content=\"https:\/\/www.ccb.pt\/wp-content\/uploads\/2025\/02\/Camerata-Atlantica-Concurso-Vasco-Barbosa.jpg\" \/>\n\t<meta property=\"og:image:width\" content=\"960\" \/>\n\t<meta property=\"og:image:height\" content=\"548\" \/>\n\t<meta property=\"og:image:type\" content=\"image\/jpeg\" \/>\n<meta name=\"twitter:card\" content=\"summary_large_image\" \/>\n<meta name=\"twitter:site\" content=\"@macccb_museu\" \/>\n<meta name=\"twitter:label1\" content=\"Est. reading time\" \/>\n\t<meta name=\"twitter:data1\" content=\"1 minute\" \/>\n<script type=\"application\/ld+json\" class=\"yoast-schema-graph\">{\"@context\":\"https:\/\/schema.org\",\"@graph\":[{\"@type\":\"WebPage\",\"@id\":\"https:\/\/www.ccb.pt\/en\/evento\/concerto-de-laureados-da-viii-edicao-do-concurso-nacional-de-cordas-vasco-barbosa\/\",\"url\":\"https:\/\/www.ccb.pt\/en\/evento\/concerto-de-laureados-da-viii-edicao-do-concurso-nacional-de-cordas-vasco-barbosa\/\",\"name\":\"VIII Edition of the Vasco Barbosa National String Competition - Centro Cultural de Bel\u00e9m Foundation\",\"isPartOf\":{\"@id\":\"https:\/\/www.ccb.pt\/#website\"},\"primaryImageOfPage\":{\"@id\":\"https:\/\/www.ccb.pt\/en\/evento\/concerto-de-laureados-da-viii-edicao-do-concurso-nacional-de-cordas-vasco-barbosa\/#primaryimage\"},\"image\":{\"@id\":\"https:\/\/www.ccb.pt\/en\/evento\/concerto-de-laureados-da-viii-edicao-do-concurso-nacional-de-cordas-vasco-barbosa\/#primaryimage\"},\"thumbnailUrl\":\"https:\/\/www.ccb.pt\/wp-content\/uploads\/2025\/02\/Camerata-Atlantica-Concurso-Vasco-Barbosa.jpg\",\"datePublished\":\"2025-02-05T18:19:17+00:00\",\"dateModified\":\"2025-02-14T17:08:40+00:00\",\"description\":\"A Camerata Atl\u00e2ntica apresenta em 2025 a VIII Edi\u00e7\u00e3o do Concurso Nacional de Cordas Vasco Barbosa.\",\"breadcrumb\":{\"@id\":\"https:\/\/www.ccb.pt\/en\/evento\/concerto-de-laureados-da-viii-edicao-do-concurso-nacional-de-cordas-vasco-barbosa\/#breadcrumb\"},\"inLanguage\":\"en-US\",\"potentialAction\":[{\"@type\":\"ReadAction\",\"target\":[\"https:\/\/www.ccb.pt\/en\/evento\/concerto-de-laureados-da-viii-edicao-do-concurso-nacional-de-cordas-vasco-barbosa\/\"]}]},{\"@type\":\"ImageObject\",\"inLanguage\":\"en-US\",\"@id\":\"https:\/\/www.ccb.pt\/en\/evento\/concerto-de-laureados-da-viii-edicao-do-concurso-nacional-de-cordas-vasco-barbosa\/#primaryimage\",\"url\":\"https:\/\/www.ccb.pt\/wp-content\/uploads\/2025\/02\/Camerata-Atlantica-Concurso-Vasco-Barbosa.jpg\",\"contentUrl\":\"https:\/\/www.ccb.pt\/wp-content\/uploads\/2025\/02\/Camerata-Atlantica-Concurso-Vasco-Barbosa.jpg\",\"width\":960,\"height\":548,\"caption\":\"doze membros da camerata atl\u00e2ntica a tocar os respetivos instrumentos em cima do palco\"},{\"@type\":\"BreadcrumbList\",\"@id\":\"https:\/\/www.ccb.pt\/en\/evento\/concerto-de-laureados-da-viii-edicao-do-concurso-nacional-de-cordas-vasco-barbosa\/#breadcrumb\",\"itemListElement\":[{\"@type\":\"ListItem\",\"position\":1,\"name\":\"Home\",\"item\":\"https:\/\/www.ccb.pt\/en\/\"},{\"@type\":\"ListItem\",\"position\":2,\"name\":\"Eventos\",\"item\":\"https:\/\/www.ccb.pt\/eventos\/\"},{\"@type\":\"ListItem\",\"position\":3,\"name\":\"VIII Edition of the Vasco Barbosa National String Competition\"}]},{\"@type\":\"WebSite\",\"@id\":\"https:\/\/www.ccb.pt\/#website\",\"url\":\"https:\/\/www.ccb.pt\/\",\"name\":\"Centro Cultural de Bel\u00e9m Foundation\",\"description\":\"\",\"publisher\":{\"@id\":\"https:\/\/www.ccb.pt\/#organization\"},\"potentialAction\":[{\"@type\":\"SearchAction\",\"target\":{\"@type\":\"EntryPoint\",\"urlTemplate\":\"https:\/\/www.ccb.pt\/?s={search_term_string}\"},\"query-input\":\"required name=search_term_string\"}],\"inLanguage\":\"en-US\"},{\"@type\":\"Organization\",\"@id\":\"https:\/\/www.ccb.pt\/#organization\",\"name\":\"Centro Cultural de Bel\u00e9m Foundation\",\"url\":\"https:\/\/www.ccb.pt\/\",\"logo\":{\"@type\":\"ImageObject\",\"inLanguage\":\"en-US\",\"@id\":\"https:\/\/www.ccb.pt\/#\/schema\/logo\/image\/\",\"url\":\"https:\/\/www.ccb.pt\/wp-content\/uploads\/2022\/05\/1_ccb.png\",\"contentUrl\":\"https:\/\/www.ccb.pt\/wp-content\/uploads\/2022\/05\/1_ccb.png\",\"width\":126,\"height\":100,\"caption\":\"Centro Cultural de Bel\u00e9m Foundation\"},\"image\":{\"@id\":\"https:\/\/www.ccb.pt\/#\/schema\/logo\/image\/\"},\"sameAs\":[\"https:\/\/twitter.com\/macccb_museu\"]}]}<\/script>\n<!-- \/ Yoast SEO plugin. -->","yoast_head_json":{"title":"VIII Edition of the Vasco Barbosa National String Competition - Centro Cultural de Bel\u00e9m Foundation","description":"A Camerata Atl\u00e2ntica apresenta em 2025 a VIII Edi\u00e7\u00e3o do Concurso Nacional de Cordas Vasco Barbosa.","robots":{"index":"index","follow":"follow","max-snippet":"max-snippet:-1","max-image-preview":"max-image-preview:large","max-video-preview":"max-video-preview:-1"},"canonical":"https:\/\/www.ccb.pt\/en\/evento\/concerto-de-laureados-da-viii-edicao-do-concurso-nacional-de-cordas-vasco-barbosa\/","og_locale":"en_US","og_type":"article","og_title":"Concerto de Laureados da VIII edi\u00e7\u00e3o do Concurso Nacional de Cordas Vasco Barbosa | CCB","og_description":"A Camerata Atl\u00e2ntica apresenta em 2025 a VIII Edi\u00e7\u00e3o do Concurso Nacional de Cordas Vasco Barbosa.","og_url":"https:\/\/www.ccb.pt\/en\/evento\/concerto-de-laureados-da-viii-edicao-do-concurso-nacional-de-cordas-vasco-barbosa\/","og_site_name":"Centro Cultural de Bel\u00e9m Foundation","article_modified_time":"2025-02-14T17:08:40+00:00","og_image":[{"width":960,"height":548,"url":"https:\/\/www.ccb.pt\/wp-content\/uploads\/2025\/02\/Camerata-Atlantica-Concurso-Vasco-Barbosa.jpg","type":"image\/jpeg"}],"twitter_card":"summary_large_image","twitter_site":"@macccb_museu","twitter_misc":{"Est. reading time":"1 minute"},"schema":{"@context":"https:\/\/schema.org","@graph":[{"@type":"WebPage","@id":"https:\/\/www.ccb.pt\/en\/evento\/concerto-de-laureados-da-viii-edicao-do-concurso-nacional-de-cordas-vasco-barbosa\/","url":"https:\/\/www.ccb.pt\/en\/evento\/concerto-de-laureados-da-viii-edicao-do-concurso-nacional-de-cordas-vasco-barbosa\/","name":"VIII Edition of the Vasco Barbosa National String Competition - Centro Cultural de Bel\u00e9m Foundation","isPartOf":{"@id":"https:\/\/www.ccb.pt\/#website"},"primaryImageOfPage":{"@id":"https:\/\/www.ccb.pt\/en\/evento\/concerto-de-laureados-da-viii-edicao-do-concurso-nacional-de-cordas-vasco-barbosa\/#primaryimage"},"image":{"@id":"https:\/\/www.ccb.pt\/en\/evento\/concerto-de-laureados-da-viii-edicao-do-concurso-nacional-de-cordas-vasco-barbosa\/#primaryimage"},"thumbnailUrl":"https:\/\/www.ccb.pt\/wp-content\/uploads\/2025\/02\/Camerata-Atlantica-Concurso-Vasco-Barbosa.jpg","datePublished":"2025-02-05T18:19:17+00:00","dateModified":"2025-02-14T17:08:40+00:00","description":"A Camerata Atl\u00e2ntica apresenta em 2025 a VIII Edi\u00e7\u00e3o do Concurso Nacional de Cordas Vasco Barbosa.","breadcrumb":{"@id":"https:\/\/www.ccb.pt\/en\/evento\/concerto-de-laureados-da-viii-edicao-do-concurso-nacional-de-cordas-vasco-barbosa\/#breadcrumb"},"inLanguage":"en-US","potentialAction":[{"@type":"ReadAction","target":["https:\/\/www.ccb.pt\/en\/evento\/concerto-de-laureados-da-viii-edicao-do-concurso-nacional-de-cordas-vasco-barbosa\/"]}]},{"@type":"ImageObject","inLanguage":"en-US","@id":"https:\/\/www.ccb.pt\/en\/evento\/concerto-de-laureados-da-viii-edicao-do-concurso-nacional-de-cordas-vasco-barbosa\/#primaryimage","url":"https:\/\/www.ccb.pt\/wp-content\/uploads\/2025\/02\/Camerata-Atlantica-Concurso-Vasco-Barbosa.jpg","contentUrl":"https:\/\/www.ccb.pt\/wp-content\/uploads\/2025\/02\/Camerata-Atlantica-Concurso-Vasco-Barbosa.jpg","width":960,"height":548,"caption":"doze membros da camerata atl\u00e2ntica a tocar os respetivos instrumentos em cima do palco"},{"@type":"BreadcrumbList","@id":"https:\/\/www.ccb.pt\/en\/evento\/concerto-de-laureados-da-viii-edicao-do-concurso-nacional-de-cordas-vasco-barbosa\/#breadcrumb","itemListElement":[{"@type":"ListItem","position":1,"name":"Home","item":"https:\/\/www.ccb.pt\/en\/"},{"@type":"ListItem","position":2,"name":"Eventos","item":"https:\/\/www.ccb.pt\/eventos\/"},{"@type":"ListItem","position":3,"name":"VIII Edition of the Vasco Barbosa National String Competition"}]},{"@type":"WebSite","@id":"https:\/\/www.ccb.pt\/#website","url":"https:\/\/www.ccb.pt\/","name":"Centro Cultural de Bel\u00e9m Foundation","description":"","publisher":{"@id":"https:\/\/www.ccb.pt\/#organization"},"potentialAction":[{"@type":"SearchAction","target":{"@type":"EntryPoint","urlTemplate":"https:\/\/www.ccb.pt\/?s={search_term_string}"},"query-input":"required name=search_term_string"}],"inLanguage":"en-US"},{"@type":"Organization","@id":"https:\/\/www.ccb.pt\/#organization","name":"Centro Cultural de Bel\u00e9m Foundation","url":"https:\/\/www.ccb.pt\/","logo":{"@type":"ImageObject","inLanguage":"en-US","@id":"https:\/\/www.ccb.pt\/#\/schema\/logo\/image\/","url":"https:\/\/www.ccb.pt\/wp-content\/uploads\/2022\/05\/1_ccb.png","contentUrl":"https:\/\/www.ccb.pt\/wp-content\/uploads\/2022\/05\/1_ccb.png","width":126,"height":100,"caption":"Centro Cultural de Bel\u00e9m Foundation"},"image":{"@id":"https:\/\/www.ccb.pt\/#\/schema\/logo\/image\/"},"sameAs":["https:\/\/twitter.com\/macccb_museu"]}]}},"_links":{"self":[{"href":"https:\/\/www.ccb.pt\/en\/wp-json\/wp\/v2\/tribe_events\/217685"}],"collection":[{"href":"https:\/\/www.ccb.pt\/en\/wp-json\/wp\/v2\/tribe_events"}],"about":[{"href":"https:\/\/www.ccb.pt\/en\/wp-json\/wp\/v2\/types\/tribe_events"}],"author":[{"embeddable":true,"href":"https:\/\/www.ccb.pt\/en\/wp-json\/wp\/v2\/users\/6"}],"replies":[{"embeddable":true,"href":"https:\/\/www.ccb.pt\/en\/wp-json\/wp\/v2\/comments?post=217685"}],"version-history":[{"count":2,"href":"https:\/\/www.ccb.pt\/en\/wp-json\/wp\/v2\/tribe_events\/217685\/revisions"}],"predecessor-version":[{"id":217687,"href":"https:\/\/www.ccb.pt\/en\/wp-json\/wp\/v2\/tribe_events\/217685\/revisions\/217687"}],"wp:featuredmedia":[{"embeddable":true,"href":"https:\/\/www.ccb.pt\/en\/wp-json\/wp\/v2\/media\/214793"}],"wp:attachment":[{"href":"https:\/\/www.ccb.pt\/en\/wp-json\/wp\/v2\/media?parent=217685"}],"wp:term":[{"taxonomy":"tribe_events_cat","embeddable":true,"href":"https:\/\/www.ccb.pt\/en\/wp-json\/wp\/v2\/tribe_events_cat?post=217685"},{"taxonomy":"tags_tema","embeddable":true,"href":"https:\/\/www.ccb.pt\/en\/wp-json\/wp\/v2\/tags_tema?post=217685"},{"taxonomy":"idades","embeddable":true,"href":"https:\/\/www.ccb.pt\/en\/wp-json\/wp\/v2\/idades?post=217685"},{"taxonomy":"tipos","embeddable":true,"href":"https:\/\/www.ccb.pt\/en\/wp-json\/wp\/v2\/tipos?post=217685"},{"taxonomy":"temas","embeddable":true,"href":"https:\/\/www.ccb.pt\/en\/wp-json\/wp\/v2\/temas?post=217685"},{"taxonomy":"categorias_hubspot","embeddable":true,"href":"https:\/\/www.ccb.pt\/en\/wp-json\/wp\/v2\/categorias_hubspot?post=217685"}],"curies":[{"name":"wp","href":"https:\/\/api.w.org\/{rel}","templated":true}]}}