    {"id":209569,"date":"2024-09-18T17:42:41","date_gmt":"2024-09-18T16:42:41","guid":{"rendered":"https:\/\/www.ccb.pt\/evento\/18-months-opera-sobre-corpos-refugiados-de-dimitris-andrikopoulos\/"},"modified":"2025-03-24T09:30:53","modified_gmt":"2025-03-24T09:30:53","slug":"18-months-opera-sobre-corpos-refugiados-de-dimitris-andrikopoulos","status":"publish","type":"tribe_events","link":"https:\/\/www.ccb.pt\/en\/evento\/18-months-opera-sobre-corpos-refugiados-de-dimitris-andrikopoulos\/","title":{"rendered":"18 Months \u2013 Opera about refugee (bodies) by Dimitris Andrikopoulos"},"content":{"rendered":"<p><em>18 Months<\/em> is an opera that tells the harrowing journey of refugees in search of safety after the devastation of their lands by war. The work addresses their struggles at sea, divine interventions that question suffering, and the search for acceptance in new lands. Through past traumas and the fight for a hopeful future, the opera highlights human resilience and the complex interplay between hope, empathy, and the harsh realities of life in exile. Inspired by real stories of Afghan, Syrian, and Ukrainian refugees in Portugal, the work offers a deep and sensitive portrait of this experience.<\/p>\n<p>&nbsp;<\/p>\n<p>&nbsp;<\/p>\n","protected":false},"excerpt":{"rendered":"<p>18 Months is an opera that tells the harrowing journey of refugees in search of safety after the devastation of their lands by war. The work addresses their struggles at sea, divine interventions that question suffering, and the search for acceptance in new lands. Through past traumas and the fight for a hopeful future, the [&hellip;]<\/p>\n","protected":false},"author":6,"featured_media":192883,"comment_status":"closed","ping_status":"closed","template":"","meta":{"_relevanssi_hide_post":"","_relevanssi_pin_for_all":"on","_relevanssi_pin_keywords":"","_relevanssi_unpin_keywords":"","_relevanssi_related_keywords":"","_relevanssi_related_include_ids":"","_relevanssi_related_exclude_ids":"","_relevanssi_related_no_append":"","_relevanssi_related_not_related":"","_relevanssi_related_posts":"","_relevanssi_noindex_reason":""},"tribe_events_cat":[590,586,23],"tags_tema":[],"idades":[393],"tipos":[],"temas":[],"categorias_hubspot":[],"acf":[],"yoast_head":"<!-- This site is optimized with the Yoast SEO plugin v22.3 - https:\/\/yoast.com\/wordpress\/plugins\/seo\/ -->\n<title>18 Months \u2013 Opera about refugee (bodies) by Dimitris Andrikopoulos - Centro Cultural de Bel\u00e9m Foundation<\/title>\n<meta name=\"description\" content=\"Uma \u00f3pera que explora a jornada angustiante de refugiados que escapam da sua terra natal devastada pela guerra \u00e0 procura de seguran\u00e7a.\" \/>\n<meta name=\"robots\" content=\"index, follow, max-snippet:-1, max-image-preview:large, max-video-preview:-1\" \/>\n<link rel=\"canonical\" href=\"https:\/\/www.ccb.pt\/en\/evento\/18-months-opera-sobre-corpos-refugiados-de-dimitris-andrikopoulos\/\" \/>\n<meta property=\"og:locale\" content=\"en_US\" \/>\n<meta property=\"og:type\" content=\"article\" \/>\n<meta property=\"og:title\" content=\"18 Months | Dimitris Andrikopoulos - Centro Cultural de Bel\u00e9m\" \/>\n<meta property=\"og:description\" content=\"Uma \u00f3pera que explora a jornada angustiante de refugiados que escapam da sua terra natal devastada pela guerra \u00e0 procura de seguran\u00e7a.\" \/>\n<meta property=\"og:url\" content=\"https:\/\/www.ccb.pt\/en\/evento\/18-months-opera-sobre-corpos-refugiados-de-dimitris-andrikopoulos\/\" \/>\n<meta property=\"og:site_name\" content=\"Centro Cultural de Bel\u00e9m Foundation\" \/>\n<meta property=\"article:modified_time\" content=\"2025-03-24T09:30:53+00:00\" \/>\n<meta property=\"og:image\" content=\"https:\/\/www.ccb.pt\/wp-content\/uploads\/2024\/09\/1200x630_18Months_MDJI_NunoMCardoso.jpg\" \/>\n\t<meta property=\"og:image:width\" content=\"1200\" \/>\n\t<meta property=\"og:image:height\" content=\"630\" \/>\n\t<meta property=\"og:image:type\" content=\"image\/jpeg\" \/>\n<meta name=\"twitter:card\" content=\"summary_large_image\" \/>\n<meta name=\"twitter:site\" content=\"@macccb_museu\" \/>\n<meta name=\"twitter:label1\" content=\"Est. reading time\" \/>\n\t<meta name=\"twitter:data1\" content=\"1 minute\" \/>\n<script type=\"application\/ld+json\" class=\"yoast-schema-graph\">{\"@context\":\"https:\/\/schema.org\",\"@graph\":[{\"@type\":\"WebPage\",\"@id\":\"https:\/\/www.ccb.pt\/en\/evento\/18-months-opera-sobre-corpos-refugiados-de-dimitris-andrikopoulos\/\",\"url\":\"https:\/\/www.ccb.pt\/en\/evento\/18-months-opera-sobre-corpos-refugiados-de-dimitris-andrikopoulos\/\",\"name\":\"18 Months \u2013 Opera about refugee (bodies) by Dimitris Andrikopoulos - Centro Cultural de Bel\u00e9m Foundation\",\"isPartOf\":{\"@id\":\"https:\/\/www.ccb.pt\/#website\"},\"primaryImageOfPage\":{\"@id\":\"https:\/\/www.ccb.pt\/en\/evento\/18-months-opera-sobre-corpos-refugiados-de-dimitris-andrikopoulos\/#primaryimage\"},\"image\":{\"@id\":\"https:\/\/www.ccb.pt\/en\/evento\/18-months-opera-sobre-corpos-refugiados-de-dimitris-andrikopoulos\/#primaryimage\"},\"thumbnailUrl\":\"https:\/\/www.ccb.pt\/wp-content\/uploads\/2024\/09\/2000x940_site_18Months_MDJI_NunoMCardoso.jpg\",\"datePublished\":\"2024-09-18T16:42:41+00:00\",\"dateModified\":\"2025-03-24T09:30:53+00:00\",\"description\":\"Uma \u00f3pera que explora a jornada angustiante de refugiados que escapam da sua terra natal devastada pela guerra \u00e0 procura de seguran\u00e7a.\",\"breadcrumb\":{\"@id\":\"https:\/\/www.ccb.pt\/en\/evento\/18-months-opera-sobre-corpos-refugiados-de-dimitris-andrikopoulos\/#breadcrumb\"},\"inLanguage\":\"en-US\",\"potentialAction\":[{\"@type\":\"ReadAction\",\"target\":[\"https:\/\/www.ccb.pt\/en\/evento\/18-months-opera-sobre-corpos-refugiados-de-dimitris-andrikopoulos\/\"]}]},{\"@type\":\"ImageObject\",\"inLanguage\":\"en-US\",\"@id\":\"https:\/\/www.ccb.pt\/en\/evento\/18-months-opera-sobre-corpos-refugiados-de-dimitris-andrikopoulos\/#primaryimage\",\"url\":\"https:\/\/www.ccb.pt\/wp-content\/uploads\/2024\/09\/2000x940_site_18Months_MDJI_NunoMCardoso.jpg\",\"contentUrl\":\"https:\/\/www.ccb.pt\/wp-content\/uploads\/2024\/09\/2000x940_site_18Months_MDJI_NunoMCardoso.jpg\",\"width\":2000,\"height\":940,\"caption\":\"(c) Nuno M Cardoso\"},{\"@type\":\"BreadcrumbList\",\"@id\":\"https:\/\/www.ccb.pt\/en\/evento\/18-months-opera-sobre-corpos-refugiados-de-dimitris-andrikopoulos\/#breadcrumb\",\"itemListElement\":[{\"@type\":\"ListItem\",\"position\":1,\"name\":\"Home\",\"item\":\"https:\/\/www.ccb.pt\/en\/\"},{\"@type\":\"ListItem\",\"position\":2,\"name\":\"Eventos\",\"item\":\"https:\/\/www.ccb.pt\/eventos\/\"},{\"@type\":\"ListItem\",\"position\":3,\"name\":\"18 Months \u2013 Opera about refugee (bodies) by Dimitris Andrikopoulos\"}]},{\"@type\":\"WebSite\",\"@id\":\"https:\/\/www.ccb.pt\/#website\",\"url\":\"https:\/\/www.ccb.pt\/\",\"name\":\"Centro Cultural de Bel\u00e9m Foundation\",\"description\":\"\",\"publisher\":{\"@id\":\"https:\/\/www.ccb.pt\/#organization\"},\"potentialAction\":[{\"@type\":\"SearchAction\",\"target\":{\"@type\":\"EntryPoint\",\"urlTemplate\":\"https:\/\/www.ccb.pt\/?s={search_term_string}\"},\"query-input\":\"required name=search_term_string\"}],\"inLanguage\":\"en-US\"},{\"@type\":\"Organization\",\"@id\":\"https:\/\/www.ccb.pt\/#organization\",\"name\":\"Centro Cultural de Bel\u00e9m Foundation\",\"url\":\"https:\/\/www.ccb.pt\/\",\"logo\":{\"@type\":\"ImageObject\",\"inLanguage\":\"en-US\",\"@id\":\"https:\/\/www.ccb.pt\/#\/schema\/logo\/image\/\",\"url\":\"https:\/\/www.ccb.pt\/wp-content\/uploads\/2022\/05\/1_ccb.png\",\"contentUrl\":\"https:\/\/www.ccb.pt\/wp-content\/uploads\/2022\/05\/1_ccb.png\",\"width\":126,\"height\":100,\"caption\":\"Centro Cultural de Bel\u00e9m Foundation\"},\"image\":{\"@id\":\"https:\/\/www.ccb.pt\/#\/schema\/logo\/image\/\"},\"sameAs\":[\"https:\/\/twitter.com\/macccb_museu\"]}]}<\/script>\n<!-- \/ Yoast SEO plugin. -->","yoast_head_json":{"title":"18 Months \u2013 Opera about refugee (bodies) by Dimitris Andrikopoulos - Centro Cultural de Bel\u00e9m Foundation","description":"Uma \u00f3pera que explora a jornada angustiante de refugiados que escapam da sua terra natal devastada pela guerra \u00e0 procura de seguran\u00e7a.","robots":{"index":"index","follow":"follow","max-snippet":"max-snippet:-1","max-image-preview":"max-image-preview:large","max-video-preview":"max-video-preview:-1"},"canonical":"https:\/\/www.ccb.pt\/en\/evento\/18-months-opera-sobre-corpos-refugiados-de-dimitris-andrikopoulos\/","og_locale":"en_US","og_type":"article","og_title":"18 Months | Dimitris Andrikopoulos - Centro Cultural de Bel\u00e9m","og_description":"Uma \u00f3pera que explora a jornada angustiante de refugiados que escapam da sua terra natal devastada pela guerra \u00e0 procura de seguran\u00e7a.","og_url":"https:\/\/www.ccb.pt\/en\/evento\/18-months-opera-sobre-corpos-refugiados-de-dimitris-andrikopoulos\/","og_site_name":"Centro Cultural de Bel\u00e9m Foundation","article_modified_time":"2025-03-24T09:30:53+00:00","og_image":[{"width":1200,"height":630,"url":"https:\/\/www.ccb.pt\/wp-content\/uploads\/2024\/09\/1200x630_18Months_MDJI_NunoMCardoso.jpg","type":"image\/jpeg"}],"twitter_card":"summary_large_image","twitter_site":"@macccb_museu","twitter_misc":{"Est. reading time":"1 minute"},"schema":{"@context":"https:\/\/schema.org","@graph":[{"@type":"WebPage","@id":"https:\/\/www.ccb.pt\/en\/evento\/18-months-opera-sobre-corpos-refugiados-de-dimitris-andrikopoulos\/","url":"https:\/\/www.ccb.pt\/en\/evento\/18-months-opera-sobre-corpos-refugiados-de-dimitris-andrikopoulos\/","name":"18 Months \u2013 Opera about refugee (bodies) by Dimitris Andrikopoulos - Centro Cultural de Bel\u00e9m Foundation","isPartOf":{"@id":"https:\/\/www.ccb.pt\/#website"},"primaryImageOfPage":{"@id":"https:\/\/www.ccb.pt\/en\/evento\/18-months-opera-sobre-corpos-refugiados-de-dimitris-andrikopoulos\/#primaryimage"},"image":{"@id":"https:\/\/www.ccb.pt\/en\/evento\/18-months-opera-sobre-corpos-refugiados-de-dimitris-andrikopoulos\/#primaryimage"},"thumbnailUrl":"https:\/\/www.ccb.pt\/wp-content\/uploads\/2024\/09\/2000x940_site_18Months_MDJI_NunoMCardoso.jpg","datePublished":"2024-09-18T16:42:41+00:00","dateModified":"2025-03-24T09:30:53+00:00","description":"Uma \u00f3pera que explora a jornada angustiante de refugiados que escapam da sua terra natal devastada pela guerra \u00e0 procura de seguran\u00e7a.","breadcrumb":{"@id":"https:\/\/www.ccb.pt\/en\/evento\/18-months-opera-sobre-corpos-refugiados-de-dimitris-andrikopoulos\/#breadcrumb"},"inLanguage":"en-US","potentialAction":[{"@type":"ReadAction","target":["https:\/\/www.ccb.pt\/en\/evento\/18-months-opera-sobre-corpos-refugiados-de-dimitris-andrikopoulos\/"]}]},{"@type":"ImageObject","inLanguage":"en-US","@id":"https:\/\/www.ccb.pt\/en\/evento\/18-months-opera-sobre-corpos-refugiados-de-dimitris-andrikopoulos\/#primaryimage","url":"https:\/\/www.ccb.pt\/wp-content\/uploads\/2024\/09\/2000x940_site_18Months_MDJI_NunoMCardoso.jpg","contentUrl":"https:\/\/www.ccb.pt\/wp-content\/uploads\/2024\/09\/2000x940_site_18Months_MDJI_NunoMCardoso.jpg","width":2000,"height":940,"caption":"(c) Nuno M Cardoso"},{"@type":"BreadcrumbList","@id":"https:\/\/www.ccb.pt\/en\/evento\/18-months-opera-sobre-corpos-refugiados-de-dimitris-andrikopoulos\/#breadcrumb","itemListElement":[{"@type":"ListItem","position":1,"name":"Home","item":"https:\/\/www.ccb.pt\/en\/"},{"@type":"ListItem","position":2,"name":"Eventos","item":"https:\/\/www.ccb.pt\/eventos\/"},{"@type":"ListItem","position":3,"name":"18 Months \u2013 Opera about refugee (bodies) by Dimitris Andrikopoulos"}]},{"@type":"WebSite","@id":"https:\/\/www.ccb.pt\/#website","url":"https:\/\/www.ccb.pt\/","name":"Centro Cultural de Bel\u00e9m Foundation","description":"","publisher":{"@id":"https:\/\/www.ccb.pt\/#organization"},"potentialAction":[{"@type":"SearchAction","target":{"@type":"EntryPoint","urlTemplate":"https:\/\/www.ccb.pt\/?s={search_term_string}"},"query-input":"required name=search_term_string"}],"inLanguage":"en-US"},{"@type":"Organization","@id":"https:\/\/www.ccb.pt\/#organization","name":"Centro Cultural de Bel\u00e9m Foundation","url":"https:\/\/www.ccb.pt\/","logo":{"@type":"ImageObject","inLanguage":"en-US","@id":"https:\/\/www.ccb.pt\/#\/schema\/logo\/image\/","url":"https:\/\/www.ccb.pt\/wp-content\/uploads\/2022\/05\/1_ccb.png","contentUrl":"https:\/\/www.ccb.pt\/wp-content\/uploads\/2022\/05\/1_ccb.png","width":126,"height":100,"caption":"Centro Cultural de Bel\u00e9m Foundation"},"image":{"@id":"https:\/\/www.ccb.pt\/#\/schema\/logo\/image\/"},"sameAs":["https:\/\/twitter.com\/macccb_museu"]}]}},"_links":{"self":[{"href":"https:\/\/www.ccb.pt\/en\/wp-json\/wp\/v2\/tribe_events\/209569"}],"collection":[{"href":"https:\/\/www.ccb.pt\/en\/wp-json\/wp\/v2\/tribe_events"}],"about":[{"href":"https:\/\/www.ccb.pt\/en\/wp-json\/wp\/v2\/types\/tribe_events"}],"author":[{"embeddable":true,"href":"https:\/\/www.ccb.pt\/en\/wp-json\/wp\/v2\/users\/6"}],"replies":[{"embeddable":true,"href":"https:\/\/www.ccb.pt\/en\/wp-json\/wp\/v2\/comments?post=209569"}],"version-history":[{"count":6,"href":"https:\/\/www.ccb.pt\/en\/wp-json\/wp\/v2\/tribe_events\/209569\/revisions"}],"predecessor-version":[{"id":224266,"href":"https:\/\/www.ccb.pt\/en\/wp-json\/wp\/v2\/tribe_events\/209569\/revisions\/224266"}],"wp:featuredmedia":[{"embeddable":true,"href":"https:\/\/www.ccb.pt\/en\/wp-json\/wp\/v2\/media\/192883"}],"wp:attachment":[{"href":"https:\/\/www.ccb.pt\/en\/wp-json\/wp\/v2\/media?parent=209569"}],"wp:term":[{"taxonomy":"tribe_events_cat","embeddable":true,"href":"https:\/\/www.ccb.pt\/en\/wp-json\/wp\/v2\/tribe_events_cat?post=209569"},{"taxonomy":"tags_tema","embeddable":true,"href":"https:\/\/www.ccb.pt\/en\/wp-json\/wp\/v2\/tags_tema?post=209569"},{"taxonomy":"idades","embeddable":true,"href":"https:\/\/www.ccb.pt\/en\/wp-json\/wp\/v2\/idades?post=209569"},{"taxonomy":"tipos","embeddable":true,"href":"https:\/\/www.ccb.pt\/en\/wp-json\/wp\/v2\/tipos?post=209569"},{"taxonomy":"temas","embeddable":true,"href":"https:\/\/www.ccb.pt\/en\/wp-json\/wp\/v2\/temas?post=209569"},{"taxonomy":"categorias_hubspot","embeddable":true,"href":"https:\/\/www.ccb.pt\/en\/wp-json\/wp\/v2\/categorias_hubspot?post=209569"}],"curies":[{"name":"wp","href":"https:\/\/api.w.org\/{rel}","templated":true}]}}