    {"id":209560,"date":"2024-09-06T12:36:20","date_gmt":"2024-09-06T11:36:20","guid":{"rendered":"https:\/\/www.ccb.pt\/evento\/canto-ostinato-de-simeon-ten-holt\/"},"modified":"2024-12-18T10:43:21","modified_gmt":"2024-12-18T10:43:21","slug":"canto-ostinato-de-simeon-ten-holt","status":"publish","type":"tribe_events","link":"https:\/\/www.ccb.pt\/en\/evento\/canto-ostinato-de-simeon-ten-holt\/","title":{"rendered":"Canto Ostinato by Simeon ten Holt"},"content":{"rendered":"<p>Pianists Joana Gama and Rui Braga Sim\u00f5es debut in Portugal <em>Canto Ostinato<\/em> (1979), by Simeon ten Holt. This minimalist work, which allows for varied combinations of instruments and free interpretative decisions, offers a hypnotic and immersive experience.<\/p>\n<p>&nbsp;<\/p>\n<p>&nbsp;<\/p>\n","protected":false},"excerpt":{"rendered":"<p>Pianists Joana Gama and Rui Braga Sim\u00f5es debut in Portugal Canto Ostinato (1979), by Simeon ten Holt. This minimalist work, which allows for varied combinations of instruments and free interpretative decisions, offers a hypnotic and immersive experience. &nbsp; &nbsp;<\/p>\n","protected":false},"author":6,"featured_media":184715,"comment_status":"closed","ping_status":"closed","template":"","meta":{"_relevanssi_hide_post":"","_relevanssi_pin_for_all":"on","_relevanssi_pin_keywords":"","_relevanssi_unpin_keywords":"","_relevanssi_related_keywords":"","_relevanssi_related_include_ids":"","_relevanssi_related_exclude_ids":"","_relevanssi_related_no_append":"","_relevanssi_related_not_related":"","_relevanssi_related_posts":"","_relevanssi_noindex_reason":""},"tribe_events_cat":[590,23],"tags_tema":[],"idades":[392],"tipos":[],"temas":[],"categorias_hubspot":[],"acf":[],"yoast_head":"<!-- This site is optimized with the Yoast SEO plugin v22.3 - https:\/\/yoast.com\/wordpress\/plugins\/seo\/ -->\n<title>Canto Ostinato by Simeon ten Holt - Centro Cultural de Bel\u00e9m Foundation<\/title>\n<meta name=\"description\" content=\"Os pianistas Joana Gama e Rui Braga Sim\u00f5es juntam-se, pela primeira vez, para a estreia portuguesa de Canto Ostinato (1979) do compositor holand\u00eas Simeon ten Holt.\" \/>\n<meta name=\"robots\" content=\"index, follow, max-snippet:-1, max-image-preview:large, max-video-preview:-1\" \/>\n<link rel=\"canonical\" href=\"https:\/\/www.ccb.pt\/en\/evento\/canto-ostinato-de-simeon-ten-holt\/\" \/>\n<meta property=\"og:locale\" content=\"en_US\" \/>\n<meta property=\"og:type\" content=\"article\" \/>\n<meta property=\"og:title\" content=\"Joana Gama e Rui Braga Sim\u00f5es | Canto Ostinato - CCB\" \/>\n<meta property=\"og:description\" content=\"Os pianistas Joana Gama e Rui Braga Sim\u00f5es juntam-se, pela primeira vez, para a estreia portuguesa de Canto Ostinato (1979) do compositor holand\u00eas Simeon ten Holt.\" \/>\n<meta property=\"og:url\" content=\"https:\/\/www.ccb.pt\/en\/evento\/canto-ostinato-de-simeon-ten-holt\/\" \/>\n<meta property=\"og:site_name\" content=\"Centro Cultural de Bel\u00e9m Foundation\" \/>\n<meta property=\"article:modified_time\" content=\"2024-12-18T10:43:21+00:00\" \/>\n<meta property=\"og:image\" content=\"https:\/\/www.ccb.pt\/wp-content\/uploads\/2024\/07\/1200x630_facebook_JoanaGamRuiBragaSimoes_DR.jpg\" \/>\n\t<meta property=\"og:image:width\" content=\"1200\" \/>\n\t<meta property=\"og:image:height\" content=\"630\" \/>\n\t<meta property=\"og:image:type\" content=\"image\/jpeg\" \/>\n<meta name=\"twitter:card\" content=\"summary_large_image\" \/>\n<meta name=\"twitter:site\" content=\"@macccb_museu\" \/>\n<meta name=\"twitter:label1\" content=\"Est. reading time\" \/>\n\t<meta name=\"twitter:data1\" content=\"1 minute\" \/>\n<script type=\"application\/ld+json\" class=\"yoast-schema-graph\">{\"@context\":\"https:\/\/schema.org\",\"@graph\":[{\"@type\":\"WebPage\",\"@id\":\"https:\/\/www.ccb.pt\/en\/evento\/canto-ostinato-de-simeon-ten-holt\/\",\"url\":\"https:\/\/www.ccb.pt\/en\/evento\/canto-ostinato-de-simeon-ten-holt\/\",\"name\":\"Canto Ostinato by Simeon ten Holt - Centro Cultural de Bel\u00e9m Foundation\",\"isPartOf\":{\"@id\":\"https:\/\/www.ccb.pt\/#website\"},\"primaryImageOfPage\":{\"@id\":\"https:\/\/www.ccb.pt\/en\/evento\/canto-ostinato-de-simeon-ten-holt\/#primaryimage\"},\"image\":{\"@id\":\"https:\/\/www.ccb.pt\/en\/evento\/canto-ostinato-de-simeon-ten-holt\/#primaryimage\"},\"thumbnailUrl\":\"https:\/\/www.ccb.pt\/wp-content\/uploads\/2024\/07\/2000x940_site_JoanaGamRuiBragaSimoes_DR-e1721733928791.jpg\",\"datePublished\":\"2024-09-06T11:36:20+00:00\",\"dateModified\":\"2024-12-18T10:43:21+00:00\",\"description\":\"Os pianistas Joana Gama e Rui Braga Sim\u00f5es juntam-se, pela primeira vez, para a estreia portuguesa de Canto Ostinato (1979) do compositor holand\u00eas Simeon ten Holt.\",\"breadcrumb\":{\"@id\":\"https:\/\/www.ccb.pt\/en\/evento\/canto-ostinato-de-simeon-ten-holt\/#breadcrumb\"},\"inLanguage\":\"en-US\",\"potentialAction\":[{\"@type\":\"ReadAction\",\"target\":[\"https:\/\/www.ccb.pt\/en\/evento\/canto-ostinato-de-simeon-ten-holt\/\"]}]},{\"@type\":\"ImageObject\",\"inLanguage\":\"en-US\",\"@id\":\"https:\/\/www.ccb.pt\/en\/evento\/canto-ostinato-de-simeon-ten-holt\/#primaryimage\",\"url\":\"https:\/\/www.ccb.pt\/wp-content\/uploads\/2024\/07\/2000x940_site_JoanaGamRuiBragaSimoes_DR-e1721733928791.jpg\",\"contentUrl\":\"https:\/\/www.ccb.pt\/wp-content\/uploads\/2024\/07\/2000x940_site_JoanaGamRuiBragaSimoes_DR-e1721733928791.jpg\",\"width\":2000,\"height\":940,\"caption\":\"imagem de joana gama e rui Braga sim\u00f5es\"},{\"@type\":\"BreadcrumbList\",\"@id\":\"https:\/\/www.ccb.pt\/en\/evento\/canto-ostinato-de-simeon-ten-holt\/#breadcrumb\",\"itemListElement\":[{\"@type\":\"ListItem\",\"position\":1,\"name\":\"Home\",\"item\":\"https:\/\/www.ccb.pt\/en\/\"},{\"@type\":\"ListItem\",\"position\":2,\"name\":\"Eventos\",\"item\":\"https:\/\/www.ccb.pt\/eventos\/\"},{\"@type\":\"ListItem\",\"position\":3,\"name\":\"Canto Ostinato by Simeon ten Holt\"}]},{\"@type\":\"WebSite\",\"@id\":\"https:\/\/www.ccb.pt\/#website\",\"url\":\"https:\/\/www.ccb.pt\/\",\"name\":\"Centro Cultural de Bel\u00e9m Foundation\",\"description\":\"\",\"publisher\":{\"@id\":\"https:\/\/www.ccb.pt\/#organization\"},\"potentialAction\":[{\"@type\":\"SearchAction\",\"target\":{\"@type\":\"EntryPoint\",\"urlTemplate\":\"https:\/\/www.ccb.pt\/?s={search_term_string}\"},\"query-input\":\"required name=search_term_string\"}],\"inLanguage\":\"en-US\"},{\"@type\":\"Organization\",\"@id\":\"https:\/\/www.ccb.pt\/#organization\",\"name\":\"Centro Cultural de Bel\u00e9m Foundation\",\"url\":\"https:\/\/www.ccb.pt\/\",\"logo\":{\"@type\":\"ImageObject\",\"inLanguage\":\"en-US\",\"@id\":\"https:\/\/www.ccb.pt\/#\/schema\/logo\/image\/\",\"url\":\"https:\/\/www.ccb.pt\/wp-content\/uploads\/2022\/05\/1_ccb.png\",\"contentUrl\":\"https:\/\/www.ccb.pt\/wp-content\/uploads\/2022\/05\/1_ccb.png\",\"width\":126,\"height\":100,\"caption\":\"Centro Cultural de Bel\u00e9m Foundation\"},\"image\":{\"@id\":\"https:\/\/www.ccb.pt\/#\/schema\/logo\/image\/\"},\"sameAs\":[\"https:\/\/twitter.com\/macccb_museu\"]}]}<\/script>\n<!-- \/ Yoast SEO plugin. -->","yoast_head_json":{"title":"Canto Ostinato by Simeon ten Holt - Centro Cultural de Bel\u00e9m Foundation","description":"Os pianistas Joana Gama e Rui Braga Sim\u00f5es juntam-se, pela primeira vez, para a estreia portuguesa de Canto Ostinato (1979) do compositor holand\u00eas Simeon ten Holt.","robots":{"index":"index","follow":"follow","max-snippet":"max-snippet:-1","max-image-preview":"max-image-preview:large","max-video-preview":"max-video-preview:-1"},"canonical":"https:\/\/www.ccb.pt\/en\/evento\/canto-ostinato-de-simeon-ten-holt\/","og_locale":"en_US","og_type":"article","og_title":"Joana Gama e Rui Braga Sim\u00f5es | Canto Ostinato - CCB","og_description":"Os pianistas Joana Gama e Rui Braga Sim\u00f5es juntam-se, pela primeira vez, para a estreia portuguesa de Canto Ostinato (1979) do compositor holand\u00eas Simeon ten Holt.","og_url":"https:\/\/www.ccb.pt\/en\/evento\/canto-ostinato-de-simeon-ten-holt\/","og_site_name":"Centro Cultural de Bel\u00e9m Foundation","article_modified_time":"2024-12-18T10:43:21+00:00","og_image":[{"width":1200,"height":630,"url":"https:\/\/www.ccb.pt\/wp-content\/uploads\/2024\/07\/1200x630_facebook_JoanaGamRuiBragaSimoes_DR.jpg","type":"image\/jpeg"}],"twitter_card":"summary_large_image","twitter_site":"@macccb_museu","twitter_misc":{"Est. reading time":"1 minute"},"schema":{"@context":"https:\/\/schema.org","@graph":[{"@type":"WebPage","@id":"https:\/\/www.ccb.pt\/en\/evento\/canto-ostinato-de-simeon-ten-holt\/","url":"https:\/\/www.ccb.pt\/en\/evento\/canto-ostinato-de-simeon-ten-holt\/","name":"Canto Ostinato by Simeon ten Holt - Centro Cultural de Bel\u00e9m Foundation","isPartOf":{"@id":"https:\/\/www.ccb.pt\/#website"},"primaryImageOfPage":{"@id":"https:\/\/www.ccb.pt\/en\/evento\/canto-ostinato-de-simeon-ten-holt\/#primaryimage"},"image":{"@id":"https:\/\/www.ccb.pt\/en\/evento\/canto-ostinato-de-simeon-ten-holt\/#primaryimage"},"thumbnailUrl":"https:\/\/www.ccb.pt\/wp-content\/uploads\/2024\/07\/2000x940_site_JoanaGamRuiBragaSimoes_DR-e1721733928791.jpg","datePublished":"2024-09-06T11:36:20+00:00","dateModified":"2024-12-18T10:43:21+00:00","description":"Os pianistas Joana Gama e Rui Braga Sim\u00f5es juntam-se, pela primeira vez, para a estreia portuguesa de Canto Ostinato (1979) do compositor holand\u00eas Simeon ten Holt.","breadcrumb":{"@id":"https:\/\/www.ccb.pt\/en\/evento\/canto-ostinato-de-simeon-ten-holt\/#breadcrumb"},"inLanguage":"en-US","potentialAction":[{"@type":"ReadAction","target":["https:\/\/www.ccb.pt\/en\/evento\/canto-ostinato-de-simeon-ten-holt\/"]}]},{"@type":"ImageObject","inLanguage":"en-US","@id":"https:\/\/www.ccb.pt\/en\/evento\/canto-ostinato-de-simeon-ten-holt\/#primaryimage","url":"https:\/\/www.ccb.pt\/wp-content\/uploads\/2024\/07\/2000x940_site_JoanaGamRuiBragaSimoes_DR-e1721733928791.jpg","contentUrl":"https:\/\/www.ccb.pt\/wp-content\/uploads\/2024\/07\/2000x940_site_JoanaGamRuiBragaSimoes_DR-e1721733928791.jpg","width":2000,"height":940,"caption":"imagem de joana gama e rui Braga sim\u00f5es"},{"@type":"BreadcrumbList","@id":"https:\/\/www.ccb.pt\/en\/evento\/canto-ostinato-de-simeon-ten-holt\/#breadcrumb","itemListElement":[{"@type":"ListItem","position":1,"name":"Home","item":"https:\/\/www.ccb.pt\/en\/"},{"@type":"ListItem","position":2,"name":"Eventos","item":"https:\/\/www.ccb.pt\/eventos\/"},{"@type":"ListItem","position":3,"name":"Canto Ostinato by Simeon ten Holt"}]},{"@type":"WebSite","@id":"https:\/\/www.ccb.pt\/#website","url":"https:\/\/www.ccb.pt\/","name":"Centro Cultural de Bel\u00e9m Foundation","description":"","publisher":{"@id":"https:\/\/www.ccb.pt\/#organization"},"potentialAction":[{"@type":"SearchAction","target":{"@type":"EntryPoint","urlTemplate":"https:\/\/www.ccb.pt\/?s={search_term_string}"},"query-input":"required name=search_term_string"}],"inLanguage":"en-US"},{"@type":"Organization","@id":"https:\/\/www.ccb.pt\/#organization","name":"Centro Cultural de Bel\u00e9m Foundation","url":"https:\/\/www.ccb.pt\/","logo":{"@type":"ImageObject","inLanguage":"en-US","@id":"https:\/\/www.ccb.pt\/#\/schema\/logo\/image\/","url":"https:\/\/www.ccb.pt\/wp-content\/uploads\/2022\/05\/1_ccb.png","contentUrl":"https:\/\/www.ccb.pt\/wp-content\/uploads\/2022\/05\/1_ccb.png","width":126,"height":100,"caption":"Centro Cultural de Bel\u00e9m Foundation"},"image":{"@id":"https:\/\/www.ccb.pt\/#\/schema\/logo\/image\/"},"sameAs":["https:\/\/twitter.com\/macccb_museu"]}]}},"_links":{"self":[{"href":"https:\/\/www.ccb.pt\/en\/wp-json\/wp\/v2\/tribe_events\/209560"}],"collection":[{"href":"https:\/\/www.ccb.pt\/en\/wp-json\/wp\/v2\/tribe_events"}],"about":[{"href":"https:\/\/www.ccb.pt\/en\/wp-json\/wp\/v2\/types\/tribe_events"}],"author":[{"embeddable":true,"href":"https:\/\/www.ccb.pt\/en\/wp-json\/wp\/v2\/users\/6"}],"replies":[{"embeddable":true,"href":"https:\/\/www.ccb.pt\/en\/wp-json\/wp\/v2\/comments?post=209560"}],"version-history":[{"count":2,"href":"https:\/\/www.ccb.pt\/en\/wp-json\/wp\/v2\/tribe_events\/209560\/revisions"}],"predecessor-version":[{"id":209562,"href":"https:\/\/www.ccb.pt\/en\/wp-json\/wp\/v2\/tribe_events\/209560\/revisions\/209562"}],"wp:featuredmedia":[{"embeddable":true,"href":"https:\/\/www.ccb.pt\/en\/wp-json\/wp\/v2\/media\/184715"}],"wp:attachment":[{"href":"https:\/\/www.ccb.pt\/en\/wp-json\/wp\/v2\/media?parent=209560"}],"wp:term":[{"taxonomy":"tribe_events_cat","embeddable":true,"href":"https:\/\/www.ccb.pt\/en\/wp-json\/wp\/v2\/tribe_events_cat?post=209560"},{"taxonomy":"tags_tema","embeddable":true,"href":"https:\/\/www.ccb.pt\/en\/wp-json\/wp\/v2\/tags_tema?post=209560"},{"taxonomy":"idades","embeddable":true,"href":"https:\/\/www.ccb.pt\/en\/wp-json\/wp\/v2\/idades?post=209560"},{"taxonomy":"tipos","embeddable":true,"href":"https:\/\/www.ccb.pt\/en\/wp-json\/wp\/v2\/tipos?post=209560"},{"taxonomy":"temas","embeddable":true,"href":"https:\/\/www.ccb.pt\/en\/wp-json\/wp\/v2\/temas?post=209560"},{"taxonomy":"categorias_hubspot","embeddable":true,"href":"https:\/\/www.ccb.pt\/en\/wp-json\/wp\/v2\/categorias_hubspot?post=209560"}],"curies":[{"name":"wp","href":"https:\/\/api.w.org\/{rel}","templated":true}]}}