    {"id":209056,"date":"2024-12-10T17:40:43","date_gmt":"2024-12-10T17:40:43","guid":{"rendered":"https:\/\/www.ccb.pt\/evento\/apresentacao-do-livro-hestnes-ferreira-forma-materia-luz\/"},"modified":"2024-12-12T17:03:23","modified_gmt":"2024-12-12T17:03:23","slug":"apresentacao-do-livro-hestnes-ferreira-forma-materia-luz","status":"publish","type":"tribe_events","link":"https:\/\/www.ccb.pt\/en\/evento\/apresentacao-do-livro-hestnes-ferreira-forma-materia-luz\/","title":{"rendered":"Launch of the Book Hestnes Ferreira \u2013 Form | Matter | Light"},"content":{"rendered":"<p>In <span style=\"color: #0000ff;\"><a style=\"color: #0000ff;\" href=\"https:\/\/www.ccb.pt\/en\/evento\/hestnes-ferreira-forma-materia-luz\/\" target=\"_blank\" rel=\"noopener\"><em>HESTNES FERREIRA \u2013 FORM | MATTER | LIGHT<\/em><\/a><\/span>, editors Alexandra Saraiva, Patr\u00edcia Bento d\u2019Almeida, and Paulo Tormenta Pinto offer an interpretation of the work of architect Ra\u00fal Hestnes Ferreira (1931\u20132018). In the first section, the editors and exhibition curators revisit the 13 projects presented in the exhibition, drawing on the memory of Hestnes Ferreira\u2019s singular and transcultural career and linking each project to one of the three core concepts underpinning the exhibition. Then, other authors who crossed paths with the architect are invited to write about his work or their professional and\/or personal relationships with him. The third part features interviews, including two previously unpublished ones, conducted as part of Alexandra Saraiva\u2019s doctoral research. The fourth and final section presents a list of the architect\u2019s works and the collaborators from his atelier.<\/p>\n<p>Hestnes Ferreira\u2019s architecture achieves a sublime timelessness, whether through formal simplicity or material expression. Space serves as the unifying element, with construction providing weight and proportion. Light and shadow play a pivotal role in this process of abstraction, creating singular moments that blend into the experience of each place.<\/p>\n<p>&nbsp;<\/p>\n<p>The book launch will take place on <strong>25 January at 4:30 pm<\/strong> in the MAC\/CCB Auditorium. It will feature contributions from the exhibition curators and book editors <strong>Alexandra Saraiva<\/strong>, <strong>Patr\u00edcia Bento d\u2019Almeida<\/strong>, and <strong>Paulo Tormenta Pinto<\/strong>, as well as authors <strong>Alexandre Alves Costa<\/strong>, <strong>Gon\u00e7alo Canto Moniz<\/strong>, <strong>Jorge Figueira<\/strong>, <strong>Michel Toussaint<\/strong>, and <strong>Bernardo Pizarro Miranda<\/strong>, alongside <strong>Lu\u00eds Martinho Urbano<\/strong> from the Marques da Silva Foundation.<\/p>\n","protected":false},"excerpt":{"rendered":"<p>In HESTNES FERREIRA \u2013 FORM | MATTER | LIGHT, editors Alexandra Saraiva, Patr\u00edcia Bento d\u2019Almeida, and Paulo Tormenta Pinto offer an interpretation of the work of architect Ra\u00fal Hestnes Ferreira (1931\u20132018). In the first section, the editors and exhibition curators revisit the 13 projects presented in the exhibition, drawing on the memory of Hestnes Ferreira\u2019s [&hellip;]<\/p>\n","protected":false},"author":6,"featured_media":208761,"comment_status":"closed","ping_status":"closed","template":"","meta":{"_relevanssi_hide_post":"","_relevanssi_pin_for_all":"on","_relevanssi_pin_keywords":"","_relevanssi_unpin_keywords":"","_relevanssi_related_keywords":"","_relevanssi_related_include_ids":"","_relevanssi_related_exclude_ids":"","_relevanssi_related_no_append":"","_relevanssi_related_not_related":"","_relevanssi_related_posts":"","_relevanssi_noindex_reason":""},"tribe_events_cat":[646,565,683],"tags_tema":[],"idades":[578],"tipos":[],"temas":[],"categorias_hubspot":[],"acf":[],"yoast_head":"<!-- This site is optimized with the Yoast SEO plugin v22.3 - https:\/\/yoast.com\/wordpress\/plugins\/seo\/ -->\n<title>Launch of the Book Hestnes Ferreira \u2013 Form | Matter | Light - Centro Cultural de Bel\u00e9m Foundation<\/title>\n<meta name=\"description\" content=\"Uma leitura sobre a obra de Ra\u00fal Hestnes Ferreira, onde os editores e curadores da exposi\u00e7\u00e3o revisitam os treze projetos apresentados com base na mem\u00f3ria do percurso singular e transcultural do arquiteto.\" \/>\n<meta name=\"robots\" content=\"index, follow, max-snippet:-1, max-image-preview:large, max-video-preview:-1\" \/>\n<link rel=\"canonical\" href=\"https:\/\/www.ccb.pt\/en\/evento\/apresentacao-do-livro-hestnes-ferreira-forma-materia-luz\/\" \/>\n<meta property=\"og:locale\" content=\"en_US\" \/>\n<meta property=\"og:type\" content=\"article\" \/>\n<meta property=\"og:title\" content=\"Apresenta\u00e7\u00e3o do livro HESTNES FERREIRA - FORMA | MAT\u00c9RIA | LUZ \u2013 MAC\/CCB\" \/>\n<meta property=\"og:description\" content=\"Uma leitura sobre a obra de Ra\u00fal Hestnes Ferreira, onde os editores e curadores da exposi\u00e7\u00e3o revisitam os treze projetos apresentados com base na mem\u00f3ria do percurso singular e transcultural do arquiteto.\" \/>\n<meta property=\"og:url\" content=\"https:\/\/www.ccb.pt\/en\/evento\/apresentacao-do-livro-hestnes-ferreira-forma-materia-luz\/\" \/>\n<meta property=\"og:site_name\" content=\"Centro Cultural de Bel\u00e9m Foundation\" \/>\n<meta property=\"article:modified_time\" content=\"2024-12-12T17:03:23+00:00\" \/>\n<meta property=\"og:image\" content=\"https:\/\/www.ccb.pt\/wp-content\/uploads\/2024\/12\/credito-Luis-Pavao_edited-e1733848003960.jpg\" \/>\n\t<meta property=\"og:image:width\" content=\"1674\" \/>\n\t<meta property=\"og:image:height\" content=\"806\" \/>\n\t<meta property=\"og:image:type\" content=\"image\/jpeg\" \/>\n<meta name=\"twitter:card\" content=\"summary_large_image\" \/>\n<meta name=\"twitter:site\" content=\"@macccb_museu\" \/>\n<meta name=\"twitter:label1\" content=\"Est. reading time\" \/>\n\t<meta name=\"twitter:data1\" content=\"2 minutes\" \/>\n<script type=\"application\/ld+json\" class=\"yoast-schema-graph\">{\"@context\":\"https:\/\/schema.org\",\"@graph\":[{\"@type\":\"WebPage\",\"@id\":\"https:\/\/www.ccb.pt\/en\/evento\/apresentacao-do-livro-hestnes-ferreira-forma-materia-luz\/\",\"url\":\"https:\/\/www.ccb.pt\/en\/evento\/apresentacao-do-livro-hestnes-ferreira-forma-materia-luz\/\",\"name\":\"Launch of the Book Hestnes Ferreira \u2013 Form | Matter | Light - Centro Cultural de Bel\u00e9m Foundation\",\"isPartOf\":{\"@id\":\"https:\/\/www.ccb.pt\/#website\"},\"primaryImageOfPage\":{\"@id\":\"https:\/\/www.ccb.pt\/en\/evento\/apresentacao-do-livro-hestnes-ferreira-forma-materia-luz\/#primaryimage\"},\"image\":{\"@id\":\"https:\/\/www.ccb.pt\/en\/evento\/apresentacao-do-livro-hestnes-ferreira-forma-materia-luz\/#primaryimage\"},\"thumbnailUrl\":\"https:\/\/www.ccb.pt\/wp-content\/uploads\/2024\/12\/credito-Luis-Pavao_edited-e1733848003960.jpg\",\"datePublished\":\"2024-12-10T17:40:43+00:00\",\"dateModified\":\"2024-12-12T17:03:23+00:00\",\"description\":\"Uma leitura sobre a obra de Ra\u00fal Hestnes Ferreira, onde os editores e curadores da exposi\u00e7\u00e3o revisitam os treze projetos apresentados com base na mem\u00f3ria do percurso singular e transcultural do arquiteto.\",\"breadcrumb\":{\"@id\":\"https:\/\/www.ccb.pt\/en\/evento\/apresentacao-do-livro-hestnes-ferreira-forma-materia-luz\/#breadcrumb\"},\"inLanguage\":\"en-US\",\"potentialAction\":[{\"@type\":\"ReadAction\",\"target\":[\"https:\/\/www.ccb.pt\/en\/evento\/apresentacao-do-livro-hestnes-ferreira-forma-materia-luz\/\"]}]},{\"@type\":\"ImageObject\",\"inLanguage\":\"en-US\",\"@id\":\"https:\/\/www.ccb.pt\/en\/evento\/apresentacao-do-livro-hestnes-ferreira-forma-materia-luz\/#primaryimage\",\"url\":\"https:\/\/www.ccb.pt\/wp-content\/uploads\/2024\/12\/credito-Luis-Pavao_edited-e1733848003960.jpg\",\"contentUrl\":\"https:\/\/www.ccb.pt\/wp-content\/uploads\/2024\/12\/credito-Luis-Pavao_edited-e1733848003960.jpg\",\"width\":1674,\"height\":942,\"caption\":\"H620-11, Escola Secund\u00e1ria Jos\u00e9 Gomes Ferreira, 29 Fevereiro 2000\"},{\"@type\":\"BreadcrumbList\",\"@id\":\"https:\/\/www.ccb.pt\/en\/evento\/apresentacao-do-livro-hestnes-ferreira-forma-materia-luz\/#breadcrumb\",\"itemListElement\":[{\"@type\":\"ListItem\",\"position\":1,\"name\":\"Home\",\"item\":\"https:\/\/www.ccb.pt\/en\/\"},{\"@type\":\"ListItem\",\"position\":2,\"name\":\"Eventos\",\"item\":\"https:\/\/www.ccb.pt\/eventos\/\"},{\"@type\":\"ListItem\",\"position\":3,\"name\":\"Launch of the Book Hestnes Ferreira \u2013 Form | Matter | Light\"}]},{\"@type\":\"WebSite\",\"@id\":\"https:\/\/www.ccb.pt\/#website\",\"url\":\"https:\/\/www.ccb.pt\/\",\"name\":\"Centro Cultural de Bel\u00e9m Foundation\",\"description\":\"\",\"publisher\":{\"@id\":\"https:\/\/www.ccb.pt\/#organization\"},\"potentialAction\":[{\"@type\":\"SearchAction\",\"target\":{\"@type\":\"EntryPoint\",\"urlTemplate\":\"https:\/\/www.ccb.pt\/?s={search_term_string}\"},\"query-input\":\"required name=search_term_string\"}],\"inLanguage\":\"en-US\"},{\"@type\":\"Organization\",\"@id\":\"https:\/\/www.ccb.pt\/#organization\",\"name\":\"Centro Cultural de Bel\u00e9m Foundation\",\"url\":\"https:\/\/www.ccb.pt\/\",\"logo\":{\"@type\":\"ImageObject\",\"inLanguage\":\"en-US\",\"@id\":\"https:\/\/www.ccb.pt\/#\/schema\/logo\/image\/\",\"url\":\"https:\/\/www.ccb.pt\/wp-content\/uploads\/2022\/05\/1_ccb.png\",\"contentUrl\":\"https:\/\/www.ccb.pt\/wp-content\/uploads\/2022\/05\/1_ccb.png\",\"width\":126,\"height\":100,\"caption\":\"Centro Cultural de Bel\u00e9m Foundation\"},\"image\":{\"@id\":\"https:\/\/www.ccb.pt\/#\/schema\/logo\/image\/\"},\"sameAs\":[\"https:\/\/twitter.com\/macccb_museu\"]}]}<\/script>\n<!-- \/ Yoast SEO plugin. -->","yoast_head_json":{"title":"Launch of the Book Hestnes Ferreira \u2013 Form | Matter | Light - Centro Cultural de Bel\u00e9m Foundation","description":"Uma leitura sobre a obra de Ra\u00fal Hestnes Ferreira, onde os editores e curadores da exposi\u00e7\u00e3o revisitam os treze projetos apresentados com base na mem\u00f3ria do percurso singular e transcultural do arquiteto.","robots":{"index":"index","follow":"follow","max-snippet":"max-snippet:-1","max-image-preview":"max-image-preview:large","max-video-preview":"max-video-preview:-1"},"canonical":"https:\/\/www.ccb.pt\/en\/evento\/apresentacao-do-livro-hestnes-ferreira-forma-materia-luz\/","og_locale":"en_US","og_type":"article","og_title":"Apresenta\u00e7\u00e3o do livro HESTNES FERREIRA - FORMA | MAT\u00c9RIA | LUZ \u2013 MAC\/CCB","og_description":"Uma leitura sobre a obra de Ra\u00fal Hestnes Ferreira, onde os editores e curadores da exposi\u00e7\u00e3o revisitam os treze projetos apresentados com base na mem\u00f3ria do percurso singular e transcultural do arquiteto.","og_url":"https:\/\/www.ccb.pt\/en\/evento\/apresentacao-do-livro-hestnes-ferreira-forma-materia-luz\/","og_site_name":"Centro Cultural de Bel\u00e9m Foundation","article_modified_time":"2024-12-12T17:03:23+00:00","og_image":[{"width":1674,"height":806,"url":"https:\/\/www.ccb.pt\/wp-content\/uploads\/2024\/12\/credito-Luis-Pavao_edited-e1733848003960.jpg","type":"image\/jpeg"}],"twitter_card":"summary_large_image","twitter_site":"@macccb_museu","twitter_misc":{"Est. reading time":"2 minutes"},"schema":{"@context":"https:\/\/schema.org","@graph":[{"@type":"WebPage","@id":"https:\/\/www.ccb.pt\/en\/evento\/apresentacao-do-livro-hestnes-ferreira-forma-materia-luz\/","url":"https:\/\/www.ccb.pt\/en\/evento\/apresentacao-do-livro-hestnes-ferreira-forma-materia-luz\/","name":"Launch of the Book Hestnes Ferreira \u2013 Form | Matter | Light - Centro Cultural de Bel\u00e9m Foundation","isPartOf":{"@id":"https:\/\/www.ccb.pt\/#website"},"primaryImageOfPage":{"@id":"https:\/\/www.ccb.pt\/en\/evento\/apresentacao-do-livro-hestnes-ferreira-forma-materia-luz\/#primaryimage"},"image":{"@id":"https:\/\/www.ccb.pt\/en\/evento\/apresentacao-do-livro-hestnes-ferreira-forma-materia-luz\/#primaryimage"},"thumbnailUrl":"https:\/\/www.ccb.pt\/wp-content\/uploads\/2024\/12\/credito-Luis-Pavao_edited-e1733848003960.jpg","datePublished":"2024-12-10T17:40:43+00:00","dateModified":"2024-12-12T17:03:23+00:00","description":"Uma leitura sobre a obra de Ra\u00fal Hestnes Ferreira, onde os editores e curadores da exposi\u00e7\u00e3o revisitam os treze projetos apresentados com base na mem\u00f3ria do percurso singular e transcultural do arquiteto.","breadcrumb":{"@id":"https:\/\/www.ccb.pt\/en\/evento\/apresentacao-do-livro-hestnes-ferreira-forma-materia-luz\/#breadcrumb"},"inLanguage":"en-US","potentialAction":[{"@type":"ReadAction","target":["https:\/\/www.ccb.pt\/en\/evento\/apresentacao-do-livro-hestnes-ferreira-forma-materia-luz\/"]}]},{"@type":"ImageObject","inLanguage":"en-US","@id":"https:\/\/www.ccb.pt\/en\/evento\/apresentacao-do-livro-hestnes-ferreira-forma-materia-luz\/#primaryimage","url":"https:\/\/www.ccb.pt\/wp-content\/uploads\/2024\/12\/credito-Luis-Pavao_edited-e1733848003960.jpg","contentUrl":"https:\/\/www.ccb.pt\/wp-content\/uploads\/2024\/12\/credito-Luis-Pavao_edited-e1733848003960.jpg","width":1674,"height":942,"caption":"H620-11, Escola Secund\u00e1ria Jos\u00e9 Gomes Ferreira, 29 Fevereiro 2000"},{"@type":"BreadcrumbList","@id":"https:\/\/www.ccb.pt\/en\/evento\/apresentacao-do-livro-hestnes-ferreira-forma-materia-luz\/#breadcrumb","itemListElement":[{"@type":"ListItem","position":1,"name":"Home","item":"https:\/\/www.ccb.pt\/en\/"},{"@type":"ListItem","position":2,"name":"Eventos","item":"https:\/\/www.ccb.pt\/eventos\/"},{"@type":"ListItem","position":3,"name":"Launch of the Book Hestnes Ferreira \u2013 Form | Matter | Light"}]},{"@type":"WebSite","@id":"https:\/\/www.ccb.pt\/#website","url":"https:\/\/www.ccb.pt\/","name":"Centro Cultural de Bel\u00e9m Foundation","description":"","publisher":{"@id":"https:\/\/www.ccb.pt\/#organization"},"potentialAction":[{"@type":"SearchAction","target":{"@type":"EntryPoint","urlTemplate":"https:\/\/www.ccb.pt\/?s={search_term_string}"},"query-input":"required name=search_term_string"}],"inLanguage":"en-US"},{"@type":"Organization","@id":"https:\/\/www.ccb.pt\/#organization","name":"Centro Cultural de Bel\u00e9m Foundation","url":"https:\/\/www.ccb.pt\/","logo":{"@type":"ImageObject","inLanguage":"en-US","@id":"https:\/\/www.ccb.pt\/#\/schema\/logo\/image\/","url":"https:\/\/www.ccb.pt\/wp-content\/uploads\/2022\/05\/1_ccb.png","contentUrl":"https:\/\/www.ccb.pt\/wp-content\/uploads\/2022\/05\/1_ccb.png","width":126,"height":100,"caption":"Centro Cultural de Bel\u00e9m Foundation"},"image":{"@id":"https:\/\/www.ccb.pt\/#\/schema\/logo\/image\/"},"sameAs":["https:\/\/twitter.com\/macccb_museu"]}]}},"_links":{"self":[{"href":"https:\/\/www.ccb.pt\/en\/wp-json\/wp\/v2\/tribe_events\/209056"}],"collection":[{"href":"https:\/\/www.ccb.pt\/en\/wp-json\/wp\/v2\/tribe_events"}],"about":[{"href":"https:\/\/www.ccb.pt\/en\/wp-json\/wp\/v2\/types\/tribe_events"}],"author":[{"embeddable":true,"href":"https:\/\/www.ccb.pt\/en\/wp-json\/wp\/v2\/users\/6"}],"replies":[{"embeddable":true,"href":"https:\/\/www.ccb.pt\/en\/wp-json\/wp\/v2\/comments?post=209056"}],"version-history":[{"count":3,"href":"https:\/\/www.ccb.pt\/en\/wp-json\/wp\/v2\/tribe_events\/209056\/revisions"}],"predecessor-version":[{"id":209060,"href":"https:\/\/www.ccb.pt\/en\/wp-json\/wp\/v2\/tribe_events\/209056\/revisions\/209060"}],"wp:featuredmedia":[{"embeddable":true,"href":"https:\/\/www.ccb.pt\/en\/wp-json\/wp\/v2\/media\/208761"}],"wp:attachment":[{"href":"https:\/\/www.ccb.pt\/en\/wp-json\/wp\/v2\/media?parent=209056"}],"wp:term":[{"taxonomy":"tribe_events_cat","embeddable":true,"href":"https:\/\/www.ccb.pt\/en\/wp-json\/wp\/v2\/tribe_events_cat?post=209056"},{"taxonomy":"tags_tema","embeddable":true,"href":"https:\/\/www.ccb.pt\/en\/wp-json\/wp\/v2\/tags_tema?post=209056"},{"taxonomy":"idades","embeddable":true,"href":"https:\/\/www.ccb.pt\/en\/wp-json\/wp\/v2\/idades?post=209056"},{"taxonomy":"tipos","embeddable":true,"href":"https:\/\/www.ccb.pt\/en\/wp-json\/wp\/v2\/tipos?post=209056"},{"taxonomy":"temas","embeddable":true,"href":"https:\/\/www.ccb.pt\/en\/wp-json\/wp\/v2\/temas?post=209056"},{"taxonomy":"categorias_hubspot","embeddable":true,"href":"https:\/\/www.ccb.pt\/en\/wp-json\/wp\/v2\/categorias_hubspot?post=209056"}],"curies":[{"name":"wp","href":"https:\/\/api.w.org\/{rel}","templated":true}]}}