    {"id":197408,"date":"2024-09-06T11:11:46","date_gmt":"2024-09-06T10:11:46","guid":{"rendered":"https:\/\/www.ccb.pt\/evento\/por-detras-da-cortina-labirintos-de-alice\/"},"modified":"2024-12-12T14:41:31","modified_gmt":"2024-12-12T14:41:31","slug":"por-detras-da-cortina-labirintos-de-alice","status":"publish","type":"tribe_events","link":"https:\/\/www.ccb.pt\/en\/evento\/por-detras-da-cortina-labirintos-de-alice\/","title":{"rendered":"Por detr\u00e1s da cortina \u2013 Labirintos de Alice  Making Of Ciclo Festa de Desanivers\u00e1rio"},"content":{"rendered":"<p><strong>Presentation of book IV + Making Of Documentary<\/strong><\/p>\n<p><em>Por detr\u00e1s da cortina <\/em>[Behind the Curtain] is a digital book and documentary that records the process of creating the cycle <em>Festa de Desanivers\u00e1rio<\/em> [Unbirthday Party] (2019-2021). Inspired by Lewis Carroll, it explores artistic creation for all childhoods, combining philosophy and contemporary issues with a multidisciplinary approach.<\/p>\n","protected":false},"excerpt":{"rendered":"<p>Presentation of book IV + Making Of Documentary Por detr\u00e1s da cortina [Behind the Curtain] is a digital book and documentary that records the process of creating the cycle Festa de Desanivers\u00e1rio [Unbirthday Party] (2019-2021). Inspired by Lewis Carroll, it explores artistic creation for all childhoods, combining philosophy and contemporary issues with a multidisciplinary approach.<\/p>\n","protected":false},"author":6,"featured_media":186553,"comment_status":"closed","ping_status":"closed","template":"","meta":{"_relevanssi_hide_post":"","_relevanssi_pin_for_all":"on","_relevanssi_pin_keywords":"","_relevanssi_unpin_keywords":"","_relevanssi_related_keywords":"","_relevanssi_related_include_ids":"","_relevanssi_related_exclude_ids":"","_relevanssi_related_no_append":"","_relevanssi_related_not_related":"","_relevanssi_related_posts":"","_relevanssi_noindex_reason":""},"tribe_events_cat":[404,617,683,402],"tags_tema":[],"idades":[],"tipos":[],"temas":[],"categorias_hubspot":[],"acf":[],"yoast_head":"<!-- This site is optimized with the Yoast SEO plugin v22.3 - https:\/\/yoast.com\/wordpress\/plugins\/seo\/ -->\n<title>Por detr\u00e1s da cortina \u2013 Labirintos de Alice Making Of Ciclo Festa de Desanivers\u00e1rio - Centro Cultural de Bel\u00e9m Foundation<\/title>\n<meta name=\"description\" content=\"Tom\u00e1mos os cl\u00e1ssicos de Lewis Carroll, Alice no Pais das Maravilhas e Do Outro Lado do Espelho, para tornar a cruzar a cria\u00e7\u00e3o art\u00edstica para todas as inf\u00e2ncias com a filosofia.\" \/>\n<meta name=\"robots\" content=\"index, follow, max-snippet:-1, max-image-preview:large, max-video-preview:-1\" \/>\n<link rel=\"canonical\" href=\"https:\/\/www.ccb.pt\/en\/evento\/por-detras-da-cortina-labirintos-de-alice\/\" \/>\n<meta property=\"og:locale\" content=\"en_US\" \/>\n<meta property=\"og:type\" content=\"article\" \/>\n<meta property=\"og:title\" content=\"Por detr\u00e1s da cortina | Labirintos de Alice - CCB\" \/>\n<meta property=\"og:description\" content=\"Tom\u00e1mos os cl\u00e1ssicos de Lewis Carroll, Alice no Pais das Maravilhas e Do Outro Lado do Espelho, para tornar a cruzar a cria\u00e7\u00e3o art\u00edstica para todas as inf\u00e2ncias com a filosofia.\" \/>\n<meta property=\"og:url\" content=\"https:\/\/www.ccb.pt\/en\/evento\/por-detras-da-cortina-labirintos-de-alice\/\" \/>\n<meta property=\"og:site_name\" content=\"Centro Cultural de Bel\u00e9m Foundation\" \/>\n<meta property=\"article:modified_time\" content=\"2024-12-12T14:41:31+00:00\" \/>\n<meta property=\"og:image\" content=\"https:\/\/www.ccb.pt\/wp-content\/uploads\/2024\/07\/1200x630_Livro_PorDetrasDaCortina_cBeatrizBagulho.jpg\" \/>\n\t<meta property=\"og:image:width\" content=\"1200\" \/>\n\t<meta property=\"og:image:height\" content=\"630\" \/>\n\t<meta property=\"og:image:type\" content=\"image\/jpeg\" \/>\n<meta name=\"twitter:card\" content=\"summary_large_image\" \/>\n<meta name=\"twitter:site\" content=\"@macccb_museu\" \/>\n<meta name=\"twitter:label1\" content=\"Est. reading time\" \/>\n\t<meta name=\"twitter:data1\" content=\"1 minute\" \/>\n<script type=\"application\/ld+json\" class=\"yoast-schema-graph\">{\"@context\":\"https:\/\/schema.org\",\"@graph\":[{\"@type\":\"WebPage\",\"@id\":\"https:\/\/www.ccb.pt\/en\/evento\/por-detras-da-cortina-labirintos-de-alice\/\",\"url\":\"https:\/\/www.ccb.pt\/en\/evento\/por-detras-da-cortina-labirintos-de-alice\/\",\"name\":\"Por detr\u00e1s da cortina \u2013 Labirintos de Alice Making Of Ciclo Festa de Desanivers\u00e1rio - Centro Cultural de Bel\u00e9m Foundation\",\"isPartOf\":{\"@id\":\"https:\/\/www.ccb.pt\/#website\"},\"primaryImageOfPage\":{\"@id\":\"https:\/\/www.ccb.pt\/en\/evento\/por-detras-da-cortina-labirintos-de-alice\/#primaryimage\"},\"image\":{\"@id\":\"https:\/\/www.ccb.pt\/en\/evento\/por-detras-da-cortina-labirintos-de-alice\/#primaryimage\"},\"thumbnailUrl\":\"https:\/\/www.ccb.pt\/wp-content\/uploads\/2024\/08\/1200x630_Livro_PorDetrasDaCortina_cBeatrizBagulho_edited.jpg\",\"datePublished\":\"2024-09-06T10:11:46+00:00\",\"dateModified\":\"2024-12-12T14:41:31+00:00\",\"description\":\"Tom\u00e1mos os cl\u00e1ssicos de Lewis Carroll, Alice no Pais das Maravilhas e Do Outro Lado do Espelho, para tornar a cruzar a cria\u00e7\u00e3o art\u00edstica para todas as inf\u00e2ncias com a filosofia.\",\"breadcrumb\":{\"@id\":\"https:\/\/www.ccb.pt\/en\/evento\/por-detras-da-cortina-labirintos-de-alice\/#breadcrumb\"},\"inLanguage\":\"en-US\",\"potentialAction\":[{\"@type\":\"ReadAction\",\"target\":[\"https:\/\/www.ccb.pt\/en\/evento\/por-detras-da-cortina-labirintos-de-alice\/\"]}]},{\"@type\":\"ImageObject\",\"inLanguage\":\"en-US\",\"@id\":\"https:\/\/www.ccb.pt\/en\/evento\/por-detras-da-cortina-labirintos-de-alice\/#primaryimage\",\"url\":\"https:\/\/www.ccb.pt\/wp-content\/uploads\/2024\/08\/1200x630_Livro_PorDetrasDaCortina_cBeatrizBagulho_edited.jpg\",\"contentUrl\":\"https:\/\/www.ccb.pt\/wp-content\/uploads\/2024\/08\/1200x630_Livro_PorDetrasDaCortina_cBeatrizBagulho_edited.jpg\",\"width\":1200,\"height\":426,\"caption\":\"ilustrac\u00e7\u00e3o da Beatriz Bagulho - alice nos pais das mavaravilhas\"},{\"@type\":\"BreadcrumbList\",\"@id\":\"https:\/\/www.ccb.pt\/en\/evento\/por-detras-da-cortina-labirintos-de-alice\/#breadcrumb\",\"itemListElement\":[{\"@type\":\"ListItem\",\"position\":1,\"name\":\"Home\",\"item\":\"https:\/\/www.ccb.pt\/en\/\"},{\"@type\":\"ListItem\",\"position\":2,\"name\":\"Eventos\",\"item\":\"https:\/\/www.ccb.pt\/eventos\/\"},{\"@type\":\"ListItem\",\"position\":3,\"name\":\"Por detr\u00e1s da cortina \u2013 Labirintos de Alice Making Of Ciclo Festa de Desanivers\u00e1rio\"}]},{\"@type\":\"WebSite\",\"@id\":\"https:\/\/www.ccb.pt\/#website\",\"url\":\"https:\/\/www.ccb.pt\/\",\"name\":\"Centro Cultural de Bel\u00e9m Foundation\",\"description\":\"\",\"publisher\":{\"@id\":\"https:\/\/www.ccb.pt\/#organization\"},\"potentialAction\":[{\"@type\":\"SearchAction\",\"target\":{\"@type\":\"EntryPoint\",\"urlTemplate\":\"https:\/\/www.ccb.pt\/?s={search_term_string}\"},\"query-input\":\"required name=search_term_string\"}],\"inLanguage\":\"en-US\"},{\"@type\":\"Organization\",\"@id\":\"https:\/\/www.ccb.pt\/#organization\",\"name\":\"Centro Cultural de Bel\u00e9m Foundation\",\"url\":\"https:\/\/www.ccb.pt\/\",\"logo\":{\"@type\":\"ImageObject\",\"inLanguage\":\"en-US\",\"@id\":\"https:\/\/www.ccb.pt\/#\/schema\/logo\/image\/\",\"url\":\"https:\/\/www.ccb.pt\/wp-content\/uploads\/2022\/05\/1_ccb.png\",\"contentUrl\":\"https:\/\/www.ccb.pt\/wp-content\/uploads\/2022\/05\/1_ccb.png\",\"width\":126,\"height\":100,\"caption\":\"Centro Cultural de Bel\u00e9m Foundation\"},\"image\":{\"@id\":\"https:\/\/www.ccb.pt\/#\/schema\/logo\/image\/\"},\"sameAs\":[\"https:\/\/twitter.com\/macccb_museu\"]}]}<\/script>\n<!-- \/ Yoast SEO plugin. -->","yoast_head_json":{"title":"Por detr\u00e1s da cortina \u2013 Labirintos de Alice Making Of Ciclo Festa de Desanivers\u00e1rio - Centro Cultural de Bel\u00e9m Foundation","description":"Tom\u00e1mos os cl\u00e1ssicos de Lewis Carroll, Alice no Pais das Maravilhas e Do Outro Lado do Espelho, para tornar a cruzar a cria\u00e7\u00e3o art\u00edstica para todas as inf\u00e2ncias com a filosofia.","robots":{"index":"index","follow":"follow","max-snippet":"max-snippet:-1","max-image-preview":"max-image-preview:large","max-video-preview":"max-video-preview:-1"},"canonical":"https:\/\/www.ccb.pt\/en\/evento\/por-detras-da-cortina-labirintos-de-alice\/","og_locale":"en_US","og_type":"article","og_title":"Por detr\u00e1s da cortina | Labirintos de Alice - CCB","og_description":"Tom\u00e1mos os cl\u00e1ssicos de Lewis Carroll, Alice no Pais das Maravilhas e Do Outro Lado do Espelho, para tornar a cruzar a cria\u00e7\u00e3o art\u00edstica para todas as inf\u00e2ncias com a filosofia.","og_url":"https:\/\/www.ccb.pt\/en\/evento\/por-detras-da-cortina-labirintos-de-alice\/","og_site_name":"Centro Cultural de Bel\u00e9m Foundation","article_modified_time":"2024-12-12T14:41:31+00:00","og_image":[{"width":1200,"height":630,"url":"https:\/\/www.ccb.pt\/wp-content\/uploads\/2024\/07\/1200x630_Livro_PorDetrasDaCortina_cBeatrizBagulho.jpg","type":"image\/jpeg"}],"twitter_card":"summary_large_image","twitter_site":"@macccb_museu","twitter_misc":{"Est. reading time":"1 minute"},"schema":{"@context":"https:\/\/schema.org","@graph":[{"@type":"WebPage","@id":"https:\/\/www.ccb.pt\/en\/evento\/por-detras-da-cortina-labirintos-de-alice\/","url":"https:\/\/www.ccb.pt\/en\/evento\/por-detras-da-cortina-labirintos-de-alice\/","name":"Por detr\u00e1s da cortina \u2013 Labirintos de Alice Making Of Ciclo Festa de Desanivers\u00e1rio - Centro Cultural de Bel\u00e9m Foundation","isPartOf":{"@id":"https:\/\/www.ccb.pt\/#website"},"primaryImageOfPage":{"@id":"https:\/\/www.ccb.pt\/en\/evento\/por-detras-da-cortina-labirintos-de-alice\/#primaryimage"},"image":{"@id":"https:\/\/www.ccb.pt\/en\/evento\/por-detras-da-cortina-labirintos-de-alice\/#primaryimage"},"thumbnailUrl":"https:\/\/www.ccb.pt\/wp-content\/uploads\/2024\/08\/1200x630_Livro_PorDetrasDaCortina_cBeatrizBagulho_edited.jpg","datePublished":"2024-09-06T10:11:46+00:00","dateModified":"2024-12-12T14:41:31+00:00","description":"Tom\u00e1mos os cl\u00e1ssicos de Lewis Carroll, Alice no Pais das Maravilhas e Do Outro Lado do Espelho, para tornar a cruzar a cria\u00e7\u00e3o art\u00edstica para todas as inf\u00e2ncias com a filosofia.","breadcrumb":{"@id":"https:\/\/www.ccb.pt\/en\/evento\/por-detras-da-cortina-labirintos-de-alice\/#breadcrumb"},"inLanguage":"en-US","potentialAction":[{"@type":"ReadAction","target":["https:\/\/www.ccb.pt\/en\/evento\/por-detras-da-cortina-labirintos-de-alice\/"]}]},{"@type":"ImageObject","inLanguage":"en-US","@id":"https:\/\/www.ccb.pt\/en\/evento\/por-detras-da-cortina-labirintos-de-alice\/#primaryimage","url":"https:\/\/www.ccb.pt\/wp-content\/uploads\/2024\/08\/1200x630_Livro_PorDetrasDaCortina_cBeatrizBagulho_edited.jpg","contentUrl":"https:\/\/www.ccb.pt\/wp-content\/uploads\/2024\/08\/1200x630_Livro_PorDetrasDaCortina_cBeatrizBagulho_edited.jpg","width":1200,"height":426,"caption":"ilustrac\u00e7\u00e3o da Beatriz Bagulho - alice nos pais das mavaravilhas"},{"@type":"BreadcrumbList","@id":"https:\/\/www.ccb.pt\/en\/evento\/por-detras-da-cortina-labirintos-de-alice\/#breadcrumb","itemListElement":[{"@type":"ListItem","position":1,"name":"Home","item":"https:\/\/www.ccb.pt\/en\/"},{"@type":"ListItem","position":2,"name":"Eventos","item":"https:\/\/www.ccb.pt\/eventos\/"},{"@type":"ListItem","position":3,"name":"Por detr\u00e1s da cortina \u2013 Labirintos de Alice Making Of Ciclo Festa de Desanivers\u00e1rio"}]},{"@type":"WebSite","@id":"https:\/\/www.ccb.pt\/#website","url":"https:\/\/www.ccb.pt\/","name":"Centro Cultural de Bel\u00e9m Foundation","description":"","publisher":{"@id":"https:\/\/www.ccb.pt\/#organization"},"potentialAction":[{"@type":"SearchAction","target":{"@type":"EntryPoint","urlTemplate":"https:\/\/www.ccb.pt\/?s={search_term_string}"},"query-input":"required name=search_term_string"}],"inLanguage":"en-US"},{"@type":"Organization","@id":"https:\/\/www.ccb.pt\/#organization","name":"Centro Cultural de Bel\u00e9m Foundation","url":"https:\/\/www.ccb.pt\/","logo":{"@type":"ImageObject","inLanguage":"en-US","@id":"https:\/\/www.ccb.pt\/#\/schema\/logo\/image\/","url":"https:\/\/www.ccb.pt\/wp-content\/uploads\/2022\/05\/1_ccb.png","contentUrl":"https:\/\/www.ccb.pt\/wp-content\/uploads\/2022\/05\/1_ccb.png","width":126,"height":100,"caption":"Centro Cultural de Bel\u00e9m Foundation"},"image":{"@id":"https:\/\/www.ccb.pt\/#\/schema\/logo\/image\/"},"sameAs":["https:\/\/twitter.com\/macccb_museu"]}]}},"_links":{"self":[{"href":"https:\/\/www.ccb.pt\/en\/wp-json\/wp\/v2\/tribe_events\/197408"}],"collection":[{"href":"https:\/\/www.ccb.pt\/en\/wp-json\/wp\/v2\/tribe_events"}],"about":[{"href":"https:\/\/www.ccb.pt\/en\/wp-json\/wp\/v2\/types\/tribe_events"}],"author":[{"embeddable":true,"href":"https:\/\/www.ccb.pt\/en\/wp-json\/wp\/v2\/users\/6"}],"replies":[{"embeddable":true,"href":"https:\/\/www.ccb.pt\/en\/wp-json\/wp\/v2\/comments?post=197408"}],"version-history":[{"count":4,"href":"https:\/\/www.ccb.pt\/en\/wp-json\/wp\/v2\/tribe_events\/197408\/revisions"}],"predecessor-version":[{"id":209027,"href":"https:\/\/www.ccb.pt\/en\/wp-json\/wp\/v2\/tribe_events\/197408\/revisions\/209027"}],"wp:featuredmedia":[{"embeddable":true,"href":"https:\/\/www.ccb.pt\/en\/wp-json\/wp\/v2\/media\/186553"}],"wp:attachment":[{"href":"https:\/\/www.ccb.pt\/en\/wp-json\/wp\/v2\/media?parent=197408"}],"wp:term":[{"taxonomy":"tribe_events_cat","embeddable":true,"href":"https:\/\/www.ccb.pt\/en\/wp-json\/wp\/v2\/tribe_events_cat?post=197408"},{"taxonomy":"tags_tema","embeddable":true,"href":"https:\/\/www.ccb.pt\/en\/wp-json\/wp\/v2\/tags_tema?post=197408"},{"taxonomy":"idades","embeddable":true,"href":"https:\/\/www.ccb.pt\/en\/wp-json\/wp\/v2\/idades?post=197408"},{"taxonomy":"tipos","embeddable":true,"href":"https:\/\/www.ccb.pt\/en\/wp-json\/wp\/v2\/tipos?post=197408"},{"taxonomy":"temas","embeddable":true,"href":"https:\/\/www.ccb.pt\/en\/wp-json\/wp\/v2\/temas?post=197408"},{"taxonomy":"categorias_hubspot","embeddable":true,"href":"https:\/\/www.ccb.pt\/en\/wp-json\/wp\/v2\/categorias_hubspot?post=197408"}],"curies":[{"name":"wp","href":"https:\/\/api.w.org\/{rel}","templated":true}]}}