    {"id":196197,"date":"2024-09-10T09:07:59","date_gmt":"2024-09-10T08:07:59","guid":{"rendered":"https:\/\/www.ccb.pt\/evento\/kali-malone-apresenta-does-spring-hide-its-joy\/"},"modified":"2024-11-15T18:24:01","modified_gmt":"2024-11-15T18:24:01","slug":"kali-malone-apresenta-does-spring-hide-its-joy","status":"publish","type":"tribe_events","link":"https:\/\/www.ccb.pt\/en\/evento\/kali-malone-apresenta-does-spring-hide-its-joy\/","title":{"rendered":"Kali Malone apresenta Does Spring Hide Its Joy"},"content":{"rendered":"<p><em>Does Spring Hide Its Joy<\/em> is an immersive piece by composer Kali Malone that features musicians Stephen O&#8217;Malley and Lucy Railton and visual effects artist Nika Milano. The music is a study of the possibilities of deep listening and non-linear durational composition. The subtle minimalism of the cello, electric guitar, sine waves, and vast color fields reveals a surprising depth of focus and opens contemplative spaces in the listener&#8217;s attention.<\/p>\n<p>Kali Malone composes with a clarity of vision. Her music is patient and focused, built on a foundation of harmonic cycles that extract latent emotional resonances, and the slight differences between the tones of each instrument generate immersive movements.<\/p>\n<p>Malone&#8217;s music for pipe organ, choir, chamber music ensembles, and electroacoustic formats has been widely acclaimed by international critics. He has performed extensively, presenting his music at the Hamburg Elbphilharmonie, Philharmonie de Paris, Venice Biennale, Radio France, Rockefeller Chapel, Grace Cathedral, The Southbank Center, Bozar, Schauspielhaus, Berghain, Unsound Festival, Berlin Atonal and Kanal Pompidou. She has performed her music in museums, contemporary art spaces, concert halls, churches, and festivals throughout Europe, North America, Japan, and Australia.<\/p>\n<p>Born in Colorado, Malone moved to Stockholm in 2012. She currently lives between Stockholm and Paris.<\/p>\n<p>&nbsp;<\/p>\n<p><span style=\"color: #800000;\"><strong>Notice:<\/strong> The CCB online ticket office will be temporarily unavailable from 7 pm on 17 November until 10 am on 18 November due to its integration with the\u00a0BOL\u00a0operator.<\/span><\/p>\n","protected":false},"excerpt":{"rendered":"<p>Does Spring Hide Its Joy is an immersive piece by composer Kali Malone that features musicians Stephen O&#8217;Malley and Lucy Railton and visual effects artist Nika Milano. The music is a study of the possibilities of deep listening and non-linear durational composition. The subtle minimalism of the cello, electric guitar, sine waves, and vast color [&hellip;]<\/p>\n","protected":false},"author":6,"featured_media":186578,"comment_status":"closed","ping_status":"closed","template":"","meta":{"_relevanssi_hide_post":"","_relevanssi_pin_for_all":"on","_relevanssi_pin_keywords":"","_relevanssi_unpin_keywords":"","_relevanssi_related_keywords":"","_relevanssi_related_include_ids":"","_relevanssi_related_exclude_ids":"","_relevanssi_related_no_append":"","_relevanssi_related_not_related":"","_relevanssi_related_posts":"","_relevanssi_noindex_reason":""},"tribe_events_cat":[590,23],"tags_tema":[],"idades":[392],"tipos":[],"temas":[],"categorias_hubspot":[],"acf":[],"yoast_head":"<!-- This site is optimized with the Yoast SEO plugin v22.3 - https:\/\/yoast.com\/wordpress\/plugins\/seo\/ -->\n<title>Kali Malone apresenta Does Spring Hide Its Joy - Centro Cultural de Bel\u00e9m Foundation<\/title>\n<meta name=\"description\" content=\"Uma pe\u00e7a imersiva da compositora Kali Malone, que conta com a participa\u00e7\u00e3o dos m\u00fasicos Stephen O&#039;Malley e Lucy Railton, e com os efeitos visuais da artista Nika Milano.\" \/>\n<meta name=\"robots\" content=\"index, follow, max-snippet:-1, max-image-preview:large, max-video-preview:-1\" \/>\n<link rel=\"canonical\" href=\"https:\/\/www.ccb.pt\/en\/evento\/kali-malone-apresenta-does-spring-hide-its-joy\/\" \/>\n<meta property=\"og:locale\" content=\"en_US\" \/>\n<meta property=\"og:type\" content=\"article\" \/>\n<meta property=\"og:title\" content=\"Kali Malone | Does Spring Hide Its Joy - CCB\" \/>\n<meta property=\"og:description\" content=\"Uma pe\u00e7a imersiva da compositora Kali Malone, que conta com a participa\u00e7\u00e3o dos m\u00fasicos Stephen O&#039;Malley e Lucy Railton, e com os efeitos visuais da artista Nika Milano.\" \/>\n<meta property=\"og:url\" content=\"https:\/\/www.ccb.pt\/en\/evento\/kali-malone-apresenta-does-spring-hide-its-joy\/\" \/>\n<meta property=\"og:site_name\" content=\"Centro Cultural de Bel\u00e9m Foundation\" \/>\n<meta property=\"article:modified_time\" content=\"2024-11-15T18:24:01+00:00\" \/>\n<meta property=\"og:image\" content=\"https:\/\/www.ccb.pt\/wp-content\/uploads\/2024\/07\/1200x630_fcb_KaliMalone_creditoChrisFullard.jpg\" \/>\n\t<meta property=\"og:image:width\" content=\"1200\" \/>\n\t<meta property=\"og:image:height\" content=\"630\" \/>\n\t<meta property=\"og:image:type\" content=\"image\/jpeg\" \/>\n<meta name=\"twitter:card\" content=\"summary_large_image\" \/>\n<meta name=\"twitter:site\" content=\"@macccb_museu\" \/>\n<meta name=\"twitter:label1\" content=\"Est. reading time\" \/>\n\t<meta name=\"twitter:data1\" content=\"2 minutes\" \/>\n<script type=\"application\/ld+json\" class=\"yoast-schema-graph\">{\"@context\":\"https:\/\/schema.org\",\"@graph\":[{\"@type\":\"WebPage\",\"@id\":\"https:\/\/www.ccb.pt\/en\/evento\/kali-malone-apresenta-does-spring-hide-its-joy\/\",\"url\":\"https:\/\/www.ccb.pt\/en\/evento\/kali-malone-apresenta-does-spring-hide-its-joy\/\",\"name\":\"Kali Malone apresenta Does Spring Hide Its Joy - Centro Cultural de Bel\u00e9m Foundation\",\"isPartOf\":{\"@id\":\"https:\/\/www.ccb.pt\/#website\"},\"primaryImageOfPage\":{\"@id\":\"https:\/\/www.ccb.pt\/en\/evento\/kali-malone-apresenta-does-spring-hide-its-joy\/#primaryimage\"},\"image\":{\"@id\":\"https:\/\/www.ccb.pt\/en\/evento\/kali-malone-apresenta-does-spring-hide-its-joy\/#primaryimage\"},\"thumbnailUrl\":\"https:\/\/www.ccb.pt\/wp-content\/uploads\/2024\/07\/2000x940_site_KaliMalone_creditoChrisFullard_edited.jpg\",\"datePublished\":\"2024-09-10T08:07:59+00:00\",\"dateModified\":\"2024-11-15T18:24:01+00:00\",\"description\":\"Uma pe\u00e7a imersiva da compositora Kali Malone, que conta com a participa\u00e7\u00e3o dos m\u00fasicos Stephen O'Malley e Lucy Railton, e com os efeitos visuais da artista Nika Milano.\",\"breadcrumb\":{\"@id\":\"https:\/\/www.ccb.pt\/en\/evento\/kali-malone-apresenta-does-spring-hide-its-joy\/#breadcrumb\"},\"inLanguage\":\"en-US\",\"potentialAction\":[{\"@type\":\"ReadAction\",\"target\":[\"https:\/\/www.ccb.pt\/en\/evento\/kali-malone-apresenta-does-spring-hide-its-joy\/\"]}]},{\"@type\":\"ImageObject\",\"inLanguage\":\"en-US\",\"@id\":\"https:\/\/www.ccb.pt\/en\/evento\/kali-malone-apresenta-does-spring-hide-its-joy\/#primaryimage\",\"url\":\"https:\/\/www.ccb.pt\/wp-content\/uploads\/2024\/07\/2000x940_site_KaliMalone_creditoChrisFullard_edited.jpg\",\"contentUrl\":\"https:\/\/www.ccb.pt\/wp-content\/uploads\/2024\/07\/2000x940_site_KaliMalone_creditoChrisFullard_edited.jpg\",\"width\":2000,\"height\":667,\"caption\":\"(c) Chris Fullard\"},{\"@type\":\"BreadcrumbList\",\"@id\":\"https:\/\/www.ccb.pt\/en\/evento\/kali-malone-apresenta-does-spring-hide-its-joy\/#breadcrumb\",\"itemListElement\":[{\"@type\":\"ListItem\",\"position\":1,\"name\":\"Home\",\"item\":\"https:\/\/www.ccb.pt\/en\/\"},{\"@type\":\"ListItem\",\"position\":2,\"name\":\"Eventos\",\"item\":\"https:\/\/www.ccb.pt\/eventos\/\"},{\"@type\":\"ListItem\",\"position\":3,\"name\":\"Kali Malone apresenta Does Spring Hide Its Joy\"}]},{\"@type\":\"WebSite\",\"@id\":\"https:\/\/www.ccb.pt\/#website\",\"url\":\"https:\/\/www.ccb.pt\/\",\"name\":\"Centro Cultural de Bel\u00e9m Foundation\",\"description\":\"\",\"publisher\":{\"@id\":\"https:\/\/www.ccb.pt\/#organization\"},\"potentialAction\":[{\"@type\":\"SearchAction\",\"target\":{\"@type\":\"EntryPoint\",\"urlTemplate\":\"https:\/\/www.ccb.pt\/?s={search_term_string}\"},\"query-input\":\"required name=search_term_string\"}],\"inLanguage\":\"en-US\"},{\"@type\":\"Organization\",\"@id\":\"https:\/\/www.ccb.pt\/#organization\",\"name\":\"Centro Cultural de Bel\u00e9m Foundation\",\"url\":\"https:\/\/www.ccb.pt\/\",\"logo\":{\"@type\":\"ImageObject\",\"inLanguage\":\"en-US\",\"@id\":\"https:\/\/www.ccb.pt\/#\/schema\/logo\/image\/\",\"url\":\"https:\/\/www.ccb.pt\/wp-content\/uploads\/2022\/05\/1_ccb.png\",\"contentUrl\":\"https:\/\/www.ccb.pt\/wp-content\/uploads\/2022\/05\/1_ccb.png\",\"width\":126,\"height\":100,\"caption\":\"Centro Cultural de Bel\u00e9m Foundation\"},\"image\":{\"@id\":\"https:\/\/www.ccb.pt\/#\/schema\/logo\/image\/\"},\"sameAs\":[\"https:\/\/twitter.com\/macccb_museu\"]}]}<\/script>\n<!-- \/ Yoast SEO plugin. -->","yoast_head_json":{"title":"Kali Malone apresenta Does Spring Hide Its Joy - Centro Cultural de Bel\u00e9m Foundation","description":"Uma pe\u00e7a imersiva da compositora Kali Malone, que conta com a participa\u00e7\u00e3o dos m\u00fasicos Stephen O'Malley e Lucy Railton, e com os efeitos visuais da artista Nika Milano.","robots":{"index":"index","follow":"follow","max-snippet":"max-snippet:-1","max-image-preview":"max-image-preview:large","max-video-preview":"max-video-preview:-1"},"canonical":"https:\/\/www.ccb.pt\/en\/evento\/kali-malone-apresenta-does-spring-hide-its-joy\/","og_locale":"en_US","og_type":"article","og_title":"Kali Malone | Does Spring Hide Its Joy - CCB","og_description":"Uma pe\u00e7a imersiva da compositora Kali Malone, que conta com a participa\u00e7\u00e3o dos m\u00fasicos Stephen O'Malley e Lucy Railton, e com os efeitos visuais da artista Nika Milano.","og_url":"https:\/\/www.ccb.pt\/en\/evento\/kali-malone-apresenta-does-spring-hide-its-joy\/","og_site_name":"Centro Cultural de Bel\u00e9m Foundation","article_modified_time":"2024-11-15T18:24:01+00:00","og_image":[{"width":1200,"height":630,"url":"https:\/\/www.ccb.pt\/wp-content\/uploads\/2024\/07\/1200x630_fcb_KaliMalone_creditoChrisFullard.jpg","type":"image\/jpeg"}],"twitter_card":"summary_large_image","twitter_site":"@macccb_museu","twitter_misc":{"Est. reading time":"2 minutes"},"schema":{"@context":"https:\/\/schema.org","@graph":[{"@type":"WebPage","@id":"https:\/\/www.ccb.pt\/en\/evento\/kali-malone-apresenta-does-spring-hide-its-joy\/","url":"https:\/\/www.ccb.pt\/en\/evento\/kali-malone-apresenta-does-spring-hide-its-joy\/","name":"Kali Malone apresenta Does Spring Hide Its Joy - Centro Cultural de Bel\u00e9m Foundation","isPartOf":{"@id":"https:\/\/www.ccb.pt\/#website"},"primaryImageOfPage":{"@id":"https:\/\/www.ccb.pt\/en\/evento\/kali-malone-apresenta-does-spring-hide-its-joy\/#primaryimage"},"image":{"@id":"https:\/\/www.ccb.pt\/en\/evento\/kali-malone-apresenta-does-spring-hide-its-joy\/#primaryimage"},"thumbnailUrl":"https:\/\/www.ccb.pt\/wp-content\/uploads\/2024\/07\/2000x940_site_KaliMalone_creditoChrisFullard_edited.jpg","datePublished":"2024-09-10T08:07:59+00:00","dateModified":"2024-11-15T18:24:01+00:00","description":"Uma pe\u00e7a imersiva da compositora Kali Malone, que conta com a participa\u00e7\u00e3o dos m\u00fasicos Stephen O'Malley e Lucy Railton, e com os efeitos visuais da artista Nika Milano.","breadcrumb":{"@id":"https:\/\/www.ccb.pt\/en\/evento\/kali-malone-apresenta-does-spring-hide-its-joy\/#breadcrumb"},"inLanguage":"en-US","potentialAction":[{"@type":"ReadAction","target":["https:\/\/www.ccb.pt\/en\/evento\/kali-malone-apresenta-does-spring-hide-its-joy\/"]}]},{"@type":"ImageObject","inLanguage":"en-US","@id":"https:\/\/www.ccb.pt\/en\/evento\/kali-malone-apresenta-does-spring-hide-its-joy\/#primaryimage","url":"https:\/\/www.ccb.pt\/wp-content\/uploads\/2024\/07\/2000x940_site_KaliMalone_creditoChrisFullard_edited.jpg","contentUrl":"https:\/\/www.ccb.pt\/wp-content\/uploads\/2024\/07\/2000x940_site_KaliMalone_creditoChrisFullard_edited.jpg","width":2000,"height":667,"caption":"(c) Chris Fullard"},{"@type":"BreadcrumbList","@id":"https:\/\/www.ccb.pt\/en\/evento\/kali-malone-apresenta-does-spring-hide-its-joy\/#breadcrumb","itemListElement":[{"@type":"ListItem","position":1,"name":"Home","item":"https:\/\/www.ccb.pt\/en\/"},{"@type":"ListItem","position":2,"name":"Eventos","item":"https:\/\/www.ccb.pt\/eventos\/"},{"@type":"ListItem","position":3,"name":"Kali Malone apresenta Does Spring Hide Its Joy"}]},{"@type":"WebSite","@id":"https:\/\/www.ccb.pt\/#website","url":"https:\/\/www.ccb.pt\/","name":"Centro Cultural de Bel\u00e9m Foundation","description":"","publisher":{"@id":"https:\/\/www.ccb.pt\/#organization"},"potentialAction":[{"@type":"SearchAction","target":{"@type":"EntryPoint","urlTemplate":"https:\/\/www.ccb.pt\/?s={search_term_string}"},"query-input":"required name=search_term_string"}],"inLanguage":"en-US"},{"@type":"Organization","@id":"https:\/\/www.ccb.pt\/#organization","name":"Centro Cultural de Bel\u00e9m Foundation","url":"https:\/\/www.ccb.pt\/","logo":{"@type":"ImageObject","inLanguage":"en-US","@id":"https:\/\/www.ccb.pt\/#\/schema\/logo\/image\/","url":"https:\/\/www.ccb.pt\/wp-content\/uploads\/2022\/05\/1_ccb.png","contentUrl":"https:\/\/www.ccb.pt\/wp-content\/uploads\/2022\/05\/1_ccb.png","width":126,"height":100,"caption":"Centro Cultural de Bel\u00e9m Foundation"},"image":{"@id":"https:\/\/www.ccb.pt\/#\/schema\/logo\/image\/"},"sameAs":["https:\/\/twitter.com\/macccb_museu"]}]}},"_links":{"self":[{"href":"https:\/\/www.ccb.pt\/en\/wp-json\/wp\/v2\/tribe_events\/196197"}],"collection":[{"href":"https:\/\/www.ccb.pt\/en\/wp-json\/wp\/v2\/tribe_events"}],"about":[{"href":"https:\/\/www.ccb.pt\/en\/wp-json\/wp\/v2\/types\/tribe_events"}],"author":[{"embeddable":true,"href":"https:\/\/www.ccb.pt\/en\/wp-json\/wp\/v2\/users\/6"}],"replies":[{"embeddable":true,"href":"https:\/\/www.ccb.pt\/en\/wp-json\/wp\/v2\/comments?post=196197"}],"version-history":[{"count":3,"href":"https:\/\/www.ccb.pt\/en\/wp-json\/wp\/v2\/tribe_events\/196197\/revisions"}],"predecessor-version":[{"id":202913,"href":"https:\/\/www.ccb.pt\/en\/wp-json\/wp\/v2\/tribe_events\/196197\/revisions\/202913"}],"wp:featuredmedia":[{"embeddable":true,"href":"https:\/\/www.ccb.pt\/en\/wp-json\/wp\/v2\/media\/186578"}],"wp:attachment":[{"href":"https:\/\/www.ccb.pt\/en\/wp-json\/wp\/v2\/media?parent=196197"}],"wp:term":[{"taxonomy":"tribe_events_cat","embeddable":true,"href":"https:\/\/www.ccb.pt\/en\/wp-json\/wp\/v2\/tribe_events_cat?post=196197"},{"taxonomy":"tags_tema","embeddable":true,"href":"https:\/\/www.ccb.pt\/en\/wp-json\/wp\/v2\/tags_tema?post=196197"},{"taxonomy":"idades","embeddable":true,"href":"https:\/\/www.ccb.pt\/en\/wp-json\/wp\/v2\/idades?post=196197"},{"taxonomy":"tipos","embeddable":true,"href":"https:\/\/www.ccb.pt\/en\/wp-json\/wp\/v2\/tipos?post=196197"},{"taxonomy":"temas","embeddable":true,"href":"https:\/\/www.ccb.pt\/en\/wp-json\/wp\/v2\/temas?post=196197"},{"taxonomy":"categorias_hubspot","embeddable":true,"href":"https:\/\/www.ccb.pt\/en\/wp-json\/wp\/v2\/categorias_hubspot?post=196197"}],"curies":[{"name":"wp","href":"https:\/\/api.w.org\/{rel}","templated":true}]}}