    {"id":196194,"date":"2024-09-06T12:54:05","date_gmt":"2024-09-06T11:54:05","guid":{"rendered":"https:\/\/www.ccb.pt\/evento\/conversation\/"},"modified":"2024-11-18T14:35:46","modified_gmt":"2024-11-18T14:35:46","slug":"conversation","status":"publish","type":"tribe_events","link":"https:\/\/www.ccb.pt\/en\/evento\/conversation\/","title":{"rendered":"Conversation"},"content":{"rendered":"<p>In this brand new cross-continental collaboration, acclaimed Swiss drummer Florian Arbenz joins the sensational Portuguese accordion wizard Jo\u0101o Barradas, US sax legend Greg Osby and French bassist Fran\u00e7ois Moutin to launch <em>Conversation<\/em>.<\/p>\n<p>Florian first collaborated with Osby back in 1998 and, whilst the professional relationship has now lasted over 25 years, this is their first project together featuring Portuguese Accordion-star Jo\u0101o Barradas.<\/p>\n<p>Across a career spanning more than 30 years, drummer and percussionist Florian Arbenz has carved out a reputation as not just a skilled musician, but as a creative collaborator.<\/p>\n<p>This is on full display in his new quartet which brings together fellow musicians whose rhythmic concept, harmonic vision and open-minded playing take the listener on a journey which ranges from hard-swinging solos and free improvisations to dreamy soundscapes.<\/p>\n<p>This slightly unusual line up of accordion, bass, sax &amp; drums gives this group a very special and very specific sound.<\/p>\n<p>With a slew of awards and world-class collaborations under their belts, the ensemble\u2019s collective international reputation cannot be understated.<\/p>\n<p>From Osby\u2019s appearances on numerous Blue Note albums, Barradas winning the World Accordion Trophy (twice!) and Arbenz\u2019s European Award for Culture, each member of the quartet is a powerhouse.<\/p>\n<p>&nbsp;<\/p>\n","protected":false},"excerpt":{"rendered":"<p>In this brand new cross-continental collaboration, acclaimed Swiss drummer Florian Arbenz joins the sensational Portuguese accordion wizard Jo\u0101o Barradas, US sax legend Greg Osby and French bassist Fran\u00e7ois Moutin to launch Conversation. Florian first collaborated with Osby back in 1998 and, whilst the professional relationship has now lasted over 25 years, this is their first [&hellip;]<\/p>\n","protected":false},"author":6,"featured_media":184784,"comment_status":"closed","ping_status":"closed","template":"","meta":{"_relevanssi_hide_post":"","_relevanssi_pin_for_all":"on","_relevanssi_pin_keywords":"","_relevanssi_unpin_keywords":"","_relevanssi_related_keywords":"","_relevanssi_related_include_ids":"","_relevanssi_related_exclude_ids":"","_relevanssi_related_no_append":"","_relevanssi_related_not_related":"","_relevanssi_related_posts":"","_relevanssi_noindex_reason":""},"tribe_events_cat":[598,590,23],"tags_tema":[],"idades":[392],"tipos":[],"temas":[],"categorias_hubspot":[],"acf":[],"yoast_head":"<!-- This site is optimized with the Yoast SEO plugin v22.3 - https:\/\/yoast.com\/wordpress\/plugins\/seo\/ -->\n<title>Conversation - Centro Cultural de Bel\u00e9m Foundation<\/title>\n<meta name=\"description\" content=\"O baterista su\u00ed\u00e7o Florian Arbenz une-se ao acordeonista Jo\u00e3o Barradas, ao saxofonista americano Greg Osby e ao contrabaixista franc\u00eas Fran\u00e7ois Moutin para lan\u00e7ar Conversation, apresentado agora no CCB.\" \/>\n<meta name=\"robots\" content=\"index, follow, max-snippet:-1, max-image-preview:large, max-video-preview:-1\" \/>\n<link rel=\"canonical\" href=\"https:\/\/www.ccb.pt\/en\/evento\/conversation\/\" \/>\n<meta property=\"og:locale\" content=\"en_US\" \/>\n<meta property=\"og:type\" content=\"article\" \/>\n<meta property=\"og:title\" content=\"Conversation - Centro Cultural de Bel\u00e9m\" \/>\n<meta property=\"og:description\" content=\"O baterista su\u00ed\u00e7o Florian Arbenz une-se ao acordeonista Jo\u00e3o Barradas, ao saxofonista americano Greg Osby e ao contrabaixista franc\u00eas Fran\u00e7ois Moutin para lan\u00e7ar Conversation, apresentado agora no CCB.\" \/>\n<meta property=\"og:url\" content=\"https:\/\/www.ccb.pt\/en\/evento\/conversation\/\" \/>\n<meta property=\"og:site_name\" content=\"Centro Cultural de Bel\u00e9m Foundation\" \/>\n<meta property=\"article:modified_time\" content=\"2024-11-18T14:35:46+00:00\" \/>\n<meta property=\"og:image\" content=\"https:\/\/www.ccb.pt\/wp-content\/uploads\/2024\/07\/1200x630_FCB_FlorianArbenz_GregOsby_JoaoBarradas_FrancoisMoutin_CreditoDanielRanz.jpg\" \/>\n\t<meta property=\"og:image:width\" content=\"1200\" \/>\n\t<meta property=\"og:image:height\" content=\"630\" \/>\n\t<meta property=\"og:image:type\" content=\"image\/jpeg\" \/>\n<meta name=\"twitter:card\" content=\"summary_large_image\" \/>\n<meta name=\"twitter:site\" content=\"@macccb_museu\" \/>\n<meta name=\"twitter:label1\" content=\"Est. reading time\" \/>\n\t<meta name=\"twitter:data1\" content=\"2 minutes\" \/>\n<script type=\"application\/ld+json\" class=\"yoast-schema-graph\">{\"@context\":\"https:\/\/schema.org\",\"@graph\":[{\"@type\":\"WebPage\",\"@id\":\"https:\/\/www.ccb.pt\/en\/evento\/conversation\/\",\"url\":\"https:\/\/www.ccb.pt\/en\/evento\/conversation\/\",\"name\":\"Conversation - Centro Cultural de Bel\u00e9m Foundation\",\"isPartOf\":{\"@id\":\"https:\/\/www.ccb.pt\/#website\"},\"primaryImageOfPage\":{\"@id\":\"https:\/\/www.ccb.pt\/en\/evento\/conversation\/#primaryimage\"},\"image\":{\"@id\":\"https:\/\/www.ccb.pt\/en\/evento\/conversation\/#primaryimage\"},\"thumbnailUrl\":\"https:\/\/www.ccb.pt\/wp-content\/uploads\/2024\/07\/2000x940_site_FlorianArbenz_GregOsby_JoaoBarradas_FrancoisMoutin_CreditoDanielRanz.jpg\",\"datePublished\":\"2024-09-06T11:54:05+00:00\",\"dateModified\":\"2024-11-18T14:35:46+00:00\",\"description\":\"O baterista su\u00ed\u00e7o Florian Arbenz une-se ao acordeonista Jo\u00e3o Barradas, ao saxofonista americano Greg Osby e ao contrabaixista franc\u00eas Fran\u00e7ois Moutin para lan\u00e7ar Conversation, apresentado agora no CCB.\",\"breadcrumb\":{\"@id\":\"https:\/\/www.ccb.pt\/en\/evento\/conversation\/#breadcrumb\"},\"inLanguage\":\"en-US\",\"potentialAction\":[{\"@type\":\"ReadAction\",\"target\":[\"https:\/\/www.ccb.pt\/en\/evento\/conversation\/\"]}]},{\"@type\":\"ImageObject\",\"inLanguage\":\"en-US\",\"@id\":\"https:\/\/www.ccb.pt\/en\/evento\/conversation\/#primaryimage\",\"url\":\"https:\/\/www.ccb.pt\/wp-content\/uploads\/2024\/07\/2000x940_site_FlorianArbenz_GregOsby_JoaoBarradas_FrancoisMoutin_CreditoDanielRanz.jpg\",\"contentUrl\":\"https:\/\/www.ccb.pt\/wp-content\/uploads\/2024\/07\/2000x940_site_FlorianArbenz_GregOsby_JoaoBarradas_FrancoisMoutin_CreditoDanielRanz.jpg\",\"width\":2000,\"height\":940,\"caption\":\"DanielRanz\"},{\"@type\":\"BreadcrumbList\",\"@id\":\"https:\/\/www.ccb.pt\/en\/evento\/conversation\/#breadcrumb\",\"itemListElement\":[{\"@type\":\"ListItem\",\"position\":1,\"name\":\"Home\",\"item\":\"https:\/\/www.ccb.pt\/en\/\"},{\"@type\":\"ListItem\",\"position\":2,\"name\":\"Eventos\",\"item\":\"https:\/\/www.ccb.pt\/eventos\/\"},{\"@type\":\"ListItem\",\"position\":3,\"name\":\"Conversation\"}]},{\"@type\":\"WebSite\",\"@id\":\"https:\/\/www.ccb.pt\/#website\",\"url\":\"https:\/\/www.ccb.pt\/\",\"name\":\"Centro Cultural de Bel\u00e9m Foundation\",\"description\":\"\",\"publisher\":{\"@id\":\"https:\/\/www.ccb.pt\/#organization\"},\"potentialAction\":[{\"@type\":\"SearchAction\",\"target\":{\"@type\":\"EntryPoint\",\"urlTemplate\":\"https:\/\/www.ccb.pt\/?s={search_term_string}\"},\"query-input\":\"required name=search_term_string\"}],\"inLanguage\":\"en-US\"},{\"@type\":\"Organization\",\"@id\":\"https:\/\/www.ccb.pt\/#organization\",\"name\":\"Centro Cultural de Bel\u00e9m Foundation\",\"url\":\"https:\/\/www.ccb.pt\/\",\"logo\":{\"@type\":\"ImageObject\",\"inLanguage\":\"en-US\",\"@id\":\"https:\/\/www.ccb.pt\/#\/schema\/logo\/image\/\",\"url\":\"https:\/\/www.ccb.pt\/wp-content\/uploads\/2022\/05\/1_ccb.png\",\"contentUrl\":\"https:\/\/www.ccb.pt\/wp-content\/uploads\/2022\/05\/1_ccb.png\",\"width\":126,\"height\":100,\"caption\":\"Centro Cultural de Bel\u00e9m Foundation\"},\"image\":{\"@id\":\"https:\/\/www.ccb.pt\/#\/schema\/logo\/image\/\"},\"sameAs\":[\"https:\/\/twitter.com\/macccb_museu\"]}]}<\/script>\n<!-- \/ Yoast SEO plugin. -->","yoast_head_json":{"title":"Conversation - Centro Cultural de Bel\u00e9m Foundation","description":"O baterista su\u00ed\u00e7o Florian Arbenz une-se ao acordeonista Jo\u00e3o Barradas, ao saxofonista americano Greg Osby e ao contrabaixista franc\u00eas Fran\u00e7ois Moutin para lan\u00e7ar Conversation, apresentado agora no CCB.","robots":{"index":"index","follow":"follow","max-snippet":"max-snippet:-1","max-image-preview":"max-image-preview:large","max-video-preview":"max-video-preview:-1"},"canonical":"https:\/\/www.ccb.pt\/en\/evento\/conversation\/","og_locale":"en_US","og_type":"article","og_title":"Conversation - Centro Cultural de Bel\u00e9m","og_description":"O baterista su\u00ed\u00e7o Florian Arbenz une-se ao acordeonista Jo\u00e3o Barradas, ao saxofonista americano Greg Osby e ao contrabaixista franc\u00eas Fran\u00e7ois Moutin para lan\u00e7ar Conversation, apresentado agora no CCB.","og_url":"https:\/\/www.ccb.pt\/en\/evento\/conversation\/","og_site_name":"Centro Cultural de Bel\u00e9m Foundation","article_modified_time":"2024-11-18T14:35:46+00:00","og_image":[{"width":1200,"height":630,"url":"https:\/\/www.ccb.pt\/wp-content\/uploads\/2024\/07\/1200x630_FCB_FlorianArbenz_GregOsby_JoaoBarradas_FrancoisMoutin_CreditoDanielRanz.jpg","type":"image\/jpeg"}],"twitter_card":"summary_large_image","twitter_site":"@macccb_museu","twitter_misc":{"Est. reading time":"2 minutes"},"schema":{"@context":"https:\/\/schema.org","@graph":[{"@type":"WebPage","@id":"https:\/\/www.ccb.pt\/en\/evento\/conversation\/","url":"https:\/\/www.ccb.pt\/en\/evento\/conversation\/","name":"Conversation - Centro Cultural de Bel\u00e9m Foundation","isPartOf":{"@id":"https:\/\/www.ccb.pt\/#website"},"primaryImageOfPage":{"@id":"https:\/\/www.ccb.pt\/en\/evento\/conversation\/#primaryimage"},"image":{"@id":"https:\/\/www.ccb.pt\/en\/evento\/conversation\/#primaryimage"},"thumbnailUrl":"https:\/\/www.ccb.pt\/wp-content\/uploads\/2024\/07\/2000x940_site_FlorianArbenz_GregOsby_JoaoBarradas_FrancoisMoutin_CreditoDanielRanz.jpg","datePublished":"2024-09-06T11:54:05+00:00","dateModified":"2024-11-18T14:35:46+00:00","description":"O baterista su\u00ed\u00e7o Florian Arbenz une-se ao acordeonista Jo\u00e3o Barradas, ao saxofonista americano Greg Osby e ao contrabaixista franc\u00eas Fran\u00e7ois Moutin para lan\u00e7ar Conversation, apresentado agora no CCB.","breadcrumb":{"@id":"https:\/\/www.ccb.pt\/en\/evento\/conversation\/#breadcrumb"},"inLanguage":"en-US","potentialAction":[{"@type":"ReadAction","target":["https:\/\/www.ccb.pt\/en\/evento\/conversation\/"]}]},{"@type":"ImageObject","inLanguage":"en-US","@id":"https:\/\/www.ccb.pt\/en\/evento\/conversation\/#primaryimage","url":"https:\/\/www.ccb.pt\/wp-content\/uploads\/2024\/07\/2000x940_site_FlorianArbenz_GregOsby_JoaoBarradas_FrancoisMoutin_CreditoDanielRanz.jpg","contentUrl":"https:\/\/www.ccb.pt\/wp-content\/uploads\/2024\/07\/2000x940_site_FlorianArbenz_GregOsby_JoaoBarradas_FrancoisMoutin_CreditoDanielRanz.jpg","width":2000,"height":940,"caption":"DanielRanz"},{"@type":"BreadcrumbList","@id":"https:\/\/www.ccb.pt\/en\/evento\/conversation\/#breadcrumb","itemListElement":[{"@type":"ListItem","position":1,"name":"Home","item":"https:\/\/www.ccb.pt\/en\/"},{"@type":"ListItem","position":2,"name":"Eventos","item":"https:\/\/www.ccb.pt\/eventos\/"},{"@type":"ListItem","position":3,"name":"Conversation"}]},{"@type":"WebSite","@id":"https:\/\/www.ccb.pt\/#website","url":"https:\/\/www.ccb.pt\/","name":"Centro Cultural de Bel\u00e9m Foundation","description":"","publisher":{"@id":"https:\/\/www.ccb.pt\/#organization"},"potentialAction":[{"@type":"SearchAction","target":{"@type":"EntryPoint","urlTemplate":"https:\/\/www.ccb.pt\/?s={search_term_string}"},"query-input":"required name=search_term_string"}],"inLanguage":"en-US"},{"@type":"Organization","@id":"https:\/\/www.ccb.pt\/#organization","name":"Centro Cultural de Bel\u00e9m Foundation","url":"https:\/\/www.ccb.pt\/","logo":{"@type":"ImageObject","inLanguage":"en-US","@id":"https:\/\/www.ccb.pt\/#\/schema\/logo\/image\/","url":"https:\/\/www.ccb.pt\/wp-content\/uploads\/2022\/05\/1_ccb.png","contentUrl":"https:\/\/www.ccb.pt\/wp-content\/uploads\/2022\/05\/1_ccb.png","width":126,"height":100,"caption":"Centro Cultural de Bel\u00e9m Foundation"},"image":{"@id":"https:\/\/www.ccb.pt\/#\/schema\/logo\/image\/"},"sameAs":["https:\/\/twitter.com\/macccb_museu"]}]}},"_links":{"self":[{"href":"https:\/\/www.ccb.pt\/en\/wp-json\/wp\/v2\/tribe_events\/196194"}],"collection":[{"href":"https:\/\/www.ccb.pt\/en\/wp-json\/wp\/v2\/tribe_events"}],"about":[{"href":"https:\/\/www.ccb.pt\/en\/wp-json\/wp\/v2\/types\/tribe_events"}],"author":[{"embeddable":true,"href":"https:\/\/www.ccb.pt\/en\/wp-json\/wp\/v2\/users\/6"}],"replies":[{"embeddable":true,"href":"https:\/\/www.ccb.pt\/en\/wp-json\/wp\/v2\/comments?post=196194"}],"version-history":[{"count":4,"href":"https:\/\/www.ccb.pt\/en\/wp-json\/wp\/v2\/tribe_events\/196194\/revisions"}],"predecessor-version":[{"id":203945,"href":"https:\/\/www.ccb.pt\/en\/wp-json\/wp\/v2\/tribe_events\/196194\/revisions\/203945"}],"wp:featuredmedia":[{"embeddable":true,"href":"https:\/\/www.ccb.pt\/en\/wp-json\/wp\/v2\/media\/184784"}],"wp:attachment":[{"href":"https:\/\/www.ccb.pt\/en\/wp-json\/wp\/v2\/media?parent=196194"}],"wp:term":[{"taxonomy":"tribe_events_cat","embeddable":true,"href":"https:\/\/www.ccb.pt\/en\/wp-json\/wp\/v2\/tribe_events_cat?post=196194"},{"taxonomy":"tags_tema","embeddable":true,"href":"https:\/\/www.ccb.pt\/en\/wp-json\/wp\/v2\/tags_tema?post=196194"},{"taxonomy":"idades","embeddable":true,"href":"https:\/\/www.ccb.pt\/en\/wp-json\/wp\/v2\/idades?post=196194"},{"taxonomy":"tipos","embeddable":true,"href":"https:\/\/www.ccb.pt\/en\/wp-json\/wp\/v2\/tipos?post=196194"},{"taxonomy":"temas","embeddable":true,"href":"https:\/\/www.ccb.pt\/en\/wp-json\/wp\/v2\/temas?post=196194"},{"taxonomy":"categorias_hubspot","embeddable":true,"href":"https:\/\/www.ccb.pt\/en\/wp-json\/wp\/v2\/categorias_hubspot?post=196194"}],"curies":[{"name":"wp","href":"https:\/\/api.w.org\/{rel}","templated":true}]}}