    {"id":190614,"date":"2024-09-06T10:56:33","date_gmt":"2024-09-06T09:56:33","guid":{"rendered":"https:\/\/www.ccb.pt\/evento\/the-stick-rope-band\/"},"modified":"2024-11-18T12:16:40","modified_gmt":"2024-11-18T12:16:40","slug":"the-stick-rope-band","status":"publish","type":"tribe_events","link":"https:\/\/www.ccb.pt\/en\/evento\/the-stick-rope-band\/","title":{"rendered":"The Stick &#038; Rope Band"},"content":{"rendered":"<p>The Stick &amp; Rope Band, formed by experienced musicians such as Frederico Gato (bass), Jo\u00e3o Tiago Oliveira (classical guitar), Pedro Viana (Portuguese guitar), and Jo\u00e3o Mouzinho (percussion), presents new arrangements of songs by admired authors and original tracks, promising an unforgettable show.<\/p>\n<p>&nbsp;<\/p>\n<p>&nbsp;<\/p>\n","protected":false},"excerpt":{"rendered":"<p>The Stick &amp; Rope Band, formed by experienced musicians such as Frederico Gato (bass), Jo\u00e3o Tiago Oliveira (classical guitar), Pedro Viana (Portuguese guitar), and Jo\u00e3o Mouzinho (percussion), presents new arrangements of songs by admired authors and original tracks, promising an unforgettable show. &nbsp; &nbsp;<\/p>\n","protected":false},"author":6,"featured_media":192426,"comment_status":"closed","ping_status":"closed","template":"","meta":{"_relevanssi_hide_post":"","_relevanssi_pin_for_all":"on","_relevanssi_pin_keywords":"","_relevanssi_unpin_keywords":"","_relevanssi_related_keywords":"","_relevanssi_related_include_ids":"","_relevanssi_related_exclude_ids":"","_relevanssi_related_no_append":"","_relevanssi_related_not_related":"","_relevanssi_related_posts":"","_relevanssi_noindex_reason":""},"tribe_events_cat":[588,590,23],"tags_tema":[],"idades":[392],"tipos":[],"temas":[],"categorias_hubspot":[],"acf":[],"yoast_head":"<!-- This site is optimized with the Yoast SEO plugin v22.3 - https:\/\/yoast.com\/wordpress\/plugins\/seo\/ -->\n<title>The Stick &amp; Rope Band - Centro Cultural de Bel\u00e9m Foundation<\/title>\n<meta name=\"description\" content=\"Em palco, o grupo de amigos apresenta um conjunto de novos arranjos de can\u00e7\u00f5es de autores que admiram, bem como originais instrumentais compostos pelos mesmos.\" \/>\n<meta name=\"robots\" content=\"index, follow, max-snippet:-1, max-image-preview:large, max-video-preview:-1\" \/>\n<link rel=\"canonical\" href=\"https:\/\/www.ccb.pt\/en\/evento\/the-stick-rope-band\/\" \/>\n<meta property=\"og:locale\" content=\"en_US\" \/>\n<meta property=\"og:type\" content=\"article\" \/>\n<meta property=\"og:title\" content=\"The Stick &amp; Rope Band - Centro Cultural de Bel\u00e9m\" \/>\n<meta property=\"og:description\" content=\"Em palco, o grupo de amigos apresenta um conjunto de novos arranjos de can\u00e7\u00f5es de autores que admiram, bem como originais instrumentais compostos pelos mesmos.\" \/>\n<meta property=\"og:url\" content=\"https:\/\/www.ccb.pt\/en\/evento\/the-stick-rope-band\/\" \/>\n<meta property=\"og:site_name\" content=\"Centro Cultural de Bel\u00e9m Foundation\" \/>\n<meta property=\"article:modified_time\" content=\"2024-11-18T12:16:40+00:00\" \/>\n<meta property=\"og:image\" content=\"https:\/\/www.ccb.pt\/wp-content\/uploads\/2024\/07\/1200x630_site_StickandRope_JorgeCarmona.jpg\" \/>\n\t<meta property=\"og:image:width\" content=\"1200\" \/>\n\t<meta property=\"og:image:height\" content=\"630\" \/>\n\t<meta property=\"og:image:type\" content=\"image\/jpeg\" \/>\n<meta name=\"twitter:card\" content=\"summary_large_image\" \/>\n<meta name=\"twitter:site\" content=\"@macccb_museu\" \/>\n<meta name=\"twitter:label1\" content=\"Est. reading time\" \/>\n\t<meta name=\"twitter:data1\" content=\"1 minute\" \/>\n<script type=\"application\/ld+json\" class=\"yoast-schema-graph\">{\"@context\":\"https:\/\/schema.org\",\"@graph\":[{\"@type\":\"WebPage\",\"@id\":\"https:\/\/www.ccb.pt\/en\/evento\/the-stick-rope-band\/\",\"url\":\"https:\/\/www.ccb.pt\/en\/evento\/the-stick-rope-band\/\",\"name\":\"The Stick & Rope Band - Centro Cultural de Bel\u00e9m Foundation\",\"isPartOf\":{\"@id\":\"https:\/\/www.ccb.pt\/#website\"},\"primaryImageOfPage\":{\"@id\":\"https:\/\/www.ccb.pt\/en\/evento\/the-stick-rope-band\/#primaryimage\"},\"image\":{\"@id\":\"https:\/\/www.ccb.pt\/en\/evento\/the-stick-rope-band\/#primaryimage\"},\"thumbnailUrl\":\"https:\/\/www.ccb.pt\/wp-content\/uploads\/2024\/09\/2000x940_site_StickRope_007_\u00a9LuisCarvalhal-MuseudoFado.jpg\",\"datePublished\":\"2024-09-06T09:56:33+00:00\",\"dateModified\":\"2024-11-18T12:16:40+00:00\",\"description\":\"Em palco, o grupo de amigos apresenta um conjunto de novos arranjos de can\u00e7\u00f5es de autores que admiram, bem como originais instrumentais compostos pelos mesmos.\",\"breadcrumb\":{\"@id\":\"https:\/\/www.ccb.pt\/en\/evento\/the-stick-rope-band\/#breadcrumb\"},\"inLanguage\":\"en-US\",\"potentialAction\":[{\"@type\":\"ReadAction\",\"target\":[\"https:\/\/www.ccb.pt\/en\/evento\/the-stick-rope-band\/\"]}]},{\"@type\":\"ImageObject\",\"inLanguage\":\"en-US\",\"@id\":\"https:\/\/www.ccb.pt\/en\/evento\/the-stick-rope-band\/#primaryimage\",\"url\":\"https:\/\/www.ccb.pt\/wp-content\/uploads\/2024\/09\/2000x940_site_StickRope_007_\u00a9LuisCarvalhal-MuseudoFado.jpg\",\"contentUrl\":\"https:\/\/www.ccb.pt\/wp-content\/uploads\/2024\/09\/2000x940_site_StickRope_007_\u00a9LuisCarvalhal-MuseudoFado.jpg\",\"width\":2000,\"height\":940,\"caption\":\"\u00a9LuisCarvalhal-Museu-do-Fado\"},{\"@type\":\"BreadcrumbList\",\"@id\":\"https:\/\/www.ccb.pt\/en\/evento\/the-stick-rope-band\/#breadcrumb\",\"itemListElement\":[{\"@type\":\"ListItem\",\"position\":1,\"name\":\"Home\",\"item\":\"https:\/\/www.ccb.pt\/en\/\"},{\"@type\":\"ListItem\",\"position\":2,\"name\":\"Eventos\",\"item\":\"https:\/\/www.ccb.pt\/eventos\/\"},{\"@type\":\"ListItem\",\"position\":3,\"name\":\"The Stick &#038; Rope Band\"}]},{\"@type\":\"WebSite\",\"@id\":\"https:\/\/www.ccb.pt\/#website\",\"url\":\"https:\/\/www.ccb.pt\/\",\"name\":\"Centro Cultural de Bel\u00e9m Foundation\",\"description\":\"\",\"publisher\":{\"@id\":\"https:\/\/www.ccb.pt\/#organization\"},\"potentialAction\":[{\"@type\":\"SearchAction\",\"target\":{\"@type\":\"EntryPoint\",\"urlTemplate\":\"https:\/\/www.ccb.pt\/?s={search_term_string}\"},\"query-input\":\"required name=search_term_string\"}],\"inLanguage\":\"en-US\"},{\"@type\":\"Organization\",\"@id\":\"https:\/\/www.ccb.pt\/#organization\",\"name\":\"Centro Cultural de Bel\u00e9m Foundation\",\"url\":\"https:\/\/www.ccb.pt\/\",\"logo\":{\"@type\":\"ImageObject\",\"inLanguage\":\"en-US\",\"@id\":\"https:\/\/www.ccb.pt\/#\/schema\/logo\/image\/\",\"url\":\"https:\/\/www.ccb.pt\/wp-content\/uploads\/2022\/05\/1_ccb.png\",\"contentUrl\":\"https:\/\/www.ccb.pt\/wp-content\/uploads\/2022\/05\/1_ccb.png\",\"width\":126,\"height\":100,\"caption\":\"Centro Cultural de Bel\u00e9m Foundation\"},\"image\":{\"@id\":\"https:\/\/www.ccb.pt\/#\/schema\/logo\/image\/\"},\"sameAs\":[\"https:\/\/twitter.com\/macccb_museu\"]}]}<\/script>\n<!-- \/ Yoast SEO plugin. -->","yoast_head_json":{"title":"The Stick & Rope Band - Centro Cultural de Bel\u00e9m Foundation","description":"Em palco, o grupo de amigos apresenta um conjunto de novos arranjos de can\u00e7\u00f5es de autores que admiram, bem como originais instrumentais compostos pelos mesmos.","robots":{"index":"index","follow":"follow","max-snippet":"max-snippet:-1","max-image-preview":"max-image-preview:large","max-video-preview":"max-video-preview:-1"},"canonical":"https:\/\/www.ccb.pt\/en\/evento\/the-stick-rope-band\/","og_locale":"en_US","og_type":"article","og_title":"The Stick & Rope Band - Centro Cultural de Bel\u00e9m","og_description":"Em palco, o grupo de amigos apresenta um conjunto de novos arranjos de can\u00e7\u00f5es de autores que admiram, bem como originais instrumentais compostos pelos mesmos.","og_url":"https:\/\/www.ccb.pt\/en\/evento\/the-stick-rope-band\/","og_site_name":"Centro Cultural de Bel\u00e9m Foundation","article_modified_time":"2024-11-18T12:16:40+00:00","og_image":[{"width":1200,"height":630,"url":"https:\/\/www.ccb.pt\/wp-content\/uploads\/2024\/07\/1200x630_site_StickandRope_JorgeCarmona.jpg","type":"image\/jpeg"}],"twitter_card":"summary_large_image","twitter_site":"@macccb_museu","twitter_misc":{"Est. reading time":"1 minute"},"schema":{"@context":"https:\/\/schema.org","@graph":[{"@type":"WebPage","@id":"https:\/\/www.ccb.pt\/en\/evento\/the-stick-rope-band\/","url":"https:\/\/www.ccb.pt\/en\/evento\/the-stick-rope-band\/","name":"The Stick & Rope Band - Centro Cultural de Bel\u00e9m Foundation","isPartOf":{"@id":"https:\/\/www.ccb.pt\/#website"},"primaryImageOfPage":{"@id":"https:\/\/www.ccb.pt\/en\/evento\/the-stick-rope-band\/#primaryimage"},"image":{"@id":"https:\/\/www.ccb.pt\/en\/evento\/the-stick-rope-band\/#primaryimage"},"thumbnailUrl":"https:\/\/www.ccb.pt\/wp-content\/uploads\/2024\/09\/2000x940_site_StickRope_007_\u00a9LuisCarvalhal-MuseudoFado.jpg","datePublished":"2024-09-06T09:56:33+00:00","dateModified":"2024-11-18T12:16:40+00:00","description":"Em palco, o grupo de amigos apresenta um conjunto de novos arranjos de can\u00e7\u00f5es de autores que admiram, bem como originais instrumentais compostos pelos mesmos.","breadcrumb":{"@id":"https:\/\/www.ccb.pt\/en\/evento\/the-stick-rope-band\/#breadcrumb"},"inLanguage":"en-US","potentialAction":[{"@type":"ReadAction","target":["https:\/\/www.ccb.pt\/en\/evento\/the-stick-rope-band\/"]}]},{"@type":"ImageObject","inLanguage":"en-US","@id":"https:\/\/www.ccb.pt\/en\/evento\/the-stick-rope-band\/#primaryimage","url":"https:\/\/www.ccb.pt\/wp-content\/uploads\/2024\/09\/2000x940_site_StickRope_007_\u00a9LuisCarvalhal-MuseudoFado.jpg","contentUrl":"https:\/\/www.ccb.pt\/wp-content\/uploads\/2024\/09\/2000x940_site_StickRope_007_\u00a9LuisCarvalhal-MuseudoFado.jpg","width":2000,"height":940,"caption":"\u00a9LuisCarvalhal-Museu-do-Fado"},{"@type":"BreadcrumbList","@id":"https:\/\/www.ccb.pt\/en\/evento\/the-stick-rope-band\/#breadcrumb","itemListElement":[{"@type":"ListItem","position":1,"name":"Home","item":"https:\/\/www.ccb.pt\/en\/"},{"@type":"ListItem","position":2,"name":"Eventos","item":"https:\/\/www.ccb.pt\/eventos\/"},{"@type":"ListItem","position":3,"name":"The Stick &#038; Rope Band"}]},{"@type":"WebSite","@id":"https:\/\/www.ccb.pt\/#website","url":"https:\/\/www.ccb.pt\/","name":"Centro Cultural de Bel\u00e9m Foundation","description":"","publisher":{"@id":"https:\/\/www.ccb.pt\/#organization"},"potentialAction":[{"@type":"SearchAction","target":{"@type":"EntryPoint","urlTemplate":"https:\/\/www.ccb.pt\/?s={search_term_string}"},"query-input":"required name=search_term_string"}],"inLanguage":"en-US"},{"@type":"Organization","@id":"https:\/\/www.ccb.pt\/#organization","name":"Centro Cultural de Bel\u00e9m Foundation","url":"https:\/\/www.ccb.pt\/","logo":{"@type":"ImageObject","inLanguage":"en-US","@id":"https:\/\/www.ccb.pt\/#\/schema\/logo\/image\/","url":"https:\/\/www.ccb.pt\/wp-content\/uploads\/2022\/05\/1_ccb.png","contentUrl":"https:\/\/www.ccb.pt\/wp-content\/uploads\/2022\/05\/1_ccb.png","width":126,"height":100,"caption":"Centro Cultural de Bel\u00e9m Foundation"},"image":{"@id":"https:\/\/www.ccb.pt\/#\/schema\/logo\/image\/"},"sameAs":["https:\/\/twitter.com\/macccb_museu"]}]}},"_links":{"self":[{"href":"https:\/\/www.ccb.pt\/en\/wp-json\/wp\/v2\/tribe_events\/190614"}],"collection":[{"href":"https:\/\/www.ccb.pt\/en\/wp-json\/wp\/v2\/tribe_events"}],"about":[{"href":"https:\/\/www.ccb.pt\/en\/wp-json\/wp\/v2\/types\/tribe_events"}],"author":[{"embeddable":true,"href":"https:\/\/www.ccb.pt\/en\/wp-json\/wp\/v2\/users\/6"}],"replies":[{"embeddable":true,"href":"https:\/\/www.ccb.pt\/en\/wp-json\/wp\/v2\/comments?post=190614"}],"version-history":[{"count":5,"href":"https:\/\/www.ccb.pt\/en\/wp-json\/wp\/v2\/tribe_events\/190614\/revisions"}],"predecessor-version":[{"id":203856,"href":"https:\/\/www.ccb.pt\/en\/wp-json\/wp\/v2\/tribe_events\/190614\/revisions\/203856"}],"wp:featuredmedia":[{"embeddable":true,"href":"https:\/\/www.ccb.pt\/en\/wp-json\/wp\/v2\/media\/192426"}],"wp:attachment":[{"href":"https:\/\/www.ccb.pt\/en\/wp-json\/wp\/v2\/media?parent=190614"}],"wp:term":[{"taxonomy":"tribe_events_cat","embeddable":true,"href":"https:\/\/www.ccb.pt\/en\/wp-json\/wp\/v2\/tribe_events_cat?post=190614"},{"taxonomy":"tags_tema","embeddable":true,"href":"https:\/\/www.ccb.pt\/en\/wp-json\/wp\/v2\/tags_tema?post=190614"},{"taxonomy":"idades","embeddable":true,"href":"https:\/\/www.ccb.pt\/en\/wp-json\/wp\/v2\/idades?post=190614"},{"taxonomy":"tipos","embeddable":true,"href":"https:\/\/www.ccb.pt\/en\/wp-json\/wp\/v2\/tipos?post=190614"},{"taxonomy":"temas","embeddable":true,"href":"https:\/\/www.ccb.pt\/en\/wp-json\/wp\/v2\/temas?post=190614"},{"taxonomy":"categorias_hubspot","embeddable":true,"href":"https:\/\/www.ccb.pt\/en\/wp-json\/wp\/v2\/categorias_hubspot?post=190614"}],"curies":[{"name":"wp","href":"https:\/\/api.w.org\/{rel}","templated":true}]}}