    {"id":190550,"date":"2024-09-06T09:14:57","date_gmt":"2024-09-06T08:14:57","guid":{"rendered":"https:\/\/www.ccb.pt\/evento\/re-antigona\/"},"modified":"2024-09-27T11:19:59","modified_gmt":"2024-09-27T10:19:59","slug":"re-antigona","status":"publish","type":"tribe_events","link":"https:\/\/www.ccb.pt\/en\/evento\/re-antigona\/2024-10-04\/","title":{"rendered":"RE: Ant\u00edgona"},"content":{"rendered":"<p>Antigone, immortalized by Sophocles, inspired theatre, visual arts, opera and philosophy, associated with concepts such as \u00abgood, \u00bb \u00abjustice, \u00bb and \u00abemancipation. \u00bb <em>RE: Ant\u00edgona <\/em>challenges the present like an exchange of unanswered emails, seeking to irritate and disconcert. The show asks for time to \u00abbe\u00bb without purpose, giving Antigone the death she never had.<\/p>\n<p style=\"text-align: right;\"><em>\u00a0<\/em><\/p>\n","protected":false},"excerpt":{"rendered":"<p>Antigone, immortalized by Sophocles, inspired theatre, visual arts, opera and philosophy, associated with concepts such as \u00abgood, \u00bb \u00abjustice, \u00bb and \u00abemancipation. \u00bb RE: Ant\u00edgona challenges the present like an exchange of unanswered emails, seeking to irritate and disconcert. The show asks for time to \u00abbe\u00bb without purpose, giving Antigone the death she never had. [&hellip;]<\/p>\n","protected":false},"author":6,"featured_media":185226,"comment_status":"closed","ping_status":"closed","template":"","meta":{"_relevanssi_hide_post":"","_relevanssi_pin_for_all":"on","_relevanssi_pin_keywords":"","_relevanssi_unpin_keywords":"","_relevanssi_related_keywords":"","_relevanssi_related_include_ids":"","_relevanssi_related_exclude_ids":"","_relevanssi_related_no_append":"","_relevanssi_related_not_related":"","_relevanssi_related_posts":"","_relevanssi_noindex_reason":""},"tribe_events_cat":[23,592],"tags_tema":[],"idades":[],"tipos":[],"temas":[],"categorias_hubspot":[],"acf":[],"yoast_head":"<!-- This site is optimized with the Yoast SEO plugin v22.3 - https:\/\/yoast.com\/wordpress\/plugins\/seo\/ -->\n<title>RE: Ant\u00edgona - Centro Cultural de Bel\u00e9m Foundation<\/title>\n<meta name=\"description\" content=\"Um espet\u00e1culo que n\u00e3o procura produzir nada, mas que marca presen\u00e7a, satura e desconcerta, para irritar.\" \/>\n<meta name=\"robots\" content=\"index, follow, max-snippet:-1, max-image-preview:large, max-video-preview:-1\" \/>\n<link rel=\"canonical\" href=\"https:\/\/www.ccb.pt\/en\/evento\/re-antigona\/2024-10-04\/\" \/>\n<meta property=\"og:locale\" content=\"en_US\" \/>\n<meta property=\"og:type\" content=\"article\" \/>\n<meta property=\"og:title\" content=\"RE: Ant\u00edgona - Centro Cultural de Bel\u00e9m\" \/>\n<meta property=\"og:description\" content=\"Um espet\u00e1culo que n\u00e3o procura produzir nada, mas que marca presen\u00e7a, satura e desconcerta, para irritar.\" \/>\n<meta property=\"og:url\" content=\"https:\/\/www.ccb.pt\/en\/evento\/re-antigona\/2024-10-04\/\" \/>\n<meta property=\"og:site_name\" content=\"Centro Cultural de Bel\u00e9m Foundation\" \/>\n<meta property=\"article:modified_time\" content=\"2024-09-27T10:19:59+00:00\" \/>\n<meta property=\"og:image\" content=\"https:\/\/www.ccb.pt\/wp-content\/uploads\/2024\/07\/1200x630_AntigonaII_TiagoAlexandre_Facebook.jpg\" \/>\n\t<meta property=\"og:image:width\" content=\"1200\" \/>\n\t<meta property=\"og:image:height\" content=\"630\" \/>\n\t<meta property=\"og:image:type\" content=\"image\/jpeg\" \/>\n<meta name=\"twitter:card\" content=\"summary_large_image\" \/>\n<meta name=\"twitter:site\" content=\"@macccb_museu\" \/>\n<meta name=\"twitter:label1\" content=\"Est. reading time\" \/>\n\t<meta name=\"twitter:data1\" content=\"1 minute\" \/>\n<script type=\"application\/ld+json\" class=\"yoast-schema-graph\">{\"@context\":\"https:\/\/schema.org\",\"@graph\":[{\"@type\":\"WebPage\",\"@id\":\"https:\/\/www.ccb.pt\/en\/evento\/re-antigona\/2024-10-04\/\",\"url\":\"https:\/\/www.ccb.pt\/en\/evento\/re-antigona\/2024-10-04\/\",\"name\":\"RE: Ant\u00edgona - Centro Cultural de Bel\u00e9m Foundation\",\"isPartOf\":{\"@id\":\"https:\/\/www.ccb.pt\/#website\"},\"primaryImageOfPage\":{\"@id\":\"https:\/\/www.ccb.pt\/en\/evento\/re-antigona\/2024-10-04\/#primaryimage\"},\"image\":{\"@id\":\"https:\/\/www.ccb.pt\/en\/evento\/re-antigona\/2024-10-04\/#primaryimage\"},\"thumbnailUrl\":\"https:\/\/www.ccb.pt\/wp-content\/uploads\/2024\/07\/AntigonaII_TiagoAlexandre_Facebook_edited.jpg\",\"datePublished\":\"2024-09-06T08:14:57+00:00\",\"dateModified\":\"2024-09-27T10:19:59+00:00\",\"description\":\"Um espet\u00e1culo que n\u00e3o procura produzir nada, mas que marca presen\u00e7a, satura e desconcerta, para irritar.\",\"breadcrumb\":{\"@id\":\"https:\/\/www.ccb.pt\/en\/evento\/re-antigona\/2024-10-04\/#breadcrumb\"},\"inLanguage\":\"en-US\",\"potentialAction\":[{\"@type\":\"ReadAction\",\"target\":[\"https:\/\/www.ccb.pt\/en\/evento\/re-antigona\/2024-10-04\/\"]}]},{\"@type\":\"ImageObject\",\"inLanguage\":\"en-US\",\"@id\":\"https:\/\/www.ccb.pt\/en\/evento\/re-antigona\/2024-10-04\/#primaryimage\",\"url\":\"https:\/\/www.ccb.pt\/wp-content\/uploads\/2024\/07\/AntigonaII_TiagoAlexandre_Facebook_edited.jpg\",\"contentUrl\":\"https:\/\/www.ccb.pt\/wp-content\/uploads\/2024\/07\/AntigonaII_TiagoAlexandre_Facebook_edited.jpg\",\"width\":1200,\"height\":400},{\"@type\":\"BreadcrumbList\",\"@id\":\"https:\/\/www.ccb.pt\/en\/evento\/re-antigona\/2024-10-04\/#breadcrumb\",\"itemListElement\":[{\"@type\":\"ListItem\",\"position\":1,\"name\":\"Home\",\"item\":\"https:\/\/www.ccb.pt\/en\/\"},{\"@type\":\"ListItem\",\"position\":2,\"name\":\"Eventos\",\"item\":\"https:\/\/www.ccb.pt\/eventos\/\"},{\"@type\":\"ListItem\",\"position\":3,\"name\":\"RE: Ant\u00edgona\"}]},{\"@type\":\"WebSite\",\"@id\":\"https:\/\/www.ccb.pt\/#website\",\"url\":\"https:\/\/www.ccb.pt\/\",\"name\":\"Centro Cultural de Bel\u00e9m Foundation\",\"description\":\"\",\"publisher\":{\"@id\":\"https:\/\/www.ccb.pt\/#organization\"},\"potentialAction\":[{\"@type\":\"SearchAction\",\"target\":{\"@type\":\"EntryPoint\",\"urlTemplate\":\"https:\/\/www.ccb.pt\/?s={search_term_string}\"},\"query-input\":\"required name=search_term_string\"}],\"inLanguage\":\"en-US\"},{\"@type\":\"Organization\",\"@id\":\"https:\/\/www.ccb.pt\/#organization\",\"name\":\"Centro Cultural de Bel\u00e9m Foundation\",\"url\":\"https:\/\/www.ccb.pt\/\",\"logo\":{\"@type\":\"ImageObject\",\"inLanguage\":\"en-US\",\"@id\":\"https:\/\/www.ccb.pt\/#\/schema\/logo\/image\/\",\"url\":\"https:\/\/www.ccb.pt\/wp-content\/uploads\/2022\/05\/1_ccb.png\",\"contentUrl\":\"https:\/\/www.ccb.pt\/wp-content\/uploads\/2022\/05\/1_ccb.png\",\"width\":126,\"height\":100,\"caption\":\"Centro Cultural de Bel\u00e9m Foundation\"},\"image\":{\"@id\":\"https:\/\/www.ccb.pt\/#\/schema\/logo\/image\/\"},\"sameAs\":[\"https:\/\/twitter.com\/macccb_museu\"]}]}<\/script>\n<!-- \/ Yoast SEO plugin. -->","yoast_head_json":{"title":"RE: Ant\u00edgona - Centro Cultural de Bel\u00e9m Foundation","description":"Um espet\u00e1culo que n\u00e3o procura produzir nada, mas que marca presen\u00e7a, satura e desconcerta, para irritar.","robots":{"index":"index","follow":"follow","max-snippet":"max-snippet:-1","max-image-preview":"max-image-preview:large","max-video-preview":"max-video-preview:-1"},"canonical":"https:\/\/www.ccb.pt\/en\/evento\/re-antigona\/2024-10-04\/","og_locale":"en_US","og_type":"article","og_title":"RE: Ant\u00edgona - Centro Cultural de Bel\u00e9m","og_description":"Um espet\u00e1culo que n\u00e3o procura produzir nada, mas que marca presen\u00e7a, satura e desconcerta, para irritar.","og_url":"https:\/\/www.ccb.pt\/en\/evento\/re-antigona\/2024-10-04\/","og_site_name":"Centro Cultural de Bel\u00e9m Foundation","article_modified_time":"2024-09-27T10:19:59+00:00","og_image":[{"width":1200,"height":630,"url":"https:\/\/www.ccb.pt\/wp-content\/uploads\/2024\/07\/1200x630_AntigonaII_TiagoAlexandre_Facebook.jpg","type":"image\/jpeg"}],"twitter_card":"summary_large_image","twitter_site":"@macccb_museu","twitter_misc":{"Est. reading time":"1 minute"},"schema":{"@context":"https:\/\/schema.org","@graph":[{"@type":"WebPage","@id":"https:\/\/www.ccb.pt\/en\/evento\/re-antigona\/2024-10-04\/","url":"https:\/\/www.ccb.pt\/en\/evento\/re-antigona\/2024-10-04\/","name":"RE: Ant\u00edgona - Centro Cultural de Bel\u00e9m Foundation","isPartOf":{"@id":"https:\/\/www.ccb.pt\/#website"},"primaryImageOfPage":{"@id":"https:\/\/www.ccb.pt\/en\/evento\/re-antigona\/2024-10-04\/#primaryimage"},"image":{"@id":"https:\/\/www.ccb.pt\/en\/evento\/re-antigona\/2024-10-04\/#primaryimage"},"thumbnailUrl":"https:\/\/www.ccb.pt\/wp-content\/uploads\/2024\/07\/AntigonaII_TiagoAlexandre_Facebook_edited.jpg","datePublished":"2024-09-06T08:14:57+00:00","dateModified":"2024-09-27T10:19:59+00:00","description":"Um espet\u00e1culo que n\u00e3o procura produzir nada, mas que marca presen\u00e7a, satura e desconcerta, para irritar.","breadcrumb":{"@id":"https:\/\/www.ccb.pt\/en\/evento\/re-antigona\/2024-10-04\/#breadcrumb"},"inLanguage":"en-US","potentialAction":[{"@type":"ReadAction","target":["https:\/\/www.ccb.pt\/en\/evento\/re-antigona\/2024-10-04\/"]}]},{"@type":"ImageObject","inLanguage":"en-US","@id":"https:\/\/www.ccb.pt\/en\/evento\/re-antigona\/2024-10-04\/#primaryimage","url":"https:\/\/www.ccb.pt\/wp-content\/uploads\/2024\/07\/AntigonaII_TiagoAlexandre_Facebook_edited.jpg","contentUrl":"https:\/\/www.ccb.pt\/wp-content\/uploads\/2024\/07\/AntigonaII_TiagoAlexandre_Facebook_edited.jpg","width":1200,"height":400},{"@type":"BreadcrumbList","@id":"https:\/\/www.ccb.pt\/en\/evento\/re-antigona\/2024-10-04\/#breadcrumb","itemListElement":[{"@type":"ListItem","position":1,"name":"Home","item":"https:\/\/www.ccb.pt\/en\/"},{"@type":"ListItem","position":2,"name":"Eventos","item":"https:\/\/www.ccb.pt\/eventos\/"},{"@type":"ListItem","position":3,"name":"RE: Ant\u00edgona"}]},{"@type":"WebSite","@id":"https:\/\/www.ccb.pt\/#website","url":"https:\/\/www.ccb.pt\/","name":"Centro Cultural de Bel\u00e9m Foundation","description":"","publisher":{"@id":"https:\/\/www.ccb.pt\/#organization"},"potentialAction":[{"@type":"SearchAction","target":{"@type":"EntryPoint","urlTemplate":"https:\/\/www.ccb.pt\/?s={search_term_string}"},"query-input":"required name=search_term_string"}],"inLanguage":"en-US"},{"@type":"Organization","@id":"https:\/\/www.ccb.pt\/#organization","name":"Centro Cultural de Bel\u00e9m Foundation","url":"https:\/\/www.ccb.pt\/","logo":{"@type":"ImageObject","inLanguage":"en-US","@id":"https:\/\/www.ccb.pt\/#\/schema\/logo\/image\/","url":"https:\/\/www.ccb.pt\/wp-content\/uploads\/2022\/05\/1_ccb.png","contentUrl":"https:\/\/www.ccb.pt\/wp-content\/uploads\/2022\/05\/1_ccb.png","width":126,"height":100,"caption":"Centro Cultural de Bel\u00e9m Foundation"},"image":{"@id":"https:\/\/www.ccb.pt\/#\/schema\/logo\/image\/"},"sameAs":["https:\/\/twitter.com\/macccb_museu"]}]}},"_links":{"self":[{"href":"https:\/\/www.ccb.pt\/en\/wp-json\/wp\/v2\/tribe_events\/190550"}],"collection":[{"href":"https:\/\/www.ccb.pt\/en\/wp-json\/wp\/v2\/tribe_events"}],"about":[{"href":"https:\/\/www.ccb.pt\/en\/wp-json\/wp\/v2\/types\/tribe_events"}],"author":[{"embeddable":true,"href":"https:\/\/www.ccb.pt\/en\/wp-json\/wp\/v2\/users\/6"}],"replies":[{"embeddable":true,"href":"https:\/\/www.ccb.pt\/en\/wp-json\/wp\/v2\/comments?post=190550"}],"version-history":[{"count":6,"href":"https:\/\/www.ccb.pt\/en\/wp-json\/wp\/v2\/tribe_events\/190550\/revisions"}],"predecessor-version":[{"id":194899,"href":"https:\/\/www.ccb.pt\/en\/wp-json\/wp\/v2\/tribe_events\/190550\/revisions\/194899"}],"wp:featuredmedia":[{"embeddable":true,"href":"https:\/\/www.ccb.pt\/en\/wp-json\/wp\/v2\/media\/185226"}],"wp:attachment":[{"href":"https:\/\/www.ccb.pt\/en\/wp-json\/wp\/v2\/media?parent=190550"}],"wp:term":[{"taxonomy":"tribe_events_cat","embeddable":true,"href":"https:\/\/www.ccb.pt\/en\/wp-json\/wp\/v2\/tribe_events_cat?post=190550"},{"taxonomy":"tags_tema","embeddable":true,"href":"https:\/\/www.ccb.pt\/en\/wp-json\/wp\/v2\/tags_tema?post=190550"},{"taxonomy":"idades","embeddable":true,"href":"https:\/\/www.ccb.pt\/en\/wp-json\/wp\/v2\/idades?post=190550"},{"taxonomy":"tipos","embeddable":true,"href":"https:\/\/www.ccb.pt\/en\/wp-json\/wp\/v2\/tipos?post=190550"},{"taxonomy":"temas","embeddable":true,"href":"https:\/\/www.ccb.pt\/en\/wp-json\/wp\/v2\/temas?post=190550"},{"taxonomy":"categorias_hubspot","embeddable":true,"href":"https:\/\/www.ccb.pt\/en\/wp-json\/wp\/v2\/categorias_hubspot?post=190550"}],"curies":[{"name":"wp","href":"https:\/\/api.w.org\/{rel}","templated":true}]}}