    {"id":186178,"date":"2024-09-09T15:03:53","date_gmt":"2024-09-09T14:03:53","guid":{"rendered":"https:\/\/www.ccb.pt\/?post_type=tribe_events&#038;p=186178"},"modified":"2024-09-10T10:18:05","modified_gmt":"2024-09-10T09:18:05","slug":"winds-from-the-west-choral-music-from-the-20th-century","status":"publish","type":"tribe_events","link":"https:\/\/www.ccb.pt\/en\/evento\/winds-from-the-west-choral-music-from-the-20th-century\/","title":{"rendered":"Winds from the West: Choral Music from the 20th Century"},"content":{"rendered":"<p>Ensemble Mpmp presents <em>Winds from the West: Choral Music from the 20th Century<\/em>, highlighting works by Debussy, Ravel, Poulenc, Britten, and Joly Braga Santos. The concert explores Spanish music and modern techniques, such as dissonance and chromatic harmony, with clear and modal vocal writing. The final part celebrates maritime themes, offering a dynamic visual and auditory experience.<\/p>\n","protected":false},"excerpt":{"rendered":"<p>Ensemble Mpmp presents Winds from the West: Choral Music from the 20th Century, highlighting works by Debussy, Ravel, Poulenc, Britten, and Joly Braga Santos. The concert explores Spanish music and modern techniques, such as dissonance and chromatic harmony, with clear and modal vocal writing. The final part celebrates maritime themes, offering a dynamic visual and [&hellip;]<\/p>\n","protected":false},"author":6,"featured_media":184493,"comment_status":"closed","ping_status":"closed","template":"","meta":{"_relevanssi_hide_post":"","_relevanssi_pin_for_all":"on","_relevanssi_pin_keywords":"","_relevanssi_unpin_keywords":"","_relevanssi_related_keywords":"","_relevanssi_related_include_ids":"","_relevanssi_related_exclude_ids":"","_relevanssi_related_no_append":"","_relevanssi_related_not_related":"","_relevanssi_related_posts":"","_relevanssi_noindex_reason":""},"tribe_events_cat":[590,23],"tags_tema":[],"idades":[392],"tipos":[],"temas":[],"categorias_hubspot":[],"acf":[],"yoast_head":"<!-- This site is optimized with the Yoast SEO plugin v22.3 - https:\/\/yoast.com\/wordpress\/plugins\/seo\/ -->\n<title>Winds from the West: Choral Music from the 20th Century - Centro Cultural de Bel\u00e9m Foundation<\/title>\n<meta name=\"description\" content=\"De Debussy e Ravel at\u00e9 Poulenc, Britten e Joly Braga Santos, o repert\u00f3rio deste concerto abrange nacionalismos espanh\u00f3is com ritmos andaluzes, al\u00e9m de elementos antigos combinados com t\u00e9cnicas modernas.\" \/>\n<meta name=\"robots\" content=\"index, follow, max-snippet:-1, max-image-preview:large, max-video-preview:-1\" \/>\n<link rel=\"canonical\" href=\"https:\/\/www.ccb.pt\/en\/evento\/winds-from-the-west-choral-music-from-the-20th-century\/\" \/>\n<meta property=\"og:locale\" content=\"en_US\" \/>\n<meta property=\"og:type\" content=\"article\" \/>\n<meta property=\"og:title\" content=\"Ensemble Mpmp | Ventos do Ocidente: m\u00fasica coral do s\u00e9c. XX - CCB\" \/>\n<meta property=\"og:description\" content=\"De Debussy e Ravel at\u00e9 Poulenc, Britten e Joly Braga Santos, o repert\u00f3rio deste concerto abrange nacionalismos espanh\u00f3is com ritmos andaluzes, al\u00e9m de elementos antigos combinados com t\u00e9cnicas modernas.\" \/>\n<meta property=\"og:url\" content=\"https:\/\/www.ccb.pt\/en\/evento\/winds-from-the-west-choral-music-from-the-20th-century\/\" \/>\n<meta property=\"og:site_name\" content=\"Centro Cultural de Bel\u00e9m Foundation\" \/>\n<meta property=\"article:modified_time\" content=\"2024-09-10T09:18:05+00:00\" \/>\n<meta property=\"og:image\" content=\"https:\/\/www.ccb.pt\/wp-content\/uploads\/2024\/07\/1200X630_faceboook_concertocomentado_DR.jpg\" \/>\n\t<meta property=\"og:image:width\" content=\"1200\" \/>\n\t<meta property=\"og:image:height\" content=\"630\" \/>\n\t<meta property=\"og:image:type\" content=\"image\/jpeg\" \/>\n<meta name=\"twitter:card\" content=\"summary_large_image\" \/>\n<meta name=\"twitter:site\" content=\"@macccb_museu\" \/>\n<meta name=\"twitter:label1\" content=\"Est. reading time\" \/>\n\t<meta name=\"twitter:data1\" content=\"1 minute\" \/>\n<script type=\"application\/ld+json\" class=\"yoast-schema-graph\">{\"@context\":\"https:\/\/schema.org\",\"@graph\":[{\"@type\":\"WebPage\",\"@id\":\"https:\/\/www.ccb.pt\/en\/evento\/winds-from-the-west-choral-music-from-the-20th-century\/\",\"url\":\"https:\/\/www.ccb.pt\/en\/evento\/winds-from-the-west-choral-music-from-the-20th-century\/\",\"name\":\"Winds from the West: Choral Music from the 20th Century - Centro Cultural de Bel\u00e9m Foundation\",\"isPartOf\":{\"@id\":\"https:\/\/www.ccb.pt\/#website\"},\"primaryImageOfPage\":{\"@id\":\"https:\/\/www.ccb.pt\/en\/evento\/winds-from-the-west-choral-music-from-the-20th-century\/#primaryimage\"},\"image\":{\"@id\":\"https:\/\/www.ccb.pt\/en\/evento\/winds-from-the-west-choral-music-from-the-20th-century\/#primaryimage\"},\"thumbnailUrl\":\"https:\/\/www.ccb.pt\/wp-content\/uploads\/2024\/07\/2000x940_site_concertocomentado_DR.jpg\",\"datePublished\":\"2024-09-09T14:03:53+00:00\",\"dateModified\":\"2024-09-10T09:18:05+00:00\",\"description\":\"De Debussy e Ravel at\u00e9 Poulenc, Britten e Joly Braga Santos, o repert\u00f3rio deste concerto abrange nacionalismos espanh\u00f3is com ritmos andaluzes, al\u00e9m de elementos antigos combinados com t\u00e9cnicas modernas.\",\"breadcrumb\":{\"@id\":\"https:\/\/www.ccb.pt\/en\/evento\/winds-from-the-west-choral-music-from-the-20th-century\/#breadcrumb\"},\"inLanguage\":\"en-US\",\"potentialAction\":[{\"@type\":\"ReadAction\",\"target\":[\"https:\/\/www.ccb.pt\/en\/evento\/winds-from-the-west-choral-music-from-the-20th-century\/\"]}]},{\"@type\":\"ImageObject\",\"inLanguage\":\"en-US\",\"@id\":\"https:\/\/www.ccb.pt\/en\/evento\/winds-from-the-west-choral-music-from-the-20th-century\/#primaryimage\",\"url\":\"https:\/\/www.ccb.pt\/wp-content\/uploads\/2024\/07\/2000x940_site_concertocomentado_DR.jpg\",\"contentUrl\":\"https:\/\/www.ccb.pt\/wp-content\/uploads\/2024\/07\/2000x940_site_concertocomentado_DR.jpg\",\"width\":2000,\"height\":940,\"caption\":\"O Ensemble Mpmp - concerto comentado no CCB\"},{\"@type\":\"BreadcrumbList\",\"@id\":\"https:\/\/www.ccb.pt\/en\/evento\/winds-from-the-west-choral-music-from-the-20th-century\/#breadcrumb\",\"itemListElement\":[{\"@type\":\"ListItem\",\"position\":1,\"name\":\"Home\",\"item\":\"https:\/\/www.ccb.pt\/en\/\"},{\"@type\":\"ListItem\",\"position\":2,\"name\":\"Eventos\",\"item\":\"https:\/\/www.ccb.pt\/eventos\/\"},{\"@type\":\"ListItem\",\"position\":3,\"name\":\"Winds from the West: Choral Music from the 20th Century\"}]},{\"@type\":\"WebSite\",\"@id\":\"https:\/\/www.ccb.pt\/#website\",\"url\":\"https:\/\/www.ccb.pt\/\",\"name\":\"Centro Cultural de Bel\u00e9m Foundation\",\"description\":\"\",\"publisher\":{\"@id\":\"https:\/\/www.ccb.pt\/#organization\"},\"potentialAction\":[{\"@type\":\"SearchAction\",\"target\":{\"@type\":\"EntryPoint\",\"urlTemplate\":\"https:\/\/www.ccb.pt\/?s={search_term_string}\"},\"query-input\":\"required name=search_term_string\"}],\"inLanguage\":\"en-US\"},{\"@type\":\"Organization\",\"@id\":\"https:\/\/www.ccb.pt\/#organization\",\"name\":\"Centro Cultural de Bel\u00e9m Foundation\",\"url\":\"https:\/\/www.ccb.pt\/\",\"logo\":{\"@type\":\"ImageObject\",\"inLanguage\":\"en-US\",\"@id\":\"https:\/\/www.ccb.pt\/#\/schema\/logo\/image\/\",\"url\":\"https:\/\/www.ccb.pt\/wp-content\/uploads\/2022\/05\/1_ccb.png\",\"contentUrl\":\"https:\/\/www.ccb.pt\/wp-content\/uploads\/2022\/05\/1_ccb.png\",\"width\":126,\"height\":100,\"caption\":\"Centro Cultural de Bel\u00e9m Foundation\"},\"image\":{\"@id\":\"https:\/\/www.ccb.pt\/#\/schema\/logo\/image\/\"},\"sameAs\":[\"https:\/\/twitter.com\/macccb_museu\"]}]}<\/script>\n<!-- \/ Yoast SEO plugin. -->","yoast_head_json":{"title":"Winds from the West: Choral Music from the 20th Century - Centro Cultural de Bel\u00e9m Foundation","description":"De Debussy e Ravel at\u00e9 Poulenc, Britten e Joly Braga Santos, o repert\u00f3rio deste concerto abrange nacionalismos espanh\u00f3is com ritmos andaluzes, al\u00e9m de elementos antigos combinados com t\u00e9cnicas modernas.","robots":{"index":"index","follow":"follow","max-snippet":"max-snippet:-1","max-image-preview":"max-image-preview:large","max-video-preview":"max-video-preview:-1"},"canonical":"https:\/\/www.ccb.pt\/en\/evento\/winds-from-the-west-choral-music-from-the-20th-century\/","og_locale":"en_US","og_type":"article","og_title":"Ensemble Mpmp | Ventos do Ocidente: m\u00fasica coral do s\u00e9c. XX - CCB","og_description":"De Debussy e Ravel at\u00e9 Poulenc, Britten e Joly Braga Santos, o repert\u00f3rio deste concerto abrange nacionalismos espanh\u00f3is com ritmos andaluzes, al\u00e9m de elementos antigos combinados com t\u00e9cnicas modernas.","og_url":"https:\/\/www.ccb.pt\/en\/evento\/winds-from-the-west-choral-music-from-the-20th-century\/","og_site_name":"Centro Cultural de Bel\u00e9m Foundation","article_modified_time":"2024-09-10T09:18:05+00:00","og_image":[{"width":1200,"height":630,"url":"https:\/\/www.ccb.pt\/wp-content\/uploads\/2024\/07\/1200X630_faceboook_concertocomentado_DR.jpg","type":"image\/jpeg"}],"twitter_card":"summary_large_image","twitter_site":"@macccb_museu","twitter_misc":{"Est. reading time":"1 minute"},"schema":{"@context":"https:\/\/schema.org","@graph":[{"@type":"WebPage","@id":"https:\/\/www.ccb.pt\/en\/evento\/winds-from-the-west-choral-music-from-the-20th-century\/","url":"https:\/\/www.ccb.pt\/en\/evento\/winds-from-the-west-choral-music-from-the-20th-century\/","name":"Winds from the West: Choral Music from the 20th Century - Centro Cultural de Bel\u00e9m Foundation","isPartOf":{"@id":"https:\/\/www.ccb.pt\/#website"},"primaryImageOfPage":{"@id":"https:\/\/www.ccb.pt\/en\/evento\/winds-from-the-west-choral-music-from-the-20th-century\/#primaryimage"},"image":{"@id":"https:\/\/www.ccb.pt\/en\/evento\/winds-from-the-west-choral-music-from-the-20th-century\/#primaryimage"},"thumbnailUrl":"https:\/\/www.ccb.pt\/wp-content\/uploads\/2024\/07\/2000x940_site_concertocomentado_DR.jpg","datePublished":"2024-09-09T14:03:53+00:00","dateModified":"2024-09-10T09:18:05+00:00","description":"De Debussy e Ravel at\u00e9 Poulenc, Britten e Joly Braga Santos, o repert\u00f3rio deste concerto abrange nacionalismos espanh\u00f3is com ritmos andaluzes, al\u00e9m de elementos antigos combinados com t\u00e9cnicas modernas.","breadcrumb":{"@id":"https:\/\/www.ccb.pt\/en\/evento\/winds-from-the-west-choral-music-from-the-20th-century\/#breadcrumb"},"inLanguage":"en-US","potentialAction":[{"@type":"ReadAction","target":["https:\/\/www.ccb.pt\/en\/evento\/winds-from-the-west-choral-music-from-the-20th-century\/"]}]},{"@type":"ImageObject","inLanguage":"en-US","@id":"https:\/\/www.ccb.pt\/en\/evento\/winds-from-the-west-choral-music-from-the-20th-century\/#primaryimage","url":"https:\/\/www.ccb.pt\/wp-content\/uploads\/2024\/07\/2000x940_site_concertocomentado_DR.jpg","contentUrl":"https:\/\/www.ccb.pt\/wp-content\/uploads\/2024\/07\/2000x940_site_concertocomentado_DR.jpg","width":2000,"height":940,"caption":"O Ensemble Mpmp - concerto comentado no CCB"},{"@type":"BreadcrumbList","@id":"https:\/\/www.ccb.pt\/en\/evento\/winds-from-the-west-choral-music-from-the-20th-century\/#breadcrumb","itemListElement":[{"@type":"ListItem","position":1,"name":"Home","item":"https:\/\/www.ccb.pt\/en\/"},{"@type":"ListItem","position":2,"name":"Eventos","item":"https:\/\/www.ccb.pt\/eventos\/"},{"@type":"ListItem","position":3,"name":"Winds from the West: Choral Music from the 20th Century"}]},{"@type":"WebSite","@id":"https:\/\/www.ccb.pt\/#website","url":"https:\/\/www.ccb.pt\/","name":"Centro Cultural de Bel\u00e9m Foundation","description":"","publisher":{"@id":"https:\/\/www.ccb.pt\/#organization"},"potentialAction":[{"@type":"SearchAction","target":{"@type":"EntryPoint","urlTemplate":"https:\/\/www.ccb.pt\/?s={search_term_string}"},"query-input":"required name=search_term_string"}],"inLanguage":"en-US"},{"@type":"Organization","@id":"https:\/\/www.ccb.pt\/#organization","name":"Centro Cultural de Bel\u00e9m Foundation","url":"https:\/\/www.ccb.pt\/","logo":{"@type":"ImageObject","inLanguage":"en-US","@id":"https:\/\/www.ccb.pt\/#\/schema\/logo\/image\/","url":"https:\/\/www.ccb.pt\/wp-content\/uploads\/2022\/05\/1_ccb.png","contentUrl":"https:\/\/www.ccb.pt\/wp-content\/uploads\/2022\/05\/1_ccb.png","width":126,"height":100,"caption":"Centro Cultural de Bel\u00e9m Foundation"},"image":{"@id":"https:\/\/www.ccb.pt\/#\/schema\/logo\/image\/"},"sameAs":["https:\/\/twitter.com\/macccb_museu"]}]}},"_links":{"self":[{"href":"https:\/\/www.ccb.pt\/en\/wp-json\/wp\/v2\/tribe_events\/186178"}],"collection":[{"href":"https:\/\/www.ccb.pt\/en\/wp-json\/wp\/v2\/tribe_events"}],"about":[{"href":"https:\/\/www.ccb.pt\/en\/wp-json\/wp\/v2\/types\/tribe_events"}],"author":[{"embeddable":true,"href":"https:\/\/www.ccb.pt\/en\/wp-json\/wp\/v2\/users\/6"}],"replies":[{"embeddable":true,"href":"https:\/\/www.ccb.pt\/en\/wp-json\/wp\/v2\/comments?post=186178"}],"version-history":[{"count":2,"href":"https:\/\/www.ccb.pt\/en\/wp-json\/wp\/v2\/tribe_events\/186178\/revisions"}],"predecessor-version":[{"id":190717,"href":"https:\/\/www.ccb.pt\/en\/wp-json\/wp\/v2\/tribe_events\/186178\/revisions\/190717"}],"wp:featuredmedia":[{"embeddable":true,"href":"https:\/\/www.ccb.pt\/en\/wp-json\/wp\/v2\/media\/184493"}],"wp:attachment":[{"href":"https:\/\/www.ccb.pt\/en\/wp-json\/wp\/v2\/media?parent=186178"}],"wp:term":[{"taxonomy":"tribe_events_cat","embeddable":true,"href":"https:\/\/www.ccb.pt\/en\/wp-json\/wp\/v2\/tribe_events_cat?post=186178"},{"taxonomy":"tags_tema","embeddable":true,"href":"https:\/\/www.ccb.pt\/en\/wp-json\/wp\/v2\/tags_tema?post=186178"},{"taxonomy":"idades","embeddable":true,"href":"https:\/\/www.ccb.pt\/en\/wp-json\/wp\/v2\/idades?post=186178"},{"taxonomy":"tipos","embeddable":true,"href":"https:\/\/www.ccb.pt\/en\/wp-json\/wp\/v2\/tipos?post=186178"},{"taxonomy":"temas","embeddable":true,"href":"https:\/\/www.ccb.pt\/en\/wp-json\/wp\/v2\/temas?post=186178"},{"taxonomy":"categorias_hubspot","embeddable":true,"href":"https:\/\/www.ccb.pt\/en\/wp-json\/wp\/v2\/categorias_hubspot?post=186178"}],"curies":[{"name":"wp","href":"https:\/\/api.w.org\/{rel}","templated":true}]}}