    {"id":185996,"date":"2024-09-09T15:38:27","date_gmt":"2024-09-09T14:38:27","guid":{"rendered":"https:\/\/www.ccb.pt\/?post_type=tribe_events&#038;p=185996"},"modified":"2024-11-18T12:04:16","modified_gmt":"2024-11-18T12:04:16","slug":"amor-e-um-fogo-que-arde-sem-se-ver-love-is-a-fire-that-burns-unseen","status":"publish","type":"tribe_events","link":"https:\/\/www.ccb.pt\/en\/evento\/amor-e-um-fogo-que-arde-sem-se-ver-love-is-a-fire-that-burns-unseen\/2024-11-29\/","title":{"rendered":"Amor \u00e9 um fogo que arde sem se ver [Love is a fire that burns unseen]"},"content":{"rendered":"<p>A Barraca celebrates the 5th Centenary of Cam\u00f5es with a show about his life and work, with H\u00e9lder Mateus da Costa in dramaturgy and staging, and Maria do C\u00e9u Guerra. The play narrates the poetic and tumultuous journey of the \u00abnavigator of the Portuguese language\u00bb, exploring loves, dislikes, and challenges faced in secret by enemies.<\/p>\n<p>&nbsp;<\/p>\n<p>&nbsp;<\/p>\n","protected":false},"excerpt":{"rendered":"<p>A Barraca celebrates the 5th Centenary of Cam\u00f5es with a show about his life and work, with H\u00e9lder Mateus da Costa in dramaturgy and staging, and Maria do C\u00e9u Guerra. The play narrates the poetic and tumultuous journey of the \u00abnavigator of the Portuguese language\u00bb, exploring loves, dislikes, and challenges faced in secret by enemies. [&hellip;]<\/p>\n","protected":false},"author":6,"featured_media":199391,"comment_status":"closed","ping_status":"closed","template":"","meta":{"_relevanssi_hide_post":"","_relevanssi_pin_for_all":"on","_relevanssi_pin_keywords":"","_relevanssi_unpin_keywords":"","_relevanssi_related_keywords":"","_relevanssi_related_include_ids":"","_relevanssi_related_exclude_ids":"","_relevanssi_related_no_append":"","_relevanssi_related_not_related":"","_relevanssi_related_posts":"","_relevanssi_noindex_reason":""},"tribe_events_cat":[23,592],"tags_tema":[],"idades":[],"tipos":[],"temas":[],"categorias_hubspot":[],"acf":[],"yoast_head":"<!-- This site is optimized with the Yoast SEO plugin v22.3 - https:\/\/yoast.com\/wordpress\/plugins\/seo\/ -->\n<title>Amor \u00e9 um fogo que arde sem se ver [Love is a fire that burns unseen] - Centro Cultural de Bel\u00e9m Foundation<\/title>\n<meta name=\"description\" content=\"No V Centen\u00e1rio do nascimento do poeta, um espet\u00e1culo d\u2019A Barraca sobre a vida e obra de Lu\u00eds Vaz de Cam\u00f5es.\" \/>\n<meta name=\"robots\" content=\"index, follow, max-snippet:-1, max-image-preview:large, max-video-preview:-1\" \/>\n<link rel=\"canonical\" href=\"https:\/\/www.ccb.pt\/en\/evento\/amor-e-um-fogo-que-arde-sem-se-ver-love-is-a-fire-that-burns-unseen\/2024-11-29\/\" \/>\n<meta property=\"og:locale\" content=\"en_US\" \/>\n<meta property=\"og:type\" content=\"article\" \/>\n<meta property=\"og:title\" content=\"Amor \u00e9 fogo que arde sem se ver - CCB\" \/>\n<meta property=\"og:description\" content=\"No V Centen\u00e1rio do nascimento do poeta, um espet\u00e1culo d\u2019A Barraca sobre a vida e obra de Lu\u00eds Vaz de Cam\u00f5es.\" \/>\n<meta property=\"og:url\" content=\"https:\/\/www.ccb.pt\/en\/evento\/amor-e-um-fogo-que-arde-sem-se-ver-love-is-a-fire-that-burns-unseen\/2024-11-29\/\" \/>\n<meta property=\"og:site_name\" content=\"Centro Cultural de Bel\u00e9m Foundation\" \/>\n<meta property=\"article:modified_time\" content=\"2024-11-18T12:04:16+00:00\" \/>\n<meta property=\"og:image\" content=\"https:\/\/www.ccb.pt\/wp-content\/uploads\/2024\/09\/Amor-e-um-fogo-que-arde-sem-se-ver4138.jpg\" \/>\n\t<meta property=\"og:image:width\" content=\"2000\" \/>\n\t<meta property=\"og:image:height\" content=\"1333\" \/>\n\t<meta property=\"og:image:type\" content=\"image\/jpeg\" \/>\n<meta name=\"twitter:card\" content=\"summary_large_image\" \/>\n<meta name=\"twitter:site\" content=\"@macccb_museu\" \/>\n<meta name=\"twitter:label1\" content=\"Est. reading time\" \/>\n\t<meta name=\"twitter:data1\" content=\"1 minute\" \/>\n<script type=\"application\/ld+json\" class=\"yoast-schema-graph\">{\"@context\":\"https:\/\/schema.org\",\"@graph\":[{\"@type\":\"WebPage\",\"@id\":\"https:\/\/www.ccb.pt\/en\/evento\/amor-e-um-fogo-que-arde-sem-se-ver-love-is-a-fire-that-burns-unseen\/2024-11-29\/\",\"url\":\"https:\/\/www.ccb.pt\/en\/evento\/amor-e-um-fogo-que-arde-sem-se-ver-love-is-a-fire-that-burns-unseen\/2024-11-29\/\",\"name\":\"Amor \u00e9 um fogo que arde sem se ver [Love is a fire that burns unseen] - Centro Cultural de Bel\u00e9m Foundation\",\"isPartOf\":{\"@id\":\"https:\/\/www.ccb.pt\/#website\"},\"primaryImageOfPage\":{\"@id\":\"https:\/\/www.ccb.pt\/en\/evento\/amor-e-um-fogo-que-arde-sem-se-ver-love-is-a-fire-that-burns-unseen\/2024-11-29\/#primaryimage\"},\"image\":{\"@id\":\"https:\/\/www.ccb.pt\/en\/evento\/amor-e-um-fogo-que-arde-sem-se-ver-love-is-a-fire-that-burns-unseen\/2024-11-29\/#primaryimage\"},\"thumbnailUrl\":\"https:\/\/www.ccb.pt\/wp-content\/uploads\/2024\/09\/Amor-e-um-fogo-que-arde-sem-se-ver4138.jpg\",\"datePublished\":\"2024-09-09T14:38:27+00:00\",\"dateModified\":\"2024-11-18T12:04:16+00:00\",\"description\":\"No V Centen\u00e1rio do nascimento do poeta, um espet\u00e1culo d\u2019A Barraca sobre a vida e obra de Lu\u00eds Vaz de Cam\u00f5es.\",\"breadcrumb\":{\"@id\":\"https:\/\/www.ccb.pt\/en\/evento\/amor-e-um-fogo-que-arde-sem-se-ver-love-is-a-fire-that-burns-unseen\/2024-11-29\/#breadcrumb\"},\"inLanguage\":\"en-US\",\"potentialAction\":[{\"@type\":\"ReadAction\",\"target\":[\"https:\/\/www.ccb.pt\/en\/evento\/amor-e-um-fogo-que-arde-sem-se-ver-love-is-a-fire-that-burns-unseen\/2024-11-29\/\"]}]},{\"@type\":\"ImageObject\",\"inLanguage\":\"en-US\",\"@id\":\"https:\/\/www.ccb.pt\/en\/evento\/amor-e-um-fogo-que-arde-sem-se-ver-love-is-a-fire-that-burns-unseen\/2024-11-29\/#primaryimage\",\"url\":\"https:\/\/www.ccb.pt\/wp-content\/uploads\/2024\/09\/Amor-e-um-fogo-que-arde-sem-se-ver4138.jpg\",\"contentUrl\":\"https:\/\/www.ccb.pt\/wp-content\/uploads\/2024\/09\/Amor-e-um-fogo-que-arde-sem-se-ver4138.jpg\",\"width\":2000,\"height\":1333},{\"@type\":\"BreadcrumbList\",\"@id\":\"https:\/\/www.ccb.pt\/en\/evento\/amor-e-um-fogo-que-arde-sem-se-ver-love-is-a-fire-that-burns-unseen\/2024-11-29\/#breadcrumb\",\"itemListElement\":[{\"@type\":\"ListItem\",\"position\":1,\"name\":\"Home\",\"item\":\"https:\/\/www.ccb.pt\/en\/\"},{\"@type\":\"ListItem\",\"position\":2,\"name\":\"Eventos\",\"item\":\"https:\/\/www.ccb.pt\/eventos\/\"},{\"@type\":\"ListItem\",\"position\":3,\"name\":\"Amor \u00e9 um fogo que arde sem se ver [Love is a fire that burns unseen]\"}]},{\"@type\":\"WebSite\",\"@id\":\"https:\/\/www.ccb.pt\/#website\",\"url\":\"https:\/\/www.ccb.pt\/\",\"name\":\"Centro Cultural de Bel\u00e9m Foundation\",\"description\":\"\",\"publisher\":{\"@id\":\"https:\/\/www.ccb.pt\/#organization\"},\"potentialAction\":[{\"@type\":\"SearchAction\",\"target\":{\"@type\":\"EntryPoint\",\"urlTemplate\":\"https:\/\/www.ccb.pt\/?s={search_term_string}\"},\"query-input\":\"required name=search_term_string\"}],\"inLanguage\":\"en-US\"},{\"@type\":\"Organization\",\"@id\":\"https:\/\/www.ccb.pt\/#organization\",\"name\":\"Centro Cultural de Bel\u00e9m Foundation\",\"url\":\"https:\/\/www.ccb.pt\/\",\"logo\":{\"@type\":\"ImageObject\",\"inLanguage\":\"en-US\",\"@id\":\"https:\/\/www.ccb.pt\/#\/schema\/logo\/image\/\",\"url\":\"https:\/\/www.ccb.pt\/wp-content\/uploads\/2022\/05\/1_ccb.png\",\"contentUrl\":\"https:\/\/www.ccb.pt\/wp-content\/uploads\/2022\/05\/1_ccb.png\",\"width\":126,\"height\":100,\"caption\":\"Centro Cultural de Bel\u00e9m Foundation\"},\"image\":{\"@id\":\"https:\/\/www.ccb.pt\/#\/schema\/logo\/image\/\"},\"sameAs\":[\"https:\/\/twitter.com\/macccb_museu\"]}]}<\/script>\n<!-- \/ Yoast SEO plugin. -->","yoast_head_json":{"title":"Amor \u00e9 um fogo que arde sem se ver [Love is a fire that burns unseen] - Centro Cultural de Bel\u00e9m Foundation","description":"No V Centen\u00e1rio do nascimento do poeta, um espet\u00e1culo d\u2019A Barraca sobre a vida e obra de Lu\u00eds Vaz de Cam\u00f5es.","robots":{"index":"index","follow":"follow","max-snippet":"max-snippet:-1","max-image-preview":"max-image-preview:large","max-video-preview":"max-video-preview:-1"},"canonical":"https:\/\/www.ccb.pt\/en\/evento\/amor-e-um-fogo-que-arde-sem-se-ver-love-is-a-fire-that-burns-unseen\/2024-11-29\/","og_locale":"en_US","og_type":"article","og_title":"Amor \u00e9 fogo que arde sem se ver - CCB","og_description":"No V Centen\u00e1rio do nascimento do poeta, um espet\u00e1culo d\u2019A Barraca sobre a vida e obra de Lu\u00eds Vaz de Cam\u00f5es.","og_url":"https:\/\/www.ccb.pt\/en\/evento\/amor-e-um-fogo-que-arde-sem-se-ver-love-is-a-fire-that-burns-unseen\/2024-11-29\/","og_site_name":"Centro Cultural de Bel\u00e9m Foundation","article_modified_time":"2024-11-18T12:04:16+00:00","og_image":[{"width":2000,"height":1333,"url":"https:\/\/www.ccb.pt\/wp-content\/uploads\/2024\/09\/Amor-e-um-fogo-que-arde-sem-se-ver4138.jpg","type":"image\/jpeg"}],"twitter_card":"summary_large_image","twitter_site":"@macccb_museu","twitter_misc":{"Est. reading time":"1 minute"},"schema":{"@context":"https:\/\/schema.org","@graph":[{"@type":"WebPage","@id":"https:\/\/www.ccb.pt\/en\/evento\/amor-e-um-fogo-que-arde-sem-se-ver-love-is-a-fire-that-burns-unseen\/2024-11-29\/","url":"https:\/\/www.ccb.pt\/en\/evento\/amor-e-um-fogo-que-arde-sem-se-ver-love-is-a-fire-that-burns-unseen\/2024-11-29\/","name":"Amor \u00e9 um fogo que arde sem se ver [Love is a fire that burns unseen] - Centro Cultural de Bel\u00e9m Foundation","isPartOf":{"@id":"https:\/\/www.ccb.pt\/#website"},"primaryImageOfPage":{"@id":"https:\/\/www.ccb.pt\/en\/evento\/amor-e-um-fogo-que-arde-sem-se-ver-love-is-a-fire-that-burns-unseen\/2024-11-29\/#primaryimage"},"image":{"@id":"https:\/\/www.ccb.pt\/en\/evento\/amor-e-um-fogo-que-arde-sem-se-ver-love-is-a-fire-that-burns-unseen\/2024-11-29\/#primaryimage"},"thumbnailUrl":"https:\/\/www.ccb.pt\/wp-content\/uploads\/2024\/09\/Amor-e-um-fogo-que-arde-sem-se-ver4138.jpg","datePublished":"2024-09-09T14:38:27+00:00","dateModified":"2024-11-18T12:04:16+00:00","description":"No V Centen\u00e1rio do nascimento do poeta, um espet\u00e1culo d\u2019A Barraca sobre a vida e obra de Lu\u00eds Vaz de Cam\u00f5es.","breadcrumb":{"@id":"https:\/\/www.ccb.pt\/en\/evento\/amor-e-um-fogo-que-arde-sem-se-ver-love-is-a-fire-that-burns-unseen\/2024-11-29\/#breadcrumb"},"inLanguage":"en-US","potentialAction":[{"@type":"ReadAction","target":["https:\/\/www.ccb.pt\/en\/evento\/amor-e-um-fogo-que-arde-sem-se-ver-love-is-a-fire-that-burns-unseen\/2024-11-29\/"]}]},{"@type":"ImageObject","inLanguage":"en-US","@id":"https:\/\/www.ccb.pt\/en\/evento\/amor-e-um-fogo-que-arde-sem-se-ver-love-is-a-fire-that-burns-unseen\/2024-11-29\/#primaryimage","url":"https:\/\/www.ccb.pt\/wp-content\/uploads\/2024\/09\/Amor-e-um-fogo-que-arde-sem-se-ver4138.jpg","contentUrl":"https:\/\/www.ccb.pt\/wp-content\/uploads\/2024\/09\/Amor-e-um-fogo-que-arde-sem-se-ver4138.jpg","width":2000,"height":1333},{"@type":"BreadcrumbList","@id":"https:\/\/www.ccb.pt\/en\/evento\/amor-e-um-fogo-que-arde-sem-se-ver-love-is-a-fire-that-burns-unseen\/2024-11-29\/#breadcrumb","itemListElement":[{"@type":"ListItem","position":1,"name":"Home","item":"https:\/\/www.ccb.pt\/en\/"},{"@type":"ListItem","position":2,"name":"Eventos","item":"https:\/\/www.ccb.pt\/eventos\/"},{"@type":"ListItem","position":3,"name":"Amor \u00e9 um fogo que arde sem se ver [Love is a fire that burns unseen]"}]},{"@type":"WebSite","@id":"https:\/\/www.ccb.pt\/#website","url":"https:\/\/www.ccb.pt\/","name":"Centro Cultural de Bel\u00e9m Foundation","description":"","publisher":{"@id":"https:\/\/www.ccb.pt\/#organization"},"potentialAction":[{"@type":"SearchAction","target":{"@type":"EntryPoint","urlTemplate":"https:\/\/www.ccb.pt\/?s={search_term_string}"},"query-input":"required name=search_term_string"}],"inLanguage":"en-US"},{"@type":"Organization","@id":"https:\/\/www.ccb.pt\/#organization","name":"Centro Cultural de Bel\u00e9m Foundation","url":"https:\/\/www.ccb.pt\/","logo":{"@type":"ImageObject","inLanguage":"en-US","@id":"https:\/\/www.ccb.pt\/#\/schema\/logo\/image\/","url":"https:\/\/www.ccb.pt\/wp-content\/uploads\/2022\/05\/1_ccb.png","contentUrl":"https:\/\/www.ccb.pt\/wp-content\/uploads\/2022\/05\/1_ccb.png","width":126,"height":100,"caption":"Centro Cultural de Bel\u00e9m Foundation"},"image":{"@id":"https:\/\/www.ccb.pt\/#\/schema\/logo\/image\/"},"sameAs":["https:\/\/twitter.com\/macccb_museu"]}]}},"_links":{"self":[{"href":"https:\/\/www.ccb.pt\/en\/wp-json\/wp\/v2\/tribe_events\/185996"}],"collection":[{"href":"https:\/\/www.ccb.pt\/en\/wp-json\/wp\/v2\/tribe_events"}],"about":[{"href":"https:\/\/www.ccb.pt\/en\/wp-json\/wp\/v2\/types\/tribe_events"}],"author":[{"embeddable":true,"href":"https:\/\/www.ccb.pt\/en\/wp-json\/wp\/v2\/users\/6"}],"replies":[{"embeddable":true,"href":"https:\/\/www.ccb.pt\/en\/wp-json\/wp\/v2\/comments?post=185996"}],"version-history":[{"count":11,"href":"https:\/\/www.ccb.pt\/en\/wp-json\/wp\/v2\/tribe_events\/185996\/revisions"}],"predecessor-version":[{"id":203841,"href":"https:\/\/www.ccb.pt\/en\/wp-json\/wp\/v2\/tribe_events\/185996\/revisions\/203841"}],"wp:featuredmedia":[{"embeddable":true,"href":"https:\/\/www.ccb.pt\/en\/wp-json\/wp\/v2\/media\/199391"}],"wp:attachment":[{"href":"https:\/\/www.ccb.pt\/en\/wp-json\/wp\/v2\/media?parent=185996"}],"wp:term":[{"taxonomy":"tribe_events_cat","embeddable":true,"href":"https:\/\/www.ccb.pt\/en\/wp-json\/wp\/v2\/tribe_events_cat?post=185996"},{"taxonomy":"tags_tema","embeddable":true,"href":"https:\/\/www.ccb.pt\/en\/wp-json\/wp\/v2\/tags_tema?post=185996"},{"taxonomy":"idades","embeddable":true,"href":"https:\/\/www.ccb.pt\/en\/wp-json\/wp\/v2\/idades?post=185996"},{"taxonomy":"tipos","embeddable":true,"href":"https:\/\/www.ccb.pt\/en\/wp-json\/wp\/v2\/tipos?post=185996"},{"taxonomy":"temas","embeddable":true,"href":"https:\/\/www.ccb.pt\/en\/wp-json\/wp\/v2\/temas?post=185996"},{"taxonomy":"categorias_hubspot","embeddable":true,"href":"https:\/\/www.ccb.pt\/en\/wp-json\/wp\/v2\/categorias_hubspot?post=185996"}],"curies":[{"name":"wp","href":"https:\/\/api.w.org\/{rel}","templated":true}]}}