    {"id":185460,"date":"2024-09-09T12:02:42","date_gmt":"2024-09-09T11:02:42","guid":{"rendered":"https:\/\/www.ccb.pt\/?post_type=tribe_events&#038;p=185460"},"modified":"2024-10-10T15:44:53","modified_gmt":"2024-10-10T14:44:53","slug":"in-c","status":"publish","type":"tribe_events","link":"https:\/\/www.ccb.pt\/en\/evento\/in-c\/2024-10-10\/","title":{"rendered":"In C"},"content":{"rendered":"<p>In 2021, the dance company Sasha Waltz &amp; Guests began an innovative artistic process that results in the continuous production of both digital and live formats. Terry Riley\u2019s <em>In C<\/em> (1964) forms the musical foundation of this, an open composition that was revolutionary at the time and is generally considered the first piece of minimalist music. Based on this milestone of music history, Sasha Waltz and her dancers developed choreographic material that follows a similarly variable structure and is deliberately designed not to be a finished stage piece. In March 2021 <em>In C<\/em> was performed for the first time on a livestream from the Radialsystem in Berlin to the sound of a recording from 2001 (Cantaloupe Music) by Bang on a Can using amplified instruments from all over the world.<\/p>\n<p>&nbsp;<\/p>\n<p>\u00abThe score of <em>In C<\/em> consists of fifty-three musical phrases and reads like stage directions for musicians. The thought of translating these detailed instructions into dance through a choreographic exploration of the music appealed to me. The result is an experimental system of fifty-three choreographic figures for a structured improvisation with clear rules and laws. The length of the piece remains variable, as does the number of musicians and dancers. <em>In C<\/em> is also a very democratic score, because it gives freedom to the individual dancer within the ensemble: It is a piece about being part of a group as an individual rather than being an individual within a group. <em>In C<\/em> is a dynamic, modular system that remains adaptable in times of pandemic. It is an exciting challenge to be able to develop so many different variations and formats from it in the future, both for professional dancers and, in the long term, for children and amateurs.\u00bb &#8211; <strong>Sasha Waltz<\/strong><\/p>\n<p><em>\u00a0<\/em><\/p>\n<p><em>In C<\/em> is an experimental, constantly evolving process that once again reconceives and refines Sasha Waltz &amp; Guests\u2019 long-standing approach as well as the dialogue between dance, music and space, both digitally and in real life. At the same time, it explores the potential of flexible artistic production in times of pandemic and of artistic exchange, even across national borders. F.e. the individual movement phrases have been recorded as video tutorials, which allows dancers to learn the choreographic material digitally and remotely.<\/p>\n","protected":false},"excerpt":{"rendered":"<p>In 2021, the dance company Sasha Waltz &amp; Guests began an innovative artistic process that results in the continuous production of both digital and live formats. Terry Riley\u2019s In C (1964) forms the musical foundation of this, an open composition that was revolutionary at the time and is generally considered the first piece of minimalist [&hellip;]<\/p>\n","protected":false},"author":6,"featured_media":184210,"comment_status":"closed","ping_status":"closed","template":"","meta":{"_relevanssi_hide_post":"","_relevanssi_pin_for_all":"on","_relevanssi_pin_keywords":"","_relevanssi_unpin_keywords":"","_relevanssi_related_keywords":"","_relevanssi_related_include_ids":"","_relevanssi_related_exclude_ids":"","_relevanssi_related_no_append":"","_relevanssi_related_not_related":"","_relevanssi_related_posts":"","_relevanssi_noindex_reason":""},"tribe_events_cat":[596,23],"tags_tema":[],"idades":[392],"tipos":[],"temas":[],"categorias_hubspot":[],"acf":[],"yoast_head":"<!-- This site is optimized with the Yoast SEO plugin v22.3 - https:\/\/yoast.com\/wordpress\/plugins\/seo\/ -->\n<title>In C - Centro Cultural de Bel\u00e9m Foundation<\/title>\n<meta name=\"description\" content=\"In C \u00e9 um processo experimental e em constante evolu\u00e7\u00e3o que recria e refina a abordagem de Sasha Waltz &amp; Guests, bem como o di\u00e1logo entre dan\u00e7a, m\u00fasica e espa\u00e7o.\" \/>\n<meta name=\"robots\" content=\"index, follow, max-snippet:-1, max-image-preview:large, max-video-preview:-1\" \/>\n<link rel=\"canonical\" href=\"https:\/\/www.ccb.pt\/en\/evento\/in-c\/2024-10-10\/\" \/>\n<meta property=\"og:locale\" content=\"en_US\" \/>\n<meta property=\"og:type\" content=\"article\" \/>\n<meta property=\"og:title\" content=\"Sasha Waltz &amp; Guests | In C - Centro Cultural de Bel\u00e9m\" \/>\n<meta property=\"og:description\" content=\"In C \u00e9 um processo experimental e em constante evolu\u00e7\u00e3o que recria e refina a abordagem de Sasha Waltz &amp; Guests, bem como o di\u00e1logo entre dan\u00e7a, m\u00fasica e espa\u00e7o.\" \/>\n<meta property=\"og:url\" content=\"https:\/\/www.ccb.pt\/en\/evento\/in-c\/2024-10-10\/\" \/>\n<meta property=\"og:site_name\" content=\"Centro Cultural de Bel\u00e9m Foundation\" \/>\n<meta property=\"article:modified_time\" content=\"2024-10-10T14:44:53+00:00\" \/>\n<meta property=\"og:image\" content=\"https:\/\/www.ccb.pt\/wp-content\/uploads\/2024\/07\/1200x630_In_C_Sasha_Waltz__Guests_Terry_Riley_Ensemble3_\u252c\u00aeYanina_Isla.jpg\" \/>\n\t<meta property=\"og:image:width\" content=\"1200\" \/>\n\t<meta property=\"og:image:height\" content=\"630\" \/>\n\t<meta property=\"og:image:type\" content=\"image\/jpeg\" \/>\n<meta name=\"twitter:card\" content=\"summary_large_image\" \/>\n<meta name=\"twitter:site\" content=\"@macccb_museu\" \/>\n<meta name=\"twitter:label1\" content=\"Est. reading time\" \/>\n\t<meta name=\"twitter:data1\" content=\"3 minutes\" \/>\n<script type=\"application\/ld+json\" class=\"yoast-schema-graph\">{\"@context\":\"https:\/\/schema.org\",\"@graph\":[{\"@type\":\"WebPage\",\"@id\":\"https:\/\/www.ccb.pt\/en\/evento\/in-c\/2024-10-10\/\",\"url\":\"https:\/\/www.ccb.pt\/en\/evento\/in-c\/2024-10-10\/\",\"name\":\"In C - Centro Cultural de Bel\u00e9m Foundation\",\"isPartOf\":{\"@id\":\"https:\/\/www.ccb.pt\/#website\"},\"primaryImageOfPage\":{\"@id\":\"https:\/\/www.ccb.pt\/en\/evento\/in-c\/2024-10-10\/#primaryimage\"},\"image\":{\"@id\":\"https:\/\/www.ccb.pt\/en\/evento\/in-c\/2024-10-10\/#primaryimage\"},\"thumbnailUrl\":\"https:\/\/www.ccb.pt\/wp-content\/uploads\/2024\/07\/2000x940_In_C_Sasha_Waltz__Guests_Terry_Riley_Ensemble3_\u252c\u00aeYanina_Isla.jpg\",\"datePublished\":\"2024-09-09T11:02:42+00:00\",\"dateModified\":\"2024-10-10T14:44:53+00:00\",\"description\":\"In C \u00e9 um processo experimental e em constante evolu\u00e7\u00e3o que recria e refina a abordagem de Sasha Waltz & Guests, bem como o di\u00e1logo entre dan\u00e7a, m\u00fasica e espa\u00e7o.\",\"breadcrumb\":{\"@id\":\"https:\/\/www.ccb.pt\/en\/evento\/in-c\/2024-10-10\/#breadcrumb\"},\"inLanguage\":\"en-US\",\"potentialAction\":[{\"@type\":\"ReadAction\",\"target\":[\"https:\/\/www.ccb.pt\/en\/evento\/in-c\/2024-10-10\/\"]}]},{\"@type\":\"ImageObject\",\"inLanguage\":\"en-US\",\"@id\":\"https:\/\/www.ccb.pt\/en\/evento\/in-c\/2024-10-10\/#primaryimage\",\"url\":\"https:\/\/www.ccb.pt\/wp-content\/uploads\/2024\/07\/2000x940_In_C_Sasha_Waltz__Guests_Terry_Riley_Ensemble3_\u252c\u00aeYanina_Isla.jpg\",\"contentUrl\":\"https:\/\/www.ccb.pt\/wp-content\/uploads\/2024\/07\/2000x940_In_C_Sasha_Waltz__Guests_Terry_Riley_Ensemble3_\u252c\u00aeYanina_Isla.jpg\",\"width\":2000,\"height\":940,\"caption\":\"(c)Yanina Isla\"},{\"@type\":\"BreadcrumbList\",\"@id\":\"https:\/\/www.ccb.pt\/en\/evento\/in-c\/2024-10-10\/#breadcrumb\",\"itemListElement\":[{\"@type\":\"ListItem\",\"position\":1,\"name\":\"Home\",\"item\":\"https:\/\/www.ccb.pt\/en\/\"},{\"@type\":\"ListItem\",\"position\":2,\"name\":\"Eventos\",\"item\":\"https:\/\/www.ccb.pt\/eventos\/\"},{\"@type\":\"ListItem\",\"position\":3,\"name\":\"In C\"}]},{\"@type\":\"WebSite\",\"@id\":\"https:\/\/www.ccb.pt\/#website\",\"url\":\"https:\/\/www.ccb.pt\/\",\"name\":\"Centro Cultural de Bel\u00e9m Foundation\",\"description\":\"\",\"publisher\":{\"@id\":\"https:\/\/www.ccb.pt\/#organization\"},\"potentialAction\":[{\"@type\":\"SearchAction\",\"target\":{\"@type\":\"EntryPoint\",\"urlTemplate\":\"https:\/\/www.ccb.pt\/?s={search_term_string}\"},\"query-input\":\"required name=search_term_string\"}],\"inLanguage\":\"en-US\"},{\"@type\":\"Organization\",\"@id\":\"https:\/\/www.ccb.pt\/#organization\",\"name\":\"Centro Cultural de Bel\u00e9m Foundation\",\"url\":\"https:\/\/www.ccb.pt\/\",\"logo\":{\"@type\":\"ImageObject\",\"inLanguage\":\"en-US\",\"@id\":\"https:\/\/www.ccb.pt\/#\/schema\/logo\/image\/\",\"url\":\"https:\/\/www.ccb.pt\/wp-content\/uploads\/2022\/05\/1_ccb.png\",\"contentUrl\":\"https:\/\/www.ccb.pt\/wp-content\/uploads\/2022\/05\/1_ccb.png\",\"width\":126,\"height\":100,\"caption\":\"Centro Cultural de Bel\u00e9m Foundation\"},\"image\":{\"@id\":\"https:\/\/www.ccb.pt\/#\/schema\/logo\/image\/\"},\"sameAs\":[\"https:\/\/twitter.com\/macccb_museu\"]}]}<\/script>\n<!-- \/ Yoast SEO plugin. -->","yoast_head_json":{"title":"In C - Centro Cultural de Bel\u00e9m Foundation","description":"In C \u00e9 um processo experimental e em constante evolu\u00e7\u00e3o que recria e refina a abordagem de Sasha Waltz & Guests, bem como o di\u00e1logo entre dan\u00e7a, m\u00fasica e espa\u00e7o.","robots":{"index":"index","follow":"follow","max-snippet":"max-snippet:-1","max-image-preview":"max-image-preview:large","max-video-preview":"max-video-preview:-1"},"canonical":"https:\/\/www.ccb.pt\/en\/evento\/in-c\/2024-10-10\/","og_locale":"en_US","og_type":"article","og_title":"Sasha Waltz & Guests | In C - Centro Cultural de Bel\u00e9m","og_description":"In C \u00e9 um processo experimental e em constante evolu\u00e7\u00e3o que recria e refina a abordagem de Sasha Waltz & Guests, bem como o di\u00e1logo entre dan\u00e7a, m\u00fasica e espa\u00e7o.","og_url":"https:\/\/www.ccb.pt\/en\/evento\/in-c\/2024-10-10\/","og_site_name":"Centro Cultural de Bel\u00e9m Foundation","article_modified_time":"2024-10-10T14:44:53+00:00","og_image":[{"width":1200,"height":630,"url":"https:\/\/www.ccb.pt\/wp-content\/uploads\/2024\/07\/1200x630_In_C_Sasha_Waltz__Guests_Terry_Riley_Ensemble3_\u252c\u00aeYanina_Isla.jpg","type":"image\/jpeg"}],"twitter_card":"summary_large_image","twitter_site":"@macccb_museu","twitter_misc":{"Est. reading time":"3 minutes"},"schema":{"@context":"https:\/\/schema.org","@graph":[{"@type":"WebPage","@id":"https:\/\/www.ccb.pt\/en\/evento\/in-c\/2024-10-10\/","url":"https:\/\/www.ccb.pt\/en\/evento\/in-c\/2024-10-10\/","name":"In C - Centro Cultural de Bel\u00e9m Foundation","isPartOf":{"@id":"https:\/\/www.ccb.pt\/#website"},"primaryImageOfPage":{"@id":"https:\/\/www.ccb.pt\/en\/evento\/in-c\/2024-10-10\/#primaryimage"},"image":{"@id":"https:\/\/www.ccb.pt\/en\/evento\/in-c\/2024-10-10\/#primaryimage"},"thumbnailUrl":"https:\/\/www.ccb.pt\/wp-content\/uploads\/2024\/07\/2000x940_In_C_Sasha_Waltz__Guests_Terry_Riley_Ensemble3_\u252c\u00aeYanina_Isla.jpg","datePublished":"2024-09-09T11:02:42+00:00","dateModified":"2024-10-10T14:44:53+00:00","description":"In C \u00e9 um processo experimental e em constante evolu\u00e7\u00e3o que recria e refina a abordagem de Sasha Waltz & Guests, bem como o di\u00e1logo entre dan\u00e7a, m\u00fasica e espa\u00e7o.","breadcrumb":{"@id":"https:\/\/www.ccb.pt\/en\/evento\/in-c\/2024-10-10\/#breadcrumb"},"inLanguage":"en-US","potentialAction":[{"@type":"ReadAction","target":["https:\/\/www.ccb.pt\/en\/evento\/in-c\/2024-10-10\/"]}]},{"@type":"ImageObject","inLanguage":"en-US","@id":"https:\/\/www.ccb.pt\/en\/evento\/in-c\/2024-10-10\/#primaryimage","url":"https:\/\/www.ccb.pt\/wp-content\/uploads\/2024\/07\/2000x940_In_C_Sasha_Waltz__Guests_Terry_Riley_Ensemble3_\u252c\u00aeYanina_Isla.jpg","contentUrl":"https:\/\/www.ccb.pt\/wp-content\/uploads\/2024\/07\/2000x940_In_C_Sasha_Waltz__Guests_Terry_Riley_Ensemble3_\u252c\u00aeYanina_Isla.jpg","width":2000,"height":940,"caption":"(c)Yanina Isla"},{"@type":"BreadcrumbList","@id":"https:\/\/www.ccb.pt\/en\/evento\/in-c\/2024-10-10\/#breadcrumb","itemListElement":[{"@type":"ListItem","position":1,"name":"Home","item":"https:\/\/www.ccb.pt\/en\/"},{"@type":"ListItem","position":2,"name":"Eventos","item":"https:\/\/www.ccb.pt\/eventos\/"},{"@type":"ListItem","position":3,"name":"In C"}]},{"@type":"WebSite","@id":"https:\/\/www.ccb.pt\/#website","url":"https:\/\/www.ccb.pt\/","name":"Centro Cultural de Bel\u00e9m Foundation","description":"","publisher":{"@id":"https:\/\/www.ccb.pt\/#organization"},"potentialAction":[{"@type":"SearchAction","target":{"@type":"EntryPoint","urlTemplate":"https:\/\/www.ccb.pt\/?s={search_term_string}"},"query-input":"required name=search_term_string"}],"inLanguage":"en-US"},{"@type":"Organization","@id":"https:\/\/www.ccb.pt\/#organization","name":"Centro Cultural de Bel\u00e9m Foundation","url":"https:\/\/www.ccb.pt\/","logo":{"@type":"ImageObject","inLanguage":"en-US","@id":"https:\/\/www.ccb.pt\/#\/schema\/logo\/image\/","url":"https:\/\/www.ccb.pt\/wp-content\/uploads\/2022\/05\/1_ccb.png","contentUrl":"https:\/\/www.ccb.pt\/wp-content\/uploads\/2022\/05\/1_ccb.png","width":126,"height":100,"caption":"Centro Cultural de Bel\u00e9m Foundation"},"image":{"@id":"https:\/\/www.ccb.pt\/#\/schema\/logo\/image\/"},"sameAs":["https:\/\/twitter.com\/macccb_museu"]}]}},"_links":{"self":[{"href":"https:\/\/www.ccb.pt\/en\/wp-json\/wp\/v2\/tribe_events\/185460"}],"collection":[{"href":"https:\/\/www.ccb.pt\/en\/wp-json\/wp\/v2\/tribe_events"}],"about":[{"href":"https:\/\/www.ccb.pt\/en\/wp-json\/wp\/v2\/types\/tribe_events"}],"author":[{"embeddable":true,"href":"https:\/\/www.ccb.pt\/en\/wp-json\/wp\/v2\/users\/6"}],"replies":[{"embeddable":true,"href":"https:\/\/www.ccb.pt\/en\/wp-json\/wp\/v2\/comments?post=185460"}],"version-history":[{"count":9,"href":"https:\/\/www.ccb.pt\/en\/wp-json\/wp\/v2\/tribe_events\/185460\/revisions"}],"predecessor-version":[{"id":197485,"href":"https:\/\/www.ccb.pt\/en\/wp-json\/wp\/v2\/tribe_events\/185460\/revisions\/197485"}],"wp:featuredmedia":[{"embeddable":true,"href":"https:\/\/www.ccb.pt\/en\/wp-json\/wp\/v2\/media\/184210"}],"wp:attachment":[{"href":"https:\/\/www.ccb.pt\/en\/wp-json\/wp\/v2\/media?parent=185460"}],"wp:term":[{"taxonomy":"tribe_events_cat","embeddable":true,"href":"https:\/\/www.ccb.pt\/en\/wp-json\/wp\/v2\/tribe_events_cat?post=185460"},{"taxonomy":"tags_tema","embeddable":true,"href":"https:\/\/www.ccb.pt\/en\/wp-json\/wp\/v2\/tags_tema?post=185460"},{"taxonomy":"idades","embeddable":true,"href":"https:\/\/www.ccb.pt\/en\/wp-json\/wp\/v2\/idades?post=185460"},{"taxonomy":"tipos","embeddable":true,"href":"https:\/\/www.ccb.pt\/en\/wp-json\/wp\/v2\/tipos?post=185460"},{"taxonomy":"temas","embeddable":true,"href":"https:\/\/www.ccb.pt\/en\/wp-json\/wp\/v2\/temas?post=185460"},{"taxonomy":"categorias_hubspot","embeddable":true,"href":"https:\/\/www.ccb.pt\/en\/wp-json\/wp\/v2\/categorias_hubspot?post=185460"}],"curies":[{"name":"wp","href":"https:\/\/api.w.org\/{rel}","templated":true}]}}