    {"id":185368,"date":"2024-09-09T11:15:38","date_gmt":"2024-09-09T10:15:38","guid":{"rendered":"https:\/\/www.ccb.pt\/?post_type=tribe_events&#038;p=185368"},"modified":"2024-09-09T11:15:38","modified_gmt":"2024-09-09T10:15:38","slug":"bufalos-by-pau-miro","status":"publish","type":"tribe_events","link":"https:\/\/www.ccb.pt\/en\/evento\/bufalos-by-pau-miro\/2024-09-18\/","title":{"rendered":"B\u00fafalos by Pau Mir\u00f3"},"content":{"rendered":"<p><em>B\u00fafalos<\/em> is a show about group and individual survival, telling the story of five brothers who work in a laundry in a complicated neighbourhood. Since they were little, they have dealt with the loss of their brother, mother, and father, allegedly taken by lions. They fight together to overcome their traumas and find a future.<\/p>\n","protected":false},"excerpt":{"rendered":"<p>B\u00fafalos is a show about group and individual survival, telling the story of five brothers who work in a laundry in a complicated neighbourhood. Since they were little, they have dealt with the loss of their brother, mother, and father, allegedly taken by lions. They fight together to overcome their traumas and find a future.<\/p>\n","protected":false},"author":6,"featured_media":185130,"comment_status":"closed","ping_status":"closed","template":"","meta":{"_relevanssi_hide_post":"","_relevanssi_pin_for_all":"on","_relevanssi_pin_keywords":"","_relevanssi_unpin_keywords":"","_relevanssi_related_keywords":"","_relevanssi_related_include_ids":"","_relevanssi_related_exclude_ids":"","_relevanssi_related_no_append":"","_relevanssi_related_not_related":"","_relevanssi_related_posts":"","_relevanssi_noindex_reason":""},"tribe_events_cat":[23,592],"tags_tema":[],"idades":[393],"tipos":[],"temas":[],"categorias_hubspot":[],"acf":[],"yoast_head":"<!-- This site is optimized with the Yoast SEO plugin v22.3 - https:\/\/yoast.com\/wordpress\/plugins\/seo\/ -->\n<title>B\u00fafalos by Pau Mir\u00f3 - Centro Cultural de Bel\u00e9m Foundation<\/title>\n<meta name=\"description\" content=\"Um espet\u00e1culo sobre a sobreviv\u00eancia, a individual e em grupo. A sobreviv\u00eancia perante os outros, mas tamb\u00e9m perante a mudan\u00e7a da realidade que nos rodeia.\" \/>\n<meta name=\"robots\" content=\"index, follow, max-snippet:-1, max-image-preview:large, max-video-preview:-1\" \/>\n<link rel=\"canonical\" href=\"https:\/\/www.ccb.pt\/en\/evento\/bufalos-by-pau-miro\/2024-09-18\/\" \/>\n<meta property=\"og:locale\" content=\"en_US\" \/>\n<meta property=\"og:type\" content=\"article\" \/>\n<meta property=\"og:title\" content=\"B\u00fafalos de Pau Mir\u00f3 - CCB\" \/>\n<meta property=\"og:description\" content=\"Um espet\u00e1culo sobre a sobreviv\u00eancia, a individual e em grupo. A sobreviv\u00eancia perante os outros, mas tamb\u00e9m perante a mudan\u00e7a da realidade que nos rodeia.\" \/>\n<meta property=\"og:url\" content=\"https:\/\/www.ccb.pt\/en\/evento\/bufalos-by-pau-miro\/2024-09-18\/\" \/>\n<meta property=\"og:site_name\" content=\"Centro Cultural de Bel\u00e9m Foundation\" \/>\n<meta property=\"og:image\" content=\"https:\/\/www.ccb.pt\/wp-content\/uploads\/2024\/07\/1200x630_Bufalos_facebook_JorgeGoncalves-1.jpg\" \/>\n\t<meta property=\"og:image:width\" content=\"1200\" \/>\n\t<meta property=\"og:image:height\" content=\"630\" \/>\n\t<meta property=\"og:image:type\" content=\"image\/jpeg\" \/>\n<meta name=\"twitter:card\" content=\"summary_large_image\" \/>\n<meta name=\"twitter:site\" content=\"@macccb_museu\" \/>\n<meta name=\"twitter:label1\" content=\"Est. reading time\" \/>\n\t<meta name=\"twitter:data1\" content=\"1 minute\" \/>\n<script type=\"application\/ld+json\" class=\"yoast-schema-graph\">{\"@context\":\"https:\/\/schema.org\",\"@graph\":[{\"@type\":\"WebPage\",\"@id\":\"https:\/\/www.ccb.pt\/en\/evento\/bufalos-by-pau-miro\/2024-09-18\/\",\"url\":\"https:\/\/www.ccb.pt\/en\/evento\/bufalos-by-pau-miro\/2024-09-18\/\",\"name\":\"B\u00fafalos by Pau Mir\u00f3 - Centro Cultural de Bel\u00e9m Foundation\",\"isPartOf\":{\"@id\":\"https:\/\/www.ccb.pt\/#website\"},\"primaryImageOfPage\":{\"@id\":\"https:\/\/www.ccb.pt\/en\/evento\/bufalos-by-pau-miro\/2024-09-18\/#primaryimage\"},\"image\":{\"@id\":\"https:\/\/www.ccb.pt\/en\/evento\/bufalos-by-pau-miro\/2024-09-18\/#primaryimage\"},\"thumbnailUrl\":\"https:\/\/www.ccb.pt\/wp-content\/uploads\/2024\/07\/1200x630_Bufalos_facebook_JorgeGoncalves-2-e1721903025154.jpg\",\"datePublished\":\"2024-09-09T10:15:38+00:00\",\"dateModified\":\"2024-09-09T10:15:38+00:00\",\"description\":\"Um espet\u00e1culo sobre a sobreviv\u00eancia, a individual e em grupo. A sobreviv\u00eancia perante os outros, mas tamb\u00e9m perante a mudan\u00e7a da realidade que nos rodeia.\",\"breadcrumb\":{\"@id\":\"https:\/\/www.ccb.pt\/en\/evento\/bufalos-by-pau-miro\/2024-09-18\/#breadcrumb\"},\"inLanguage\":\"en-US\",\"potentialAction\":[{\"@type\":\"ReadAction\",\"target\":[\"https:\/\/www.ccb.pt\/en\/evento\/bufalos-by-pau-miro\/2024-09-18\/\"]}]},{\"@type\":\"ImageObject\",\"inLanguage\":\"en-US\",\"@id\":\"https:\/\/www.ccb.pt\/en\/evento\/bufalos-by-pau-miro\/2024-09-18\/#primaryimage\",\"url\":\"https:\/\/www.ccb.pt\/wp-content\/uploads\/2024\/07\/1200x630_Bufalos_facebook_JorgeGoncalves-2-e1721903025154.jpg\",\"contentUrl\":\"https:\/\/www.ccb.pt\/wp-content\/uploads\/2024\/07\/1200x630_Bufalos_facebook_JorgeGoncalves-2-e1721903025154.jpg\",\"width\":1200,\"height\":400,\"caption\":\"(c) Jorge Gon\u00e7alves\"},{\"@type\":\"BreadcrumbList\",\"@id\":\"https:\/\/www.ccb.pt\/en\/evento\/bufalos-by-pau-miro\/2024-09-18\/#breadcrumb\",\"itemListElement\":[{\"@type\":\"ListItem\",\"position\":1,\"name\":\"Home\",\"item\":\"https:\/\/www.ccb.pt\/en\/\"},{\"@type\":\"ListItem\",\"position\":2,\"name\":\"Eventos\",\"item\":\"https:\/\/www.ccb.pt\/eventos\/\"},{\"@type\":\"ListItem\",\"position\":3,\"name\":\"B\u00fafalos by Pau Mir\u00f3\"}]},{\"@type\":\"WebSite\",\"@id\":\"https:\/\/www.ccb.pt\/#website\",\"url\":\"https:\/\/www.ccb.pt\/\",\"name\":\"Centro Cultural de Bel\u00e9m Foundation\",\"description\":\"\",\"publisher\":{\"@id\":\"https:\/\/www.ccb.pt\/#organization\"},\"potentialAction\":[{\"@type\":\"SearchAction\",\"target\":{\"@type\":\"EntryPoint\",\"urlTemplate\":\"https:\/\/www.ccb.pt\/?s={search_term_string}\"},\"query-input\":\"required name=search_term_string\"}],\"inLanguage\":\"en-US\"},{\"@type\":\"Organization\",\"@id\":\"https:\/\/www.ccb.pt\/#organization\",\"name\":\"Centro Cultural de Bel\u00e9m Foundation\",\"url\":\"https:\/\/www.ccb.pt\/\",\"logo\":{\"@type\":\"ImageObject\",\"inLanguage\":\"en-US\",\"@id\":\"https:\/\/www.ccb.pt\/#\/schema\/logo\/image\/\",\"url\":\"https:\/\/www.ccb.pt\/wp-content\/uploads\/2022\/05\/1_ccb.png\",\"contentUrl\":\"https:\/\/www.ccb.pt\/wp-content\/uploads\/2022\/05\/1_ccb.png\",\"width\":126,\"height\":100,\"caption\":\"Centro Cultural de Bel\u00e9m Foundation\"},\"image\":{\"@id\":\"https:\/\/www.ccb.pt\/#\/schema\/logo\/image\/\"},\"sameAs\":[\"https:\/\/twitter.com\/macccb_museu\"]}]}<\/script>\n<!-- \/ Yoast SEO plugin. -->","yoast_head_json":{"title":"B\u00fafalos by Pau Mir\u00f3 - Centro Cultural de Bel\u00e9m Foundation","description":"Um espet\u00e1culo sobre a sobreviv\u00eancia, a individual e em grupo. A sobreviv\u00eancia perante os outros, mas tamb\u00e9m perante a mudan\u00e7a da realidade que nos rodeia.","robots":{"index":"index","follow":"follow","max-snippet":"max-snippet:-1","max-image-preview":"max-image-preview:large","max-video-preview":"max-video-preview:-1"},"canonical":"https:\/\/www.ccb.pt\/en\/evento\/bufalos-by-pau-miro\/2024-09-18\/","og_locale":"en_US","og_type":"article","og_title":"B\u00fafalos de Pau Mir\u00f3 - CCB","og_description":"Um espet\u00e1culo sobre a sobreviv\u00eancia, a individual e em grupo. A sobreviv\u00eancia perante os outros, mas tamb\u00e9m perante a mudan\u00e7a da realidade que nos rodeia.","og_url":"https:\/\/www.ccb.pt\/en\/evento\/bufalos-by-pau-miro\/2024-09-18\/","og_site_name":"Centro Cultural de Bel\u00e9m Foundation","og_image":[{"width":1200,"height":630,"url":"https:\/\/www.ccb.pt\/wp-content\/uploads\/2024\/07\/1200x630_Bufalos_facebook_JorgeGoncalves-1.jpg","type":"image\/jpeg"}],"twitter_card":"summary_large_image","twitter_site":"@macccb_museu","twitter_misc":{"Est. reading time":"1 minute"},"schema":{"@context":"https:\/\/schema.org","@graph":[{"@type":"WebPage","@id":"https:\/\/www.ccb.pt\/en\/evento\/bufalos-by-pau-miro\/2024-09-18\/","url":"https:\/\/www.ccb.pt\/en\/evento\/bufalos-by-pau-miro\/2024-09-18\/","name":"B\u00fafalos by Pau Mir\u00f3 - Centro Cultural de Bel\u00e9m Foundation","isPartOf":{"@id":"https:\/\/www.ccb.pt\/#website"},"primaryImageOfPage":{"@id":"https:\/\/www.ccb.pt\/en\/evento\/bufalos-by-pau-miro\/2024-09-18\/#primaryimage"},"image":{"@id":"https:\/\/www.ccb.pt\/en\/evento\/bufalos-by-pau-miro\/2024-09-18\/#primaryimage"},"thumbnailUrl":"https:\/\/www.ccb.pt\/wp-content\/uploads\/2024\/07\/1200x630_Bufalos_facebook_JorgeGoncalves-2-e1721903025154.jpg","datePublished":"2024-09-09T10:15:38+00:00","dateModified":"2024-09-09T10:15:38+00:00","description":"Um espet\u00e1culo sobre a sobreviv\u00eancia, a individual e em grupo. A sobreviv\u00eancia perante os outros, mas tamb\u00e9m perante a mudan\u00e7a da realidade que nos rodeia.","breadcrumb":{"@id":"https:\/\/www.ccb.pt\/en\/evento\/bufalos-by-pau-miro\/2024-09-18\/#breadcrumb"},"inLanguage":"en-US","potentialAction":[{"@type":"ReadAction","target":["https:\/\/www.ccb.pt\/en\/evento\/bufalos-by-pau-miro\/2024-09-18\/"]}]},{"@type":"ImageObject","inLanguage":"en-US","@id":"https:\/\/www.ccb.pt\/en\/evento\/bufalos-by-pau-miro\/2024-09-18\/#primaryimage","url":"https:\/\/www.ccb.pt\/wp-content\/uploads\/2024\/07\/1200x630_Bufalos_facebook_JorgeGoncalves-2-e1721903025154.jpg","contentUrl":"https:\/\/www.ccb.pt\/wp-content\/uploads\/2024\/07\/1200x630_Bufalos_facebook_JorgeGoncalves-2-e1721903025154.jpg","width":1200,"height":400,"caption":"(c) Jorge Gon\u00e7alves"},{"@type":"BreadcrumbList","@id":"https:\/\/www.ccb.pt\/en\/evento\/bufalos-by-pau-miro\/2024-09-18\/#breadcrumb","itemListElement":[{"@type":"ListItem","position":1,"name":"Home","item":"https:\/\/www.ccb.pt\/en\/"},{"@type":"ListItem","position":2,"name":"Eventos","item":"https:\/\/www.ccb.pt\/eventos\/"},{"@type":"ListItem","position":3,"name":"B\u00fafalos by Pau Mir\u00f3"}]},{"@type":"WebSite","@id":"https:\/\/www.ccb.pt\/#website","url":"https:\/\/www.ccb.pt\/","name":"Centro Cultural de Bel\u00e9m Foundation","description":"","publisher":{"@id":"https:\/\/www.ccb.pt\/#organization"},"potentialAction":[{"@type":"SearchAction","target":{"@type":"EntryPoint","urlTemplate":"https:\/\/www.ccb.pt\/?s={search_term_string}"},"query-input":"required name=search_term_string"}],"inLanguage":"en-US"},{"@type":"Organization","@id":"https:\/\/www.ccb.pt\/#organization","name":"Centro Cultural de Bel\u00e9m Foundation","url":"https:\/\/www.ccb.pt\/","logo":{"@type":"ImageObject","inLanguage":"en-US","@id":"https:\/\/www.ccb.pt\/#\/schema\/logo\/image\/","url":"https:\/\/www.ccb.pt\/wp-content\/uploads\/2022\/05\/1_ccb.png","contentUrl":"https:\/\/www.ccb.pt\/wp-content\/uploads\/2022\/05\/1_ccb.png","width":126,"height":100,"caption":"Centro Cultural de Bel\u00e9m Foundation"},"image":{"@id":"https:\/\/www.ccb.pt\/#\/schema\/logo\/image\/"},"sameAs":["https:\/\/twitter.com\/macccb_museu"]}]}},"_links":{"self":[{"href":"https:\/\/www.ccb.pt\/en\/wp-json\/wp\/v2\/tribe_events\/185368"}],"collection":[{"href":"https:\/\/www.ccb.pt\/en\/wp-json\/wp\/v2\/tribe_events"}],"about":[{"href":"https:\/\/www.ccb.pt\/en\/wp-json\/wp\/v2\/types\/tribe_events"}],"author":[{"embeddable":true,"href":"https:\/\/www.ccb.pt\/en\/wp-json\/wp\/v2\/users\/6"}],"replies":[{"embeddable":true,"href":"https:\/\/www.ccb.pt\/en\/wp-json\/wp\/v2\/comments?post=185368"}],"version-history":[{"count":4,"href":"https:\/\/www.ccb.pt\/en\/wp-json\/wp\/v2\/tribe_events\/185368\/revisions"}],"predecessor-version":[{"id":190539,"href":"https:\/\/www.ccb.pt\/en\/wp-json\/wp\/v2\/tribe_events\/185368\/revisions\/190539"}],"wp:featuredmedia":[{"embeddable":true,"href":"https:\/\/www.ccb.pt\/en\/wp-json\/wp\/v2\/media\/185130"}],"wp:attachment":[{"href":"https:\/\/www.ccb.pt\/en\/wp-json\/wp\/v2\/media?parent=185368"}],"wp:term":[{"taxonomy":"tribe_events_cat","embeddable":true,"href":"https:\/\/www.ccb.pt\/en\/wp-json\/wp\/v2\/tribe_events_cat?post=185368"},{"taxonomy":"tags_tema","embeddable":true,"href":"https:\/\/www.ccb.pt\/en\/wp-json\/wp\/v2\/tags_tema?post=185368"},{"taxonomy":"idades","embeddable":true,"href":"https:\/\/www.ccb.pt\/en\/wp-json\/wp\/v2\/idades?post=185368"},{"taxonomy":"tipos","embeddable":true,"href":"https:\/\/www.ccb.pt\/en\/wp-json\/wp\/v2\/tipos?post=185368"},{"taxonomy":"temas","embeddable":true,"href":"https:\/\/www.ccb.pt\/en\/wp-json\/wp\/v2\/temas?post=185368"},{"taxonomy":"categorias_hubspot","embeddable":true,"href":"https:\/\/www.ccb.pt\/en\/wp-json\/wp\/v2\/categorias_hubspot?post=185368"}],"curies":[{"name":"wp","href":"https:\/\/api.w.org\/{rel}","templated":true}]}}