    {"id":160993,"date":"2023-07-20T16:02:29","date_gmt":"2023-07-20T15:02:29","guid":{"rendered":"https:\/\/www.ccb.pt\/evento\/preludio-para-a-liberdade\/"},"modified":"2024-03-05T10:22:01","modified_gmt":"2024-03-05T10:22:01","slug":"preludio-para-a-liberdade","status":"publish","type":"tribe_events","link":"https:\/\/www.ccb.pt\/en\/evento\/preludio-para-a-liberdade\/","title":{"rendered":"<i>Prel\u00fadio para a Liberdade<\/i> [Prelude to Freedom]"},"content":{"rendered":"<p>The beginning of a creative process is always a moment of great \u201cfreedom.\u201d Bringing together people linked to education and art around an \u201cimprovisation\u201d constructed from \u201cstarting materials\u201d and inviting them to bring their own memories and references (songs, poems, objects) to an exercise of \u201ccreative freedom&#8221; where sound, movement, words, and objects are explored, is the idea that we intend to develop with <em>Prel\u00fadio Para a Liberdade<\/em> [Prelude to Freedom].<\/p>\n<p>The show <em>A Liberdade Est\u00e1 A Passar Por Aqui <\/em>[Freedom Is Coming This Way], aimed at nurseries and kindergartens and the adults who will accompany the children, will premiere at F\u00e1brica das Artes in October 2024.<\/p>\n<p>&nbsp;<\/p>\n<p><img decoding=\"async\" class=\"alignnone size-medium wp-image-160372\" src=\"https:\/\/www.ccb.pt\/wp-content\/uploads\/2024\/02\/logo_principal_comissao-comemorativa-50anos-25-abril-a-300x225.png\" alt=\"\" width=\"300\" height=\"225\" srcset=\"https:\/\/www.ccb.pt\/wp-content\/uploads\/2024\/02\/logo_principal_comissao-comemorativa-50anos-25-abril-a-300x225.png 300w, https:\/\/www.ccb.pt\/wp-content\/uploads\/2024\/02\/logo_principal_comissao-comemorativa-50anos-25-abril-a.png 482w\" sizes=\"(max-width: 300px) 100vw, 300px\" \/><\/p>\n<p>&nbsp;<\/p>\n<p>&nbsp;<\/p>\n<p>&nbsp;<\/p>\n","protected":false},"excerpt":{"rendered":"<p>The beginning of a creative process is always a moment of great \u201cfreedom.\u201d Bringing together people linked to education and art around an \u201cimprovisation\u201d constructed from \u201cstarting materials\u201d and inviting them to bring their own memories and references (songs, poems, objects) to an exercise of \u201ccreative freedom&#8221; where sound, movement, words, and objects are explored, [&hellip;]<\/p>\n","protected":false},"author":6,"featured_media":127230,"comment_status":"closed","ping_status":"closed","template":"","meta":{"_relevanssi_hide_post":"","_relevanssi_pin_for_all":"","_relevanssi_pin_keywords":"","_relevanssi_unpin_keywords":"","_relevanssi_related_keywords":"","_relevanssi_related_include_ids":"","_relevanssi_related_exclude_ids":"","_relevanssi_related_no_append":"","_relevanssi_related_not_related":"","_relevanssi_related_posts":"","_relevanssi_noindex_reason":""},"tribe_events_cat":[404,402],"tags_tema":[],"idades":[578],"tipos":[],"temas":[],"categorias_hubspot":[],"acf":[],"yoast_head":"<!-- This site is optimized with the Yoast SEO plugin v22.3 - https:\/\/yoast.com\/wordpress\/plugins\/seo\/ -->\n<title>Prel\u00fadio para a Liberdade [Prelude to Freedom] - Centro Cultural de Bel\u00e9m Foundation<\/title>\n<meta name=\"description\" content=\"&quot;Prel\u00fadio Para a Liberdade&quot; \u00e9 um processo criativo que une a educa\u00e7\u00e3o e a arte, explorando som, movimento e em busca da liberdade de criar.\" \/>\n<meta name=\"robots\" content=\"index, follow, max-snippet:-1, max-image-preview:large, max-video-preview:-1\" \/>\n<link rel=\"canonical\" href=\"https:\/\/www.ccb.pt\/en\/evento\/preludio-para-a-liberdade\/\" \/>\n<meta property=\"og:locale\" content=\"en_US\" \/>\n<meta property=\"og:type\" content=\"article\" \/>\n<meta property=\"og:title\" content=\"Prel\u00fadio para a Liberdade [Prelude to Freedom] - Centro Cultural de Bel\u00e9m Foundation\" \/>\n<meta property=\"og:description\" content=\"&quot;Prel\u00fadio Para a Liberdade&quot; \u00e9 um processo criativo que une a educa\u00e7\u00e3o e a arte, explorando som, movimento e em busca da liberdade de criar.\" \/>\n<meta property=\"og:url\" content=\"https:\/\/www.ccb.pt\/en\/evento\/preludio-para-a-liberdade\/\" \/>\n<meta property=\"og:site_name\" content=\"Centro Cultural de Bel\u00e9m Foundation\" \/>\n<meta property=\"article:modified_time\" content=\"2024-03-05T10:22:01+00:00\" \/>\n<meta property=\"og:image\" content=\"https:\/\/www.ccb.pt\/wp-content\/uploads\/2023\/07\/EVENTO-Qto-Vale-a-Liberdade.jpg\" \/>\n\t<meta property=\"og:image:width\" content=\"1200\" \/>\n\t<meta property=\"og:image:height\" content=\"628\" \/>\n\t<meta property=\"og:image:type\" content=\"image\/jpeg\" \/>\n<meta name=\"twitter:card\" content=\"summary_large_image\" \/>\n<meta name=\"twitter:site\" content=\"@macccb_museu\" \/>\n<meta name=\"twitter:label1\" content=\"Est. reading time\" \/>\n\t<meta name=\"twitter:data1\" content=\"1 minute\" \/>\n<script type=\"application\/ld+json\" class=\"yoast-schema-graph\">{\"@context\":\"https:\/\/schema.org\",\"@graph\":[{\"@type\":\"WebPage\",\"@id\":\"https:\/\/www.ccb.pt\/en\/evento\/preludio-para-a-liberdade\/\",\"url\":\"https:\/\/www.ccb.pt\/en\/evento\/preludio-para-a-liberdade\/\",\"name\":\"Prel\u00fadio para a Liberdade [Prelude to Freedom] - Centro Cultural de Bel\u00e9m Foundation\",\"isPartOf\":{\"@id\":\"https:\/\/www.ccb.pt\/#website\"},\"primaryImageOfPage\":{\"@id\":\"https:\/\/www.ccb.pt\/en\/evento\/preludio-para-a-liberdade\/#primaryimage\"},\"image\":{\"@id\":\"https:\/\/www.ccb.pt\/en\/evento\/preludio-para-a-liberdade\/#primaryimage\"},\"thumbnailUrl\":\"https:\/\/www.ccb.pt\/wp-content\/uploads\/2023\/07\/EVENTO-Qto-Vale-a-Liberdade.jpg\",\"datePublished\":\"2023-07-20T15:02:29+00:00\",\"dateModified\":\"2024-03-05T10:22:01+00:00\",\"description\":\"\\\"Prel\u00fadio Para a Liberdade\\\" \u00e9 um processo criativo que une a educa\u00e7\u00e3o e a arte, explorando som, movimento e em busca da liberdade de criar.\",\"breadcrumb\":{\"@id\":\"https:\/\/www.ccb.pt\/en\/evento\/preludio-para-a-liberdade\/#breadcrumb\"},\"inLanguage\":\"en-US\",\"potentialAction\":[{\"@type\":\"ReadAction\",\"target\":[\"https:\/\/www.ccb.pt\/en\/evento\/preludio-para-a-liberdade\/\"]}]},{\"@type\":\"ImageObject\",\"inLanguage\":\"en-US\",\"@id\":\"https:\/\/www.ccb.pt\/en\/evento\/preludio-para-a-liberdade\/#primaryimage\",\"url\":\"https:\/\/www.ccb.pt\/wp-content\/uploads\/2023\/07\/EVENTO-Qto-Vale-a-Liberdade.jpg\",\"contentUrl\":\"https:\/\/www.ccb.pt\/wp-content\/uploads\/2023\/07\/EVENTO-Qto-Vale-a-Liberdade.jpg\",\"width\":1200,\"height\":628,\"caption\":\"alt=\\\"\\\"\"},{\"@type\":\"BreadcrumbList\",\"@id\":\"https:\/\/www.ccb.pt\/en\/evento\/preludio-para-a-liberdade\/#breadcrumb\",\"itemListElement\":[{\"@type\":\"ListItem\",\"position\":1,\"name\":\"Home\",\"item\":\"https:\/\/www.ccb.pt\/en\/\"},{\"@type\":\"ListItem\",\"position\":2,\"name\":\"Eventos\",\"item\":\"https:\/\/www.ccb.pt\/eventos\/\"},{\"@type\":\"ListItem\",\"position\":3,\"name\":\"Prel\u00fadio para a Liberdade [Prelude to Freedom]\"}]},{\"@type\":\"WebSite\",\"@id\":\"https:\/\/www.ccb.pt\/#website\",\"url\":\"https:\/\/www.ccb.pt\/\",\"name\":\"Centro Cultural de Bel\u00e9m Foundation\",\"description\":\"\",\"publisher\":{\"@id\":\"https:\/\/www.ccb.pt\/#organization\"},\"potentialAction\":[{\"@type\":\"SearchAction\",\"target\":{\"@type\":\"EntryPoint\",\"urlTemplate\":\"https:\/\/www.ccb.pt\/?s={search_term_string}\"},\"query-input\":\"required name=search_term_string\"}],\"inLanguage\":\"en-US\"},{\"@type\":\"Organization\",\"@id\":\"https:\/\/www.ccb.pt\/#organization\",\"name\":\"Centro Cultural de Bel\u00e9m Foundation\",\"url\":\"https:\/\/www.ccb.pt\/\",\"logo\":{\"@type\":\"ImageObject\",\"inLanguage\":\"en-US\",\"@id\":\"https:\/\/www.ccb.pt\/#\/schema\/logo\/image\/\",\"url\":\"https:\/\/www.ccb.pt\/wp-content\/uploads\/2022\/05\/1_ccb.png\",\"contentUrl\":\"https:\/\/www.ccb.pt\/wp-content\/uploads\/2022\/05\/1_ccb.png\",\"width\":126,\"height\":100,\"caption\":\"Centro Cultural de Bel\u00e9m Foundation\"},\"image\":{\"@id\":\"https:\/\/www.ccb.pt\/#\/schema\/logo\/image\/\"},\"sameAs\":[\"https:\/\/twitter.com\/macccb_museu\"]}]}<\/script>\n<!-- \/ Yoast SEO plugin. -->","yoast_head_json":{"title":"Prel\u00fadio para a Liberdade [Prelude to Freedom] - Centro Cultural de Bel\u00e9m Foundation","description":"\"Prel\u00fadio Para a Liberdade\" \u00e9 um processo criativo que une a educa\u00e7\u00e3o e a arte, explorando som, movimento e em busca da liberdade de criar.","robots":{"index":"index","follow":"follow","max-snippet":"max-snippet:-1","max-image-preview":"max-image-preview:large","max-video-preview":"max-video-preview:-1"},"canonical":"https:\/\/www.ccb.pt\/en\/evento\/preludio-para-a-liberdade\/","og_locale":"en_US","og_type":"article","og_title":"Prel\u00fadio para a Liberdade [Prelude to Freedom] - Centro Cultural de Bel\u00e9m Foundation","og_description":"\"Prel\u00fadio Para a Liberdade\" \u00e9 um processo criativo que une a educa\u00e7\u00e3o e a arte, explorando som, movimento e em busca da liberdade de criar.","og_url":"https:\/\/www.ccb.pt\/en\/evento\/preludio-para-a-liberdade\/","og_site_name":"Centro Cultural de Bel\u00e9m Foundation","article_modified_time":"2024-03-05T10:22:01+00:00","og_image":[{"width":1200,"height":628,"url":"https:\/\/www.ccb.pt\/wp-content\/uploads\/2023\/07\/EVENTO-Qto-Vale-a-Liberdade.jpg","type":"image\/jpeg"}],"twitter_card":"summary_large_image","twitter_site":"@macccb_museu","twitter_misc":{"Est. reading time":"1 minute"},"schema":{"@context":"https:\/\/schema.org","@graph":[{"@type":"WebPage","@id":"https:\/\/www.ccb.pt\/en\/evento\/preludio-para-a-liberdade\/","url":"https:\/\/www.ccb.pt\/en\/evento\/preludio-para-a-liberdade\/","name":"Prel\u00fadio para a Liberdade [Prelude to Freedom] - Centro Cultural de Bel\u00e9m Foundation","isPartOf":{"@id":"https:\/\/www.ccb.pt\/#website"},"primaryImageOfPage":{"@id":"https:\/\/www.ccb.pt\/en\/evento\/preludio-para-a-liberdade\/#primaryimage"},"image":{"@id":"https:\/\/www.ccb.pt\/en\/evento\/preludio-para-a-liberdade\/#primaryimage"},"thumbnailUrl":"https:\/\/www.ccb.pt\/wp-content\/uploads\/2023\/07\/EVENTO-Qto-Vale-a-Liberdade.jpg","datePublished":"2023-07-20T15:02:29+00:00","dateModified":"2024-03-05T10:22:01+00:00","description":"\"Prel\u00fadio Para a Liberdade\" \u00e9 um processo criativo que une a educa\u00e7\u00e3o e a arte, explorando som, movimento e em busca da liberdade de criar.","breadcrumb":{"@id":"https:\/\/www.ccb.pt\/en\/evento\/preludio-para-a-liberdade\/#breadcrumb"},"inLanguage":"en-US","potentialAction":[{"@type":"ReadAction","target":["https:\/\/www.ccb.pt\/en\/evento\/preludio-para-a-liberdade\/"]}]},{"@type":"ImageObject","inLanguage":"en-US","@id":"https:\/\/www.ccb.pt\/en\/evento\/preludio-para-a-liberdade\/#primaryimage","url":"https:\/\/www.ccb.pt\/wp-content\/uploads\/2023\/07\/EVENTO-Qto-Vale-a-Liberdade.jpg","contentUrl":"https:\/\/www.ccb.pt\/wp-content\/uploads\/2023\/07\/EVENTO-Qto-Vale-a-Liberdade.jpg","width":1200,"height":628,"caption":"alt=\"\""},{"@type":"BreadcrumbList","@id":"https:\/\/www.ccb.pt\/en\/evento\/preludio-para-a-liberdade\/#breadcrumb","itemListElement":[{"@type":"ListItem","position":1,"name":"Home","item":"https:\/\/www.ccb.pt\/en\/"},{"@type":"ListItem","position":2,"name":"Eventos","item":"https:\/\/www.ccb.pt\/eventos\/"},{"@type":"ListItem","position":3,"name":"Prel\u00fadio para a Liberdade [Prelude to Freedom]"}]},{"@type":"WebSite","@id":"https:\/\/www.ccb.pt\/#website","url":"https:\/\/www.ccb.pt\/","name":"Centro Cultural de Bel\u00e9m Foundation","description":"","publisher":{"@id":"https:\/\/www.ccb.pt\/#organization"},"potentialAction":[{"@type":"SearchAction","target":{"@type":"EntryPoint","urlTemplate":"https:\/\/www.ccb.pt\/?s={search_term_string}"},"query-input":"required name=search_term_string"}],"inLanguage":"en-US"},{"@type":"Organization","@id":"https:\/\/www.ccb.pt\/#organization","name":"Centro Cultural de Bel\u00e9m Foundation","url":"https:\/\/www.ccb.pt\/","logo":{"@type":"ImageObject","inLanguage":"en-US","@id":"https:\/\/www.ccb.pt\/#\/schema\/logo\/image\/","url":"https:\/\/www.ccb.pt\/wp-content\/uploads\/2022\/05\/1_ccb.png","contentUrl":"https:\/\/www.ccb.pt\/wp-content\/uploads\/2022\/05\/1_ccb.png","width":126,"height":100,"caption":"Centro Cultural de Bel\u00e9m Foundation"},"image":{"@id":"https:\/\/www.ccb.pt\/#\/schema\/logo\/image\/"},"sameAs":["https:\/\/twitter.com\/macccb_museu"]}]}},"_links":{"self":[{"href":"https:\/\/www.ccb.pt\/en\/wp-json\/wp\/v2\/tribe_events\/160993"}],"collection":[{"href":"https:\/\/www.ccb.pt\/en\/wp-json\/wp\/v2\/tribe_events"}],"about":[{"href":"https:\/\/www.ccb.pt\/en\/wp-json\/wp\/v2\/types\/tribe_events"}],"author":[{"embeddable":true,"href":"https:\/\/www.ccb.pt\/en\/wp-json\/wp\/v2\/users\/6"}],"replies":[{"embeddable":true,"href":"https:\/\/www.ccb.pt\/en\/wp-json\/wp\/v2\/comments?post=160993"}],"version-history":[{"count":2,"href":"https:\/\/www.ccb.pt\/en\/wp-json\/wp\/v2\/tribe_events\/160993\/revisions"}],"predecessor-version":[{"id":160995,"href":"https:\/\/www.ccb.pt\/en\/wp-json\/wp\/v2\/tribe_events\/160993\/revisions\/160995"}],"wp:featuredmedia":[{"embeddable":true,"href":"https:\/\/www.ccb.pt\/en\/wp-json\/wp\/v2\/media\/127230"}],"wp:attachment":[{"href":"https:\/\/www.ccb.pt\/en\/wp-json\/wp\/v2\/media?parent=160993"}],"wp:term":[{"taxonomy":"tribe_events_cat","embeddable":true,"href":"https:\/\/www.ccb.pt\/en\/wp-json\/wp\/v2\/tribe_events_cat?post=160993"},{"taxonomy":"tags_tema","embeddable":true,"href":"https:\/\/www.ccb.pt\/en\/wp-json\/wp\/v2\/tags_tema?post=160993"},{"taxonomy":"idades","embeddable":true,"href":"https:\/\/www.ccb.pt\/en\/wp-json\/wp\/v2\/idades?post=160993"},{"taxonomy":"tipos","embeddable":true,"href":"https:\/\/www.ccb.pt\/en\/wp-json\/wp\/v2\/tipos?post=160993"},{"taxonomy":"temas","embeddable":true,"href":"https:\/\/www.ccb.pt\/en\/wp-json\/wp\/v2\/temas?post=160993"},{"taxonomy":"categorias_hubspot","embeddable":true,"href":"https:\/\/www.ccb.pt\/en\/wp-json\/wp\/v2\/categorias_hubspot?post=160993"}],"curies":[{"name":"wp","href":"https:\/\/api.w.org\/{rel}","templated":true}]}}