    {"id":153747,"date":"2024-01-26T16:36:06","date_gmt":"2024-01-26T16:36:06","guid":{"rendered":"https:\/\/www.ccb.pt\/evento\/joao-fiadeiro-introspectiva\/"},"modified":"2025-09-05T16:37:31","modified_gmt":"2025-09-05T15:37:31","slug":"joao-fiadeiro-introspectiva","status":"publish","type":"tribe_events","link":"https:\/\/www.ccb.pt\/en\/evento\/joao-fiadeiro-introspectiva\/","title":{"rendered":"<i>Jo\u00e3o Fiadeiro. INTROSPECTIVE<\/i>"},"content":{"rendered":"<p><em>INTROSPECTIVE<\/em> is a retroprospective of the body of (and in the) work of Jo\u00e3o Fiadeiro that takes place in the galleries of the Museum of Contemporary Art and in the theatres of the CCB.<br \/>\nIn the Museum, the project occupies three galleries and consist of two parts. In the first, during the month of May, the central curatorial axis was the concept of &#8220;construction site.&#8221; The exhibition setup was accessible to visitors and transformed into a daily happening, with presentations of dramaturgical and choreographic devices, real-time compositions and improvisations, re-enactments, open classes, and guided tours.<\/p>\n<p>In a second phase, starting from 20 June, visitors have access to the exhibition <em>RESTOS, RASTROS E TRA\u00c7OS<\/em> [REMAINS, TRAILS, AND TRACES], which, as the name indicates, hosts what has &#8220;remained behind&#8221; from the live experiences and experimentations of the first part of the event; and to the art installation <em>I AM (not) HERE<\/em>, based on Fiadeiro&#8217;s work <em>I AM HERE<\/em> (premiered in 2004 at CCB), which in turn was inspired by the imagery of visual artist Helena Almeida. Finally, this second phase features a dedicated room showcasing various objects collaboratively created by Jo\u00e3o Fiadeiro and artists with whom he has crossed paths over the past thirty years.<\/p>\n<p>At CCB, specifically in the Black Box and the Small Auditorium, between 21 June and 6 July, <em>DAR CORPO<\/em> [TO EMBODY] is presented. As the title indicates, this programme consist of a selection of pieces from Jo\u00e3o Fiadeiro&#8217;s repertoire to be performed by himself, guest artists, and performers from new generations.<\/p>\n","protected":false},"excerpt":{"rendered":"<p>INTROSPECTIVE is a retroprospective of the body of (and in the) work of Jo\u00e3o Fiadeiro that takes place in the galleries of the Museum of Contemporary Art and in the theatres of the CCB. In the Museum, the project occupies three galleries and consist of two parts. In the first, during the month of May, [&hellip;]<\/p>\n","protected":false},"author":6,"featured_media":156554,"comment_status":"closed","ping_status":"closed","template":"","meta":{"_relevanssi_hide_post":"","_relevanssi_pin_for_all":"","_relevanssi_pin_keywords":"","_relevanssi_unpin_keywords":"","_relevanssi_related_keywords":"","_relevanssi_related_include_ids":"","_relevanssi_related_exclude_ids":"","_relevanssi_related_no_append":"","_relevanssi_related_not_related":"","_relevanssi_related_posts":"","_relevanssi_noindex_reason":""},"tribe_events_cat":[400,565],"tags_tema":[],"idades":[397],"tipos":[],"temas":[],"categorias_hubspot":[],"acf":[],"yoast_head":"<!-- This site is optimized with the Yoast SEO plugin v22.3 - https:\/\/yoast.com\/wordpress\/plugins\/seo\/ -->\n<title>Exposi\u00e7\u00e3o - Jo\u00e3o Fiadeiro. INTROSPECTIVE - Centro Cultural de Bel\u00e9m Foundation<\/title>\n<meta name=\"description\" content=\"INTROSPECTIVE is a retroprospective of the body of (and in the) work of Jo\u00e3o Fiadeiro that takes place in the galleries of the Museum of Contemporary Art and in the theatres of the CCB.\" \/>\n<meta name=\"robots\" content=\"index, follow, max-snippet:-1, max-image-preview:large, max-video-preview:-1\" \/>\n<link rel=\"canonical\" href=\"https:\/\/www.ccb.pt\/en\/evento\/joao-fiadeiro-introspectiva\/\" \/>\n<meta property=\"og:locale\" content=\"en_US\" \/>\n<meta property=\"og:type\" content=\"article\" \/>\n<meta property=\"og:title\" content=\"Jo\u00e3o Fiadeiro. INTROSPECTIVE | MAC\/CCB\" \/>\n<meta property=\"og:description\" content=\"INTROSPECTIVE is a retroprospective of the body of (and in the) work of Jo\u00e3o Fiadeiro that takes place in the galleries of the Museum of Contemporary Art and in the theatres of the CCB.\" \/>\n<meta property=\"og:url\" content=\"https:\/\/www.ccb.pt\/en\/evento\/joao-fiadeiro-introspectiva\/\" \/>\n<meta property=\"og:site_name\" content=\"Centro Cultural de Bel\u00e9m Foundation\" \/>\n<meta property=\"article:modified_time\" content=\"2025-09-05T15:37:31+00:00\" \/>\n<meta property=\"og:image\" content=\"https:\/\/www.ccb.pt\/wp-content\/uploads\/2024\/01\/joao-fiadeiro.jpg\" \/>\n\t<meta property=\"og:image:width\" content=\"1400\" \/>\n\t<meta property=\"og:image:height\" content=\"658\" \/>\n\t<meta property=\"og:image:type\" content=\"image\/jpeg\" \/>\n<meta name=\"twitter:card\" content=\"summary_large_image\" \/>\n<meta name=\"twitter:site\" content=\"@macccb_museu\" \/>\n<meta name=\"twitter:label1\" content=\"Est. reading time\" \/>\n\t<meta name=\"twitter:data1\" content=\"2 minutes\" \/>\n<script type=\"application\/ld+json\" class=\"yoast-schema-graph\">{\"@context\":\"https:\/\/schema.org\",\"@graph\":[{\"@type\":\"WebPage\",\"@id\":\"https:\/\/www.ccb.pt\/en\/evento\/joao-fiadeiro-introspectiva\/\",\"url\":\"https:\/\/www.ccb.pt\/en\/evento\/joao-fiadeiro-introspectiva\/\",\"name\":\"Exposi\u00e7\u00e3o - Jo\u00e3o Fiadeiro. INTROSPECTIVE - Centro Cultural de Bel\u00e9m Foundation\",\"isPartOf\":{\"@id\":\"https:\/\/www.ccb.pt\/#website\"},\"primaryImageOfPage\":{\"@id\":\"https:\/\/www.ccb.pt\/en\/evento\/joao-fiadeiro-introspectiva\/#primaryimage\"},\"image\":{\"@id\":\"https:\/\/www.ccb.pt\/en\/evento\/joao-fiadeiro-introspectiva\/#primaryimage\"},\"thumbnailUrl\":\"https:\/\/www.ccb.pt\/wp-content\/uploads\/2024\/01\/highres-web2000-Joao_Fiadeiro_I-Am-Here-Desaparecimento_foto_Patricia-Almeida.jpg\",\"datePublished\":\"2024-01-26T16:36:06+00:00\",\"dateModified\":\"2025-09-05T15:37:31+00:00\",\"description\":\"INTROSPECTIVE is a retroprospective of the body of (and in the) work of Jo\u00e3o Fiadeiro that takes place in the galleries of the Museum of Contemporary Art and in the theatres of the CCB.\",\"breadcrumb\":{\"@id\":\"https:\/\/www.ccb.pt\/en\/evento\/joao-fiadeiro-introspectiva\/#breadcrumb\"},\"inLanguage\":\"en-US\",\"potentialAction\":[{\"@type\":\"ReadAction\",\"target\":[\"https:\/\/www.ccb.pt\/en\/evento\/joao-fiadeiro-introspectiva\/\"]}]},{\"@type\":\"ImageObject\",\"inLanguage\":\"en-US\",\"@id\":\"https:\/\/www.ccb.pt\/en\/evento\/joao-fiadeiro-introspectiva\/#primaryimage\",\"url\":\"https:\/\/www.ccb.pt\/wp-content\/uploads\/2024\/01\/highres-web2000-Joao_Fiadeiro_I-Am-Here-Desaparecimento_foto_Patricia-Almeida.jpg\",\"contentUrl\":\"https:\/\/www.ccb.pt\/wp-content\/uploads\/2024\/01\/highres-web2000-Joao_Fiadeiro_I-Am-Here-Desaparecimento_foto_Patricia-Almeida.jpg\",\"width\":2000,\"height\":940,\"caption\":\"Jo\u00e3o Fiadeiro, 'I Am Here, Desaparecimento'. \u00a9 Patricia Almeida\"},{\"@type\":\"BreadcrumbList\",\"@id\":\"https:\/\/www.ccb.pt\/en\/evento\/joao-fiadeiro-introspectiva\/#breadcrumb\",\"itemListElement\":[{\"@type\":\"ListItem\",\"position\":1,\"name\":\"Home\",\"item\":\"https:\/\/www.ccb.pt\/en\/\"},{\"@type\":\"ListItem\",\"position\":2,\"name\":\"Eventos\",\"item\":\"https:\/\/www.ccb.pt\/eventos\/\"},{\"@type\":\"ListItem\",\"position\":3,\"name\":\"Jo\u00e3o Fiadeiro. INTROSPECTIVE\"}]},{\"@type\":\"WebSite\",\"@id\":\"https:\/\/www.ccb.pt\/#website\",\"url\":\"https:\/\/www.ccb.pt\/\",\"name\":\"Centro Cultural de Bel\u00e9m Foundation\",\"description\":\"\",\"publisher\":{\"@id\":\"https:\/\/www.ccb.pt\/#organization\"},\"potentialAction\":[{\"@type\":\"SearchAction\",\"target\":{\"@type\":\"EntryPoint\",\"urlTemplate\":\"https:\/\/www.ccb.pt\/?s={search_term_string}\"},\"query-input\":\"required name=search_term_string\"}],\"inLanguage\":\"en-US\"},{\"@type\":\"Organization\",\"@id\":\"https:\/\/www.ccb.pt\/#organization\",\"name\":\"Centro Cultural de Bel\u00e9m Foundation\",\"url\":\"https:\/\/www.ccb.pt\/\",\"logo\":{\"@type\":\"ImageObject\",\"inLanguage\":\"en-US\",\"@id\":\"https:\/\/www.ccb.pt\/#\/schema\/logo\/image\/\",\"url\":\"https:\/\/www.ccb.pt\/wp-content\/uploads\/2022\/05\/1_ccb.png\",\"contentUrl\":\"https:\/\/www.ccb.pt\/wp-content\/uploads\/2022\/05\/1_ccb.png\",\"width\":126,\"height\":100,\"caption\":\"Centro Cultural de Bel\u00e9m Foundation\"},\"image\":{\"@id\":\"https:\/\/www.ccb.pt\/#\/schema\/logo\/image\/\"},\"sameAs\":[\"https:\/\/twitter.com\/macccb_museu\"]}]}<\/script>\n<!-- \/ Yoast SEO plugin. -->","yoast_head_json":{"title":"Exposi\u00e7\u00e3o - Jo\u00e3o Fiadeiro. INTROSPECTIVE - Centro Cultural de Bel\u00e9m Foundation","description":"INTROSPECTIVE is a retroprospective of the body of (and in the) work of Jo\u00e3o Fiadeiro that takes place in the galleries of the Museum of Contemporary Art and in the theatres of the CCB.","robots":{"index":"index","follow":"follow","max-snippet":"max-snippet:-1","max-image-preview":"max-image-preview:large","max-video-preview":"max-video-preview:-1"},"canonical":"https:\/\/www.ccb.pt\/en\/evento\/joao-fiadeiro-introspectiva\/","og_locale":"en_US","og_type":"article","og_title":"Jo\u00e3o Fiadeiro. INTROSPECTIVE | MAC\/CCB","og_description":"INTROSPECTIVE is a retroprospective of the body of (and in the) work of Jo\u00e3o Fiadeiro that takes place in the galleries of the Museum of Contemporary Art and in the theatres of the CCB.","og_url":"https:\/\/www.ccb.pt\/en\/evento\/joao-fiadeiro-introspectiva\/","og_site_name":"Centro Cultural de Bel\u00e9m Foundation","article_modified_time":"2025-09-05T15:37:31+00:00","og_image":[{"width":1400,"height":658,"url":"https:\/\/www.ccb.pt\/wp-content\/uploads\/2024\/01\/joao-fiadeiro.jpg","type":"image\/jpeg"}],"twitter_card":"summary_large_image","twitter_site":"@macccb_museu","twitter_misc":{"Est. reading time":"2 minutes"},"schema":{"@context":"https:\/\/schema.org","@graph":[{"@type":"WebPage","@id":"https:\/\/www.ccb.pt\/en\/evento\/joao-fiadeiro-introspectiva\/","url":"https:\/\/www.ccb.pt\/en\/evento\/joao-fiadeiro-introspectiva\/","name":"Exposi\u00e7\u00e3o - Jo\u00e3o Fiadeiro. INTROSPECTIVE - Centro Cultural de Bel\u00e9m Foundation","isPartOf":{"@id":"https:\/\/www.ccb.pt\/#website"},"primaryImageOfPage":{"@id":"https:\/\/www.ccb.pt\/en\/evento\/joao-fiadeiro-introspectiva\/#primaryimage"},"image":{"@id":"https:\/\/www.ccb.pt\/en\/evento\/joao-fiadeiro-introspectiva\/#primaryimage"},"thumbnailUrl":"https:\/\/www.ccb.pt\/wp-content\/uploads\/2024\/01\/highres-web2000-Joao_Fiadeiro_I-Am-Here-Desaparecimento_foto_Patricia-Almeida.jpg","datePublished":"2024-01-26T16:36:06+00:00","dateModified":"2025-09-05T15:37:31+00:00","description":"INTROSPECTIVE is a retroprospective of the body of (and in the) work of Jo\u00e3o Fiadeiro that takes place in the galleries of the Museum of Contemporary Art and in the theatres of the CCB.","breadcrumb":{"@id":"https:\/\/www.ccb.pt\/en\/evento\/joao-fiadeiro-introspectiva\/#breadcrumb"},"inLanguage":"en-US","potentialAction":[{"@type":"ReadAction","target":["https:\/\/www.ccb.pt\/en\/evento\/joao-fiadeiro-introspectiva\/"]}]},{"@type":"ImageObject","inLanguage":"en-US","@id":"https:\/\/www.ccb.pt\/en\/evento\/joao-fiadeiro-introspectiva\/#primaryimage","url":"https:\/\/www.ccb.pt\/wp-content\/uploads\/2024\/01\/highres-web2000-Joao_Fiadeiro_I-Am-Here-Desaparecimento_foto_Patricia-Almeida.jpg","contentUrl":"https:\/\/www.ccb.pt\/wp-content\/uploads\/2024\/01\/highres-web2000-Joao_Fiadeiro_I-Am-Here-Desaparecimento_foto_Patricia-Almeida.jpg","width":2000,"height":940,"caption":"Jo\u00e3o Fiadeiro, 'I Am Here, Desaparecimento'. \u00a9 Patricia Almeida"},{"@type":"BreadcrumbList","@id":"https:\/\/www.ccb.pt\/en\/evento\/joao-fiadeiro-introspectiva\/#breadcrumb","itemListElement":[{"@type":"ListItem","position":1,"name":"Home","item":"https:\/\/www.ccb.pt\/en\/"},{"@type":"ListItem","position":2,"name":"Eventos","item":"https:\/\/www.ccb.pt\/eventos\/"},{"@type":"ListItem","position":3,"name":"Jo\u00e3o Fiadeiro. INTROSPECTIVE"}]},{"@type":"WebSite","@id":"https:\/\/www.ccb.pt\/#website","url":"https:\/\/www.ccb.pt\/","name":"Centro Cultural de Bel\u00e9m Foundation","description":"","publisher":{"@id":"https:\/\/www.ccb.pt\/#organization"},"potentialAction":[{"@type":"SearchAction","target":{"@type":"EntryPoint","urlTemplate":"https:\/\/www.ccb.pt\/?s={search_term_string}"},"query-input":"required name=search_term_string"}],"inLanguage":"en-US"},{"@type":"Organization","@id":"https:\/\/www.ccb.pt\/#organization","name":"Centro Cultural de Bel\u00e9m Foundation","url":"https:\/\/www.ccb.pt\/","logo":{"@type":"ImageObject","inLanguage":"en-US","@id":"https:\/\/www.ccb.pt\/#\/schema\/logo\/image\/","url":"https:\/\/www.ccb.pt\/wp-content\/uploads\/2022\/05\/1_ccb.png","contentUrl":"https:\/\/www.ccb.pt\/wp-content\/uploads\/2022\/05\/1_ccb.png","width":126,"height":100,"caption":"Centro Cultural de Bel\u00e9m Foundation"},"image":{"@id":"https:\/\/www.ccb.pt\/#\/schema\/logo\/image\/"},"sameAs":["https:\/\/twitter.com\/macccb_museu"]}]}},"_links":{"self":[{"href":"https:\/\/www.ccb.pt\/en\/wp-json\/wp\/v2\/tribe_events\/153747"}],"collection":[{"href":"https:\/\/www.ccb.pt\/en\/wp-json\/wp\/v2\/tribe_events"}],"about":[{"href":"https:\/\/www.ccb.pt\/en\/wp-json\/wp\/v2\/types\/tribe_events"}],"author":[{"embeddable":true,"href":"https:\/\/www.ccb.pt\/en\/wp-json\/wp\/v2\/users\/6"}],"replies":[{"embeddable":true,"href":"https:\/\/www.ccb.pt\/en\/wp-json\/wp\/v2\/comments?post=153747"}],"version-history":[{"count":32,"href":"https:\/\/www.ccb.pt\/en\/wp-json\/wp\/v2\/tribe_events\/153747\/revisions"}],"predecessor-version":[{"id":246300,"href":"https:\/\/www.ccb.pt\/en\/wp-json\/wp\/v2\/tribe_events\/153747\/revisions\/246300"}],"wp:featuredmedia":[{"embeddable":true,"href":"https:\/\/www.ccb.pt\/en\/wp-json\/wp\/v2\/media\/156554"}],"wp:attachment":[{"href":"https:\/\/www.ccb.pt\/en\/wp-json\/wp\/v2\/media?parent=153747"}],"wp:term":[{"taxonomy":"tribe_events_cat","embeddable":true,"href":"https:\/\/www.ccb.pt\/en\/wp-json\/wp\/v2\/tribe_events_cat?post=153747"},{"taxonomy":"tags_tema","embeddable":true,"href":"https:\/\/www.ccb.pt\/en\/wp-json\/wp\/v2\/tags_tema?post=153747"},{"taxonomy":"idades","embeddable":true,"href":"https:\/\/www.ccb.pt\/en\/wp-json\/wp\/v2\/idades?post=153747"},{"taxonomy":"tipos","embeddable":true,"href":"https:\/\/www.ccb.pt\/en\/wp-json\/wp\/v2\/tipos?post=153747"},{"taxonomy":"temas","embeddable":true,"href":"https:\/\/www.ccb.pt\/en\/wp-json\/wp\/v2\/temas?post=153747"},{"taxonomy":"categorias_hubspot","embeddable":true,"href":"https:\/\/www.ccb.pt\/en\/wp-json\/wp\/v2\/categorias_hubspot?post=153747"}],"curies":[{"name":"wp","href":"https:\/\/api.w.org\/{rel}","templated":true}]}}