    {"id":146923,"date":"2023-06-22T10:00:04","date_gmt":"2023-06-22T09:00:04","guid":{"rendered":"https:\/\/www.ccb.pt\/evento\/um-mini-museu-vivo-de-memorias-do-portugal-recente\/"},"modified":"2024-01-16T13:10:25","modified_gmt":"2024-01-16T13:10:25","slug":"um-mini-museu-vivo-de-memorias-do-portugal-recente","status":"publish","type":"tribe_events","link":"https:\/\/www.ccb.pt\/en\/evento\/um-mini-museu-vivo-de-memorias-do-portugal-recente\/2024-02-28\/","title":{"rendered":"<i>A Mini Living Museum of Memories of Recent Portugal<\/i>"},"content":{"rendered":"<p>Chests and archives opened in the year of the 50th anniversary of the 25th of April, the \u00abinitial, whole and clean day.\u00bb In this <em>Mini Museum<\/em> we found a set of stories of common people that were not recorded in history manuals as they are taught in schools. Small objects, family photographs, an old book from a personal library, a newspaper clipping kept between the pages of a diary \u2013 witnesses to other possible ways of remembering and telling these stories. A chronological journey through the history of the 20th century in Portugal that begins with the discovery of a box full of pamphlets and evidence of a set of utopias that have now fallen into disuse. For this new version of 2024, D\u00fania Semedo shares the memory laboratory with Joana Craveiro, digging deeper into pieces of Portuguese colonial history and memories of Cape Verde and its liberation struggle.<\/p>\n<p><strong>Session on February 29th with interpretation in Portuguese Sign Language.<\/strong><\/p>\n<p>&nbsp;<\/p>\n<p>&nbsp;<\/p>\n","protected":false},"excerpt":{"rendered":"<p>Chests and archives opened in the year of the 50th anniversary of the 25th of April, the \u00abinitial, whole and clean day.\u00bb In this Mini Museum we found a set of stories of common people that were not recorded in history manuals as they are taught in schools. Small objects, family photographs, an old book [&hellip;]<\/p>\n","protected":false},"author":6,"featured_media":122821,"comment_status":"closed","ping_status":"closed","template":"","meta":{"_relevanssi_hide_post":"","_relevanssi_pin_for_all":"","_relevanssi_pin_keywords":"","_relevanssi_unpin_keywords":"","_relevanssi_related_keywords":"","_relevanssi_related_include_ids":"","_relevanssi_related_exclude_ids":"","_relevanssi_related_no_append":"","_relevanssi_related_not_related":"","_relevanssi_related_posts":"","_relevanssi_noindex_reason":""},"tribe_events_cat":[404,617,23,402],"tags_tema":[],"idades":[393],"tipos":[],"temas":[],"categorias_hubspot":[],"acf":[],"yoast_head":"<!-- This site is optimized with the Yoast SEO plugin v22.3 - https:\/\/yoast.com\/wordpress\/plugins\/seo\/ -->\n<title>A Mini Living Museum of Memories of Recent Portugal - Centro Cultural de Bel\u00e9m Foundation<\/title>\n<meta name=\"description\" content=\"O Mini Museu Vivo reconta a hist\u00f3ria da revolu\u00e7\u00e3o de Abril, promovendo a comunidade atrav\u00e9s de um espet\u00e1culo envolvente.\" \/>\n<meta name=\"robots\" content=\"index, follow, max-snippet:-1, max-image-preview:large, max-video-preview:-1\" \/>\n<link rel=\"canonical\" href=\"https:\/\/www.ccb.pt\/en\/evento\/um-mini-museu-vivo-de-memorias-do-portugal-recente\/2024-02-28\/\" \/>\n<meta property=\"og:locale\" content=\"en_US\" \/>\n<meta property=\"og:type\" content=\"article\" \/>\n<meta property=\"og:title\" content=\"A Mini Living Museum of Memories of Recent Portugal - Centro Cultural de Bel\u00e9m Foundation\" \/>\n<meta property=\"og:description\" content=\"O Mini Museu Vivo reconta a hist\u00f3ria da revolu\u00e7\u00e3o de Abril, promovendo a comunidade atrav\u00e9s de um espet\u00e1culo envolvente.\" \/>\n<meta property=\"og:url\" content=\"https:\/\/www.ccb.pt\/en\/evento\/um-mini-museu-vivo-de-memorias-do-portugal-recente\/2024-02-28\/\" \/>\n<meta property=\"og:site_name\" content=\"Centro Cultural de Bel\u00e9m Foundation\" \/>\n<meta property=\"article:modified_time\" content=\"2024-01-16T13:10:25+00:00\" \/>\n<meta property=\"og:image\" content=\"https:\/\/www.ccb.pt\/wp-content\/uploads\/2023\/06\/Mini-Museu-Vivo-scaled.jpg\" \/>\n\t<meta property=\"og:image:width\" content=\"2560\" \/>\n\t<meta property=\"og:image:height\" content=\"1715\" \/>\n\t<meta property=\"og:image:type\" content=\"image\/jpeg\" \/>\n<meta name=\"twitter:card\" content=\"summary_large_image\" \/>\n<meta name=\"twitter:site\" content=\"@macccb_museu\" \/>\n<meta name=\"twitter:label1\" content=\"Est. reading time\" \/>\n\t<meta name=\"twitter:data1\" content=\"1 minute\" \/>\n<script type=\"application\/ld+json\" class=\"yoast-schema-graph\">{\"@context\":\"https:\/\/schema.org\",\"@graph\":[{\"@type\":\"WebPage\",\"@id\":\"https:\/\/www.ccb.pt\/en\/evento\/um-mini-museu-vivo-de-memorias-do-portugal-recente\/2024-02-28\/\",\"url\":\"https:\/\/www.ccb.pt\/en\/evento\/um-mini-museu-vivo-de-memorias-do-portugal-recente\/2024-02-28\/\",\"name\":\"A Mini Living Museum of Memories of Recent Portugal - Centro Cultural de Bel\u00e9m Foundation\",\"isPartOf\":{\"@id\":\"https:\/\/www.ccb.pt\/#website\"},\"primaryImageOfPage\":{\"@id\":\"https:\/\/www.ccb.pt\/en\/evento\/um-mini-museu-vivo-de-memorias-do-portugal-recente\/2024-02-28\/#primaryimage\"},\"image\":{\"@id\":\"https:\/\/www.ccb.pt\/en\/evento\/um-mini-museu-vivo-de-memorias-do-portugal-recente\/2024-02-28\/#primaryimage\"},\"thumbnailUrl\":\"https:\/\/www.ccb.pt\/wp-content\/uploads\/2023\/06\/Mini-Museu-Vivo-scaled.jpg\",\"datePublished\":\"2023-06-22T09:00:04+00:00\",\"dateModified\":\"2024-01-16T13:10:25+00:00\",\"description\":\"O Mini Museu Vivo reconta a hist\u00f3ria da revolu\u00e7\u00e3o de Abril, promovendo a comunidade atrav\u00e9s de um espet\u00e1culo envolvente.\",\"breadcrumb\":{\"@id\":\"https:\/\/www.ccb.pt\/en\/evento\/um-mini-museu-vivo-de-memorias-do-portugal-recente\/2024-02-28\/#breadcrumb\"},\"inLanguage\":\"en-US\",\"potentialAction\":[{\"@type\":\"ReadAction\",\"target\":[\"https:\/\/www.ccb.pt\/en\/evento\/um-mini-museu-vivo-de-memorias-do-portugal-recente\/2024-02-28\/\"]}]},{\"@type\":\"ImageObject\",\"inLanguage\":\"en-US\",\"@id\":\"https:\/\/www.ccb.pt\/en\/evento\/um-mini-museu-vivo-de-memorias-do-portugal-recente\/2024-02-28\/#primaryimage\",\"url\":\"https:\/\/www.ccb.pt\/wp-content\/uploads\/2023\/06\/Mini-Museu-Vivo-scaled.jpg\",\"contentUrl\":\"https:\/\/www.ccb.pt\/wp-content\/uploads\/2023\/06\/Mini-Museu-Vivo-scaled.jpg\",\"width\":2560,\"height\":1715,\"caption\":\"Mini-Museu Vivo no CCB\"},{\"@type\":\"BreadcrumbList\",\"@id\":\"https:\/\/www.ccb.pt\/en\/evento\/um-mini-museu-vivo-de-memorias-do-portugal-recente\/2024-02-28\/#breadcrumb\",\"itemListElement\":[{\"@type\":\"ListItem\",\"position\":1,\"name\":\"Home\",\"item\":\"https:\/\/www.ccb.pt\/en\/\"},{\"@type\":\"ListItem\",\"position\":2,\"name\":\"Eventos\",\"item\":\"https:\/\/www.ccb.pt\/eventos\/\"},{\"@type\":\"ListItem\",\"position\":3,\"name\":\"A Mini Living Museum of Memories of Recent Portugal\"}]},{\"@type\":\"WebSite\",\"@id\":\"https:\/\/www.ccb.pt\/#website\",\"url\":\"https:\/\/www.ccb.pt\/\",\"name\":\"Centro Cultural de Bel\u00e9m Foundation\",\"description\":\"\",\"publisher\":{\"@id\":\"https:\/\/www.ccb.pt\/#organization\"},\"potentialAction\":[{\"@type\":\"SearchAction\",\"target\":{\"@type\":\"EntryPoint\",\"urlTemplate\":\"https:\/\/www.ccb.pt\/?s={search_term_string}\"},\"query-input\":\"required name=search_term_string\"}],\"inLanguage\":\"en-US\"},{\"@type\":\"Organization\",\"@id\":\"https:\/\/www.ccb.pt\/#organization\",\"name\":\"Centro Cultural de Bel\u00e9m Foundation\",\"url\":\"https:\/\/www.ccb.pt\/\",\"logo\":{\"@type\":\"ImageObject\",\"inLanguage\":\"en-US\",\"@id\":\"https:\/\/www.ccb.pt\/#\/schema\/logo\/image\/\",\"url\":\"https:\/\/www.ccb.pt\/wp-content\/uploads\/2022\/05\/1_ccb.png\",\"contentUrl\":\"https:\/\/www.ccb.pt\/wp-content\/uploads\/2022\/05\/1_ccb.png\",\"width\":126,\"height\":100,\"caption\":\"Centro Cultural de Bel\u00e9m Foundation\"},\"image\":{\"@id\":\"https:\/\/www.ccb.pt\/#\/schema\/logo\/image\/\"},\"sameAs\":[\"https:\/\/twitter.com\/macccb_museu\"]}]}<\/script>\n<!-- \/ Yoast SEO plugin. -->","yoast_head_json":{"title":"A Mini Living Museum of Memories of Recent Portugal - Centro Cultural de Bel\u00e9m Foundation","description":"O Mini Museu Vivo reconta a hist\u00f3ria da revolu\u00e7\u00e3o de Abril, promovendo a comunidade atrav\u00e9s de um espet\u00e1culo envolvente.","robots":{"index":"index","follow":"follow","max-snippet":"max-snippet:-1","max-image-preview":"max-image-preview:large","max-video-preview":"max-video-preview:-1"},"canonical":"https:\/\/www.ccb.pt\/en\/evento\/um-mini-museu-vivo-de-memorias-do-portugal-recente\/2024-02-28\/","og_locale":"en_US","og_type":"article","og_title":"A Mini Living Museum of Memories of Recent Portugal - Centro Cultural de Bel\u00e9m Foundation","og_description":"O Mini Museu Vivo reconta a hist\u00f3ria da revolu\u00e7\u00e3o de Abril, promovendo a comunidade atrav\u00e9s de um espet\u00e1culo envolvente.","og_url":"https:\/\/www.ccb.pt\/en\/evento\/um-mini-museu-vivo-de-memorias-do-portugal-recente\/2024-02-28\/","og_site_name":"Centro Cultural de Bel\u00e9m Foundation","article_modified_time":"2024-01-16T13:10:25+00:00","og_image":[{"width":2560,"height":1715,"url":"https:\/\/www.ccb.pt\/wp-content\/uploads\/2023\/06\/Mini-Museu-Vivo-scaled.jpg","type":"image\/jpeg"}],"twitter_card":"summary_large_image","twitter_site":"@macccb_museu","twitter_misc":{"Est. reading time":"1 minute"},"schema":{"@context":"https:\/\/schema.org","@graph":[{"@type":"WebPage","@id":"https:\/\/www.ccb.pt\/en\/evento\/um-mini-museu-vivo-de-memorias-do-portugal-recente\/2024-02-28\/","url":"https:\/\/www.ccb.pt\/en\/evento\/um-mini-museu-vivo-de-memorias-do-portugal-recente\/2024-02-28\/","name":"A Mini Living Museum of Memories of Recent Portugal - Centro Cultural de Bel\u00e9m Foundation","isPartOf":{"@id":"https:\/\/www.ccb.pt\/#website"},"primaryImageOfPage":{"@id":"https:\/\/www.ccb.pt\/en\/evento\/um-mini-museu-vivo-de-memorias-do-portugal-recente\/2024-02-28\/#primaryimage"},"image":{"@id":"https:\/\/www.ccb.pt\/en\/evento\/um-mini-museu-vivo-de-memorias-do-portugal-recente\/2024-02-28\/#primaryimage"},"thumbnailUrl":"https:\/\/www.ccb.pt\/wp-content\/uploads\/2023\/06\/Mini-Museu-Vivo-scaled.jpg","datePublished":"2023-06-22T09:00:04+00:00","dateModified":"2024-01-16T13:10:25+00:00","description":"O Mini Museu Vivo reconta a hist\u00f3ria da revolu\u00e7\u00e3o de Abril, promovendo a comunidade atrav\u00e9s de um espet\u00e1culo envolvente.","breadcrumb":{"@id":"https:\/\/www.ccb.pt\/en\/evento\/um-mini-museu-vivo-de-memorias-do-portugal-recente\/2024-02-28\/#breadcrumb"},"inLanguage":"en-US","potentialAction":[{"@type":"ReadAction","target":["https:\/\/www.ccb.pt\/en\/evento\/um-mini-museu-vivo-de-memorias-do-portugal-recente\/2024-02-28\/"]}]},{"@type":"ImageObject","inLanguage":"en-US","@id":"https:\/\/www.ccb.pt\/en\/evento\/um-mini-museu-vivo-de-memorias-do-portugal-recente\/2024-02-28\/#primaryimage","url":"https:\/\/www.ccb.pt\/wp-content\/uploads\/2023\/06\/Mini-Museu-Vivo-scaled.jpg","contentUrl":"https:\/\/www.ccb.pt\/wp-content\/uploads\/2023\/06\/Mini-Museu-Vivo-scaled.jpg","width":2560,"height":1715,"caption":"Mini-Museu Vivo no CCB"},{"@type":"BreadcrumbList","@id":"https:\/\/www.ccb.pt\/en\/evento\/um-mini-museu-vivo-de-memorias-do-portugal-recente\/2024-02-28\/#breadcrumb","itemListElement":[{"@type":"ListItem","position":1,"name":"Home","item":"https:\/\/www.ccb.pt\/en\/"},{"@type":"ListItem","position":2,"name":"Eventos","item":"https:\/\/www.ccb.pt\/eventos\/"},{"@type":"ListItem","position":3,"name":"A Mini Living Museum of Memories of Recent Portugal"}]},{"@type":"WebSite","@id":"https:\/\/www.ccb.pt\/#website","url":"https:\/\/www.ccb.pt\/","name":"Centro Cultural de Bel\u00e9m Foundation","description":"","publisher":{"@id":"https:\/\/www.ccb.pt\/#organization"},"potentialAction":[{"@type":"SearchAction","target":{"@type":"EntryPoint","urlTemplate":"https:\/\/www.ccb.pt\/?s={search_term_string}"},"query-input":"required name=search_term_string"}],"inLanguage":"en-US"},{"@type":"Organization","@id":"https:\/\/www.ccb.pt\/#organization","name":"Centro Cultural de Bel\u00e9m Foundation","url":"https:\/\/www.ccb.pt\/","logo":{"@type":"ImageObject","inLanguage":"en-US","@id":"https:\/\/www.ccb.pt\/#\/schema\/logo\/image\/","url":"https:\/\/www.ccb.pt\/wp-content\/uploads\/2022\/05\/1_ccb.png","contentUrl":"https:\/\/www.ccb.pt\/wp-content\/uploads\/2022\/05\/1_ccb.png","width":126,"height":100,"caption":"Centro Cultural de Bel\u00e9m Foundation"},"image":{"@id":"https:\/\/www.ccb.pt\/#\/schema\/logo\/image\/"},"sameAs":["https:\/\/twitter.com\/macccb_museu"]}]}},"_links":{"self":[{"href":"https:\/\/www.ccb.pt\/en\/wp-json\/wp\/v2\/tribe_events\/146923"}],"collection":[{"href":"https:\/\/www.ccb.pt\/en\/wp-json\/wp\/v2\/tribe_events"}],"about":[{"href":"https:\/\/www.ccb.pt\/en\/wp-json\/wp\/v2\/types\/tribe_events"}],"author":[{"embeddable":true,"href":"https:\/\/www.ccb.pt\/en\/wp-json\/wp\/v2\/users\/6"}],"replies":[{"embeddable":true,"href":"https:\/\/www.ccb.pt\/en\/wp-json\/wp\/v2\/comments?post=146923"}],"version-history":[{"count":4,"href":"https:\/\/www.ccb.pt\/en\/wp-json\/wp\/v2\/tribe_events\/146923\/revisions"}],"predecessor-version":[{"id":151149,"href":"https:\/\/www.ccb.pt\/en\/wp-json\/wp\/v2\/tribe_events\/146923\/revisions\/151149"}],"wp:featuredmedia":[{"embeddable":true,"href":"https:\/\/www.ccb.pt\/en\/wp-json\/wp\/v2\/media\/122821"}],"wp:attachment":[{"href":"https:\/\/www.ccb.pt\/en\/wp-json\/wp\/v2\/media?parent=146923"}],"wp:term":[{"taxonomy":"tribe_events_cat","embeddable":true,"href":"https:\/\/www.ccb.pt\/en\/wp-json\/wp\/v2\/tribe_events_cat?post=146923"},{"taxonomy":"tags_tema","embeddable":true,"href":"https:\/\/www.ccb.pt\/en\/wp-json\/wp\/v2\/tags_tema?post=146923"},{"taxonomy":"idades","embeddable":true,"href":"https:\/\/www.ccb.pt\/en\/wp-json\/wp\/v2\/idades?post=146923"},{"taxonomy":"tipos","embeddable":true,"href":"https:\/\/www.ccb.pt\/en\/wp-json\/wp\/v2\/tipos?post=146923"},{"taxonomy":"temas","embeddable":true,"href":"https:\/\/www.ccb.pt\/en\/wp-json\/wp\/v2\/temas?post=146923"},{"taxonomy":"categorias_hubspot","embeddable":true,"href":"https:\/\/www.ccb.pt\/en\/wp-json\/wp\/v2\/categorias_hubspot?post=146923"}],"curies":[{"name":"wp","href":"https:\/\/api.w.org\/{rel}","templated":true}]}}