    {"id":146857,"date":"2023-06-22T10:00:44","date_gmt":"2023-06-22T09:00:44","guid":{"rendered":"https:\/\/www.ccb.pt\/evento\/concertos-comentadosas-quatro-estacoes-de-vivaldi\/"},"modified":"2023-12-14T11:43:04","modified_gmt":"2023-12-14T11:43:04","slug":"concertos-comentadosas-quatro-estacoes-de-vivaldi","status":"publish","type":"tribe_events","link":"https:\/\/www.ccb.pt\/en\/evento\/concertos-comentadosas-quatro-estacoes-de-vivaldi\/","title":{"rendered":"<i>Le quattro stagioni <\/i> by Vivaldi"},"content":{"rendered":"<p><em>Le quattro stagioni<\/em> by Vivaldi are one of the most famous works in the history of music. Is it possible to find an \u00abalternative version\u00bb of these acrobatic violin concertos with even more colors and surprising effects? How would they sound when played by the great German violinist Pisendel, student and friend of Vivaldi, and the court orchestra of Dresden, Saxony? As imaginative and rich in contrasts as the concertos \u00abcon molti strumenti\u00bb that the Venetian composer wrote for his friend and to the most famous European orchestra of his time? In them, alongside the omnipresent violin \u2014 here an incredible instrument by Francesco Rugeri, made in Cremona in 1680, and splendidly played by the virtuoso Alfia Bakieva \u2014 pairs of flutes, oboes and horns shine, but also the bassoon, cello and harpsichord. This concert is a unique opportunity to rediscover Vivaldi&#8217;s masterpieces, both the most and least known, all performed with the combination of historical rigor and the ever-current enthusiasm that the Ludovice Ensemble has accustomed us to.<\/p>\n<p>&nbsp;<\/p>\n<p><strong>Concert commented by<\/strong> <strong>Fernando Miguel Jal\u00f4to<\/strong><\/p>\n<p>&nbsp;<\/p>\n","protected":false},"excerpt":{"rendered":"<p>Le quattro stagioni by Vivaldi are one of the most famous works in the history of music. Is it possible to find an \u00abalternative version\u00bb of these acrobatic violin concertos with even more colors and surprising effects? How would they sound when played by the great German violinist Pisendel, student and friend of Vivaldi, and [&hellip;]<\/p>\n","protected":false},"author":6,"featured_media":122908,"comment_status":"closed","ping_status":"closed","template":"","meta":{"_relevanssi_hide_post":"","_relevanssi_pin_for_all":"","_relevanssi_pin_keywords":"","_relevanssi_unpin_keywords":"","_relevanssi_related_keywords":"","_relevanssi_related_include_ids":"","_relevanssi_related_exclude_ids":"","_relevanssi_related_no_append":"","_relevanssi_related_not_related":"","_relevanssi_related_posts":"","_relevanssi_noindex_reason":""},"tribe_events_cat":[590,23],"tags_tema":[],"idades":[392],"tipos":[],"temas":[],"categorias_hubspot":[],"acf":[],"yoast_head":"<!-- This site is optimized with the Yoast SEO plugin v22.3 - https:\/\/yoast.com\/wordpress\/plugins\/seo\/ -->\n<title>Le quattro stagioni  by Vivaldi - Centro Cultural de Bel\u00e9m Foundation<\/title>\n<meta name=\"description\" content=\"Veja vers\u00f5es alternativas das Quatro Esta\u00e7\u00f5es de Vivaldi, interpretadas por Ludovice Ensemble com instrumentos hist\u00f3ricos e entusiasmo atual.\" \/>\n<meta name=\"robots\" content=\"index, follow, max-snippet:-1, max-image-preview:large, max-video-preview:-1\" \/>\n<link rel=\"canonical\" href=\"https:\/\/www.ccb.pt\/en\/evento\/concertos-comentadosas-quatro-estacoes-de-vivaldi\/\" \/>\n<meta property=\"og:locale\" content=\"en_US\" \/>\n<meta property=\"og:type\" content=\"article\" \/>\n<meta property=\"og:title\" content=\"Le quattro stagioni  by Vivaldi - Centro Cultural de Bel\u00e9m Foundation\" \/>\n<meta property=\"og:description\" content=\"Veja vers\u00f5es alternativas das Quatro Esta\u00e7\u00f5es de Vivaldi, interpretadas por Ludovice Ensemble com instrumentos hist\u00f3ricos e entusiasmo atual.\" \/>\n<meta property=\"og:url\" content=\"https:\/\/www.ccb.pt\/en\/evento\/concertos-comentadosas-quatro-estacoes-de-vivaldi\/\" \/>\n<meta property=\"og:site_name\" content=\"Centro Cultural de Bel\u00e9m Foundation\" \/>\n<meta property=\"article:modified_time\" content=\"2023-12-14T11:43:04+00:00\" \/>\n<meta property=\"og:image\" content=\"https:\/\/www.ccb.pt\/wp-content\/uploads\/2023\/06\/\uf021-Ludovice-Ensemble-1.jpg\" \/>\n\t<meta property=\"og:image:width\" content=\"800\" \/>\n\t<meta property=\"og:image:height\" content=\"533\" \/>\n\t<meta property=\"og:image:type\" content=\"image\/jpeg\" \/>\n<meta name=\"twitter:card\" content=\"summary_large_image\" \/>\n<meta name=\"twitter:site\" content=\"@macccb_museu\" \/>\n<meta name=\"twitter:label1\" content=\"Est. reading time\" \/>\n\t<meta name=\"twitter:data1\" content=\"1 minute\" \/>\n<script type=\"application\/ld+json\" class=\"yoast-schema-graph\">{\"@context\":\"https:\/\/schema.org\",\"@graph\":[{\"@type\":\"WebPage\",\"@id\":\"https:\/\/www.ccb.pt\/en\/evento\/concertos-comentadosas-quatro-estacoes-de-vivaldi\/\",\"url\":\"https:\/\/www.ccb.pt\/en\/evento\/concertos-comentadosas-quatro-estacoes-de-vivaldi\/\",\"name\":\"Le quattro stagioni by Vivaldi - Centro Cultural de Bel\u00e9m Foundation\",\"isPartOf\":{\"@id\":\"https:\/\/www.ccb.pt\/#website\"},\"primaryImageOfPage\":{\"@id\":\"https:\/\/www.ccb.pt\/en\/evento\/concertos-comentadosas-quatro-estacoes-de-vivaldi\/#primaryimage\"},\"image\":{\"@id\":\"https:\/\/www.ccb.pt\/en\/evento\/concertos-comentadosas-quatro-estacoes-de-vivaldi\/#primaryimage\"},\"thumbnailUrl\":\"https:\/\/www.ccb.pt\/wp-content\/uploads\/2023\/06\/\uf021-Ludovice-Ensemble-1.jpg\",\"datePublished\":\"2023-06-22T09:00:44+00:00\",\"dateModified\":\"2023-12-14T11:43:04+00:00\",\"description\":\"Veja vers\u00f5es alternativas das Quatro Esta\u00e7\u00f5es de Vivaldi, interpretadas por Ludovice Ensemble com instrumentos hist\u00f3ricos e entusiasmo atual.\",\"breadcrumb\":{\"@id\":\"https:\/\/www.ccb.pt\/en\/evento\/concertos-comentadosas-quatro-estacoes-de-vivaldi\/#breadcrumb\"},\"inLanguage\":\"en-US\",\"potentialAction\":[{\"@type\":\"ReadAction\",\"target\":[\"https:\/\/www.ccb.pt\/en\/evento\/concertos-comentadosas-quatro-estacoes-de-vivaldi\/\"]}]},{\"@type\":\"ImageObject\",\"inLanguage\":\"en-US\",\"@id\":\"https:\/\/www.ccb.pt\/en\/evento\/concertos-comentadosas-quatro-estacoes-de-vivaldi\/#primaryimage\",\"url\":\"https:\/\/www.ccb.pt\/wp-content\/uploads\/2023\/06\/\uf021-Ludovice-Ensemble-1.jpg\",\"contentUrl\":\"https:\/\/www.ccb.pt\/wp-content\/uploads\/2023\/06\/\uf021-Ludovice-Ensemble-1.jpg\",\"width\":800,\"height\":533,\"caption\":\"Ludovice Ensemble no CCB\"},{\"@type\":\"BreadcrumbList\",\"@id\":\"https:\/\/www.ccb.pt\/en\/evento\/concertos-comentadosas-quatro-estacoes-de-vivaldi\/#breadcrumb\",\"itemListElement\":[{\"@type\":\"ListItem\",\"position\":1,\"name\":\"Home\",\"item\":\"https:\/\/www.ccb.pt\/en\/\"},{\"@type\":\"ListItem\",\"position\":2,\"name\":\"Eventos\",\"item\":\"https:\/\/www.ccb.pt\/eventos\/\"},{\"@type\":\"ListItem\",\"position\":3,\"name\":\"Le quattro stagioni by Vivaldi\"}]},{\"@type\":\"WebSite\",\"@id\":\"https:\/\/www.ccb.pt\/#website\",\"url\":\"https:\/\/www.ccb.pt\/\",\"name\":\"Centro Cultural de Bel\u00e9m Foundation\",\"description\":\"\",\"publisher\":{\"@id\":\"https:\/\/www.ccb.pt\/#organization\"},\"potentialAction\":[{\"@type\":\"SearchAction\",\"target\":{\"@type\":\"EntryPoint\",\"urlTemplate\":\"https:\/\/www.ccb.pt\/?s={search_term_string}\"},\"query-input\":\"required name=search_term_string\"}],\"inLanguage\":\"en-US\"},{\"@type\":\"Organization\",\"@id\":\"https:\/\/www.ccb.pt\/#organization\",\"name\":\"Centro Cultural de Bel\u00e9m Foundation\",\"url\":\"https:\/\/www.ccb.pt\/\",\"logo\":{\"@type\":\"ImageObject\",\"inLanguage\":\"en-US\",\"@id\":\"https:\/\/www.ccb.pt\/#\/schema\/logo\/image\/\",\"url\":\"https:\/\/www.ccb.pt\/wp-content\/uploads\/2022\/05\/1_ccb.png\",\"contentUrl\":\"https:\/\/www.ccb.pt\/wp-content\/uploads\/2022\/05\/1_ccb.png\",\"width\":126,\"height\":100,\"caption\":\"Centro Cultural de Bel\u00e9m Foundation\"},\"image\":{\"@id\":\"https:\/\/www.ccb.pt\/#\/schema\/logo\/image\/\"},\"sameAs\":[\"https:\/\/twitter.com\/macccb_museu\"]}]}<\/script>\n<!-- \/ Yoast SEO plugin. -->","yoast_head_json":{"title":"Le quattro stagioni  by Vivaldi - Centro Cultural de Bel\u00e9m Foundation","description":"Veja vers\u00f5es alternativas das Quatro Esta\u00e7\u00f5es de Vivaldi, interpretadas por Ludovice Ensemble com instrumentos hist\u00f3ricos e entusiasmo atual.","robots":{"index":"index","follow":"follow","max-snippet":"max-snippet:-1","max-image-preview":"max-image-preview:large","max-video-preview":"max-video-preview:-1"},"canonical":"https:\/\/www.ccb.pt\/en\/evento\/concertos-comentadosas-quatro-estacoes-de-vivaldi\/","og_locale":"en_US","og_type":"article","og_title":"Le quattro stagioni  by Vivaldi - Centro Cultural de Bel\u00e9m Foundation","og_description":"Veja vers\u00f5es alternativas das Quatro Esta\u00e7\u00f5es de Vivaldi, interpretadas por Ludovice Ensemble com instrumentos hist\u00f3ricos e entusiasmo atual.","og_url":"https:\/\/www.ccb.pt\/en\/evento\/concertos-comentadosas-quatro-estacoes-de-vivaldi\/","og_site_name":"Centro Cultural de Bel\u00e9m Foundation","article_modified_time":"2023-12-14T11:43:04+00:00","og_image":[{"width":800,"height":533,"url":"https:\/\/www.ccb.pt\/wp-content\/uploads\/2023\/06\/\uf021-Ludovice-Ensemble-1.jpg","type":"image\/jpeg"}],"twitter_card":"summary_large_image","twitter_site":"@macccb_museu","twitter_misc":{"Est. reading time":"1 minute"},"schema":{"@context":"https:\/\/schema.org","@graph":[{"@type":"WebPage","@id":"https:\/\/www.ccb.pt\/en\/evento\/concertos-comentadosas-quatro-estacoes-de-vivaldi\/","url":"https:\/\/www.ccb.pt\/en\/evento\/concertos-comentadosas-quatro-estacoes-de-vivaldi\/","name":"Le quattro stagioni by Vivaldi - Centro Cultural de Bel\u00e9m Foundation","isPartOf":{"@id":"https:\/\/www.ccb.pt\/#website"},"primaryImageOfPage":{"@id":"https:\/\/www.ccb.pt\/en\/evento\/concertos-comentadosas-quatro-estacoes-de-vivaldi\/#primaryimage"},"image":{"@id":"https:\/\/www.ccb.pt\/en\/evento\/concertos-comentadosas-quatro-estacoes-de-vivaldi\/#primaryimage"},"thumbnailUrl":"https:\/\/www.ccb.pt\/wp-content\/uploads\/2023\/06\/\uf021-Ludovice-Ensemble-1.jpg","datePublished":"2023-06-22T09:00:44+00:00","dateModified":"2023-12-14T11:43:04+00:00","description":"Veja vers\u00f5es alternativas das Quatro Esta\u00e7\u00f5es de Vivaldi, interpretadas por Ludovice Ensemble com instrumentos hist\u00f3ricos e entusiasmo atual.","breadcrumb":{"@id":"https:\/\/www.ccb.pt\/en\/evento\/concertos-comentadosas-quatro-estacoes-de-vivaldi\/#breadcrumb"},"inLanguage":"en-US","potentialAction":[{"@type":"ReadAction","target":["https:\/\/www.ccb.pt\/en\/evento\/concertos-comentadosas-quatro-estacoes-de-vivaldi\/"]}]},{"@type":"ImageObject","inLanguage":"en-US","@id":"https:\/\/www.ccb.pt\/en\/evento\/concertos-comentadosas-quatro-estacoes-de-vivaldi\/#primaryimage","url":"https:\/\/www.ccb.pt\/wp-content\/uploads\/2023\/06\/\uf021-Ludovice-Ensemble-1.jpg","contentUrl":"https:\/\/www.ccb.pt\/wp-content\/uploads\/2023\/06\/\uf021-Ludovice-Ensemble-1.jpg","width":800,"height":533,"caption":"Ludovice Ensemble no CCB"},{"@type":"BreadcrumbList","@id":"https:\/\/www.ccb.pt\/en\/evento\/concertos-comentadosas-quatro-estacoes-de-vivaldi\/#breadcrumb","itemListElement":[{"@type":"ListItem","position":1,"name":"Home","item":"https:\/\/www.ccb.pt\/en\/"},{"@type":"ListItem","position":2,"name":"Eventos","item":"https:\/\/www.ccb.pt\/eventos\/"},{"@type":"ListItem","position":3,"name":"Le quattro stagioni by Vivaldi"}]},{"@type":"WebSite","@id":"https:\/\/www.ccb.pt\/#website","url":"https:\/\/www.ccb.pt\/","name":"Centro Cultural de Bel\u00e9m Foundation","description":"","publisher":{"@id":"https:\/\/www.ccb.pt\/#organization"},"potentialAction":[{"@type":"SearchAction","target":{"@type":"EntryPoint","urlTemplate":"https:\/\/www.ccb.pt\/?s={search_term_string}"},"query-input":"required name=search_term_string"}],"inLanguage":"en-US"},{"@type":"Organization","@id":"https:\/\/www.ccb.pt\/#organization","name":"Centro Cultural de Bel\u00e9m Foundation","url":"https:\/\/www.ccb.pt\/","logo":{"@type":"ImageObject","inLanguage":"en-US","@id":"https:\/\/www.ccb.pt\/#\/schema\/logo\/image\/","url":"https:\/\/www.ccb.pt\/wp-content\/uploads\/2022\/05\/1_ccb.png","contentUrl":"https:\/\/www.ccb.pt\/wp-content\/uploads\/2022\/05\/1_ccb.png","width":126,"height":100,"caption":"Centro Cultural de Bel\u00e9m Foundation"},"image":{"@id":"https:\/\/www.ccb.pt\/#\/schema\/logo\/image\/"},"sameAs":["https:\/\/twitter.com\/macccb_museu"]}]}},"_links":{"self":[{"href":"https:\/\/www.ccb.pt\/en\/wp-json\/wp\/v2\/tribe_events\/146857"}],"collection":[{"href":"https:\/\/www.ccb.pt\/en\/wp-json\/wp\/v2\/tribe_events"}],"about":[{"href":"https:\/\/www.ccb.pt\/en\/wp-json\/wp\/v2\/types\/tribe_events"}],"author":[{"embeddable":true,"href":"https:\/\/www.ccb.pt\/en\/wp-json\/wp\/v2\/users\/6"}],"replies":[{"embeddable":true,"href":"https:\/\/www.ccb.pt\/en\/wp-json\/wp\/v2\/comments?post=146857"}],"version-history":[{"count":3,"href":"https:\/\/www.ccb.pt\/en\/wp-json\/wp\/v2\/tribe_events\/146857\/revisions"}],"predecessor-version":[{"id":146861,"href":"https:\/\/www.ccb.pt\/en\/wp-json\/wp\/v2\/tribe_events\/146857\/revisions\/146861"}],"wp:featuredmedia":[{"embeddable":true,"href":"https:\/\/www.ccb.pt\/en\/wp-json\/wp\/v2\/media\/122908"}],"wp:attachment":[{"href":"https:\/\/www.ccb.pt\/en\/wp-json\/wp\/v2\/media?parent=146857"}],"wp:term":[{"taxonomy":"tribe_events_cat","embeddable":true,"href":"https:\/\/www.ccb.pt\/en\/wp-json\/wp\/v2\/tribe_events_cat?post=146857"},{"taxonomy":"tags_tema","embeddable":true,"href":"https:\/\/www.ccb.pt\/en\/wp-json\/wp\/v2\/tags_tema?post=146857"},{"taxonomy":"idades","embeddable":true,"href":"https:\/\/www.ccb.pt\/en\/wp-json\/wp\/v2\/idades?post=146857"},{"taxonomy":"tipos","embeddable":true,"href":"https:\/\/www.ccb.pt\/en\/wp-json\/wp\/v2\/tipos?post=146857"},{"taxonomy":"temas","embeddable":true,"href":"https:\/\/www.ccb.pt\/en\/wp-json\/wp\/v2\/temas?post=146857"},{"taxonomy":"categorias_hubspot","embeddable":true,"href":"https:\/\/www.ccb.pt\/en\/wp-json\/wp\/v2\/categorias_hubspot?post=146857"}],"curies":[{"name":"wp","href":"https:\/\/api.w.org\/{rel}","templated":true}]}}