    {"id":135527,"date":"2023-06-22T16:15:14","date_gmt":"2023-06-22T15:15:14","guid":{"rendered":"https:\/\/www.ccb.pt\/evento\/projeto-nomadas-a-ilha-dos-eventos\/"},"modified":"2023-10-13T13:12:04","modified_gmt":"2023-10-13T12:12:04","slug":"projeto-nomadas-a-ilha-dos-eventos","status":"publish","type":"tribe_events","link":"https:\/\/www.ccb.pt\/en\/evento\/projeto-nomadas-a-ilha-dos-eventos\/2023-10-20\/","title":{"rendered":"<i>Nomad Project \u2013 THE ISLAND OF WINDS (A Ilha dos Ventos)<\/i>"},"content":{"rendered":"<p>Migrating through the galaxy, a group of humans arrives at Eguanalam, the purple planet, part of a solar system 12 light years from Earth. An expedition of scientists begins the exploration of the only island located in the enormous Outibol Ocean that covers 99% of the surface of Eguanalam and constitutes the only continental mass. There they discover that the island with its mountains, valleys, forests, and deserts is the origin of all the winds on the planet. Composer and instrument creator Victor Gama works with a group of students from the Lisbon Conservatory to create the sounds and music of the winds, birds, animals, and many others that the scientists will have encountered during their expedition.<\/p>\n","protected":false},"excerpt":{"rendered":"<p>Migrating through the galaxy, a group of humans arrives at Eguanalam, the purple planet, part of a solar system 12 light years from Earth. An expedition of scientists begins the exploration of the only island located in the enormous Outibol Ocean that covers 99% of the surface of Eguanalam and constitutes the only continental mass. [&hellip;]<\/p>\n","protected":false},"author":6,"featured_media":122755,"comment_status":"closed","ping_status":"closed","template":"","meta":{"_relevanssi_hide_post":"","_relevanssi_pin_for_all":"","_relevanssi_pin_keywords":"","_relevanssi_unpin_keywords":"","_relevanssi_related_keywords":"","_relevanssi_related_include_ids":"","_relevanssi_related_exclude_ids":"","_relevanssi_related_no_append":"","_relevanssi_related_not_related":"","_relevanssi_related_posts":"","_relevanssi_noindex_reason":""},"tribe_events_cat":[404,23,402],"tags_tema":[],"idades":[575,392],"tipos":[],"temas":[],"categorias_hubspot":[],"acf":[],"yoast_head":"<!-- This site is optimized with the Yoast SEO plugin v22.3 - https:\/\/yoast.com\/wordpress\/plugins\/seo\/ -->\n<title>Nomad Project \u2013 THE ISLAND OF WINDS (A Ilha dos Ventos) - Centro Cultural de Bel\u00e9m Foundation<\/title>\n<meta name=\"description\" content=\"N\u00e3o perca no Centro Cultural de Bel\u00e9m Victor Gama com crian\u00e7as m\u00fasicos, v\u00eddeo e musica com o Projeto N\u00f3madas. Saiba mais aqui!\" \/>\n<meta name=\"robots\" content=\"index, follow, max-snippet:-1, max-image-preview:large, max-video-preview:-1\" \/>\n<link rel=\"canonical\" href=\"https:\/\/www.ccb.pt\/en\/evento\/projeto-nomadas-a-ilha-dos-eventos\/2023-10-20\/\" \/>\n<meta property=\"og:locale\" content=\"en_US\" \/>\n<meta property=\"og:type\" content=\"article\" \/>\n<meta property=\"og:title\" content=\"Nomad Project \u2013 THE ISLAND OF WINDS (A Ilha dos Ventos) - Centro Cultural de Bel\u00e9m Foundation\" \/>\n<meta property=\"og:description\" content=\"N\u00e3o perca no Centro Cultural de Bel\u00e9m Victor Gama com crian\u00e7as m\u00fasicos, v\u00eddeo e musica com o Projeto N\u00f3madas. Saiba mais aqui!\" \/>\n<meta property=\"og:url\" content=\"https:\/\/www.ccb.pt\/en\/evento\/projeto-nomadas-a-ilha-dos-eventos\/2023-10-20\/\" \/>\n<meta property=\"og:site_name\" content=\"Centro Cultural de Bel\u00e9m Foundation\" \/>\n<meta property=\"article:modified_time\" content=\"2023-10-13T12:12:04+00:00\" \/>\n<meta property=\"og:image\" content=\"https:\/\/www.ccb.pt\/wp-content\/uploads\/2023\/06\/A-Ilha-dos-Ventos_Niklas_Zimmer-scaled-e1685979236664.jpg\" \/>\n\t<meta property=\"og:image:width\" content=\"2560\" \/>\n\t<meta property=\"og:image:height\" content=\"1331\" \/>\n\t<meta property=\"og:image:type\" content=\"image\/jpeg\" \/>\n<meta name=\"twitter:card\" content=\"summary_large_image\" \/>\n<meta name=\"twitter:site\" content=\"@macccb_museu\" \/>\n<meta name=\"twitter:label1\" content=\"Est. reading time\" \/>\n\t<meta name=\"twitter:data1\" content=\"1 minute\" \/>\n<script type=\"application\/ld+json\" class=\"yoast-schema-graph\">{\"@context\":\"https:\/\/schema.org\",\"@graph\":[{\"@type\":\"WebPage\",\"@id\":\"https:\/\/www.ccb.pt\/en\/evento\/projeto-nomadas-a-ilha-dos-eventos\/2023-10-20\/\",\"url\":\"https:\/\/www.ccb.pt\/en\/evento\/projeto-nomadas-a-ilha-dos-eventos\/2023-10-20\/\",\"name\":\"Nomad Project \u2013 THE ISLAND OF WINDS (A Ilha dos Ventos) - Centro Cultural de Bel\u00e9m Foundation\",\"isPartOf\":{\"@id\":\"https:\/\/www.ccb.pt\/#website\"},\"primaryImageOfPage\":{\"@id\":\"https:\/\/www.ccb.pt\/en\/evento\/projeto-nomadas-a-ilha-dos-eventos\/2023-10-20\/#primaryimage\"},\"image\":{\"@id\":\"https:\/\/www.ccb.pt\/en\/evento\/projeto-nomadas-a-ilha-dos-eventos\/2023-10-20\/#primaryimage\"},\"thumbnailUrl\":\"https:\/\/www.ccb.pt\/wp-content\/uploads\/2023\/06\/A-Ilha-dos-Ventos_Niklas_Zimmer-scaled-e1685979236664.jpg\",\"datePublished\":\"2023-06-22T15:15:14+00:00\",\"dateModified\":\"2023-10-13T12:12:04+00:00\",\"description\":\"N\u00e3o perca no Centro Cultural de Bel\u00e9m Victor Gama com crian\u00e7as m\u00fasicos, v\u00eddeo e musica com o Projeto N\u00f3madas. Saiba mais aqui!\",\"breadcrumb\":{\"@id\":\"https:\/\/www.ccb.pt\/en\/evento\/projeto-nomadas-a-ilha-dos-eventos\/2023-10-20\/#breadcrumb\"},\"inLanguage\":\"en-US\",\"potentialAction\":[{\"@type\":\"ReadAction\",\"target\":[\"https:\/\/www.ccb.pt\/en\/evento\/projeto-nomadas-a-ilha-dos-eventos\/2023-10-20\/\"]}]},{\"@type\":\"ImageObject\",\"inLanguage\":\"en-US\",\"@id\":\"https:\/\/www.ccb.pt\/en\/evento\/projeto-nomadas-a-ilha-dos-eventos\/2023-10-20\/#primaryimage\",\"url\":\"https:\/\/www.ccb.pt\/wp-content\/uploads\/2023\/06\/A-Ilha-dos-Ventos_Niklas_Zimmer-scaled-e1685979236664.jpg\",\"contentUrl\":\"https:\/\/www.ccb.pt\/wp-content\/uploads\/2023\/06\/A-Ilha-dos-Ventos_Niklas_Zimmer-scaled-e1685979236664.jpg\",\"width\":2560,\"height\":1707,\"caption\":\"(c)\"},{\"@type\":\"BreadcrumbList\",\"@id\":\"https:\/\/www.ccb.pt\/en\/evento\/projeto-nomadas-a-ilha-dos-eventos\/2023-10-20\/#breadcrumb\",\"itemListElement\":[{\"@type\":\"ListItem\",\"position\":1,\"name\":\"Home\",\"item\":\"https:\/\/www.ccb.pt\/en\/\"},{\"@type\":\"ListItem\",\"position\":2,\"name\":\"Eventos\",\"item\":\"https:\/\/www.ccb.pt\/eventos\/\"},{\"@type\":\"ListItem\",\"position\":3,\"name\":\"Nomad Project \u2013 THE ISLAND OF WINDS (A Ilha dos Ventos)\"}]},{\"@type\":\"WebSite\",\"@id\":\"https:\/\/www.ccb.pt\/#website\",\"url\":\"https:\/\/www.ccb.pt\/\",\"name\":\"Centro Cultural de Bel\u00e9m Foundation\",\"description\":\"\",\"publisher\":{\"@id\":\"https:\/\/www.ccb.pt\/#organization\"},\"potentialAction\":[{\"@type\":\"SearchAction\",\"target\":{\"@type\":\"EntryPoint\",\"urlTemplate\":\"https:\/\/www.ccb.pt\/?s={search_term_string}\"},\"query-input\":\"required name=search_term_string\"}],\"inLanguage\":\"en-US\"},{\"@type\":\"Organization\",\"@id\":\"https:\/\/www.ccb.pt\/#organization\",\"name\":\"Centro Cultural de Bel\u00e9m Foundation\",\"url\":\"https:\/\/www.ccb.pt\/\",\"logo\":{\"@type\":\"ImageObject\",\"inLanguage\":\"en-US\",\"@id\":\"https:\/\/www.ccb.pt\/#\/schema\/logo\/image\/\",\"url\":\"https:\/\/www.ccb.pt\/wp-content\/uploads\/2022\/05\/1_ccb.png\",\"contentUrl\":\"https:\/\/www.ccb.pt\/wp-content\/uploads\/2022\/05\/1_ccb.png\",\"width\":126,\"height\":100,\"caption\":\"Centro Cultural de Bel\u00e9m Foundation\"},\"image\":{\"@id\":\"https:\/\/www.ccb.pt\/#\/schema\/logo\/image\/\"},\"sameAs\":[\"https:\/\/twitter.com\/macccb_museu\"]}]}<\/script>\n<!-- \/ Yoast SEO plugin. -->","yoast_head_json":{"title":"Nomad Project \u2013 THE ISLAND OF WINDS (A Ilha dos Ventos) - Centro Cultural de Bel\u00e9m Foundation","description":"N\u00e3o perca no Centro Cultural de Bel\u00e9m Victor Gama com crian\u00e7as m\u00fasicos, v\u00eddeo e musica com o Projeto N\u00f3madas. Saiba mais aqui!","robots":{"index":"index","follow":"follow","max-snippet":"max-snippet:-1","max-image-preview":"max-image-preview:large","max-video-preview":"max-video-preview:-1"},"canonical":"https:\/\/www.ccb.pt\/en\/evento\/projeto-nomadas-a-ilha-dos-eventos\/2023-10-20\/","og_locale":"en_US","og_type":"article","og_title":"Nomad Project \u2013 THE ISLAND OF WINDS (A Ilha dos Ventos) - Centro Cultural de Bel\u00e9m Foundation","og_description":"N\u00e3o perca no Centro Cultural de Bel\u00e9m Victor Gama com crian\u00e7as m\u00fasicos, v\u00eddeo e musica com o Projeto N\u00f3madas. Saiba mais aqui!","og_url":"https:\/\/www.ccb.pt\/en\/evento\/projeto-nomadas-a-ilha-dos-eventos\/2023-10-20\/","og_site_name":"Centro Cultural de Bel\u00e9m Foundation","article_modified_time":"2023-10-13T12:12:04+00:00","og_image":[{"width":2560,"height":1331,"url":"https:\/\/www.ccb.pt\/wp-content\/uploads\/2023\/06\/A-Ilha-dos-Ventos_Niklas_Zimmer-scaled-e1685979236664.jpg","type":"image\/jpeg"}],"twitter_card":"summary_large_image","twitter_site":"@macccb_museu","twitter_misc":{"Est. reading time":"1 minute"},"schema":{"@context":"https:\/\/schema.org","@graph":[{"@type":"WebPage","@id":"https:\/\/www.ccb.pt\/en\/evento\/projeto-nomadas-a-ilha-dos-eventos\/2023-10-20\/","url":"https:\/\/www.ccb.pt\/en\/evento\/projeto-nomadas-a-ilha-dos-eventos\/2023-10-20\/","name":"Nomad Project \u2013 THE ISLAND OF WINDS (A Ilha dos Ventos) - Centro Cultural de Bel\u00e9m Foundation","isPartOf":{"@id":"https:\/\/www.ccb.pt\/#website"},"primaryImageOfPage":{"@id":"https:\/\/www.ccb.pt\/en\/evento\/projeto-nomadas-a-ilha-dos-eventos\/2023-10-20\/#primaryimage"},"image":{"@id":"https:\/\/www.ccb.pt\/en\/evento\/projeto-nomadas-a-ilha-dos-eventos\/2023-10-20\/#primaryimage"},"thumbnailUrl":"https:\/\/www.ccb.pt\/wp-content\/uploads\/2023\/06\/A-Ilha-dos-Ventos_Niklas_Zimmer-scaled-e1685979236664.jpg","datePublished":"2023-06-22T15:15:14+00:00","dateModified":"2023-10-13T12:12:04+00:00","description":"N\u00e3o perca no Centro Cultural de Bel\u00e9m Victor Gama com crian\u00e7as m\u00fasicos, v\u00eddeo e musica com o Projeto N\u00f3madas. Saiba mais aqui!","breadcrumb":{"@id":"https:\/\/www.ccb.pt\/en\/evento\/projeto-nomadas-a-ilha-dos-eventos\/2023-10-20\/#breadcrumb"},"inLanguage":"en-US","potentialAction":[{"@type":"ReadAction","target":["https:\/\/www.ccb.pt\/en\/evento\/projeto-nomadas-a-ilha-dos-eventos\/2023-10-20\/"]}]},{"@type":"ImageObject","inLanguage":"en-US","@id":"https:\/\/www.ccb.pt\/en\/evento\/projeto-nomadas-a-ilha-dos-eventos\/2023-10-20\/#primaryimage","url":"https:\/\/www.ccb.pt\/wp-content\/uploads\/2023\/06\/A-Ilha-dos-Ventos_Niklas_Zimmer-scaled-e1685979236664.jpg","contentUrl":"https:\/\/www.ccb.pt\/wp-content\/uploads\/2023\/06\/A-Ilha-dos-Ventos_Niklas_Zimmer-scaled-e1685979236664.jpg","width":2560,"height":1707,"caption":"(c)"},{"@type":"BreadcrumbList","@id":"https:\/\/www.ccb.pt\/en\/evento\/projeto-nomadas-a-ilha-dos-eventos\/2023-10-20\/#breadcrumb","itemListElement":[{"@type":"ListItem","position":1,"name":"Home","item":"https:\/\/www.ccb.pt\/en\/"},{"@type":"ListItem","position":2,"name":"Eventos","item":"https:\/\/www.ccb.pt\/eventos\/"},{"@type":"ListItem","position":3,"name":"Nomad Project \u2013 THE ISLAND OF WINDS (A Ilha dos Ventos)"}]},{"@type":"WebSite","@id":"https:\/\/www.ccb.pt\/#website","url":"https:\/\/www.ccb.pt\/","name":"Centro Cultural de Bel\u00e9m Foundation","description":"","publisher":{"@id":"https:\/\/www.ccb.pt\/#organization"},"potentialAction":[{"@type":"SearchAction","target":{"@type":"EntryPoint","urlTemplate":"https:\/\/www.ccb.pt\/?s={search_term_string}"},"query-input":"required name=search_term_string"}],"inLanguage":"en-US"},{"@type":"Organization","@id":"https:\/\/www.ccb.pt\/#organization","name":"Centro Cultural de Bel\u00e9m Foundation","url":"https:\/\/www.ccb.pt\/","logo":{"@type":"ImageObject","inLanguage":"en-US","@id":"https:\/\/www.ccb.pt\/#\/schema\/logo\/image\/","url":"https:\/\/www.ccb.pt\/wp-content\/uploads\/2022\/05\/1_ccb.png","contentUrl":"https:\/\/www.ccb.pt\/wp-content\/uploads\/2022\/05\/1_ccb.png","width":126,"height":100,"caption":"Centro Cultural de Bel\u00e9m Foundation"},"image":{"@id":"https:\/\/www.ccb.pt\/#\/schema\/logo\/image\/"},"sameAs":["https:\/\/twitter.com\/macccb_museu"]}]}},"_links":{"self":[{"href":"https:\/\/www.ccb.pt\/en\/wp-json\/wp\/v2\/tribe_events\/135527"}],"collection":[{"href":"https:\/\/www.ccb.pt\/en\/wp-json\/wp\/v2\/tribe_events"}],"about":[{"href":"https:\/\/www.ccb.pt\/en\/wp-json\/wp\/v2\/types\/tribe_events"}],"author":[{"embeddable":true,"href":"https:\/\/www.ccb.pt\/en\/wp-json\/wp\/v2\/users\/6"}],"replies":[{"embeddable":true,"href":"https:\/\/www.ccb.pt\/en\/wp-json\/wp\/v2\/comments?post=135527"}],"version-history":[{"count":2,"href":"https:\/\/www.ccb.pt\/en\/wp-json\/wp\/v2\/tribe_events\/135527\/revisions"}],"predecessor-version":[{"id":135529,"href":"https:\/\/www.ccb.pt\/en\/wp-json\/wp\/v2\/tribe_events\/135527\/revisions\/135529"}],"wp:featuredmedia":[{"embeddable":true,"href":"https:\/\/www.ccb.pt\/en\/wp-json\/wp\/v2\/media\/122755"}],"wp:attachment":[{"href":"https:\/\/www.ccb.pt\/en\/wp-json\/wp\/v2\/media?parent=135527"}],"wp:term":[{"taxonomy":"tribe_events_cat","embeddable":true,"href":"https:\/\/www.ccb.pt\/en\/wp-json\/wp\/v2\/tribe_events_cat?post=135527"},{"taxonomy":"tags_tema","embeddable":true,"href":"https:\/\/www.ccb.pt\/en\/wp-json\/wp\/v2\/tags_tema?post=135527"},{"taxonomy":"idades","embeddable":true,"href":"https:\/\/www.ccb.pt\/en\/wp-json\/wp\/v2\/idades?post=135527"},{"taxonomy":"tipos","embeddable":true,"href":"https:\/\/www.ccb.pt\/en\/wp-json\/wp\/v2\/tipos?post=135527"},{"taxonomy":"temas","embeddable":true,"href":"https:\/\/www.ccb.pt\/en\/wp-json\/wp\/v2\/temas?post=135527"},{"taxonomy":"categorias_hubspot","embeddable":true,"href":"https:\/\/www.ccb.pt\/en\/wp-json\/wp\/v2\/categorias_hubspot?post=135527"}],"curies":[{"name":"wp","href":"https:\/\/api.w.org\/{rel}","templated":true}]}}