    {"id":127881,"date":"2023-06-22T10:03:42","date_gmt":"2023-06-22T09:03:42","guid":{"rendered":"https:\/\/www.ccb.pt\/evento\/maria-da-fonte-de-augusto-machado\/"},"modified":"2023-08-03T10:17:20","modified_gmt":"2023-08-03T09:17:20","slug":"maria-da-fonte-de-augusto-machado","status":"publish","type":"tribe_events","link":"https:\/\/www.ccb.pt\/en\/evento\/maria-da-fonte-de-augusto-machado\/2023-11-12\/","title":{"rendered":"<i>Maria da Fonte<\/i> by Augusto Machado"},"content":{"rendered":"<p><em>Maria da Fonte<\/em> is the second work recovered by the Portuguese Opera Laboratory, created in 2022 and headquartered at the CCB. It is an operetta of a comic and satirical nature, in keeping with the canons of the 1970s Generation. Although the libretto has not survived to this day, the musical quality and relevance of the theme justified its choice.<\/p>\n<p>&nbsp;<\/p>\n<p><strong>ACCESSIBILITY<\/strong><\/p>\n<p><strong>With Portuguese Sign Language<\/strong><\/p>\n","protected":false},"excerpt":{"rendered":"<p>Maria da Fonte is the second work recovered by the Portuguese Opera Laboratory, created in 2022 and headquartered at the CCB. It is an operetta of a comic and satirical nature, in keeping with the canons of the 1970s Generation. Although the libretto has not survived to this day, the musical quality and relevance of [&hellip;]<\/p>\n","protected":false},"author":6,"featured_media":124264,"comment_status":"closed","ping_status":"closed","template":"","meta":{"_relevanssi_hide_post":"","_relevanssi_pin_for_all":"","_relevanssi_pin_keywords":"","_relevanssi_unpin_keywords":"","_relevanssi_related_keywords":"","_relevanssi_related_include_ids":"","_relevanssi_related_exclude_ids":"","_relevanssi_related_no_append":"","_relevanssi_related_not_related":"","_relevanssi_related_posts":"","_relevanssi_noindex_reason":""},"tribe_events_cat":[586,23],"tags_tema":[],"idades":[],"tipos":[],"temas":[],"categorias_hubspot":[],"acf":[],"yoast_head":"<!-- This site is optimized with the Yoast SEO plugin v22.3 - https:\/\/yoast.com\/wordpress\/plugins\/seo\/ -->\n<title>Maria da Fonte by Augusto Machado - Centro Cultural de Bel\u00e9m Foundation<\/title>\n<meta name=\"description\" content=\"A opereta recuperada pelo Laborat\u00f3rio de \u00d3pera Portuguesa, destaca-se pela com\u00e9dia e s\u00e1tira, retratando a hero\u00edna com consci\u00eancia social.\" \/>\n<meta name=\"robots\" content=\"index, follow, max-snippet:-1, max-image-preview:large, max-video-preview:-1\" \/>\n<link rel=\"canonical\" href=\"https:\/\/www.ccb.pt\/evento\/maria-da-fonte-de-augusto-machado\/2023-11-12\/\" \/>\n<meta property=\"og:locale\" content=\"en_US\" \/>\n<meta property=\"og:type\" content=\"article\" \/>\n<meta property=\"og:title\" content=\"Maria da Fonte by Augusto Machado - Centro Cultural de Bel\u00e9m Foundation\" \/>\n<meta property=\"og:description\" content=\"A opereta recuperada pelo Laborat\u00f3rio de \u00d3pera Portuguesa, destaca-se pela com\u00e9dia e s\u00e1tira, retratando a hero\u00edna com consci\u00eancia social.\" \/>\n<meta property=\"og:url\" content=\"https:\/\/www.ccb.pt\/evento\/maria-da-fonte-de-augusto-machado\/2023-11-12\/\" \/>\n<meta property=\"og:site_name\" content=\"Centro Cultural de Bel\u00e9m Foundation\" \/>\n<meta property=\"article:modified_time\" content=\"2023-08-03T09:17:20+00:00\" \/>\n<meta property=\"og:image\" content=\"https:\/\/www.ccb.pt\/wp-content\/uploads\/2023\/06\/SITE_5.Maria-da-Fonte_imagem.jpg\" \/>\n\t<meta property=\"og:image:width\" content=\"1300\" \/>\n\t<meta property=\"og:image:height\" content=\"618\" \/>\n\t<meta property=\"og:image:type\" content=\"image\/jpeg\" \/>\n<meta name=\"twitter:card\" content=\"summary_large_image\" \/>\n<meta name=\"twitter:site\" content=\"@macccb_museu\" \/>\n<meta name=\"twitter:label1\" content=\"Est. reading time\" \/>\n\t<meta name=\"twitter:data1\" content=\"1 minute\" \/>\n<script type=\"application\/ld+json\" class=\"yoast-schema-graph\">{\"@context\":\"https:\/\/schema.org\",\"@graph\":[{\"@type\":\"WebPage\",\"@id\":\"https:\/\/www.ccb.pt\/evento\/maria-da-fonte-de-augusto-machado\/2023-11-12\/\",\"url\":\"https:\/\/www.ccb.pt\/evento\/maria-da-fonte-de-augusto-machado\/2023-11-12\/\",\"name\":\"Maria da Fonte by Augusto Machado - Centro Cultural de Bel\u00e9m Foundation\",\"isPartOf\":{\"@id\":\"https:\/\/www.ccb.pt\/#website\"},\"primaryImageOfPage\":{\"@id\":\"https:\/\/www.ccb.pt\/evento\/maria-da-fonte-de-augusto-machado\/2023-11-12\/#primaryimage\"},\"image\":{\"@id\":\"https:\/\/www.ccb.pt\/evento\/maria-da-fonte-de-augusto-machado\/2023-11-12\/#primaryimage\"},\"thumbnailUrl\":\"https:\/\/www.ccb.pt\/wp-content\/uploads\/2023\/06\/SITE_5.Maria-da-Fonte_imagem.jpg\",\"datePublished\":\"2023-06-22T09:03:42+00:00\",\"dateModified\":\"2023-08-03T09:17:20+00:00\",\"description\":\"A opereta recuperada pelo Laborat\u00f3rio de \u00d3pera Portuguesa, destaca-se pela com\u00e9dia e s\u00e1tira, retratando a hero\u00edna com consci\u00eancia social.\",\"breadcrumb\":{\"@id\":\"https:\/\/www.ccb.pt\/evento\/maria-da-fonte-de-augusto-machado\/2023-11-12\/#breadcrumb\"},\"inLanguage\":\"en-US\",\"potentialAction\":[{\"@type\":\"ReadAction\",\"target\":[\"https:\/\/www.ccb.pt\/evento\/maria-da-fonte-de-augusto-machado\/2023-11-12\/\"]}]},{\"@type\":\"ImageObject\",\"inLanguage\":\"en-US\",\"@id\":\"https:\/\/www.ccb.pt\/evento\/maria-da-fonte-de-augusto-machado\/2023-11-12\/#primaryimage\",\"url\":\"https:\/\/www.ccb.pt\/wp-content\/uploads\/2023\/06\/SITE_5.Maria-da-Fonte_imagem.jpg\",\"contentUrl\":\"https:\/\/www.ccb.pt\/wp-content\/uploads\/2023\/06\/SITE_5.Maria-da-Fonte_imagem.jpg\",\"width\":1300,\"height\":618,\"caption\":\"Maria da Fonte confer\u00eancia no CCB\"},{\"@type\":\"BreadcrumbList\",\"@id\":\"https:\/\/www.ccb.pt\/evento\/maria-da-fonte-de-augusto-machado\/2023-11-12\/#breadcrumb\",\"itemListElement\":[{\"@type\":\"ListItem\",\"position\":1,\"name\":\"Home\",\"item\":\"https:\/\/www.ccb.pt\/en\/\"},{\"@type\":\"ListItem\",\"position\":2,\"name\":\"Eventos\",\"item\":\"https:\/\/www.ccb.pt\/eventos\/\"},{\"@type\":\"ListItem\",\"position\":3,\"name\":\"Maria da Fonte by Augusto Machado\"}]},{\"@type\":\"WebSite\",\"@id\":\"https:\/\/www.ccb.pt\/#website\",\"url\":\"https:\/\/www.ccb.pt\/\",\"name\":\"Centro Cultural de Bel\u00e9m Foundation\",\"description\":\"\",\"publisher\":{\"@id\":\"https:\/\/www.ccb.pt\/#organization\"},\"potentialAction\":[{\"@type\":\"SearchAction\",\"target\":{\"@type\":\"EntryPoint\",\"urlTemplate\":\"https:\/\/www.ccb.pt\/?s={search_term_string}\"},\"query-input\":\"required name=search_term_string\"}],\"inLanguage\":\"en-US\"},{\"@type\":\"Organization\",\"@id\":\"https:\/\/www.ccb.pt\/#organization\",\"name\":\"Centro Cultural de Bel\u00e9m Foundation\",\"url\":\"https:\/\/www.ccb.pt\/\",\"logo\":{\"@type\":\"ImageObject\",\"inLanguage\":\"en-US\",\"@id\":\"https:\/\/www.ccb.pt\/#\/schema\/logo\/image\/\",\"url\":\"https:\/\/www.ccb.pt\/wp-content\/uploads\/2022\/05\/1_ccb.png\",\"contentUrl\":\"https:\/\/www.ccb.pt\/wp-content\/uploads\/2022\/05\/1_ccb.png\",\"width\":126,\"height\":100,\"caption\":\"Centro Cultural de Bel\u00e9m Foundation\"},\"image\":{\"@id\":\"https:\/\/www.ccb.pt\/#\/schema\/logo\/image\/\"},\"sameAs\":[\"https:\/\/twitter.com\/macccb_museu\"]}]}<\/script>\n<!-- \/ Yoast SEO plugin. -->","yoast_head_json":{"title":"Maria da Fonte by Augusto Machado - Centro Cultural de Bel\u00e9m Foundation","description":"A opereta recuperada pelo Laborat\u00f3rio de \u00d3pera Portuguesa, destaca-se pela com\u00e9dia e s\u00e1tira, retratando a hero\u00edna com consci\u00eancia social.","robots":{"index":"index","follow":"follow","max-snippet":"max-snippet:-1","max-image-preview":"max-image-preview:large","max-video-preview":"max-video-preview:-1"},"canonical":"https:\/\/www.ccb.pt\/evento\/maria-da-fonte-de-augusto-machado\/2023-11-12\/","og_locale":"en_US","og_type":"article","og_title":"Maria da Fonte by Augusto Machado - Centro Cultural de Bel\u00e9m Foundation","og_description":"A opereta recuperada pelo Laborat\u00f3rio de \u00d3pera Portuguesa, destaca-se pela com\u00e9dia e s\u00e1tira, retratando a hero\u00edna com consci\u00eancia social.","og_url":"https:\/\/www.ccb.pt\/evento\/maria-da-fonte-de-augusto-machado\/2023-11-12\/","og_site_name":"Centro Cultural de Bel\u00e9m Foundation","article_modified_time":"2023-08-03T09:17:20+00:00","og_image":[{"width":1300,"height":618,"url":"https:\/\/www.ccb.pt\/wp-content\/uploads\/2023\/06\/SITE_5.Maria-da-Fonte_imagem.jpg","type":"image\/jpeg"}],"twitter_card":"summary_large_image","twitter_site":"@macccb_museu","twitter_misc":{"Est. reading time":"1 minute"},"schema":{"@context":"https:\/\/schema.org","@graph":[{"@type":"WebPage","@id":"https:\/\/www.ccb.pt\/evento\/maria-da-fonte-de-augusto-machado\/2023-11-12\/","url":"https:\/\/www.ccb.pt\/evento\/maria-da-fonte-de-augusto-machado\/2023-11-12\/","name":"Maria da Fonte by Augusto Machado - Centro Cultural de Bel\u00e9m Foundation","isPartOf":{"@id":"https:\/\/www.ccb.pt\/#website"},"primaryImageOfPage":{"@id":"https:\/\/www.ccb.pt\/evento\/maria-da-fonte-de-augusto-machado\/2023-11-12\/#primaryimage"},"image":{"@id":"https:\/\/www.ccb.pt\/evento\/maria-da-fonte-de-augusto-machado\/2023-11-12\/#primaryimage"},"thumbnailUrl":"https:\/\/www.ccb.pt\/wp-content\/uploads\/2023\/06\/SITE_5.Maria-da-Fonte_imagem.jpg","datePublished":"2023-06-22T09:03:42+00:00","dateModified":"2023-08-03T09:17:20+00:00","description":"A opereta recuperada pelo Laborat\u00f3rio de \u00d3pera Portuguesa, destaca-se pela com\u00e9dia e s\u00e1tira, retratando a hero\u00edna com consci\u00eancia social.","breadcrumb":{"@id":"https:\/\/www.ccb.pt\/evento\/maria-da-fonte-de-augusto-machado\/2023-11-12\/#breadcrumb"},"inLanguage":"en-US","potentialAction":[{"@type":"ReadAction","target":["https:\/\/www.ccb.pt\/evento\/maria-da-fonte-de-augusto-machado\/2023-11-12\/"]}]},{"@type":"ImageObject","inLanguage":"en-US","@id":"https:\/\/www.ccb.pt\/evento\/maria-da-fonte-de-augusto-machado\/2023-11-12\/#primaryimage","url":"https:\/\/www.ccb.pt\/wp-content\/uploads\/2023\/06\/SITE_5.Maria-da-Fonte_imagem.jpg","contentUrl":"https:\/\/www.ccb.pt\/wp-content\/uploads\/2023\/06\/SITE_5.Maria-da-Fonte_imagem.jpg","width":1300,"height":618,"caption":"Maria da Fonte confer\u00eancia no CCB"},{"@type":"BreadcrumbList","@id":"https:\/\/www.ccb.pt\/evento\/maria-da-fonte-de-augusto-machado\/2023-11-12\/#breadcrumb","itemListElement":[{"@type":"ListItem","position":1,"name":"Home","item":"https:\/\/www.ccb.pt\/en\/"},{"@type":"ListItem","position":2,"name":"Eventos","item":"https:\/\/www.ccb.pt\/eventos\/"},{"@type":"ListItem","position":3,"name":"Maria da Fonte by Augusto Machado"}]},{"@type":"WebSite","@id":"https:\/\/www.ccb.pt\/#website","url":"https:\/\/www.ccb.pt\/","name":"Centro Cultural de Bel\u00e9m Foundation","description":"","publisher":{"@id":"https:\/\/www.ccb.pt\/#organization"},"potentialAction":[{"@type":"SearchAction","target":{"@type":"EntryPoint","urlTemplate":"https:\/\/www.ccb.pt\/?s={search_term_string}"},"query-input":"required name=search_term_string"}],"inLanguage":"en-US"},{"@type":"Organization","@id":"https:\/\/www.ccb.pt\/#organization","name":"Centro Cultural de Bel\u00e9m Foundation","url":"https:\/\/www.ccb.pt\/","logo":{"@type":"ImageObject","inLanguage":"en-US","@id":"https:\/\/www.ccb.pt\/#\/schema\/logo\/image\/","url":"https:\/\/www.ccb.pt\/wp-content\/uploads\/2022\/05\/1_ccb.png","contentUrl":"https:\/\/www.ccb.pt\/wp-content\/uploads\/2022\/05\/1_ccb.png","width":126,"height":100,"caption":"Centro Cultural de Bel\u00e9m Foundation"},"image":{"@id":"https:\/\/www.ccb.pt\/#\/schema\/logo\/image\/"},"sameAs":["https:\/\/twitter.com\/macccb_museu"]}]}},"_links":{"self":[{"href":"https:\/\/www.ccb.pt\/en\/wp-json\/wp\/v2\/tribe_events\/127881"}],"collection":[{"href":"https:\/\/www.ccb.pt\/en\/wp-json\/wp\/v2\/tribe_events"}],"about":[{"href":"https:\/\/www.ccb.pt\/en\/wp-json\/wp\/v2\/types\/tribe_events"}],"author":[{"embeddable":true,"href":"https:\/\/www.ccb.pt\/en\/wp-json\/wp\/v2\/users\/6"}],"replies":[{"embeddable":true,"href":"https:\/\/www.ccb.pt\/en\/wp-json\/wp\/v2\/comments?post=127881"}],"version-history":[{"count":3,"href":"https:\/\/www.ccb.pt\/en\/wp-json\/wp\/v2\/tribe_events\/127881\/revisions"}],"predecessor-version":[{"id":128062,"href":"https:\/\/www.ccb.pt\/en\/wp-json\/wp\/v2\/tribe_events\/127881\/revisions\/128062"}],"wp:featuredmedia":[{"embeddable":true,"href":"https:\/\/www.ccb.pt\/en\/wp-json\/wp\/v2\/media\/124264"}],"wp:attachment":[{"href":"https:\/\/www.ccb.pt\/en\/wp-json\/wp\/v2\/media?parent=127881"}],"wp:term":[{"taxonomy":"tribe_events_cat","embeddable":true,"href":"https:\/\/www.ccb.pt\/en\/wp-json\/wp\/v2\/tribe_events_cat?post=127881"},{"taxonomy":"tags_tema","embeddable":true,"href":"https:\/\/www.ccb.pt\/en\/wp-json\/wp\/v2\/tags_tema?post=127881"},{"taxonomy":"idades","embeddable":true,"href":"https:\/\/www.ccb.pt\/en\/wp-json\/wp\/v2\/idades?post=127881"},{"taxonomy":"tipos","embeddable":true,"href":"https:\/\/www.ccb.pt\/en\/wp-json\/wp\/v2\/tipos?post=127881"},{"taxonomy":"temas","embeddable":true,"href":"https:\/\/www.ccb.pt\/en\/wp-json\/wp\/v2\/temas?post=127881"},{"taxonomy":"categorias_hubspot","embeddable":true,"href":"https:\/\/www.ccb.pt\/en\/wp-json\/wp\/v2\/categorias_hubspot?post=127881"}],"curies":[{"name":"wp","href":"https:\/\/api.w.org\/{rel}","templated":true}]}}