    {"id":101046,"date":"2022-09-02T13:15:37","date_gmt":"2022-09-02T12:15:37","guid":{"rendered":"https:\/\/www.ccb.pt\/evento\/embaixadores-big-bang-2022\/"},"modified":"2022-09-29T08:53:49","modified_gmt":"2022-09-29T07:53:49","slug":"embaixadores-big-bang-2022","status":"publish","type":"tribe_events","link":"https:\/\/www.ccb.pt\/en\/evento\/embaixadores-big-bang-2022\/2022-10-21\/","title":{"rendered":"Big Bang Ambassadors 2022"},"content":{"rendered":"<p>The Big Bang Ambassadors project is an initiative that has integrated all editions of the Big Bang Festival since 2015, both in Lisbon and throughout Europe. In this initiative, we invite children to join the communication teams of each institution and act as a reporting team for the festival.<\/p>\n<p>This year, at the CCB, the Ambassadors will be young reporters-mediators, acting as a bridge between the public and the festival and communicating in their way its different dimensions in three moments: before, during, and after the festival.<\/p>\n<p>The artistic and journalistic work of these young people will be coordinated by the mediator Daniella Figueiredo together with the CCB team.<\/p>\n<p>&nbsp;<\/p>\n<p><strong>Ambassadors 2022:<\/strong><\/p>\n<p><strong>Bartolomeu Costa<\/strong><\/p>\n<p><strong>Gabriel Barahona<\/strong><\/p>\n<p><strong>Gaspar Teigas<\/strong><\/p>\n<p><strong>Laura Portela<\/strong><\/p>\n<p><strong>Margarida In\u00e1cio <\/strong><\/p>\n<p><strong>Maria Carolina Ferreira<\/strong><\/p>\n<p><strong>Maria Nunes Fraz\u00e3o <\/strong><\/p>\n<p><strong>Rita S\u00e1 Pires<\/strong><\/p>\n<p><strong>Vicente Salgado<\/strong><\/p>\n<p><strong>\u00a0<\/strong><\/p>\n","protected":false},"excerpt":{"rendered":"<p>The Big Bang Ambassadors project is an initiative that has integrated all editions of the Big Bang Festival since 2015, both in Lisbon and throughout Europe. In this initiative, we invite children to join the communication teams of each institution and act as a reporting team for the festival. This year, at the CCB, the [&hellip;]<\/p>\n","protected":false},"author":6,"featured_media":98115,"comment_status":"open","ping_status":"closed","template":"","meta":{"_relevanssi_hide_post":"","_relevanssi_pin_for_all":"","_relevanssi_pin_keywords":"","_relevanssi_unpin_keywords":"","_relevanssi_related_keywords":"","_relevanssi_related_include_ids":"","_relevanssi_related_exclude_ids":"","_relevanssi_related_no_append":"","_relevanssi_related_not_related":"","_relevanssi_related_posts":"","_relevanssi_noindex_reason":""},"tribe_events_cat":[404,23,402],"tags_tema":[],"idades":[393,394,396,392,397],"tipos":[],"temas":[428,442,425,436],"categorias_hubspot":[],"acf":[],"yoast_head":"<!-- This site is optimized with the Yoast SEO plugin v22.3 - https:\/\/yoast.com\/wordpress\/plugins\/seo\/ -->\n<title>Big Bang Ambassadors 2022 - Centro Cultural de Bel\u00e9m Foundation<\/title>\n<meta name=\"description\" content=\"O projeto Embaixadores Big Bang \u00e9 uma iniciativa que tem integrado todas as edi\u00e7\u00f5es do Festival Big Bang desde 2015, tanto em Lisboa como pela Europa fora.Nesta iniciativa, convidamos crian\u00e7as a integrar as equipas de comunica\u00e7\u00e3o de cada institui\u00e7\u00e3o e agir como equipa de reportagem do festival. Este ano, no CCB, os Embaixadores ser\u00e3o jovens rep\u00f3rteres-mediadores, atuando como Moreiraponte entre o p\u00fablico e o festival e comunicando de forma pr\u00f3pria as suas diferentes dimens\u00f5es em tr\u00eas momentos distintos: o antes, o durante e o depois do festival.\" \/>\n<meta name=\"robots\" content=\"index, follow, max-snippet:-1, max-image-preview:large, max-video-preview:-1\" \/>\n<link rel=\"canonical\" href=\"https:\/\/www.ccb.pt\/en\/evento\/embaixadores-big-bang-2022\/2022-10-21\/\" \/>\n<meta property=\"og:locale\" content=\"en_US\" \/>\n<meta property=\"og:type\" content=\"article\" \/>\n<meta property=\"og:title\" content=\"Big Bang Ambassadors 2022 - Centro Cultural de Bel\u00e9m Foundation\" \/>\n<meta property=\"og:description\" content=\"O projeto Embaixadores Big Bang \u00e9 uma iniciativa que tem integrado todas as edi\u00e7\u00f5es do Festival Big Bang desde 2015, tanto em Lisboa como pela Europa fora.Nesta iniciativa, convidamos crian\u00e7as a integrar as equipas de comunica\u00e7\u00e3o de cada institui\u00e7\u00e3o e agir como equipa de reportagem do festival. Este ano, no CCB, os Embaixadores ser\u00e3o jovens rep\u00f3rteres-mediadores, atuando como Moreiraponte entre o p\u00fablico e o festival e comunicando de forma pr\u00f3pria as suas diferentes dimens\u00f5es em tr\u00eas momentos distintos: o antes, o durante e o depois do festival.\" \/>\n<meta property=\"og:url\" content=\"https:\/\/www.ccb.pt\/en\/evento\/embaixadores-big-bang-2022\/2022-10-21\/\" \/>\n<meta property=\"og:site_name\" content=\"Centro Cultural de Bel\u00e9m Foundation\" \/>\n<meta property=\"article:modified_time\" content=\"2022-09-29T07:53:49+00:00\" \/>\n<meta property=\"og:image\" content=\"https:\/\/www.ccb.pt\/wp-content\/uploads\/2022\/08\/21-e-22-BIG-BANG-03.jpg\" \/>\n\t<meta property=\"og:image:width\" content=\"1300\" \/>\n\t<meta property=\"og:image:height\" content=\"618\" \/>\n\t<meta property=\"og:image:type\" content=\"image\/jpeg\" \/>\n<meta name=\"twitter:card\" content=\"summary_large_image\" \/>\n<meta name=\"twitter:site\" content=\"@macccb_museu\" \/>\n<meta name=\"twitter:label1\" content=\"Est. reading time\" \/>\n\t<meta name=\"twitter:data1\" content=\"1 minute\" \/>\n<script type=\"application\/ld+json\" class=\"yoast-schema-graph\">{\"@context\":\"https:\/\/schema.org\",\"@graph\":[{\"@type\":\"WebPage\",\"@id\":\"https:\/\/www.ccb.pt\/en\/evento\/embaixadores-big-bang-2022\/2022-10-21\/\",\"url\":\"https:\/\/www.ccb.pt\/en\/evento\/embaixadores-big-bang-2022\/2022-10-21\/\",\"name\":\"Big Bang Ambassadors 2022 - Centro Cultural de Bel\u00e9m Foundation\",\"isPartOf\":{\"@id\":\"https:\/\/www.ccb.pt\/#website\"},\"primaryImageOfPage\":{\"@id\":\"https:\/\/www.ccb.pt\/en\/evento\/embaixadores-big-bang-2022\/2022-10-21\/#primaryimage\"},\"image\":{\"@id\":\"https:\/\/www.ccb.pt\/en\/evento\/embaixadores-big-bang-2022\/2022-10-21\/#primaryimage\"},\"thumbnailUrl\":\"https:\/\/www.ccb.pt\/wp-content\/uploads\/2022\/08\/21-e-22-BIG-BANG-03.jpg\",\"datePublished\":\"2022-09-02T12:15:37+00:00\",\"dateModified\":\"2022-09-29T07:53:49+00:00\",\"description\":\"O projeto Embaixadores Big Bang \u00e9 uma iniciativa que tem integrado todas as edi\u00e7\u00f5es do Festival Big Bang desde 2015, tanto em Lisboa como pela Europa fora.Nesta iniciativa, convidamos crian\u00e7as a integrar as equipas de comunica\u00e7\u00e3o de cada institui\u00e7\u00e3o e agir como equipa de reportagem do festival. Este ano, no CCB, os Embaixadores ser\u00e3o jovens rep\u00f3rteres-mediadores, atuando como Moreiraponte entre o p\u00fablico e o festival e comunicando de forma pr\u00f3pria as suas diferentes dimens\u00f5es em tr\u00eas momentos distintos: o antes, o durante e o depois do festival.\",\"breadcrumb\":{\"@id\":\"https:\/\/www.ccb.pt\/en\/evento\/embaixadores-big-bang-2022\/2022-10-21\/#breadcrumb\"},\"inLanguage\":\"en-US\",\"potentialAction\":[{\"@type\":\"ReadAction\",\"target\":[\"https:\/\/www.ccb.pt\/en\/evento\/embaixadores-big-bang-2022\/2022-10-21\/\"]}]},{\"@type\":\"ImageObject\",\"inLanguage\":\"en-US\",\"@id\":\"https:\/\/www.ccb.pt\/en\/evento\/embaixadores-big-bang-2022\/2022-10-21\/#primaryimage\",\"url\":\"https:\/\/www.ccb.pt\/wp-content\/uploads\/2022\/08\/21-e-22-BIG-BANG-03.jpg\",\"contentUrl\":\"https:\/\/www.ccb.pt\/wp-content\/uploads\/2022\/08\/21-e-22-BIG-BANG-03.jpg\",\"width\":1300,\"height\":618,\"caption\":\"alt=\\\"\\\"\"},{\"@type\":\"BreadcrumbList\",\"@id\":\"https:\/\/www.ccb.pt\/en\/evento\/embaixadores-big-bang-2022\/2022-10-21\/#breadcrumb\",\"itemListElement\":[{\"@type\":\"ListItem\",\"position\":1,\"name\":\"Home\",\"item\":\"https:\/\/www.ccb.pt\/en\/\"},{\"@type\":\"ListItem\",\"position\":2,\"name\":\"Eventos\",\"item\":\"https:\/\/www.ccb.pt\/eventos\/\"},{\"@type\":\"ListItem\",\"position\":3,\"name\":\"Big Bang Ambassadors 2022\"}]},{\"@type\":\"WebSite\",\"@id\":\"https:\/\/www.ccb.pt\/#website\",\"url\":\"https:\/\/www.ccb.pt\/\",\"name\":\"Centro Cultural de Bel\u00e9m Foundation\",\"description\":\"\",\"publisher\":{\"@id\":\"https:\/\/www.ccb.pt\/#organization\"},\"potentialAction\":[{\"@type\":\"SearchAction\",\"target\":{\"@type\":\"EntryPoint\",\"urlTemplate\":\"https:\/\/www.ccb.pt\/?s={search_term_string}\"},\"query-input\":\"required name=search_term_string\"}],\"inLanguage\":\"en-US\"},{\"@type\":\"Organization\",\"@id\":\"https:\/\/www.ccb.pt\/#organization\",\"name\":\"Centro Cultural de Bel\u00e9m Foundation\",\"url\":\"https:\/\/www.ccb.pt\/\",\"logo\":{\"@type\":\"ImageObject\",\"inLanguage\":\"en-US\",\"@id\":\"https:\/\/www.ccb.pt\/#\/schema\/logo\/image\/\",\"url\":\"https:\/\/www.ccb.pt\/wp-content\/uploads\/2022\/05\/1_ccb.png\",\"contentUrl\":\"https:\/\/www.ccb.pt\/wp-content\/uploads\/2022\/05\/1_ccb.png\",\"width\":126,\"height\":100,\"caption\":\"Centro Cultural de Bel\u00e9m Foundation\"},\"image\":{\"@id\":\"https:\/\/www.ccb.pt\/#\/schema\/logo\/image\/\"},\"sameAs\":[\"https:\/\/twitter.com\/macccb_museu\"]}]}<\/script>\n<!-- \/ Yoast SEO plugin. -->","yoast_head_json":{"title":"Big Bang Ambassadors 2022 - Centro Cultural de Bel\u00e9m Foundation","description":"O projeto Embaixadores Big Bang \u00e9 uma iniciativa que tem integrado todas as edi\u00e7\u00f5es do Festival Big Bang desde 2015, tanto em Lisboa como pela Europa fora.Nesta iniciativa, convidamos crian\u00e7as a integrar as equipas de comunica\u00e7\u00e3o de cada institui\u00e7\u00e3o e agir como equipa de reportagem do festival. Este ano, no CCB, os Embaixadores ser\u00e3o jovens rep\u00f3rteres-mediadores, atuando como Moreiraponte entre o p\u00fablico e o festival e comunicando de forma pr\u00f3pria as suas diferentes dimens\u00f5es em tr\u00eas momentos distintos: o antes, o durante e o depois do festival.","robots":{"index":"index","follow":"follow","max-snippet":"max-snippet:-1","max-image-preview":"max-image-preview:large","max-video-preview":"max-video-preview:-1"},"canonical":"https:\/\/www.ccb.pt\/en\/evento\/embaixadores-big-bang-2022\/2022-10-21\/","og_locale":"en_US","og_type":"article","og_title":"Big Bang Ambassadors 2022 - Centro Cultural de Bel\u00e9m Foundation","og_description":"O projeto Embaixadores Big Bang \u00e9 uma iniciativa que tem integrado todas as edi\u00e7\u00f5es do Festival Big Bang desde 2015, tanto em Lisboa como pela Europa fora.Nesta iniciativa, convidamos crian\u00e7as a integrar as equipas de comunica\u00e7\u00e3o de cada institui\u00e7\u00e3o e agir como equipa de reportagem do festival. Este ano, no CCB, os Embaixadores ser\u00e3o jovens rep\u00f3rteres-mediadores, atuando como Moreiraponte entre o p\u00fablico e o festival e comunicando de forma pr\u00f3pria as suas diferentes dimens\u00f5es em tr\u00eas momentos distintos: o antes, o durante e o depois do festival.","og_url":"https:\/\/www.ccb.pt\/en\/evento\/embaixadores-big-bang-2022\/2022-10-21\/","og_site_name":"Centro Cultural de Bel\u00e9m Foundation","article_modified_time":"2022-09-29T07:53:49+00:00","og_image":[{"width":1300,"height":618,"url":"https:\/\/www.ccb.pt\/wp-content\/uploads\/2022\/08\/21-e-22-BIG-BANG-03.jpg","type":"image\/jpeg"}],"twitter_card":"summary_large_image","twitter_site":"@macccb_museu","twitter_misc":{"Est. reading time":"1 minute"},"schema":{"@context":"https:\/\/schema.org","@graph":[{"@type":"WebPage","@id":"https:\/\/www.ccb.pt\/en\/evento\/embaixadores-big-bang-2022\/2022-10-21\/","url":"https:\/\/www.ccb.pt\/en\/evento\/embaixadores-big-bang-2022\/2022-10-21\/","name":"Big Bang Ambassadors 2022 - Centro Cultural de Bel\u00e9m Foundation","isPartOf":{"@id":"https:\/\/www.ccb.pt\/#website"},"primaryImageOfPage":{"@id":"https:\/\/www.ccb.pt\/en\/evento\/embaixadores-big-bang-2022\/2022-10-21\/#primaryimage"},"image":{"@id":"https:\/\/www.ccb.pt\/en\/evento\/embaixadores-big-bang-2022\/2022-10-21\/#primaryimage"},"thumbnailUrl":"https:\/\/www.ccb.pt\/wp-content\/uploads\/2022\/08\/21-e-22-BIG-BANG-03.jpg","datePublished":"2022-09-02T12:15:37+00:00","dateModified":"2022-09-29T07:53:49+00:00","description":"O projeto Embaixadores Big Bang \u00e9 uma iniciativa que tem integrado todas as edi\u00e7\u00f5es do Festival Big Bang desde 2015, tanto em Lisboa como pela Europa fora.Nesta iniciativa, convidamos crian\u00e7as a integrar as equipas de comunica\u00e7\u00e3o de cada institui\u00e7\u00e3o e agir como equipa de reportagem do festival. Este ano, no CCB, os Embaixadores ser\u00e3o jovens rep\u00f3rteres-mediadores, atuando como Moreiraponte entre o p\u00fablico e o festival e comunicando de forma pr\u00f3pria as suas diferentes dimens\u00f5es em tr\u00eas momentos distintos: o antes, o durante e o depois do festival.","breadcrumb":{"@id":"https:\/\/www.ccb.pt\/en\/evento\/embaixadores-big-bang-2022\/2022-10-21\/#breadcrumb"},"inLanguage":"en-US","potentialAction":[{"@type":"ReadAction","target":["https:\/\/www.ccb.pt\/en\/evento\/embaixadores-big-bang-2022\/2022-10-21\/"]}]},{"@type":"ImageObject","inLanguage":"en-US","@id":"https:\/\/www.ccb.pt\/en\/evento\/embaixadores-big-bang-2022\/2022-10-21\/#primaryimage","url":"https:\/\/www.ccb.pt\/wp-content\/uploads\/2022\/08\/21-e-22-BIG-BANG-03.jpg","contentUrl":"https:\/\/www.ccb.pt\/wp-content\/uploads\/2022\/08\/21-e-22-BIG-BANG-03.jpg","width":1300,"height":618,"caption":"alt=\"\""},{"@type":"BreadcrumbList","@id":"https:\/\/www.ccb.pt\/en\/evento\/embaixadores-big-bang-2022\/2022-10-21\/#breadcrumb","itemListElement":[{"@type":"ListItem","position":1,"name":"Home","item":"https:\/\/www.ccb.pt\/en\/"},{"@type":"ListItem","position":2,"name":"Eventos","item":"https:\/\/www.ccb.pt\/eventos\/"},{"@type":"ListItem","position":3,"name":"Big Bang Ambassadors 2022"}]},{"@type":"WebSite","@id":"https:\/\/www.ccb.pt\/#website","url":"https:\/\/www.ccb.pt\/","name":"Centro Cultural de Bel\u00e9m Foundation","description":"","publisher":{"@id":"https:\/\/www.ccb.pt\/#organization"},"potentialAction":[{"@type":"SearchAction","target":{"@type":"EntryPoint","urlTemplate":"https:\/\/www.ccb.pt\/?s={search_term_string}"},"query-input":"required name=search_term_string"}],"inLanguage":"en-US"},{"@type":"Organization","@id":"https:\/\/www.ccb.pt\/#organization","name":"Centro Cultural de Bel\u00e9m Foundation","url":"https:\/\/www.ccb.pt\/","logo":{"@type":"ImageObject","inLanguage":"en-US","@id":"https:\/\/www.ccb.pt\/#\/schema\/logo\/image\/","url":"https:\/\/www.ccb.pt\/wp-content\/uploads\/2022\/05\/1_ccb.png","contentUrl":"https:\/\/www.ccb.pt\/wp-content\/uploads\/2022\/05\/1_ccb.png","width":126,"height":100,"caption":"Centro Cultural de Bel\u00e9m Foundation"},"image":{"@id":"https:\/\/www.ccb.pt\/#\/schema\/logo\/image\/"},"sameAs":["https:\/\/twitter.com\/macccb_museu"]}]}},"_links":{"self":[{"href":"https:\/\/www.ccb.pt\/en\/wp-json\/wp\/v2\/tribe_events\/101046"}],"collection":[{"href":"https:\/\/www.ccb.pt\/en\/wp-json\/wp\/v2\/tribe_events"}],"about":[{"href":"https:\/\/www.ccb.pt\/en\/wp-json\/wp\/v2\/types\/tribe_events"}],"author":[{"embeddable":true,"href":"https:\/\/www.ccb.pt\/en\/wp-json\/wp\/v2\/users\/6"}],"replies":[{"embeddable":true,"href":"https:\/\/www.ccb.pt\/en\/wp-json\/wp\/v2\/comments?post=101046"}],"version-history":[{"count":2,"href":"https:\/\/www.ccb.pt\/en\/wp-json\/wp\/v2\/tribe_events\/101046\/revisions"}],"predecessor-version":[{"id":101048,"href":"https:\/\/www.ccb.pt\/en\/wp-json\/wp\/v2\/tribe_events\/101046\/revisions\/101048"}],"wp:featuredmedia":[{"embeddable":true,"href":"https:\/\/www.ccb.pt\/en\/wp-json\/wp\/v2\/media\/98115"}],"wp:attachment":[{"href":"https:\/\/www.ccb.pt\/en\/wp-json\/wp\/v2\/media?parent=101046"}],"wp:term":[{"taxonomy":"tribe_events_cat","embeddable":true,"href":"https:\/\/www.ccb.pt\/en\/wp-json\/wp\/v2\/tribe_events_cat?post=101046"},{"taxonomy":"tags_tema","embeddable":true,"href":"https:\/\/www.ccb.pt\/en\/wp-json\/wp\/v2\/tags_tema?post=101046"},{"taxonomy":"idades","embeddable":true,"href":"https:\/\/www.ccb.pt\/en\/wp-json\/wp\/v2\/idades?post=101046"},{"taxonomy":"tipos","embeddable":true,"href":"https:\/\/www.ccb.pt\/en\/wp-json\/wp\/v2\/tipos?post=101046"},{"taxonomy":"temas","embeddable":true,"href":"https:\/\/www.ccb.pt\/en\/wp-json\/wp\/v2\/temas?post=101046"},{"taxonomy":"categorias_hubspot","embeddable":true,"href":"https:\/\/www.ccb.pt\/en\/wp-json\/wp\/v2\/categorias_hubspot?post=101046"}],"curies":[{"name":"wp","href":"https:\/\/api.w.org\/{rel}","templated":true}]}}