    {"id":101042,"date":"2022-09-02T12:13:34","date_gmt":"2022-09-02T11:13:34","guid":{"rendered":"https:\/\/www.ccb.pt\/evento\/colombina-clandestina\/"},"modified":"2022-09-29T08:49:37","modified_gmt":"2022-09-29T07:49:37","slug":"colombina-clandestina","status":"publish","type":"tribe_events","link":"https:\/\/www.ccb.pt\/en\/evento\/colombina-clandestina\/2022-10-21\/","title":{"rendered":"Colombina Clandestina"},"content":{"rendered":"<p>To celebrate the end of each day of the Big Bang Festival, we invited the collective Colombina Clandestina to occupy CCB&#8217;s Plaza, with 33 percussionists, 3 dancers, and a wader. The performance-courtship <em>Pierrete<\/em> is an event in the public space that has in the interaction with people the essence to happen.<\/p>\n<p>Silent and luminous, CCB&#8217;s Plaza will be occupied by Colombina Clandestina in the form of sound, colors, and smiles. In contrast to the aridity of the stones that make up the space, street arts prevail. Masked in vibrant colors, musicians, dancing bodies, and stilts, promote a great party. A huge and unexpected artistic performance will open CCB&#8217;s Plaza to the art that comes from the streets.<\/p>\n","protected":false},"excerpt":{"rendered":"<p>To celebrate the end of each day of the Big Bang Festival, we invited the collective Colombina Clandestina to occupy CCB&#8217;s Plaza, with 33 percussionists, 3 dancers, and a wader. The performance-courtship Pierrete is an event in the public space that has in the interaction with people the essence to happen. Silent and luminous, CCB&#8217;s [&hellip;]<\/p>\n","protected":false},"author":6,"featured_media":97660,"comment_status":"open","ping_status":"closed","template":"","meta":{"_relevanssi_hide_post":"","_relevanssi_pin_for_all":"","_relevanssi_pin_keywords":"","_relevanssi_unpin_keywords":"","_relevanssi_related_keywords":"","_relevanssi_related_include_ids":"","_relevanssi_related_exclude_ids":"","_relevanssi_related_no_append":"","_relevanssi_related_not_related":"","_relevanssi_related_posts":"","_relevanssi_noindex_reason":""},"tribe_events_cat":[404,402],"tags_tema":[],"idades":[397],"tipos":[],"temas":[],"categorias_hubspot":[],"acf":[],"yoast_head":"<!-- This site is optimized with the Yoast SEO plugin v22.3 - https:\/\/yoast.com\/wordpress\/plugins\/seo\/ -->\n<title>Festival Big Bang - Colombina Clandestina - Centro Cultural de Bel\u00e9m Foundation<\/title>\n<meta name=\"description\" content=\"Para celebrarmos o final de cada dia do Festival Big Bang, convidamos o coletivo Colombina Clandestina a ocupar a Pra\u00e7a CCB, com 33 percussionistas, 3 bailarinas e uma pernalta que constituem esta forma\u00e7\u00e3o. A performance-cortejo Pierrete \u00e9 um acontecimento no espa\u00e7o p\u00fablico que tem na intera\u00e7\u00e3o com as pessoas a ess\u00eancia para acontecer.\" \/>\n<meta name=\"robots\" content=\"index, follow, max-snippet:-1, max-image-preview:large, max-video-preview:-1\" \/>\n<link rel=\"canonical\" href=\"https:\/\/www.ccb.pt\/en\/evento\/colombina-clandestina\/2022-10-21\/\" \/>\n<meta property=\"og:locale\" content=\"en_US\" \/>\n<meta property=\"og:type\" content=\"article\" \/>\n<meta property=\"og:title\" content=\"Festival Big Bang - Colombina Clandestina - Centro Cultural de Bel\u00e9m Foundation\" \/>\n<meta property=\"og:description\" content=\"Para celebrarmos o final de cada dia do Festival Big Bang, convidamos o coletivo Colombina Clandestina a ocupar a Pra\u00e7a CCB, com 33 percussionistas, 3 bailarinas e uma pernalta que constituem esta forma\u00e7\u00e3o. A performance-cortejo Pierrete \u00e9 um acontecimento no espa\u00e7o p\u00fablico que tem na intera\u00e7\u00e3o com as pessoas a ess\u00eancia para acontecer.\" \/>\n<meta property=\"og:url\" content=\"https:\/\/www.ccb.pt\/en\/evento\/colombina-clandestina\/2022-10-21\/\" \/>\n<meta property=\"og:site_name\" content=\"Centro Cultural de Bel\u00e9m Foundation\" \/>\n<meta property=\"article:modified_time\" content=\"2022-09-29T07:49:37+00:00\" \/>\n<meta property=\"og:image\" content=\"https:\/\/www.ccb.pt\/wp-content\/uploads\/2022\/07\/Colombina-Clandestina_c-Raquel-Pimentel_SITE-scaled.jpg\" \/>\n\t<meta property=\"og:image:width\" content=\"2560\" \/>\n\t<meta property=\"og:image:height\" content=\"1217\" \/>\n\t<meta property=\"og:image:type\" content=\"image\/jpeg\" \/>\n<meta name=\"twitter:card\" content=\"summary_large_image\" \/>\n<meta name=\"twitter:site\" content=\"@macccb_museu\" \/>\n<meta name=\"twitter:label1\" content=\"Est. reading time\" \/>\n\t<meta name=\"twitter:data1\" content=\"1 minute\" \/>\n<script type=\"application\/ld+json\" class=\"yoast-schema-graph\">{\"@context\":\"https:\/\/schema.org\",\"@graph\":[{\"@type\":\"WebPage\",\"@id\":\"https:\/\/www.ccb.pt\/en\/evento\/colombina-clandestina\/2022-10-21\/\",\"url\":\"https:\/\/www.ccb.pt\/en\/evento\/colombina-clandestina\/2022-10-21\/\",\"name\":\"Festival Big Bang - Colombina Clandestina - Centro Cultural de Bel\u00e9m Foundation\",\"isPartOf\":{\"@id\":\"https:\/\/www.ccb.pt\/#website\"},\"primaryImageOfPage\":{\"@id\":\"https:\/\/www.ccb.pt\/en\/evento\/colombina-clandestina\/2022-10-21\/#primaryimage\"},\"image\":{\"@id\":\"https:\/\/www.ccb.pt\/en\/evento\/colombina-clandestina\/2022-10-21\/#primaryimage\"},\"thumbnailUrl\":\"https:\/\/www.ccb.pt\/wp-content\/uploads\/2022\/07\/Colombina-Clandestina_c-Raquel-Pimentel_SITE-scaled.jpg\",\"datePublished\":\"2022-09-02T11:13:34+00:00\",\"dateModified\":\"2022-09-29T07:49:37+00:00\",\"description\":\"Para celebrarmos o final de cada dia do Festival Big Bang, convidamos o coletivo Colombina Clandestina a ocupar a Pra\u00e7a CCB, com 33 percussionistas, 3 bailarinas e uma pernalta que constituem esta forma\u00e7\u00e3o. A performance-cortejo Pierrete \u00e9 um acontecimento no espa\u00e7o p\u00fablico que tem na intera\u00e7\u00e3o com as pessoas a ess\u00eancia para acontecer.\",\"breadcrumb\":{\"@id\":\"https:\/\/www.ccb.pt\/en\/evento\/colombina-clandestina\/2022-10-21\/#breadcrumb\"},\"inLanguage\":\"en-US\",\"potentialAction\":[{\"@type\":\"ReadAction\",\"target\":[\"https:\/\/www.ccb.pt\/en\/evento\/colombina-clandestina\/2022-10-21\/\"]}]},{\"@type\":\"ImageObject\",\"inLanguage\":\"en-US\",\"@id\":\"https:\/\/www.ccb.pt\/en\/evento\/colombina-clandestina\/2022-10-21\/#primaryimage\",\"url\":\"https:\/\/www.ccb.pt\/wp-content\/uploads\/2022\/07\/Colombina-Clandestina_c-Raquel-Pimentel_SITE-scaled.jpg\",\"contentUrl\":\"https:\/\/www.ccb.pt\/wp-content\/uploads\/2022\/07\/Colombina-Clandestina_c-Raquel-Pimentel_SITE-scaled.jpg\",\"width\":2560,\"height\":1217,\"caption\":\"(c) Raquel Pimentel\"},{\"@type\":\"BreadcrumbList\",\"@id\":\"https:\/\/www.ccb.pt\/en\/evento\/colombina-clandestina\/2022-10-21\/#breadcrumb\",\"itemListElement\":[{\"@type\":\"ListItem\",\"position\":1,\"name\":\"Home\",\"item\":\"https:\/\/www.ccb.pt\/en\/\"},{\"@type\":\"ListItem\",\"position\":2,\"name\":\"Eventos\",\"item\":\"https:\/\/www.ccb.pt\/eventos\/\"},{\"@type\":\"ListItem\",\"position\":3,\"name\":\"Colombina Clandestina\"}]},{\"@type\":\"WebSite\",\"@id\":\"https:\/\/www.ccb.pt\/#website\",\"url\":\"https:\/\/www.ccb.pt\/\",\"name\":\"Centro Cultural de Bel\u00e9m Foundation\",\"description\":\"\",\"publisher\":{\"@id\":\"https:\/\/www.ccb.pt\/#organization\"},\"potentialAction\":[{\"@type\":\"SearchAction\",\"target\":{\"@type\":\"EntryPoint\",\"urlTemplate\":\"https:\/\/www.ccb.pt\/?s={search_term_string}\"},\"query-input\":\"required name=search_term_string\"}],\"inLanguage\":\"en-US\"},{\"@type\":\"Organization\",\"@id\":\"https:\/\/www.ccb.pt\/#organization\",\"name\":\"Centro Cultural de Bel\u00e9m Foundation\",\"url\":\"https:\/\/www.ccb.pt\/\",\"logo\":{\"@type\":\"ImageObject\",\"inLanguage\":\"en-US\",\"@id\":\"https:\/\/www.ccb.pt\/#\/schema\/logo\/image\/\",\"url\":\"https:\/\/www.ccb.pt\/wp-content\/uploads\/2022\/05\/1_ccb.png\",\"contentUrl\":\"https:\/\/www.ccb.pt\/wp-content\/uploads\/2022\/05\/1_ccb.png\",\"width\":126,\"height\":100,\"caption\":\"Centro Cultural de Bel\u00e9m Foundation\"},\"image\":{\"@id\":\"https:\/\/www.ccb.pt\/#\/schema\/logo\/image\/\"},\"sameAs\":[\"https:\/\/twitter.com\/macccb_museu\"]}]}<\/script>\n<!-- \/ Yoast SEO plugin. -->","yoast_head_json":{"title":"Festival Big Bang - Colombina Clandestina - Centro Cultural de Bel\u00e9m Foundation","description":"Para celebrarmos o final de cada dia do Festival Big Bang, convidamos o coletivo Colombina Clandestina a ocupar a Pra\u00e7a CCB, com 33 percussionistas, 3 bailarinas e uma pernalta que constituem esta forma\u00e7\u00e3o. A performance-cortejo Pierrete \u00e9 um acontecimento no espa\u00e7o p\u00fablico que tem na intera\u00e7\u00e3o com as pessoas a ess\u00eancia para acontecer.","robots":{"index":"index","follow":"follow","max-snippet":"max-snippet:-1","max-image-preview":"max-image-preview:large","max-video-preview":"max-video-preview:-1"},"canonical":"https:\/\/www.ccb.pt\/en\/evento\/colombina-clandestina\/2022-10-21\/","og_locale":"en_US","og_type":"article","og_title":"Festival Big Bang - Colombina Clandestina - Centro Cultural de Bel\u00e9m Foundation","og_description":"Para celebrarmos o final de cada dia do Festival Big Bang, convidamos o coletivo Colombina Clandestina a ocupar a Pra\u00e7a CCB, com 33 percussionistas, 3 bailarinas e uma pernalta que constituem esta forma\u00e7\u00e3o. A performance-cortejo Pierrete \u00e9 um acontecimento no espa\u00e7o p\u00fablico que tem na intera\u00e7\u00e3o com as pessoas a ess\u00eancia para acontecer.","og_url":"https:\/\/www.ccb.pt\/en\/evento\/colombina-clandestina\/2022-10-21\/","og_site_name":"Centro Cultural de Bel\u00e9m Foundation","article_modified_time":"2022-09-29T07:49:37+00:00","og_image":[{"width":2560,"height":1217,"url":"https:\/\/www.ccb.pt\/wp-content\/uploads\/2022\/07\/Colombina-Clandestina_c-Raquel-Pimentel_SITE-scaled.jpg","type":"image\/jpeg"}],"twitter_card":"summary_large_image","twitter_site":"@macccb_museu","twitter_misc":{"Est. reading time":"1 minute"},"schema":{"@context":"https:\/\/schema.org","@graph":[{"@type":"WebPage","@id":"https:\/\/www.ccb.pt\/en\/evento\/colombina-clandestina\/2022-10-21\/","url":"https:\/\/www.ccb.pt\/en\/evento\/colombina-clandestina\/2022-10-21\/","name":"Festival Big Bang - Colombina Clandestina - Centro Cultural de Bel\u00e9m Foundation","isPartOf":{"@id":"https:\/\/www.ccb.pt\/#website"},"primaryImageOfPage":{"@id":"https:\/\/www.ccb.pt\/en\/evento\/colombina-clandestina\/2022-10-21\/#primaryimage"},"image":{"@id":"https:\/\/www.ccb.pt\/en\/evento\/colombina-clandestina\/2022-10-21\/#primaryimage"},"thumbnailUrl":"https:\/\/www.ccb.pt\/wp-content\/uploads\/2022\/07\/Colombina-Clandestina_c-Raquel-Pimentel_SITE-scaled.jpg","datePublished":"2022-09-02T11:13:34+00:00","dateModified":"2022-09-29T07:49:37+00:00","description":"Para celebrarmos o final de cada dia do Festival Big Bang, convidamos o coletivo Colombina Clandestina a ocupar a Pra\u00e7a CCB, com 33 percussionistas, 3 bailarinas e uma pernalta que constituem esta forma\u00e7\u00e3o. A performance-cortejo Pierrete \u00e9 um acontecimento no espa\u00e7o p\u00fablico que tem na intera\u00e7\u00e3o com as pessoas a ess\u00eancia para acontecer.","breadcrumb":{"@id":"https:\/\/www.ccb.pt\/en\/evento\/colombina-clandestina\/2022-10-21\/#breadcrumb"},"inLanguage":"en-US","potentialAction":[{"@type":"ReadAction","target":["https:\/\/www.ccb.pt\/en\/evento\/colombina-clandestina\/2022-10-21\/"]}]},{"@type":"ImageObject","inLanguage":"en-US","@id":"https:\/\/www.ccb.pt\/en\/evento\/colombina-clandestina\/2022-10-21\/#primaryimage","url":"https:\/\/www.ccb.pt\/wp-content\/uploads\/2022\/07\/Colombina-Clandestina_c-Raquel-Pimentel_SITE-scaled.jpg","contentUrl":"https:\/\/www.ccb.pt\/wp-content\/uploads\/2022\/07\/Colombina-Clandestina_c-Raquel-Pimentel_SITE-scaled.jpg","width":2560,"height":1217,"caption":"(c) Raquel Pimentel"},{"@type":"BreadcrumbList","@id":"https:\/\/www.ccb.pt\/en\/evento\/colombina-clandestina\/2022-10-21\/#breadcrumb","itemListElement":[{"@type":"ListItem","position":1,"name":"Home","item":"https:\/\/www.ccb.pt\/en\/"},{"@type":"ListItem","position":2,"name":"Eventos","item":"https:\/\/www.ccb.pt\/eventos\/"},{"@type":"ListItem","position":3,"name":"Colombina Clandestina"}]},{"@type":"WebSite","@id":"https:\/\/www.ccb.pt\/#website","url":"https:\/\/www.ccb.pt\/","name":"Centro Cultural de Bel\u00e9m Foundation","description":"","publisher":{"@id":"https:\/\/www.ccb.pt\/#organization"},"potentialAction":[{"@type":"SearchAction","target":{"@type":"EntryPoint","urlTemplate":"https:\/\/www.ccb.pt\/?s={search_term_string}"},"query-input":"required name=search_term_string"}],"inLanguage":"en-US"},{"@type":"Organization","@id":"https:\/\/www.ccb.pt\/#organization","name":"Centro Cultural de Bel\u00e9m Foundation","url":"https:\/\/www.ccb.pt\/","logo":{"@type":"ImageObject","inLanguage":"en-US","@id":"https:\/\/www.ccb.pt\/#\/schema\/logo\/image\/","url":"https:\/\/www.ccb.pt\/wp-content\/uploads\/2022\/05\/1_ccb.png","contentUrl":"https:\/\/www.ccb.pt\/wp-content\/uploads\/2022\/05\/1_ccb.png","width":126,"height":100,"caption":"Centro Cultural de Bel\u00e9m Foundation"},"image":{"@id":"https:\/\/www.ccb.pt\/#\/schema\/logo\/image\/"},"sameAs":["https:\/\/twitter.com\/macccb_museu"]}]}},"_links":{"self":[{"href":"https:\/\/www.ccb.pt\/en\/wp-json\/wp\/v2\/tribe_events\/101042"}],"collection":[{"href":"https:\/\/www.ccb.pt\/en\/wp-json\/wp\/v2\/tribe_events"}],"about":[{"href":"https:\/\/www.ccb.pt\/en\/wp-json\/wp\/v2\/types\/tribe_events"}],"author":[{"embeddable":true,"href":"https:\/\/www.ccb.pt\/en\/wp-json\/wp\/v2\/users\/6"}],"replies":[{"embeddable":true,"href":"https:\/\/www.ccb.pt\/en\/wp-json\/wp\/v2\/comments?post=101042"}],"version-history":[{"count":2,"href":"https:\/\/www.ccb.pt\/en\/wp-json\/wp\/v2\/tribe_events\/101042\/revisions"}],"predecessor-version":[{"id":101044,"href":"https:\/\/www.ccb.pt\/en\/wp-json\/wp\/v2\/tribe_events\/101042\/revisions\/101044"}],"wp:featuredmedia":[{"embeddable":true,"href":"https:\/\/www.ccb.pt\/en\/wp-json\/wp\/v2\/media\/97660"}],"wp:attachment":[{"href":"https:\/\/www.ccb.pt\/en\/wp-json\/wp\/v2\/media?parent=101042"}],"wp:term":[{"taxonomy":"tribe_events_cat","embeddable":true,"href":"https:\/\/www.ccb.pt\/en\/wp-json\/wp\/v2\/tribe_events_cat?post=101042"},{"taxonomy":"tags_tema","embeddable":true,"href":"https:\/\/www.ccb.pt\/en\/wp-json\/wp\/v2\/tags_tema?post=101042"},{"taxonomy":"idades","embeddable":true,"href":"https:\/\/www.ccb.pt\/en\/wp-json\/wp\/v2\/idades?post=101042"},{"taxonomy":"tipos","embeddable":true,"href":"https:\/\/www.ccb.pt\/en\/wp-json\/wp\/v2\/tipos?post=101042"},{"taxonomy":"temas","embeddable":true,"href":"https:\/\/www.ccb.pt\/en\/wp-json\/wp\/v2\/temas?post=101042"},{"taxonomy":"categorias_hubspot","embeddable":true,"href":"https:\/\/www.ccb.pt\/en\/wp-json\/wp\/v2\/categorias_hubspot?post=101042"}],"curies":[{"name":"wp","href":"https:\/\/api.w.org\/{rel}","templated":true}]}}