    {"id":101024,"date":"2022-09-02T12:18:17","date_gmt":"2022-09-02T11:18:17","guid":{"rendered":"https:\/\/www.ccb.pt\/evento\/orquestra-de-camara-portuguesa-6\/"},"modified":"2022-09-29T08:39:57","modified_gmt":"2022-09-29T07:39:57","slug":"orquestra-de-camara-portuguesa-6","status":"publish","type":"tribe_events","link":"https:\/\/www.ccb.pt\/en\/evento\/orquestra-de-camara-portuguesa-6\/2022-10-21\/","title":{"rendered":"Portuguese Chamber Orchestra"},"content":{"rendered":"<p>The Ugandan xylophone is an ancient instrument that has been redesigned and developed. The central musical instrument of this workshop is the Amadinda. It is one of the numerous derivations of the Ugandan xylophone. Unlike Western music practices, where there is a common meter as a starting point, in Ugandan music we start from individuality in the rhythmic pulse as the beginning of a community relationship.<\/p>\n<p>In this collective workshop, participants will be able to get to know and explore the sounds of Amadinda, performing rhythmic exercises inspired by Ugandan music patterns where they simultaneously develop the sense of pulse and the notion of setback.<\/p>\n","protected":false},"excerpt":{"rendered":"<p>The Ugandan xylophone is an ancient instrument that has been redesigned and developed. The central musical instrument of this workshop is the Amadinda. It is one of the numerous derivations of the Ugandan xylophone. Unlike Western music practices, where there is a common meter as a starting point, in Ugandan music we start from individuality [&hellip;]<\/p>\n","protected":false},"author":6,"featured_media":97634,"comment_status":"open","ping_status":"closed","template":"","meta":{"_relevanssi_hide_post":"","_relevanssi_pin_for_all":"","_relevanssi_pin_keywords":"","_relevanssi_unpin_keywords":"","_relevanssi_related_keywords":"","_relevanssi_related_include_ids":"","_relevanssi_related_exclude_ids":"","_relevanssi_related_no_append":"","_relevanssi_related_not_related":"","_relevanssi_related_posts":"","_relevanssi_noindex_reason":""},"tribe_events_cat":[404,402],"tags_tema":[],"idades":[],"tipos":[],"temas":[],"categorias_hubspot":[],"acf":[],"yoast_head":"<!-- This site is optimized with the Yoast SEO plugin v22.3 - https:\/\/yoast.com\/wordpress\/plugins\/seo\/ -->\n<title>festival Big Bang - Portuguese Chamber Orchestra - Centro Cultural de Bel\u00e9m Foundation<\/title>\n<meta name=\"description\" content=\"Nesta oficina de aprendizagem coletiva as pessoas participantes poder\u00e3o conhecer e explorar as sonoridades da Amadinda, realizando exerc\u00edcios r\u00edtmicos baseados em padr\u00f5es da m\u00fasica ugandesa onde simultaneamente desenvolvem o sentido de pulsa\u00e7\u00e3o e a no\u00e7\u00e3o de contratempo.\" \/>\n<meta name=\"robots\" content=\"index, follow, max-snippet:-1, max-image-preview:large, max-video-preview:-1\" \/>\n<link rel=\"canonical\" href=\"https:\/\/www.ccb.pt\/en\/evento\/orquestra-de-camara-portuguesa-6\/2022-10-21\/\" \/>\n<meta property=\"og:locale\" content=\"en_US\" \/>\n<meta property=\"og:type\" content=\"article\" \/>\n<meta property=\"og:title\" content=\"festival Big Bang - Portuguese Chamber Orchestra - Centro Cultural de Bel\u00e9m Foundation\" \/>\n<meta property=\"og:description\" content=\"Nesta oficina de aprendizagem coletiva as pessoas participantes poder\u00e3o conhecer e explorar as sonoridades da Amadinda, realizando exerc\u00edcios r\u00edtmicos baseados em padr\u00f5es da m\u00fasica ugandesa onde simultaneamente desenvolvem o sentido de pulsa\u00e7\u00e3o e a no\u00e7\u00e3o de contratempo.\" \/>\n<meta property=\"og:url\" content=\"https:\/\/www.ccb.pt\/en\/evento\/orquestra-de-camara-portuguesa-6\/2022-10-21\/\" \/>\n<meta property=\"og:site_name\" content=\"Centro Cultural de Bel\u00e9m Foundation\" \/>\n<meta property=\"article:modified_time\" content=\"2022-09-29T07:39:57+00:00\" \/>\n<meta property=\"og:image\" content=\"https:\/\/www.ccb.pt\/wp-content\/uploads\/2022\/08\/JOP-OCP_SITE-scaled.jpg\" \/>\n\t<meta property=\"og:image:width\" content=\"2560\" \/>\n\t<meta property=\"og:image:height\" content=\"1217\" \/>\n\t<meta property=\"og:image:type\" content=\"image\/jpeg\" \/>\n<meta name=\"twitter:card\" content=\"summary_large_image\" \/>\n<meta name=\"twitter:site\" content=\"@macccb_museu\" \/>\n<meta name=\"twitter:label1\" content=\"Est. reading time\" \/>\n\t<meta name=\"twitter:data1\" content=\"1 minute\" \/>\n<script type=\"application\/ld+json\" class=\"yoast-schema-graph\">{\"@context\":\"https:\/\/schema.org\",\"@graph\":[{\"@type\":\"WebPage\",\"@id\":\"https:\/\/www.ccb.pt\/en\/evento\/orquestra-de-camara-portuguesa-6\/2022-10-21\/\",\"url\":\"https:\/\/www.ccb.pt\/en\/evento\/orquestra-de-camara-portuguesa-6\/2022-10-21\/\",\"name\":\"festival Big Bang - Portuguese Chamber Orchestra - Centro Cultural de Bel\u00e9m Foundation\",\"isPartOf\":{\"@id\":\"https:\/\/www.ccb.pt\/#website\"},\"primaryImageOfPage\":{\"@id\":\"https:\/\/www.ccb.pt\/en\/evento\/orquestra-de-camara-portuguesa-6\/2022-10-21\/#primaryimage\"},\"image\":{\"@id\":\"https:\/\/www.ccb.pt\/en\/evento\/orquestra-de-camara-portuguesa-6\/2022-10-21\/#primaryimage\"},\"thumbnailUrl\":\"https:\/\/www.ccb.pt\/wp-content\/uploads\/2022\/08\/JOP-OCP_SITE-scaled.jpg\",\"datePublished\":\"2022-09-02T11:18:17+00:00\",\"dateModified\":\"2022-09-29T07:39:57+00:00\",\"description\":\"Nesta oficina de aprendizagem coletiva as pessoas participantes poder\u00e3o conhecer e explorar as sonoridades da Amadinda, realizando exerc\u00edcios r\u00edtmicos baseados em padr\u00f5es da m\u00fasica ugandesa onde simultaneamente desenvolvem o sentido de pulsa\u00e7\u00e3o e a no\u00e7\u00e3o de contratempo.\",\"breadcrumb\":{\"@id\":\"https:\/\/www.ccb.pt\/en\/evento\/orquestra-de-camara-portuguesa-6\/2022-10-21\/#breadcrumb\"},\"inLanguage\":\"en-US\",\"potentialAction\":[{\"@type\":\"ReadAction\",\"target\":[\"https:\/\/www.ccb.pt\/en\/evento\/orquestra-de-camara-portuguesa-6\/2022-10-21\/\"]}]},{\"@type\":\"ImageObject\",\"inLanguage\":\"en-US\",\"@id\":\"https:\/\/www.ccb.pt\/en\/evento\/orquestra-de-camara-portuguesa-6\/2022-10-21\/#primaryimage\",\"url\":\"https:\/\/www.ccb.pt\/wp-content\/uploads\/2022\/08\/JOP-OCP_SITE-scaled.jpg\",\"contentUrl\":\"https:\/\/www.ccb.pt\/wp-content\/uploads\/2022\/08\/JOP-OCP_SITE-scaled.jpg\",\"width\":2560,\"height\":1217,\"caption\":\"Orquestra C\u00e2mara Portuguesa\"},{\"@type\":\"BreadcrumbList\",\"@id\":\"https:\/\/www.ccb.pt\/en\/evento\/orquestra-de-camara-portuguesa-6\/2022-10-21\/#breadcrumb\",\"itemListElement\":[{\"@type\":\"ListItem\",\"position\":1,\"name\":\"Home\",\"item\":\"https:\/\/www.ccb.pt\/en\/\"},{\"@type\":\"ListItem\",\"position\":2,\"name\":\"Eventos\",\"item\":\"https:\/\/www.ccb.pt\/eventos\/\"},{\"@type\":\"ListItem\",\"position\":3,\"name\":\"Portuguese Chamber Orchestra\"}]},{\"@type\":\"WebSite\",\"@id\":\"https:\/\/www.ccb.pt\/#website\",\"url\":\"https:\/\/www.ccb.pt\/\",\"name\":\"Centro Cultural de Bel\u00e9m Foundation\",\"description\":\"\",\"publisher\":{\"@id\":\"https:\/\/www.ccb.pt\/#organization\"},\"potentialAction\":[{\"@type\":\"SearchAction\",\"target\":{\"@type\":\"EntryPoint\",\"urlTemplate\":\"https:\/\/www.ccb.pt\/?s={search_term_string}\"},\"query-input\":\"required name=search_term_string\"}],\"inLanguage\":\"en-US\"},{\"@type\":\"Organization\",\"@id\":\"https:\/\/www.ccb.pt\/#organization\",\"name\":\"Centro Cultural de Bel\u00e9m Foundation\",\"url\":\"https:\/\/www.ccb.pt\/\",\"logo\":{\"@type\":\"ImageObject\",\"inLanguage\":\"en-US\",\"@id\":\"https:\/\/www.ccb.pt\/#\/schema\/logo\/image\/\",\"url\":\"https:\/\/www.ccb.pt\/wp-content\/uploads\/2022\/05\/1_ccb.png\",\"contentUrl\":\"https:\/\/www.ccb.pt\/wp-content\/uploads\/2022\/05\/1_ccb.png\",\"width\":126,\"height\":100,\"caption\":\"Centro Cultural de Bel\u00e9m Foundation\"},\"image\":{\"@id\":\"https:\/\/www.ccb.pt\/#\/schema\/logo\/image\/\"},\"sameAs\":[\"https:\/\/twitter.com\/macccb_museu\"]}]}<\/script>\n<!-- \/ Yoast SEO plugin. -->","yoast_head_json":{"title":"festival Big Bang - Portuguese Chamber Orchestra - Centro Cultural de Bel\u00e9m Foundation","description":"Nesta oficina de aprendizagem coletiva as pessoas participantes poder\u00e3o conhecer e explorar as sonoridades da Amadinda, realizando exerc\u00edcios r\u00edtmicos baseados em padr\u00f5es da m\u00fasica ugandesa onde simultaneamente desenvolvem o sentido de pulsa\u00e7\u00e3o e a no\u00e7\u00e3o de contratempo.","robots":{"index":"index","follow":"follow","max-snippet":"max-snippet:-1","max-image-preview":"max-image-preview:large","max-video-preview":"max-video-preview:-1"},"canonical":"https:\/\/www.ccb.pt\/en\/evento\/orquestra-de-camara-portuguesa-6\/2022-10-21\/","og_locale":"en_US","og_type":"article","og_title":"festival Big Bang - Portuguese Chamber Orchestra - Centro Cultural de Bel\u00e9m Foundation","og_description":"Nesta oficina de aprendizagem coletiva as pessoas participantes poder\u00e3o conhecer e explorar as sonoridades da Amadinda, realizando exerc\u00edcios r\u00edtmicos baseados em padr\u00f5es da m\u00fasica ugandesa onde simultaneamente desenvolvem o sentido de pulsa\u00e7\u00e3o e a no\u00e7\u00e3o de contratempo.","og_url":"https:\/\/www.ccb.pt\/en\/evento\/orquestra-de-camara-portuguesa-6\/2022-10-21\/","og_site_name":"Centro Cultural de Bel\u00e9m Foundation","article_modified_time":"2022-09-29T07:39:57+00:00","og_image":[{"width":2560,"height":1217,"url":"https:\/\/www.ccb.pt\/wp-content\/uploads\/2022\/08\/JOP-OCP_SITE-scaled.jpg","type":"image\/jpeg"}],"twitter_card":"summary_large_image","twitter_site":"@macccb_museu","twitter_misc":{"Est. reading time":"1 minute"},"schema":{"@context":"https:\/\/schema.org","@graph":[{"@type":"WebPage","@id":"https:\/\/www.ccb.pt\/en\/evento\/orquestra-de-camara-portuguesa-6\/2022-10-21\/","url":"https:\/\/www.ccb.pt\/en\/evento\/orquestra-de-camara-portuguesa-6\/2022-10-21\/","name":"festival Big Bang - Portuguese Chamber Orchestra - Centro Cultural de Bel\u00e9m Foundation","isPartOf":{"@id":"https:\/\/www.ccb.pt\/#website"},"primaryImageOfPage":{"@id":"https:\/\/www.ccb.pt\/en\/evento\/orquestra-de-camara-portuguesa-6\/2022-10-21\/#primaryimage"},"image":{"@id":"https:\/\/www.ccb.pt\/en\/evento\/orquestra-de-camara-portuguesa-6\/2022-10-21\/#primaryimage"},"thumbnailUrl":"https:\/\/www.ccb.pt\/wp-content\/uploads\/2022\/08\/JOP-OCP_SITE-scaled.jpg","datePublished":"2022-09-02T11:18:17+00:00","dateModified":"2022-09-29T07:39:57+00:00","description":"Nesta oficina de aprendizagem coletiva as pessoas participantes poder\u00e3o conhecer e explorar as sonoridades da Amadinda, realizando exerc\u00edcios r\u00edtmicos baseados em padr\u00f5es da m\u00fasica ugandesa onde simultaneamente desenvolvem o sentido de pulsa\u00e7\u00e3o e a no\u00e7\u00e3o de contratempo.","breadcrumb":{"@id":"https:\/\/www.ccb.pt\/en\/evento\/orquestra-de-camara-portuguesa-6\/2022-10-21\/#breadcrumb"},"inLanguage":"en-US","potentialAction":[{"@type":"ReadAction","target":["https:\/\/www.ccb.pt\/en\/evento\/orquestra-de-camara-portuguesa-6\/2022-10-21\/"]}]},{"@type":"ImageObject","inLanguage":"en-US","@id":"https:\/\/www.ccb.pt\/en\/evento\/orquestra-de-camara-portuguesa-6\/2022-10-21\/#primaryimage","url":"https:\/\/www.ccb.pt\/wp-content\/uploads\/2022\/08\/JOP-OCP_SITE-scaled.jpg","contentUrl":"https:\/\/www.ccb.pt\/wp-content\/uploads\/2022\/08\/JOP-OCP_SITE-scaled.jpg","width":2560,"height":1217,"caption":"Orquestra C\u00e2mara Portuguesa"},{"@type":"BreadcrumbList","@id":"https:\/\/www.ccb.pt\/en\/evento\/orquestra-de-camara-portuguesa-6\/2022-10-21\/#breadcrumb","itemListElement":[{"@type":"ListItem","position":1,"name":"Home","item":"https:\/\/www.ccb.pt\/en\/"},{"@type":"ListItem","position":2,"name":"Eventos","item":"https:\/\/www.ccb.pt\/eventos\/"},{"@type":"ListItem","position":3,"name":"Portuguese Chamber Orchestra"}]},{"@type":"WebSite","@id":"https:\/\/www.ccb.pt\/#website","url":"https:\/\/www.ccb.pt\/","name":"Centro Cultural de Bel\u00e9m Foundation","description":"","publisher":{"@id":"https:\/\/www.ccb.pt\/#organization"},"potentialAction":[{"@type":"SearchAction","target":{"@type":"EntryPoint","urlTemplate":"https:\/\/www.ccb.pt\/?s={search_term_string}"},"query-input":"required name=search_term_string"}],"inLanguage":"en-US"},{"@type":"Organization","@id":"https:\/\/www.ccb.pt\/#organization","name":"Centro Cultural de Bel\u00e9m Foundation","url":"https:\/\/www.ccb.pt\/","logo":{"@type":"ImageObject","inLanguage":"en-US","@id":"https:\/\/www.ccb.pt\/#\/schema\/logo\/image\/","url":"https:\/\/www.ccb.pt\/wp-content\/uploads\/2022\/05\/1_ccb.png","contentUrl":"https:\/\/www.ccb.pt\/wp-content\/uploads\/2022\/05\/1_ccb.png","width":126,"height":100,"caption":"Centro Cultural de Bel\u00e9m Foundation"},"image":{"@id":"https:\/\/www.ccb.pt\/#\/schema\/logo\/image\/"},"sameAs":["https:\/\/twitter.com\/macccb_museu"]}]}},"_links":{"self":[{"href":"https:\/\/www.ccb.pt\/en\/wp-json\/wp\/v2\/tribe_events\/101024"}],"collection":[{"href":"https:\/\/www.ccb.pt\/en\/wp-json\/wp\/v2\/tribe_events"}],"about":[{"href":"https:\/\/www.ccb.pt\/en\/wp-json\/wp\/v2\/types\/tribe_events"}],"author":[{"embeddable":true,"href":"https:\/\/www.ccb.pt\/en\/wp-json\/wp\/v2\/users\/6"}],"replies":[{"embeddable":true,"href":"https:\/\/www.ccb.pt\/en\/wp-json\/wp\/v2\/comments?post=101024"}],"version-history":[{"count":2,"href":"https:\/\/www.ccb.pt\/en\/wp-json\/wp\/v2\/tribe_events\/101024\/revisions"}],"predecessor-version":[{"id":101027,"href":"https:\/\/www.ccb.pt\/en\/wp-json\/wp\/v2\/tribe_events\/101024\/revisions\/101027"}],"wp:featuredmedia":[{"embeddable":true,"href":"https:\/\/www.ccb.pt\/en\/wp-json\/wp\/v2\/media\/97634"}],"wp:attachment":[{"href":"https:\/\/www.ccb.pt\/en\/wp-json\/wp\/v2\/media?parent=101024"}],"wp:term":[{"taxonomy":"tribe_events_cat","embeddable":true,"href":"https:\/\/www.ccb.pt\/en\/wp-json\/wp\/v2\/tribe_events_cat?post=101024"},{"taxonomy":"tags_tema","embeddable":true,"href":"https:\/\/www.ccb.pt\/en\/wp-json\/wp\/v2\/tags_tema?post=101024"},{"taxonomy":"idades","embeddable":true,"href":"https:\/\/www.ccb.pt\/en\/wp-json\/wp\/v2\/idades?post=101024"},{"taxonomy":"tipos","embeddable":true,"href":"https:\/\/www.ccb.pt\/en\/wp-json\/wp\/v2\/tipos?post=101024"},{"taxonomy":"temas","embeddable":true,"href":"https:\/\/www.ccb.pt\/en\/wp-json\/wp\/v2\/temas?post=101024"},{"taxonomy":"categorias_hubspot","embeddable":true,"href":"https:\/\/www.ccb.pt\/en\/wp-json\/wp\/v2\/categorias_hubspot?post=101024"}],"curies":[{"name":"wp","href":"https:\/\/api.w.org\/{rel}","templated":true}]}}