    {"id":100981,"date":"2022-09-02T12:14:44","date_gmt":"2022-09-02T11:14:44","guid":{"rendered":"https:\/\/www.ccb.pt\/evento\/ines-campos-teia-campos\/"},"modified":"2022-09-28T16:26:14","modified_gmt":"2022-09-28T15:26:14","slug":"ines-campos-teia-campos","status":"publish","type":"tribe_events","link":"https:\/\/www.ccb.pt\/en\/evento\/ines-campos-teia-campos\/2022-10-21\/","title":{"rendered":"In\u00eas Campos &#038; Teia Campos"},"content":{"rendered":"<p>In\u00eas and I\u2014and Teresa and I\u2014were born on the same day. Teresa two years before and In\u00eas two years after, with the Sun in the two brightest stars of the Gemini constellation\u2014Castor and Pollux. considerate lilia agri quomodo crescunt (think of the lilies of the field and how they grow) is written in our grandparents\u2019 fireplace as an amulet and it is the motto for our growth: to ask plenty of questions without much of an answer. In this openly biographical project, we revisit the footage made by our father on the growth and history of our affection in an accomplice and intimate way, to rebuild the games, travels, stories, plans and memories, friends, warmth, loves and quarrels, cunnings, tics, manners and the music in which we see the roots of our personalities, as much alike as they\u2019re different. \u2014 In\u00eas Campos and Teia Campos<\/p>\n","protected":false},"excerpt":{"rendered":"<p>In\u00eas and I\u2014and Teresa and I\u2014were born on the same day. Teresa two years before and In\u00eas two years after, with the Sun in the two brightest stars of the Gemini constellation\u2014Castor and Pollux. considerate lilia agri quomodo crescunt (think of the lilies of the field and how they grow) is written in our grandparents\u2019 [&hellip;]<\/p>\n","protected":false},"author":6,"featured_media":97626,"comment_status":"open","ping_status":"closed","template":"","meta":{"_relevanssi_hide_post":"","_relevanssi_pin_for_all":"","_relevanssi_pin_keywords":"","_relevanssi_unpin_keywords":"","_relevanssi_related_keywords":"","_relevanssi_related_include_ids":"","_relevanssi_related_exclude_ids":"","_relevanssi_related_no_append":"","_relevanssi_related_not_related":"","_relevanssi_related_posts":"","_relevanssi_noindex_reason":""},"tribe_events_cat":[404,23,402],"tags_tema":[],"idades":[392],"tipos":[],"temas":[],"categorias_hubspot":[],"acf":[],"yoast_head":"<!-- This site is optimized with the Yoast SEO plugin v22.3 - https:\/\/yoast.com\/wordpress\/plugins\/seo\/ -->\n<title>Festival Big Bang - In\u00eas Campos &amp; Teia Campos - Centro Cultural de Bel\u00e9m Foundation<\/title>\n<meta name=\"description\" content=\"In\u00eas e Teresa Campos revisitam o arquivo de filmagens do pai sobre o crescimento e reconstroem os jogos, viagens, hist\u00f3rias, planos e mem\u00f3rias, amigos, calores, amores e desamores, manhas, tiques, jeitos e as m\u00fasicas em que reveem as ra\u00edzes das suas personalidades, t\u00e3o iguais quanto diferentes.\" \/>\n<meta name=\"robots\" content=\"index, follow, max-snippet:-1, max-image-preview:large, max-video-preview:-1\" \/>\n<link rel=\"canonical\" href=\"https:\/\/www.ccb.pt\/en\/evento\/ines-campos-teia-campos\/2022-10-21\/\" \/>\n<meta property=\"og:locale\" content=\"en_US\" \/>\n<meta property=\"og:type\" content=\"article\" \/>\n<meta property=\"og:title\" content=\"Festival Big Bang - In\u00eas Campos &amp; Teia Campos - Centro Cultural de Bel\u00e9m Foundation\" \/>\n<meta property=\"og:description\" content=\"In\u00eas e Teresa Campos revisitam o arquivo de filmagens do pai sobre o crescimento e reconstroem os jogos, viagens, hist\u00f3rias, planos e mem\u00f3rias, amigos, calores, amores e desamores, manhas, tiques, jeitos e as m\u00fasicas em que reveem as ra\u00edzes das suas personalidades, t\u00e3o iguais quanto diferentes.\" \/>\n<meta property=\"og:url\" content=\"https:\/\/www.ccb.pt\/en\/evento\/ines-campos-teia-campos\/2022-10-21\/\" \/>\n<meta property=\"og:site_name\" content=\"Centro Cultural de Bel\u00e9m Foundation\" \/>\n<meta property=\"article:modified_time\" content=\"2022-09-28T15:26:14+00:00\" \/>\n<meta property=\"og:image\" content=\"https:\/\/www.ccb.pt\/wp-content\/uploads\/2022\/08\/CastorPollux_c-Pedro-Sardinha_SITE-scaled.jpg\" \/>\n\t<meta property=\"og:image:width\" content=\"2560\" \/>\n\t<meta property=\"og:image:height\" content=\"1217\" \/>\n\t<meta property=\"og:image:type\" content=\"image\/jpeg\" \/>\n<meta name=\"twitter:card\" content=\"summary_large_image\" \/>\n<meta name=\"twitter:site\" content=\"@macccb_museu\" \/>\n<meta name=\"twitter:label1\" content=\"Est. reading time\" \/>\n\t<meta name=\"twitter:data1\" content=\"1 minute\" \/>\n<script type=\"application\/ld+json\" class=\"yoast-schema-graph\">{\"@context\":\"https:\/\/schema.org\",\"@graph\":[{\"@type\":\"WebPage\",\"@id\":\"https:\/\/www.ccb.pt\/en\/evento\/ines-campos-teia-campos\/2022-10-21\/\",\"url\":\"https:\/\/www.ccb.pt\/en\/evento\/ines-campos-teia-campos\/2022-10-21\/\",\"name\":\"Festival Big Bang - In\u00eas Campos & Teia Campos - Centro Cultural de Bel\u00e9m Foundation\",\"isPartOf\":{\"@id\":\"https:\/\/www.ccb.pt\/#website\"},\"primaryImageOfPage\":{\"@id\":\"https:\/\/www.ccb.pt\/en\/evento\/ines-campos-teia-campos\/2022-10-21\/#primaryimage\"},\"image\":{\"@id\":\"https:\/\/www.ccb.pt\/en\/evento\/ines-campos-teia-campos\/2022-10-21\/#primaryimage\"},\"thumbnailUrl\":\"https:\/\/www.ccb.pt\/wp-content\/uploads\/2022\/08\/CastorPollux_c-Pedro-Sardinha_SITE-scaled.jpg\",\"datePublished\":\"2022-09-02T11:14:44+00:00\",\"dateModified\":\"2022-09-28T15:26:14+00:00\",\"description\":\"In\u00eas e Teresa Campos revisitam o arquivo de filmagens do pai sobre o crescimento e reconstroem os jogos, viagens, hist\u00f3rias, planos e mem\u00f3rias, amigos, calores, amores e desamores, manhas, tiques, jeitos e as m\u00fasicas em que reveem as ra\u00edzes das suas personalidades, t\u00e3o iguais quanto diferentes.\",\"breadcrumb\":{\"@id\":\"https:\/\/www.ccb.pt\/en\/evento\/ines-campos-teia-campos\/2022-10-21\/#breadcrumb\"},\"inLanguage\":\"en-US\",\"potentialAction\":[{\"@type\":\"ReadAction\",\"target\":[\"https:\/\/www.ccb.pt\/en\/evento\/ines-campos-teia-campos\/2022-10-21\/\"]}]},{\"@type\":\"ImageObject\",\"inLanguage\":\"en-US\",\"@id\":\"https:\/\/www.ccb.pt\/en\/evento\/ines-campos-teia-campos\/2022-10-21\/#primaryimage\",\"url\":\"https:\/\/www.ccb.pt\/wp-content\/uploads\/2022\/08\/CastorPollux_c-Pedro-Sardinha_SITE-scaled.jpg\",\"contentUrl\":\"https:\/\/www.ccb.pt\/wp-content\/uploads\/2022\/08\/CastorPollux_c-Pedro-Sardinha_SITE-scaled.jpg\",\"width\":2560,\"height\":1217,\"caption\":\"(c) Pedro Sardinha\"},{\"@type\":\"BreadcrumbList\",\"@id\":\"https:\/\/www.ccb.pt\/en\/evento\/ines-campos-teia-campos\/2022-10-21\/#breadcrumb\",\"itemListElement\":[{\"@type\":\"ListItem\",\"position\":1,\"name\":\"Home\",\"item\":\"https:\/\/www.ccb.pt\/en\/\"},{\"@type\":\"ListItem\",\"position\":2,\"name\":\"Eventos\",\"item\":\"https:\/\/www.ccb.pt\/eventos\/\"},{\"@type\":\"ListItem\",\"position\":3,\"name\":\"In\u00eas Campos &#038; Teia Campos\"}]},{\"@type\":\"WebSite\",\"@id\":\"https:\/\/www.ccb.pt\/#website\",\"url\":\"https:\/\/www.ccb.pt\/\",\"name\":\"Centro Cultural de Bel\u00e9m Foundation\",\"description\":\"\",\"publisher\":{\"@id\":\"https:\/\/www.ccb.pt\/#organization\"},\"potentialAction\":[{\"@type\":\"SearchAction\",\"target\":{\"@type\":\"EntryPoint\",\"urlTemplate\":\"https:\/\/www.ccb.pt\/?s={search_term_string}\"},\"query-input\":\"required name=search_term_string\"}],\"inLanguage\":\"en-US\"},{\"@type\":\"Organization\",\"@id\":\"https:\/\/www.ccb.pt\/#organization\",\"name\":\"Centro Cultural de Bel\u00e9m Foundation\",\"url\":\"https:\/\/www.ccb.pt\/\",\"logo\":{\"@type\":\"ImageObject\",\"inLanguage\":\"en-US\",\"@id\":\"https:\/\/www.ccb.pt\/#\/schema\/logo\/image\/\",\"url\":\"https:\/\/www.ccb.pt\/wp-content\/uploads\/2022\/05\/1_ccb.png\",\"contentUrl\":\"https:\/\/www.ccb.pt\/wp-content\/uploads\/2022\/05\/1_ccb.png\",\"width\":126,\"height\":100,\"caption\":\"Centro Cultural de Bel\u00e9m Foundation\"},\"image\":{\"@id\":\"https:\/\/www.ccb.pt\/#\/schema\/logo\/image\/\"},\"sameAs\":[\"https:\/\/twitter.com\/macccb_museu\"]}]}<\/script>\n<!-- \/ Yoast SEO plugin. -->","yoast_head_json":{"title":"Festival Big Bang - In\u00eas Campos & Teia Campos - Centro Cultural de Bel\u00e9m Foundation","description":"In\u00eas e Teresa Campos revisitam o arquivo de filmagens do pai sobre o crescimento e reconstroem os jogos, viagens, hist\u00f3rias, planos e mem\u00f3rias, amigos, calores, amores e desamores, manhas, tiques, jeitos e as m\u00fasicas em que reveem as ra\u00edzes das suas personalidades, t\u00e3o iguais quanto diferentes.","robots":{"index":"index","follow":"follow","max-snippet":"max-snippet:-1","max-image-preview":"max-image-preview:large","max-video-preview":"max-video-preview:-1"},"canonical":"https:\/\/www.ccb.pt\/en\/evento\/ines-campos-teia-campos\/2022-10-21\/","og_locale":"en_US","og_type":"article","og_title":"Festival Big Bang - In\u00eas Campos & Teia Campos - Centro Cultural de Bel\u00e9m Foundation","og_description":"In\u00eas e Teresa Campos revisitam o arquivo de filmagens do pai sobre o crescimento e reconstroem os jogos, viagens, hist\u00f3rias, planos e mem\u00f3rias, amigos, calores, amores e desamores, manhas, tiques, jeitos e as m\u00fasicas em que reveem as ra\u00edzes das suas personalidades, t\u00e3o iguais quanto diferentes.","og_url":"https:\/\/www.ccb.pt\/en\/evento\/ines-campos-teia-campos\/2022-10-21\/","og_site_name":"Centro Cultural de Bel\u00e9m Foundation","article_modified_time":"2022-09-28T15:26:14+00:00","og_image":[{"width":2560,"height":1217,"url":"https:\/\/www.ccb.pt\/wp-content\/uploads\/2022\/08\/CastorPollux_c-Pedro-Sardinha_SITE-scaled.jpg","type":"image\/jpeg"}],"twitter_card":"summary_large_image","twitter_site":"@macccb_museu","twitter_misc":{"Est. reading time":"1 minute"},"schema":{"@context":"https:\/\/schema.org","@graph":[{"@type":"WebPage","@id":"https:\/\/www.ccb.pt\/en\/evento\/ines-campos-teia-campos\/2022-10-21\/","url":"https:\/\/www.ccb.pt\/en\/evento\/ines-campos-teia-campos\/2022-10-21\/","name":"Festival Big Bang - In\u00eas Campos & Teia Campos - Centro Cultural de Bel\u00e9m Foundation","isPartOf":{"@id":"https:\/\/www.ccb.pt\/#website"},"primaryImageOfPage":{"@id":"https:\/\/www.ccb.pt\/en\/evento\/ines-campos-teia-campos\/2022-10-21\/#primaryimage"},"image":{"@id":"https:\/\/www.ccb.pt\/en\/evento\/ines-campos-teia-campos\/2022-10-21\/#primaryimage"},"thumbnailUrl":"https:\/\/www.ccb.pt\/wp-content\/uploads\/2022\/08\/CastorPollux_c-Pedro-Sardinha_SITE-scaled.jpg","datePublished":"2022-09-02T11:14:44+00:00","dateModified":"2022-09-28T15:26:14+00:00","description":"In\u00eas e Teresa Campos revisitam o arquivo de filmagens do pai sobre o crescimento e reconstroem os jogos, viagens, hist\u00f3rias, planos e mem\u00f3rias, amigos, calores, amores e desamores, manhas, tiques, jeitos e as m\u00fasicas em que reveem as ra\u00edzes das suas personalidades, t\u00e3o iguais quanto diferentes.","breadcrumb":{"@id":"https:\/\/www.ccb.pt\/en\/evento\/ines-campos-teia-campos\/2022-10-21\/#breadcrumb"},"inLanguage":"en-US","potentialAction":[{"@type":"ReadAction","target":["https:\/\/www.ccb.pt\/en\/evento\/ines-campos-teia-campos\/2022-10-21\/"]}]},{"@type":"ImageObject","inLanguage":"en-US","@id":"https:\/\/www.ccb.pt\/en\/evento\/ines-campos-teia-campos\/2022-10-21\/#primaryimage","url":"https:\/\/www.ccb.pt\/wp-content\/uploads\/2022\/08\/CastorPollux_c-Pedro-Sardinha_SITE-scaled.jpg","contentUrl":"https:\/\/www.ccb.pt\/wp-content\/uploads\/2022\/08\/CastorPollux_c-Pedro-Sardinha_SITE-scaled.jpg","width":2560,"height":1217,"caption":"(c) Pedro Sardinha"},{"@type":"BreadcrumbList","@id":"https:\/\/www.ccb.pt\/en\/evento\/ines-campos-teia-campos\/2022-10-21\/#breadcrumb","itemListElement":[{"@type":"ListItem","position":1,"name":"Home","item":"https:\/\/www.ccb.pt\/en\/"},{"@type":"ListItem","position":2,"name":"Eventos","item":"https:\/\/www.ccb.pt\/eventos\/"},{"@type":"ListItem","position":3,"name":"In\u00eas Campos &#038; Teia Campos"}]},{"@type":"WebSite","@id":"https:\/\/www.ccb.pt\/#website","url":"https:\/\/www.ccb.pt\/","name":"Centro Cultural de Bel\u00e9m Foundation","description":"","publisher":{"@id":"https:\/\/www.ccb.pt\/#organization"},"potentialAction":[{"@type":"SearchAction","target":{"@type":"EntryPoint","urlTemplate":"https:\/\/www.ccb.pt\/?s={search_term_string}"},"query-input":"required name=search_term_string"}],"inLanguage":"en-US"},{"@type":"Organization","@id":"https:\/\/www.ccb.pt\/#organization","name":"Centro Cultural de Bel\u00e9m Foundation","url":"https:\/\/www.ccb.pt\/","logo":{"@type":"ImageObject","inLanguage":"en-US","@id":"https:\/\/www.ccb.pt\/#\/schema\/logo\/image\/","url":"https:\/\/www.ccb.pt\/wp-content\/uploads\/2022\/05\/1_ccb.png","contentUrl":"https:\/\/www.ccb.pt\/wp-content\/uploads\/2022\/05\/1_ccb.png","width":126,"height":100,"caption":"Centro Cultural de Bel\u00e9m Foundation"},"image":{"@id":"https:\/\/www.ccb.pt\/#\/schema\/logo\/image\/"},"sameAs":["https:\/\/twitter.com\/macccb_museu"]}]}},"_links":{"self":[{"href":"https:\/\/www.ccb.pt\/en\/wp-json\/wp\/v2\/tribe_events\/100981"}],"collection":[{"href":"https:\/\/www.ccb.pt\/en\/wp-json\/wp\/v2\/tribe_events"}],"about":[{"href":"https:\/\/www.ccb.pt\/en\/wp-json\/wp\/v2\/types\/tribe_events"}],"author":[{"embeddable":true,"href":"https:\/\/www.ccb.pt\/en\/wp-json\/wp\/v2\/users\/6"}],"replies":[{"embeddable":true,"href":"https:\/\/www.ccb.pt\/en\/wp-json\/wp\/v2\/comments?post=100981"}],"version-history":[{"count":2,"href":"https:\/\/www.ccb.pt\/en\/wp-json\/wp\/v2\/tribe_events\/100981\/revisions"}],"predecessor-version":[{"id":100983,"href":"https:\/\/www.ccb.pt\/en\/wp-json\/wp\/v2\/tribe_events\/100981\/revisions\/100983"}],"wp:featuredmedia":[{"embeddable":true,"href":"https:\/\/www.ccb.pt\/en\/wp-json\/wp\/v2\/media\/97626"}],"wp:attachment":[{"href":"https:\/\/www.ccb.pt\/en\/wp-json\/wp\/v2\/media?parent=100981"}],"wp:term":[{"taxonomy":"tribe_events_cat","embeddable":true,"href":"https:\/\/www.ccb.pt\/en\/wp-json\/wp\/v2\/tribe_events_cat?post=100981"},{"taxonomy":"tags_tema","embeddable":true,"href":"https:\/\/www.ccb.pt\/en\/wp-json\/wp\/v2\/tags_tema?post=100981"},{"taxonomy":"idades","embeddable":true,"href":"https:\/\/www.ccb.pt\/en\/wp-json\/wp\/v2\/idades?post=100981"},{"taxonomy":"tipos","embeddable":true,"href":"https:\/\/www.ccb.pt\/en\/wp-json\/wp\/v2\/tipos?post=100981"},{"taxonomy":"temas","embeddable":true,"href":"https:\/\/www.ccb.pt\/en\/wp-json\/wp\/v2\/temas?post=100981"},{"taxonomy":"categorias_hubspot","embeddable":true,"href":"https:\/\/www.ccb.pt\/en\/wp-json\/wp\/v2\/categorias_hubspot?post=100981"}],"curies":[{"name":"wp","href":"https:\/\/api.w.org\/{rel}","templated":true}]}}