    {"id":100976,"date":"2022-09-02T12:15:08","date_gmt":"2022-09-02T11:15:08","guid":{"rendered":"https:\/\/www.ccb.pt\/evento\/zonzo-compagnie-lituania-e-belgica\/"},"modified":"2022-09-28T16:20:43","modified_gmt":"2022-09-28T15:20:43","slug":"zonzo-compagnie-lituania-e-belgica","status":"publish","type":"tribe_events","link":"https:\/\/www.ccb.pt\/en\/evento\/zonzo-compagnie-lituania-e-belgica\/2022-10-21\/","title":{"rendered":"Zonzo Compagnie <br>(Litu\u00e2nia and B\u00e9lgica)<\/br>"},"content":{"rendered":"<p>Travel with Indr\u0117 Jurgelevi\u010di\u016bt\u0117 as she sings and plays the Kankl\u0117s &#8211; a traditional Baltic string instrument &#8211; creating a musical refuge in the Roundabout arena.<\/p>\n<p>She weaves ancient Lithuanian folk, jazz and contemporary sounds together into her own compositions, sings about distant fairy tales and old legends while dreamlike images of swans, deer, bees, wolves, fish, stars, trees and clouds pass by\u2026<\/p>\n<p>Choreographer Francesca Chiodi Latini sets out the route for this poetic experience where the music finds its extension in the visual setting created by Video designer Nele Fack.<\/p>\n<p>Expect a world of wonder, a multimedia journey for the audience to enjoy.<\/p>\n<p>&nbsp;<\/p>\n<p>&nbsp;<\/p>\n<p><em>\u00abO what a horse, O what a horse,<\/em><\/p>\n<p><em>Oh, it\u2019s a very fine horse indeed<\/em><\/p>\n<p><em>\u00a0<\/em><\/p>\n<p><em>He filled his ears until the birds were all heard,<\/em><\/p>\n<p><em>He scrolled his eyes until the stars were all learned\u00bb<\/em><\/p>\n<p>(Can\u00e7\u00e3o folcr\u00f3rica lituana traduzida por R. Uzgiris)<\/p>\n","protected":false},"excerpt":{"rendered":"<p>Travel with Indr\u0117 Jurgelevi\u010di\u016bt\u0117 as she sings and plays the Kankl\u0117s &#8211; a traditional Baltic string instrument &#8211; creating a musical refuge in the Roundabout arena. She weaves ancient Lithuanian folk, jazz and contemporary sounds together into her own compositions, sings about distant fairy tales and old legends while dreamlike images of swans, deer, bees, [&hellip;]<\/p>\n","protected":false},"author":6,"featured_media":97629,"comment_status":"open","ping_status":"closed","template":"","meta":{"_relevanssi_hide_post":"","_relevanssi_pin_for_all":"","_relevanssi_pin_keywords":"","_relevanssi_unpin_keywords":"","_relevanssi_related_keywords":"","_relevanssi_related_include_ids":"","_relevanssi_related_exclude_ids":"","_relevanssi_related_no_append":"","_relevanssi_related_not_related":"","_relevanssi_related_posts":"","_relevanssi_noindex_reason":""},"tribe_events_cat":[404,23,402],"tags_tema":[],"idades":[392],"tipos":[],"temas":[],"categorias_hubspot":[],"acf":[],"yoast_head":"<!-- This site is optimized with the Yoast SEO plugin v22.3 - https:\/\/yoast.com\/wordpress\/plugins\/seo\/ -->\n<title>Festival Big Bang - Zonzo Compagnie (Litu\u00e2nia and B\u00e9lgica) - Centro Cultural de Bel\u00e9m Foundation<\/title>\n<meta name=\"description\" content=\"No roundABOUT, o p\u00fablico encontra-se, literalmente, entre a m\u00fasica e os sons de Indr\u0117, mas tamb\u00e9m cercado por proje\u00e7\u00f5es de v\u00eddeo.\" \/>\n<meta name=\"robots\" content=\"index, follow, max-snippet:-1, max-image-preview:large, max-video-preview:-1\" \/>\n<link rel=\"canonical\" href=\"https:\/\/www.ccb.pt\/en\/evento\/zonzo-compagnie-lituania-e-belgica\/2022-10-21\/\" \/>\n<meta property=\"og:locale\" content=\"en_US\" \/>\n<meta property=\"og:type\" content=\"article\" \/>\n<meta property=\"og:title\" content=\"Festival Big Bang - Zonzo Compagnie (Litu\u00e2nia and B\u00e9lgica) - Centro Cultural de Bel\u00e9m Foundation\" \/>\n<meta property=\"og:description\" content=\"No roundABOUT, o p\u00fablico encontra-se, literalmente, entre a m\u00fasica e os sons de Indr\u0117, mas tamb\u00e9m cercado por proje\u00e7\u00f5es de v\u00eddeo.\" \/>\n<meta property=\"og:url\" content=\"https:\/\/www.ccb.pt\/en\/evento\/zonzo-compagnie-lituania-e-belgica\/2022-10-21\/\" \/>\n<meta property=\"og:site_name\" content=\"Centro Cultural de Bel\u00e9m Foundation\" \/>\n<meta property=\"article:modified_time\" content=\"2022-09-28T15:20:43+00:00\" \/>\n<meta property=\"og:image\" content=\"https:\/\/www.ccb.pt\/wp-content\/uploads\/2022\/08\/RoundABOUT-2_-c-Nele-Fack_SITE-scaled.jpg\" \/>\n\t<meta property=\"og:image:width\" content=\"2560\" \/>\n\t<meta property=\"og:image:height\" content=\"1217\" \/>\n\t<meta property=\"og:image:type\" content=\"image\/jpeg\" \/>\n<meta name=\"twitter:card\" content=\"summary_large_image\" \/>\n<meta name=\"twitter:site\" content=\"@macccb_museu\" \/>\n<meta name=\"twitter:label1\" content=\"Est. reading time\" \/>\n\t<meta name=\"twitter:data1\" content=\"1 minute\" \/>\n<script type=\"application\/ld+json\" class=\"yoast-schema-graph\">{\"@context\":\"https:\/\/schema.org\",\"@graph\":[{\"@type\":\"WebPage\",\"@id\":\"https:\/\/www.ccb.pt\/en\/evento\/zonzo-compagnie-lituania-e-belgica\/2022-10-21\/\",\"url\":\"https:\/\/www.ccb.pt\/en\/evento\/zonzo-compagnie-lituania-e-belgica\/2022-10-21\/\",\"name\":\"Festival Big Bang - Zonzo Compagnie (Litu\u00e2nia and B\u00e9lgica) - Centro Cultural de Bel\u00e9m Foundation\",\"isPartOf\":{\"@id\":\"https:\/\/www.ccb.pt\/#website\"},\"primaryImageOfPage\":{\"@id\":\"https:\/\/www.ccb.pt\/en\/evento\/zonzo-compagnie-lituania-e-belgica\/2022-10-21\/#primaryimage\"},\"image\":{\"@id\":\"https:\/\/www.ccb.pt\/en\/evento\/zonzo-compagnie-lituania-e-belgica\/2022-10-21\/#primaryimage\"},\"thumbnailUrl\":\"https:\/\/www.ccb.pt\/wp-content\/uploads\/2022\/08\/RoundABOUT-2_-c-Nele-Fack_SITE-scaled.jpg\",\"datePublished\":\"2022-09-02T11:15:08+00:00\",\"dateModified\":\"2022-09-28T15:20:43+00:00\",\"description\":\"No roundABOUT, o p\u00fablico encontra-se, literalmente, entre a m\u00fasica e os sons de Indr\u0117, mas tamb\u00e9m cercado por proje\u00e7\u00f5es de v\u00eddeo.\",\"breadcrumb\":{\"@id\":\"https:\/\/www.ccb.pt\/en\/evento\/zonzo-compagnie-lituania-e-belgica\/2022-10-21\/#breadcrumb\"},\"inLanguage\":\"en-US\",\"potentialAction\":[{\"@type\":\"ReadAction\",\"target\":[\"https:\/\/www.ccb.pt\/en\/evento\/zonzo-compagnie-lituania-e-belgica\/2022-10-21\/\"]}]},{\"@type\":\"ImageObject\",\"inLanguage\":\"en-US\",\"@id\":\"https:\/\/www.ccb.pt\/en\/evento\/zonzo-compagnie-lituania-e-belgica\/2022-10-21\/#primaryimage\",\"url\":\"https:\/\/www.ccb.pt\/wp-content\/uploads\/2022\/08\/RoundABOUT-2_-c-Nele-Fack_SITE-scaled.jpg\",\"contentUrl\":\"https:\/\/www.ccb.pt\/wp-content\/uploads\/2022\/08\/RoundABOUT-2_-c-Nele-Fack_SITE-scaled.jpg\",\"width\":2560,\"height\":1217,\"caption\":\"(c) Nele Fack\"},{\"@type\":\"BreadcrumbList\",\"@id\":\"https:\/\/www.ccb.pt\/en\/evento\/zonzo-compagnie-lituania-e-belgica\/2022-10-21\/#breadcrumb\",\"itemListElement\":[{\"@type\":\"ListItem\",\"position\":1,\"name\":\"Home\",\"item\":\"https:\/\/www.ccb.pt\/en\/\"},{\"@type\":\"ListItem\",\"position\":2,\"name\":\"Eventos\",\"item\":\"https:\/\/www.ccb.pt\/eventos\/\"},{\"@type\":\"ListItem\",\"position\":3,\"name\":\"Zonzo Compagnie (Litu\u00e2nia and B\u00e9lgica)\"}]},{\"@type\":\"WebSite\",\"@id\":\"https:\/\/www.ccb.pt\/#website\",\"url\":\"https:\/\/www.ccb.pt\/\",\"name\":\"Centro Cultural de Bel\u00e9m Foundation\",\"description\":\"\",\"publisher\":{\"@id\":\"https:\/\/www.ccb.pt\/#organization\"},\"potentialAction\":[{\"@type\":\"SearchAction\",\"target\":{\"@type\":\"EntryPoint\",\"urlTemplate\":\"https:\/\/www.ccb.pt\/?s={search_term_string}\"},\"query-input\":\"required name=search_term_string\"}],\"inLanguage\":\"en-US\"},{\"@type\":\"Organization\",\"@id\":\"https:\/\/www.ccb.pt\/#organization\",\"name\":\"Centro Cultural de Bel\u00e9m Foundation\",\"url\":\"https:\/\/www.ccb.pt\/\",\"logo\":{\"@type\":\"ImageObject\",\"inLanguage\":\"en-US\",\"@id\":\"https:\/\/www.ccb.pt\/#\/schema\/logo\/image\/\",\"url\":\"https:\/\/www.ccb.pt\/wp-content\/uploads\/2022\/05\/1_ccb.png\",\"contentUrl\":\"https:\/\/www.ccb.pt\/wp-content\/uploads\/2022\/05\/1_ccb.png\",\"width\":126,\"height\":100,\"caption\":\"Centro Cultural de Bel\u00e9m Foundation\"},\"image\":{\"@id\":\"https:\/\/www.ccb.pt\/#\/schema\/logo\/image\/\"},\"sameAs\":[\"https:\/\/twitter.com\/macccb_museu\"]}]}<\/script>\n<!-- \/ Yoast SEO plugin. -->","yoast_head_json":{"title":"Festival Big Bang - Zonzo Compagnie (Litu\u00e2nia and B\u00e9lgica) - Centro Cultural de Bel\u00e9m Foundation","description":"No roundABOUT, o p\u00fablico encontra-se, literalmente, entre a m\u00fasica e os sons de Indr\u0117, mas tamb\u00e9m cercado por proje\u00e7\u00f5es de v\u00eddeo.","robots":{"index":"index","follow":"follow","max-snippet":"max-snippet:-1","max-image-preview":"max-image-preview:large","max-video-preview":"max-video-preview:-1"},"canonical":"https:\/\/www.ccb.pt\/en\/evento\/zonzo-compagnie-lituania-e-belgica\/2022-10-21\/","og_locale":"en_US","og_type":"article","og_title":"Festival Big Bang - Zonzo Compagnie (Litu\u00e2nia and B\u00e9lgica) - Centro Cultural de Bel\u00e9m Foundation","og_description":"No roundABOUT, o p\u00fablico encontra-se, literalmente, entre a m\u00fasica e os sons de Indr\u0117, mas tamb\u00e9m cercado por proje\u00e7\u00f5es de v\u00eddeo.","og_url":"https:\/\/www.ccb.pt\/en\/evento\/zonzo-compagnie-lituania-e-belgica\/2022-10-21\/","og_site_name":"Centro Cultural de Bel\u00e9m Foundation","article_modified_time":"2022-09-28T15:20:43+00:00","og_image":[{"width":2560,"height":1217,"url":"https:\/\/www.ccb.pt\/wp-content\/uploads\/2022\/08\/RoundABOUT-2_-c-Nele-Fack_SITE-scaled.jpg","type":"image\/jpeg"}],"twitter_card":"summary_large_image","twitter_site":"@macccb_museu","twitter_misc":{"Est. reading time":"1 minute"},"schema":{"@context":"https:\/\/schema.org","@graph":[{"@type":"WebPage","@id":"https:\/\/www.ccb.pt\/en\/evento\/zonzo-compagnie-lituania-e-belgica\/2022-10-21\/","url":"https:\/\/www.ccb.pt\/en\/evento\/zonzo-compagnie-lituania-e-belgica\/2022-10-21\/","name":"Festival Big Bang - Zonzo Compagnie (Litu\u00e2nia and B\u00e9lgica) - Centro Cultural de Bel\u00e9m Foundation","isPartOf":{"@id":"https:\/\/www.ccb.pt\/#website"},"primaryImageOfPage":{"@id":"https:\/\/www.ccb.pt\/en\/evento\/zonzo-compagnie-lituania-e-belgica\/2022-10-21\/#primaryimage"},"image":{"@id":"https:\/\/www.ccb.pt\/en\/evento\/zonzo-compagnie-lituania-e-belgica\/2022-10-21\/#primaryimage"},"thumbnailUrl":"https:\/\/www.ccb.pt\/wp-content\/uploads\/2022\/08\/RoundABOUT-2_-c-Nele-Fack_SITE-scaled.jpg","datePublished":"2022-09-02T11:15:08+00:00","dateModified":"2022-09-28T15:20:43+00:00","description":"No roundABOUT, o p\u00fablico encontra-se, literalmente, entre a m\u00fasica e os sons de Indr\u0117, mas tamb\u00e9m cercado por proje\u00e7\u00f5es de v\u00eddeo.","breadcrumb":{"@id":"https:\/\/www.ccb.pt\/en\/evento\/zonzo-compagnie-lituania-e-belgica\/2022-10-21\/#breadcrumb"},"inLanguage":"en-US","potentialAction":[{"@type":"ReadAction","target":["https:\/\/www.ccb.pt\/en\/evento\/zonzo-compagnie-lituania-e-belgica\/2022-10-21\/"]}]},{"@type":"ImageObject","inLanguage":"en-US","@id":"https:\/\/www.ccb.pt\/en\/evento\/zonzo-compagnie-lituania-e-belgica\/2022-10-21\/#primaryimage","url":"https:\/\/www.ccb.pt\/wp-content\/uploads\/2022\/08\/RoundABOUT-2_-c-Nele-Fack_SITE-scaled.jpg","contentUrl":"https:\/\/www.ccb.pt\/wp-content\/uploads\/2022\/08\/RoundABOUT-2_-c-Nele-Fack_SITE-scaled.jpg","width":2560,"height":1217,"caption":"(c) Nele Fack"},{"@type":"BreadcrumbList","@id":"https:\/\/www.ccb.pt\/en\/evento\/zonzo-compagnie-lituania-e-belgica\/2022-10-21\/#breadcrumb","itemListElement":[{"@type":"ListItem","position":1,"name":"Home","item":"https:\/\/www.ccb.pt\/en\/"},{"@type":"ListItem","position":2,"name":"Eventos","item":"https:\/\/www.ccb.pt\/eventos\/"},{"@type":"ListItem","position":3,"name":"Zonzo Compagnie (Litu\u00e2nia and B\u00e9lgica)"}]},{"@type":"WebSite","@id":"https:\/\/www.ccb.pt\/#website","url":"https:\/\/www.ccb.pt\/","name":"Centro Cultural de Bel\u00e9m Foundation","description":"","publisher":{"@id":"https:\/\/www.ccb.pt\/#organization"},"potentialAction":[{"@type":"SearchAction","target":{"@type":"EntryPoint","urlTemplate":"https:\/\/www.ccb.pt\/?s={search_term_string}"},"query-input":"required name=search_term_string"}],"inLanguage":"en-US"},{"@type":"Organization","@id":"https:\/\/www.ccb.pt\/#organization","name":"Centro Cultural de Bel\u00e9m Foundation","url":"https:\/\/www.ccb.pt\/","logo":{"@type":"ImageObject","inLanguage":"en-US","@id":"https:\/\/www.ccb.pt\/#\/schema\/logo\/image\/","url":"https:\/\/www.ccb.pt\/wp-content\/uploads\/2022\/05\/1_ccb.png","contentUrl":"https:\/\/www.ccb.pt\/wp-content\/uploads\/2022\/05\/1_ccb.png","width":126,"height":100,"caption":"Centro Cultural de Bel\u00e9m Foundation"},"image":{"@id":"https:\/\/www.ccb.pt\/#\/schema\/logo\/image\/"},"sameAs":["https:\/\/twitter.com\/macccb_museu"]}]}},"_links":{"self":[{"href":"https:\/\/www.ccb.pt\/en\/wp-json\/wp\/v2\/tribe_events\/100976"}],"collection":[{"href":"https:\/\/www.ccb.pt\/en\/wp-json\/wp\/v2\/tribe_events"}],"about":[{"href":"https:\/\/www.ccb.pt\/en\/wp-json\/wp\/v2\/types\/tribe_events"}],"author":[{"embeddable":true,"href":"https:\/\/www.ccb.pt\/en\/wp-json\/wp\/v2\/users\/6"}],"replies":[{"embeddable":true,"href":"https:\/\/www.ccb.pt\/en\/wp-json\/wp\/v2\/comments?post=100976"}],"version-history":[{"count":2,"href":"https:\/\/www.ccb.pt\/en\/wp-json\/wp\/v2\/tribe_events\/100976\/revisions"}],"predecessor-version":[{"id":100978,"href":"https:\/\/www.ccb.pt\/en\/wp-json\/wp\/v2\/tribe_events\/100976\/revisions\/100978"}],"wp:featuredmedia":[{"embeddable":true,"href":"https:\/\/www.ccb.pt\/en\/wp-json\/wp\/v2\/media\/97629"}],"wp:attachment":[{"href":"https:\/\/www.ccb.pt\/en\/wp-json\/wp\/v2\/media?parent=100976"}],"wp:term":[{"taxonomy":"tribe_events_cat","embeddable":true,"href":"https:\/\/www.ccb.pt\/en\/wp-json\/wp\/v2\/tribe_events_cat?post=100976"},{"taxonomy":"tags_tema","embeddable":true,"href":"https:\/\/www.ccb.pt\/en\/wp-json\/wp\/v2\/tags_tema?post=100976"},{"taxonomy":"idades","embeddable":true,"href":"https:\/\/www.ccb.pt\/en\/wp-json\/wp\/v2\/idades?post=100976"},{"taxonomy":"tipos","embeddable":true,"href":"https:\/\/www.ccb.pt\/en\/wp-json\/wp\/v2\/tipos?post=100976"},{"taxonomy":"temas","embeddable":true,"href":"https:\/\/www.ccb.pt\/en\/wp-json\/wp\/v2\/temas?post=100976"},{"taxonomy":"categorias_hubspot","embeddable":true,"href":"https:\/\/www.ccb.pt\/en\/wp-json\/wp\/v2\/categorias_hubspot?post=100976"}],"curies":[{"name":"wp","href":"https:\/\/api.w.org\/{rel}","templated":true}]}}