    {"id":100684,"date":"2022-09-23T09:39:51","date_gmt":"2022-09-23T08:39:51","guid":{"rendered":"https:\/\/www.ccb.pt\/evento\/alim-qasimov\/"},"modified":"2023-04-13T16:26:16","modified_gmt":"2023-04-13T15:26:16","slug":"alim-qasimov","status":"publish","type":"tribe_events","link":"https:\/\/www.ccb.pt\/en\/evento\/alim-qasimov\/","title":{"rendered":"Alim Qas\u0131mov"},"content":{"rendered":"<p>Few singers possess a voice of such farfamed magic. The sounds that emanate from Alim Qasimov\u2019s throat are nothing short of astonishing. His is a powerful voice, charged with tension and laden with emotion, capable of incorporating both masculine and feminine aspects. it can soar unexpectedly to an ethereal falsetto, only to plunge to gravelly depths that are no less astounding. At times his voice seems to expire in the merest whisper of a pianissimo only to rise again with all the rolling thunder of a forte. When Alim Qasimov embarks on these ambitious vocal ventures, he does not do so to display his virtuosity, but in order to illustrate as precisely as possible the emotional state described by the lyrics he is singing.<\/p>\n<p>Alim Qasimov was born in 1957 in a village about 100km north of Baku. He is one of the foremost mugam singers in Azerbaijan as well as being an musician (on the daf &#8211; the single-headed frame drum of the Middle East and Central Asia). Mugham has a thousand years of musical tradition and is a highly complex art form that weds classical poetry and musical improvisation in specific local modes accompanying an orally transmitted collection of melodies and melodic fragments that performers can draw on when improvising.<\/p>\n<p>According to the New York Times, Alim Qasimov is simply one of the greatest singers alive, with a searing spontaneity that conjures passion and devotion, contemplation and incantation.<\/p>\n<p>Qasimov&#8217;s first remarkable international success occurred in 1988 when he won first prize at the International Festival and Symposium on Traditional Music in Samargand, Uzbekistan. Since then, he has been traveling worldwide to spread the art of Azerbaijani mugham.<\/p>\n<p>Alim appears on 12 CDs released in Europe and the United States, on one of them, Love&#8217;s Deep Ocean (1999, Network Medien, Frankfurt, Germany) together with his daughter and student Fargana Qasimova. In addition to performing with the Silk Road Ensemble, Qasimov performs with the Kronos Quartet as part of his collaboration with the Aga Khan Initiative in Central Asia.<\/p>\n<p>Qasimov has performed on Azerbaijan\u2019s most prestigious stages, such as the Heydar Aliyev Palace and the Azerbaijan Philharmonic Hall. Since 1989, he has been a soloist at the Azerbaijan Opera and Ballet Theater. Qasimov teaches mugham classes at the Asaf Zeynalli Music College and the Azerbaijan National Conservatory.<\/p>\n<p>Qasimov perceives and presents mugham not only as an ancient art and a part of Azerbaijan&#8217;s musical and cultural heritage but also as a constantly developing tradition. His performing style is unique, as it combines deep knowledge of centuries-old rules of mugham with challenging innovations. It is distinguished by extreme intensity, which takes audiences to a spiritual world. Qasimov&#8217;s approach to mugham is far from conservative, and he willingly juxtaposes mugham with other music styles, such as jazz and contemporary composition.<\/p>\n<p>In 1999, in recognition for his musical contributions to world peace, Qasimov was awarded the coveted International IMC-UNESCO Music Prize. Past winners of this prize include Yehudi Menuhin, Ravi Shankar, Olivier Messiaen and Daniel Barenboim. Qasimov&#8217;s numerous awards also include the title of the People&#8217;s Artist of Azerbaijan, the highest artistic rank in the country. In 2007, on the occasion of Qasimov\u2019s 50th birthday, the President of Azerbaijan awarded him the Medal of Glory.<\/p>\n<p>He was also included in a book on the 500 Most Influential Muslims of The World (2009).<\/p>\n","protected":false},"excerpt":{"rendered":"<p>Few singers possess a voice of such farfamed magic. The sounds that emanate from Alim Qasimov\u2019s throat are nothing short of astonishing. His is a powerful voice, charged with tension and laden with emotion, capable of incorporating both masculine and feminine aspects. it can soar unexpectedly to an ethereal falsetto, only to plunge to gravelly [&hellip;]<\/p>\n","protected":false},"author":6,"featured_media":100682,"comment_status":"open","ping_status":"closed","template":"","meta":{"_relevanssi_hide_post":"","_relevanssi_pin_for_all":"","_relevanssi_pin_keywords":"","_relevanssi_unpin_keywords":"","_relevanssi_related_keywords":"","_relevanssi_related_include_ids":"","_relevanssi_related_exclude_ids":"","_relevanssi_related_no_append":"","_relevanssi_related_not_related":"","_relevanssi_related_posts":"","_relevanssi_noindex_reason":""},"tribe_events_cat":[23],"tags_tema":[],"idades":[392],"tipos":[],"temas":[],"categorias_hubspot":[],"acf":[],"yoast_head":"<!-- This site is optimized with the Yoast SEO plugin v22.3 - https:\/\/yoast.com\/wordpress\/plugins\/seo\/ -->\n<title>M\u00fasica - Alim Qas\u0131mov - Centro Cultural de Bel\u00e9m Foundation<\/title>\n<meta name=\"description\" content=\"Alim Qas\u0131mov \u00e9 um m\u00fasico do Azerbaij\u00e3o e um dos principais cantores de mugham no seu pa\u00eds natal. A sua m\u00fasica \u00e9 caracterizada pela improvisa\u00e7\u00e3o vocal e representa uma mudan\u00e7a no estilo tradicional do mugham.\" \/>\n<meta name=\"robots\" content=\"index, follow, max-snippet:-1, max-image-preview:large, max-video-preview:-1\" \/>\n<link rel=\"canonical\" href=\"https:\/\/www.ccb.pt\/en\/evento\/alim-qasimov\/\" \/>\n<meta property=\"og:locale\" content=\"en_US\" \/>\n<meta property=\"og:type\" content=\"article\" \/>\n<meta property=\"og:title\" content=\"M\u00fasica - Alim Qas\u0131mov - Centro Cultural de Bel\u00e9m Foundation\" \/>\n<meta property=\"og:description\" content=\"Alim Qas\u0131mov \u00e9 um m\u00fasico do Azerbaij\u00e3o e um dos principais cantores de mugham no seu pa\u00eds natal. A sua m\u00fasica \u00e9 caracterizada pela improvisa\u00e7\u00e3o vocal e representa uma mudan\u00e7a no estilo tradicional do mugham.\" \/>\n<meta property=\"og:url\" content=\"https:\/\/www.ccb.pt\/en\/evento\/alim-qasimov\/\" \/>\n<meta property=\"og:site_name\" content=\"Centro Cultural de Bel\u00e9m Foundation\" \/>\n<meta property=\"article:modified_time\" content=\"2023-04-13T15:26:16+00:00\" \/>\n<meta property=\"og:image\" content=\"https:\/\/www.ccb.pt\/wp-content\/uploads\/2022\/09\/22-Abr-site-ALIM-QASIMOV-1.jpg\" \/>\n\t<meta property=\"og:image:width\" content=\"1300\" \/>\n\t<meta property=\"og:image:height\" content=\"479\" \/>\n\t<meta property=\"og:image:type\" content=\"image\/jpeg\" \/>\n<meta name=\"twitter:card\" content=\"summary_large_image\" \/>\n<meta name=\"twitter:site\" content=\"@macccb_museu\" \/>\n<meta name=\"twitter:label1\" content=\"Est. reading time\" \/>\n\t<meta name=\"twitter:data1\" content=\"4 minutes\" \/>\n<script type=\"application\/ld+json\" class=\"yoast-schema-graph\">{\"@context\":\"https:\/\/schema.org\",\"@graph\":[{\"@type\":\"WebPage\",\"@id\":\"https:\/\/www.ccb.pt\/en\/evento\/alim-qasimov\/\",\"url\":\"https:\/\/www.ccb.pt\/en\/evento\/alim-qasimov\/\",\"name\":\"M\u00fasica - Alim Qas\u0131mov - Centro Cultural de Bel\u00e9m Foundation\",\"isPartOf\":{\"@id\":\"https:\/\/www.ccb.pt\/#website\"},\"primaryImageOfPage\":{\"@id\":\"https:\/\/www.ccb.pt\/en\/evento\/alim-qasimov\/#primaryimage\"},\"image\":{\"@id\":\"https:\/\/www.ccb.pt\/en\/evento\/alim-qasimov\/#primaryimage\"},\"thumbnailUrl\":\"https:\/\/www.ccb.pt\/wp-content\/uploads\/2022\/09\/22-Abr-site-ALIM-QASIMOV-1.jpg\",\"datePublished\":\"2022-09-23T08:39:51+00:00\",\"dateModified\":\"2023-04-13T15:26:16+00:00\",\"description\":\"Alim Qas\u0131mov \u00e9 um m\u00fasico do Azerbaij\u00e3o e um dos principais cantores de mugham no seu pa\u00eds natal. A sua m\u00fasica \u00e9 caracterizada pela improvisa\u00e7\u00e3o vocal e representa uma mudan\u00e7a no estilo tradicional do mugham.\",\"breadcrumb\":{\"@id\":\"https:\/\/www.ccb.pt\/en\/evento\/alim-qasimov\/#breadcrumb\"},\"inLanguage\":\"en-US\",\"potentialAction\":[{\"@type\":\"ReadAction\",\"target\":[\"https:\/\/www.ccb.pt\/en\/evento\/alim-qasimov\/\"]}]},{\"@type\":\"ImageObject\",\"inLanguage\":\"en-US\",\"@id\":\"https:\/\/www.ccb.pt\/en\/evento\/alim-qasimov\/#primaryimage\",\"url\":\"https:\/\/www.ccb.pt\/wp-content\/uploads\/2022\/09\/22-Abr-site-ALIM-QASIMOV-1.jpg\",\"contentUrl\":\"https:\/\/www.ccb.pt\/wp-content\/uploads\/2022\/09\/22-Abr-site-ALIM-QASIMOV-1.jpg\",\"width\":1300,\"height\":479,\"caption\":\"Alt=\\\"\\\"\"},{\"@type\":\"BreadcrumbList\",\"@id\":\"https:\/\/www.ccb.pt\/en\/evento\/alim-qasimov\/#breadcrumb\",\"itemListElement\":[{\"@type\":\"ListItem\",\"position\":1,\"name\":\"Home\",\"item\":\"https:\/\/www.ccb.pt\/en\/\"},{\"@type\":\"ListItem\",\"position\":2,\"name\":\"Eventos\",\"item\":\"https:\/\/www.ccb.pt\/eventos\/\"},{\"@type\":\"ListItem\",\"position\":3,\"name\":\"Alim Qas\u0131mov\"}]},{\"@type\":\"WebSite\",\"@id\":\"https:\/\/www.ccb.pt\/#website\",\"url\":\"https:\/\/www.ccb.pt\/\",\"name\":\"Centro Cultural de Bel\u00e9m Foundation\",\"description\":\"\",\"publisher\":{\"@id\":\"https:\/\/www.ccb.pt\/#organization\"},\"potentialAction\":[{\"@type\":\"SearchAction\",\"target\":{\"@type\":\"EntryPoint\",\"urlTemplate\":\"https:\/\/www.ccb.pt\/?s={search_term_string}\"},\"query-input\":\"required name=search_term_string\"}],\"inLanguage\":\"en-US\"},{\"@type\":\"Organization\",\"@id\":\"https:\/\/www.ccb.pt\/#organization\",\"name\":\"Centro Cultural de Bel\u00e9m Foundation\",\"url\":\"https:\/\/www.ccb.pt\/\",\"logo\":{\"@type\":\"ImageObject\",\"inLanguage\":\"en-US\",\"@id\":\"https:\/\/www.ccb.pt\/#\/schema\/logo\/image\/\",\"url\":\"https:\/\/www.ccb.pt\/wp-content\/uploads\/2022\/05\/1_ccb.png\",\"contentUrl\":\"https:\/\/www.ccb.pt\/wp-content\/uploads\/2022\/05\/1_ccb.png\",\"width\":126,\"height\":100,\"caption\":\"Centro Cultural de Bel\u00e9m Foundation\"},\"image\":{\"@id\":\"https:\/\/www.ccb.pt\/#\/schema\/logo\/image\/\"},\"sameAs\":[\"https:\/\/twitter.com\/macccb_museu\"]}]}<\/script>\n<!-- \/ Yoast SEO plugin. -->","yoast_head_json":{"title":"M\u00fasica - Alim Qas\u0131mov - Centro Cultural de Bel\u00e9m Foundation","description":"Alim Qas\u0131mov \u00e9 um m\u00fasico do Azerbaij\u00e3o e um dos principais cantores de mugham no seu pa\u00eds natal. A sua m\u00fasica \u00e9 caracterizada pela improvisa\u00e7\u00e3o vocal e representa uma mudan\u00e7a no estilo tradicional do mugham.","robots":{"index":"index","follow":"follow","max-snippet":"max-snippet:-1","max-image-preview":"max-image-preview:large","max-video-preview":"max-video-preview:-1"},"canonical":"https:\/\/www.ccb.pt\/en\/evento\/alim-qasimov\/","og_locale":"en_US","og_type":"article","og_title":"M\u00fasica - Alim Qas\u0131mov - Centro Cultural de Bel\u00e9m Foundation","og_description":"Alim Qas\u0131mov \u00e9 um m\u00fasico do Azerbaij\u00e3o e um dos principais cantores de mugham no seu pa\u00eds natal. A sua m\u00fasica \u00e9 caracterizada pela improvisa\u00e7\u00e3o vocal e representa uma mudan\u00e7a no estilo tradicional do mugham.","og_url":"https:\/\/www.ccb.pt\/en\/evento\/alim-qasimov\/","og_site_name":"Centro Cultural de Bel\u00e9m Foundation","article_modified_time":"2023-04-13T15:26:16+00:00","og_image":[{"width":1300,"height":479,"url":"https:\/\/www.ccb.pt\/wp-content\/uploads\/2022\/09\/22-Abr-site-ALIM-QASIMOV-1.jpg","type":"image\/jpeg"}],"twitter_card":"summary_large_image","twitter_site":"@macccb_museu","twitter_misc":{"Est. reading time":"4 minutes"},"schema":{"@context":"https:\/\/schema.org","@graph":[{"@type":"WebPage","@id":"https:\/\/www.ccb.pt\/en\/evento\/alim-qasimov\/","url":"https:\/\/www.ccb.pt\/en\/evento\/alim-qasimov\/","name":"M\u00fasica - Alim Qas\u0131mov - Centro Cultural de Bel\u00e9m Foundation","isPartOf":{"@id":"https:\/\/www.ccb.pt\/#website"},"primaryImageOfPage":{"@id":"https:\/\/www.ccb.pt\/en\/evento\/alim-qasimov\/#primaryimage"},"image":{"@id":"https:\/\/www.ccb.pt\/en\/evento\/alim-qasimov\/#primaryimage"},"thumbnailUrl":"https:\/\/www.ccb.pt\/wp-content\/uploads\/2022\/09\/22-Abr-site-ALIM-QASIMOV-1.jpg","datePublished":"2022-09-23T08:39:51+00:00","dateModified":"2023-04-13T15:26:16+00:00","description":"Alim Qas\u0131mov \u00e9 um m\u00fasico do Azerbaij\u00e3o e um dos principais cantores de mugham no seu pa\u00eds natal. A sua m\u00fasica \u00e9 caracterizada pela improvisa\u00e7\u00e3o vocal e representa uma mudan\u00e7a no estilo tradicional do mugham.","breadcrumb":{"@id":"https:\/\/www.ccb.pt\/en\/evento\/alim-qasimov\/#breadcrumb"},"inLanguage":"en-US","potentialAction":[{"@type":"ReadAction","target":["https:\/\/www.ccb.pt\/en\/evento\/alim-qasimov\/"]}]},{"@type":"ImageObject","inLanguage":"en-US","@id":"https:\/\/www.ccb.pt\/en\/evento\/alim-qasimov\/#primaryimage","url":"https:\/\/www.ccb.pt\/wp-content\/uploads\/2022\/09\/22-Abr-site-ALIM-QASIMOV-1.jpg","contentUrl":"https:\/\/www.ccb.pt\/wp-content\/uploads\/2022\/09\/22-Abr-site-ALIM-QASIMOV-1.jpg","width":1300,"height":479,"caption":"Alt=\"\""},{"@type":"BreadcrumbList","@id":"https:\/\/www.ccb.pt\/en\/evento\/alim-qasimov\/#breadcrumb","itemListElement":[{"@type":"ListItem","position":1,"name":"Home","item":"https:\/\/www.ccb.pt\/en\/"},{"@type":"ListItem","position":2,"name":"Eventos","item":"https:\/\/www.ccb.pt\/eventos\/"},{"@type":"ListItem","position":3,"name":"Alim Qas\u0131mov"}]},{"@type":"WebSite","@id":"https:\/\/www.ccb.pt\/#website","url":"https:\/\/www.ccb.pt\/","name":"Centro Cultural de Bel\u00e9m Foundation","description":"","publisher":{"@id":"https:\/\/www.ccb.pt\/#organization"},"potentialAction":[{"@type":"SearchAction","target":{"@type":"EntryPoint","urlTemplate":"https:\/\/www.ccb.pt\/?s={search_term_string}"},"query-input":"required name=search_term_string"}],"inLanguage":"en-US"},{"@type":"Organization","@id":"https:\/\/www.ccb.pt\/#organization","name":"Centro Cultural de Bel\u00e9m Foundation","url":"https:\/\/www.ccb.pt\/","logo":{"@type":"ImageObject","inLanguage":"en-US","@id":"https:\/\/www.ccb.pt\/#\/schema\/logo\/image\/","url":"https:\/\/www.ccb.pt\/wp-content\/uploads\/2022\/05\/1_ccb.png","contentUrl":"https:\/\/www.ccb.pt\/wp-content\/uploads\/2022\/05\/1_ccb.png","width":126,"height":100,"caption":"Centro Cultural de Bel\u00e9m Foundation"},"image":{"@id":"https:\/\/www.ccb.pt\/#\/schema\/logo\/image\/"},"sameAs":["https:\/\/twitter.com\/macccb_museu"]}]}},"_links":{"self":[{"href":"https:\/\/www.ccb.pt\/en\/wp-json\/wp\/v2\/tribe_events\/100684"}],"collection":[{"href":"https:\/\/www.ccb.pt\/en\/wp-json\/wp\/v2\/tribe_events"}],"about":[{"href":"https:\/\/www.ccb.pt\/en\/wp-json\/wp\/v2\/types\/tribe_events"}],"author":[{"embeddable":true,"href":"https:\/\/www.ccb.pt\/en\/wp-json\/wp\/v2\/users\/6"}],"replies":[{"embeddable":true,"href":"https:\/\/www.ccb.pt\/en\/wp-json\/wp\/v2\/comments?post=100684"}],"version-history":[{"count":7,"href":"https:\/\/www.ccb.pt\/en\/wp-json\/wp\/v2\/tribe_events\/100684\/revisions"}],"predecessor-version":[{"id":117886,"href":"https:\/\/www.ccb.pt\/en\/wp-json\/wp\/v2\/tribe_events\/100684\/revisions\/117886"}],"wp:featuredmedia":[{"embeddable":true,"href":"https:\/\/www.ccb.pt\/en\/wp-json\/wp\/v2\/media\/100682"}],"wp:attachment":[{"href":"https:\/\/www.ccb.pt\/en\/wp-json\/wp\/v2\/media?parent=100684"}],"wp:term":[{"taxonomy":"tribe_events_cat","embeddable":true,"href":"https:\/\/www.ccb.pt\/en\/wp-json\/wp\/v2\/tribe_events_cat?post=100684"},{"taxonomy":"tags_tema","embeddable":true,"href":"https:\/\/www.ccb.pt\/en\/wp-json\/wp\/v2\/tags_tema?post=100684"},{"taxonomy":"idades","embeddable":true,"href":"https:\/\/www.ccb.pt\/en\/wp-json\/wp\/v2\/idades?post=100684"},{"taxonomy":"tipos","embeddable":true,"href":"https:\/\/www.ccb.pt\/en\/wp-json\/wp\/v2\/tipos?post=100684"},{"taxonomy":"temas","embeddable":true,"href":"https:\/\/www.ccb.pt\/en\/wp-json\/wp\/v2\/temas?post=100684"},{"taxonomy":"categorias_hubspot","embeddable":true,"href":"https:\/\/www.ccb.pt\/en\/wp-json\/wp\/v2\/categorias_hubspot?post=100684"}],"curies":[{"name":"wp","href":"https:\/\/api.w.org\/{rel}","templated":true}]}}